{"id":1421,"date":"2020-05-18T18:28:57","date_gmt":"2020-05-18T16:28:57","guid":{"rendered":"https:\/\/etecmed.com\/shop\/"},"modified":"2022-03-30T13:31:05","modified_gmt":"2022-03-30T11:31:05","slug":"cataleg","status":"publish","type":"page","link":"https:\/\/etecmed.com\/ca\/cataleg\/","title":{"rendered":"Cat\u00e0leg"},"content":{"rendered":"<div class=\"wpb-content-wrapper\"><p>[vc_row][vc_column]<style type=\"text\/css\" data-type=\"the7_shortcodes-inline-css\">.products-shortcode.products-masonry-shortcode-id-9eab038babf399a5e7a5ec45476c59d1 .filter-bg-decoration .filter-categories a.act {\n  color: #fff;\n}\n.products-shortcode.products-masonry-shortcode-id-9eab038babf399a5e7a5ec45476c59d1:not(.resize-by-browser-width) .dt-css-grid {\n  grid-row-gap: 30px;\n  grid-column-gap: 30px;\n  grid-template-columns: repeat(auto-fill,minmax(,1fr));\n}\n.cssgridlegacy.no-cssgrid .products-shortcode.products-masonry-shortcode-id-9eab038babf399a5e7a5ec45476c59d1:not(.resize-by-browser-width) .dt-css-grid,\n.no-cssgridlegacy.no-cssgrid .products-shortcode.products-masonry-shortcode-id-9eab038babf399a5e7a5ec45476c59d1:not(.resize-by-browser-width) .dt-css-grid {\n  display: flex;\n  flex-flow: row wrap;\n  margin: -15px;\n}\n.cssgridlegacy.no-cssgrid .products-shortcode.products-masonry-shortcode-id-9eab038babf399a5e7a5ec45476c59d1:not(.resize-by-browser-width) .dt-css-grid .wf-cell,\n.no-cssgridlegacy.no-cssgrid .products-shortcode.products-masonry-shortcode-id-9eab038babf399a5e7a5ec45476c59d1:not(.resize-by-browser-width) .dt-css-grid .wf-cell {\n  flex: 1 0 ;\n  max-width: 100%;\n  padding: 15px;\n  box-sizing: border-box;\n}\n.products-shortcode.products-masonry-shortcode-id-9eab038babf399a5e7a5ec45476c59d1.resize-by-browser-width .dt-css-grid {\n  grid-template-columns: repeat(3,1fr);\n  grid-template-rows: auto;\n  grid-column-gap: 30px;\n  grid-row-gap: 30px;\n}\n.cssgridlegacy.no-cssgrid .products-shortcode.products-masonry-shortcode-id-9eab038babf399a5e7a5ec45476c59d1.resize-by-browser-width .dt-css-grid,\n.no-cssgridlegacy.no-cssgrid .products-shortcode.products-masonry-shortcode-id-9eab038babf399a5e7a5ec45476c59d1.resize-by-browser-width .dt-css-grid {\n  margin: -15px;\n}\n.cssgridlegacy.no-cssgrid .products-shortcode.products-masonry-shortcode-id-9eab038babf399a5e7a5ec45476c59d1.resize-by-browser-width .dt-css-grid .wf-cell,\n.no-cssgridlegacy.no-cssgrid .products-shortcode.products-masonry-shortcode-id-9eab038babf399a5e7a5ec45476c59d1.resize-by-browser-width .dt-css-grid .wf-cell {\n  width: 33.333333333333%;\n  padding: 15px;\n}\n@media screen and (max-width: 1199px) {\n  .products-shortcode.products-masonry-shortcode-id-9eab038babf399a5e7a5ec45476c59d1.resize-by-browser-width .dt-css-grid {\n    grid-template-columns: repeat(3,1fr);\n  }\n  .cssgridlegacy.no-cssgrid .products-shortcode.products-masonry-shortcode-id-9eab038babf399a5e7a5ec45476c59d1.resize-by-browser-width .dt-css-grid .wf-cell,\n  .no-cssgridlegacy.no-cssgrid .products-shortcode.products-masonry-shortcode-id-9eab038babf399a5e7a5ec45476c59d1.resize-by-browser-width .dt-css-grid .wf-cell {\n    width: 33.333333333333%;\n  }\n}\n@media screen and (max-width: 991px) {\n  .products-shortcode.products-masonry-shortcode-id-9eab038babf399a5e7a5ec45476c59d1.resize-by-browser-width .dt-css-grid {\n    grid-template-columns: repeat(2,1fr);\n  }\n  .cssgridlegacy.no-cssgrid .products-shortcode.products-masonry-shortcode-id-9eab038babf399a5e7a5ec45476c59d1.resize-by-browser-width .dt-css-grid .wf-cell,\n  .no-cssgridlegacy.no-cssgrid .products-shortcode.products-masonry-shortcode-id-9eab038babf399a5e7a5ec45476c59d1.resize-by-browser-width .dt-css-grid .wf-cell {\n    width: 50%;\n  }\n}\n@media screen and (max-width: 767px) {\n  .products-shortcode.products-masonry-shortcode-id-9eab038babf399a5e7a5ec45476c59d1.resize-by-browser-width .dt-css-grid {\n    grid-template-columns: repeat(1,1fr);\n  }\n  .cssgridlegacy.no-cssgrid .products-shortcode.products-masonry-shortcode-id-9eab038babf399a5e7a5ec45476c59d1.resize-by-browser-width .dt-css-grid .wf-cell,\n  .no-cssgridlegacy.no-cssgrid .products-shortcode.products-masonry-shortcode-id-9eab038babf399a5e7a5ec45476c59d1.resize-by-browser-width .dt-css-grid .wf-cell {\n    width: 100%;\n  }\n}<\/style><div class=\"products-shortcode products-masonry-shortcode-id-9eab038babf399a5e7a5ec45476c59d1 mode-grid cart-btn-below-img jquery-filter wc-img-hover dt-css-grid-wrap resize-by-browser-width loading-effect-none description-under-image content-align-centre wc-grid\" data-padding=\"15px\" data-cur-page=\"1\" data-post-limit=\"12\" data-pagination-mode=\"load-more\" aria-live=\"assertive\" data-desktop-columns-num=\"3\" data-v-tablet-columns-num=\"2\" data-h-tablet-columns-num=\"3\" data-phone-columns-num=\"1\" data-width=\"0px\" data-columns=\"0\"><div class=\"iso-filter css-grid-filter extras-off filter\"><div class=\"filter-categories\" data-default-order=\"\" data-default-orderby=\"\"><a href=\"https:\/\/etecmed.com\/ca\/cataleg\/\" class=\"show-all act\" data-filter=\"*\" aria-label=\"Apply filter: Veure tot\">Veure tot<\/a><a href=\"https:\/\/etecmed.com\/ca\/cataleg\/?term=246\" class=\"aspirador-sobretaula\" data-filter=\".category-246\" aria-label=\"Apply filter: Aspirador sobretaula\">Aspirador sobretaula<\/a><a href=\"https:\/\/etecmed.com\/ca\/cataleg\/?term=247\" class=\"complements\" data-filter=\".category-247\" aria-label=\"Apply filter: Complements\">Complements<\/a><a href=\"https:\/\/etecmed.com\/ca\/cataleg\/?term=248\" class=\"detox-spa-ca\" data-filter=\".category-248\" aria-label=\"Apply filter: Detox SPA\">Detox SPA<\/a><a href=\"https:\/\/etecmed.com\/ca\/cataleg\/?term=249\" class=\"equips-estetica\" data-filter=\".category-249\" aria-label=\"Apply filter: Equips est\u00e8tica\">Equips est\u00e8tica<\/a><a href=\"https:\/\/etecmed.com\/ca\/cataleg\/?term=250\" class=\"esterilitzacio\" data-filter=\".category-250\" aria-label=\"Apply filter: Esterilitzaci\u00f3\">Esterilitzaci\u00f3<\/a><a href=\"https:\/\/etecmed.com\/ca\/cataleg\/?term=251\" class=\"freses-per-a-micromotors\" data-filter=\".category-251\" aria-label=\"Apply filter: Freses per a micromotors\">Freses per a micromotors<\/a><a href=\"https:\/\/etecmed.com\/ca\/cataleg\/?term=586\" class=\"fundidores-ca\" data-filter=\".category-586\" aria-label=\"Apply filter: Fundidores\">Fundidores<\/a><a href=\"https:\/\/etecmed.com\/ca\/cataleg\/?term=252\" class=\"instrumental-ca\" data-filter=\".category-252\" aria-label=\"Apply filter: Instrumental\">Instrumental<\/a><a href=\"https:\/\/etecmed.com\/ca\/cataleg\/?term=253\" class=\"lampades-assecat-ungles\" data-filter=\".category-253\" aria-label=\"Apply filter: L\u00e0mpades assecat ungles\">L\u00e0mpades assecat ungles<\/a><a href=\"https:\/\/etecmed.com\/ca\/cataleg\/?term=611\" class=\"medicina-estetica-2\" data-filter=\".category-611\" aria-label=\"Apply filter: Medicina Est\u00e8tica\">Medicina Est\u00e8tica<\/a><a href=\"https:\/\/etecmed.com\/ca\/cataleg\/?term=617\" class=\"medicina-estetica-ca\" data-filter=\".category-617\" aria-label=\"Apply filter: Medicina Est\u00e9tica\">Medicina Est\u00e9tica<\/a><a href=\"https:\/\/etecmed.com\/ca\/cataleg\/?term=254\" class=\"micromotors\" data-filter=\".category-254\" aria-label=\"Apply filter: Micromotors\">Micromotors<\/a><a href=\"https:\/\/etecmed.com\/ca\/cataleg\/?term=255\" class=\"mobiliari\" data-filter=\".category-255\" aria-label=\"Apply filter: Mobiliari\">Mobiliari<\/a><a href=\"https:\/\/etecmed.com\/ca\/cataleg\/?term=256\" class=\"novetats\" data-filter=\".category-256\" aria-label=\"Apply filter: Novetats\">Novetats<\/a><a href=\"https:\/\/etecmed.com\/ca\/cataleg\/?term=257\" class=\"promocions\" data-filter=\".category-257\" aria-label=\"Apply filter: Promocions\">Promocions<\/a><\/div><\/div><div class=\"dt-css-grid\" ><div class=\"visible wf-cell category-617 category-256 visible\" data-post-id=\"2832\" data-date=\"2026-04-22T10:17:44+02:00\" data-name=\"COMBI CORPORAL Cavitaci\u00f3 + Vacumter\u00e0pia + Lipol\u00e0ser + Radiofreq\u00fc\u00e8ncia\"><article class=\"post project-odd visible description-off product type-product post-2832 status-publish first instock product_cat-medicina-estetica-ca product_cat-novetats has-post-thumbnail taxable shipping-taxable purchasable product-type-simple\" ><figure class=\"woocom-project\">\n\t<div class=\"woo-buttons-on-img\">\n\n\t\t<a href=\"https:\/\/etecmed.com\/ca\/producte\/combi-corporal-cavitacion-vacumterapia-lipolaser-radiofrecuencia\/\" class=\"alignnone layzr-bg\"><img loading=\"lazy\" decoding=\"async\" width=\"300\" height=\"450\" src=\"data:image\/svg+xml;charset=utf-8,%3Csvg xmlns%3D&#039;http%3A%2F%2Fwww.w3.org%2F2000%2Fsvg&#039; viewBox%3D&#039;0 0 300 450&#039;%2F%3E\" class=\"attachment-woocommerce_thumbnail size-woocommerce_thumbnail iso-lazy-load preload-me\" alt=\"COMBI CORPORAL Cavitaci\u00f3 + Vacumter\u00e0pia + Lipol\u00e0ser + Radiofreq\u00fc\u00e8ncia\" data-src=\"https:\/\/etecmed.com\/wp-content\/uploads\/2026\/04\/Combi-lado-fons-blanc-300x450.png\" data-srcset=\"https:\/\/etecmed.com\/wp-content\/uploads\/2026\/04\/Combi-lado-fons-blanc-300x450.png 300w, https:\/\/etecmed.com\/wp-content\/uploads\/2026\/04\/Combi-lado-fons-blanc-200x300.png 200w, https:\/\/etecmed.com\/wp-content\/uploads\/2026\/04\/Combi-lado-fons-blanc.png 408w\" \/><\/a>\n\t<\/div>\n\t<figcaption class=\"woocom-list-content\">\n\n\t\t<div class=\"woo-buttons\"><a href=\"\/ca\/wp-json\/wp\/v2\/pages\/1421?add-to-cart=2832\" aria-describedby=\"woocommerce_loop_add_to_cart_link_describedby_2832\" data-quantity=\"1\" class=\"product_type_simple add_to_cart_button ajax_add_to_cart\" data-product_id=\"2832\" data-product_sku=\"20106\" aria-label=\"Afegeix a la cistella: &ldquo;COMBI CORPORAL Cavitaci\u00f3 + Vacumter\u00e0pia + Lipol\u00e0ser + Radiofreq\u00fc\u00e8ncia&rdquo;\" rel=\"nofollow\" data-success_message=\"&ldquo;COMBI CORPORAL Cavitaci\u00f3 + Vacumter\u00e0pia + Lipol\u00e0ser + Radiofreq\u00fc\u00e8ncia&rdquo; s&#039;ha afegit a la vostra cistella\" role=\"button\">Afegeix a la cistella<\/a>\t<span id=\"woocommerce_loop_add_to_cart_link_describedby_2832\" class=\"screen-reader-text\">\n\t\t\t<\/span>\n<\/div>\n\t<\/figcaption>\n<\/figure>\n<\/article><\/div><div class=\"visible wf-cell category-249 category-617 visible\" data-post-id=\"2811\" data-date=\"2025-12-19T13:34:09+02:00\" data-name=\"DEPEL 403a - Depilaci\u00f3 El\u00e8ctrica de Precisi\u00f3 amb Tecnologia Avan\u00e7ada\"><article class=\"post project-odd visible description-off product type-product post-2811 status-publish onbackorder product_cat-equips-estetica product_cat-medicina-estetica-ca product_tag-aparatologia-medicina-estetica-ca product_tag-depilacion-ca has-post-thumbnail taxable shipping-taxable product-type-simple\" ><figure class=\"woocom-project\">\n\t<div class=\"woo-buttons-on-img\">\n\n\t\t<a href=\"https:\/\/etecmed.com\/ca\/producte\/depel-403a-depilacio-electrica-de-precisio-amb-tecnologia-avancada\/\" class=\"alignnone layzr-bg\"><img loading=\"lazy\" decoding=\"async\" width=\"300\" height=\"210\" src=\"data:image\/svg+xml;charset=utf-8,%3Csvg xmlns%3D&#039;http%3A%2F%2Fwww.w3.org%2F2000%2Fsvg&#039; viewBox%3D&#039;0 0 300 210&#039;%2F%3E\" class=\"attachment-woocommerce_thumbnail size-woocommerce_thumbnail iso-lazy-load preload-me\" alt=\"DEPEL 403a - Depilaci\u00f3 El\u00e8ctrica de Precisi\u00f3 amb Tecnologia Avan\u00e7ada\" data-src=\"https:\/\/etecmed.com\/wp-content\/uploads\/2025\/12\/Depel-403a-equip-300x210.png\" data-srcset=\"https:\/\/etecmed.com\/wp-content\/uploads\/2025\/12\/Depel-403a-equip-300x210.png 300w, https:\/\/etecmed.com\/wp-content\/uploads\/2025\/12\/Depel-403a-equip.png 455w\" \/><img loading=\"lazy\" decoding=\"async\" width=\"300\" height=\"204\" src=\"data:image\/svg+xml;charset=utf-8,%3Csvg xmlns%3D&#039;http%3A%2F%2Fwww.w3.org%2F2000%2Fsvg&#039; viewBox%3D&#039;0 0 300 204&#039;%2F%3E\" class=\"show-on-hover back-image iso-lazy-load preload-me\" alt=\"\" data-src=\"https:\/\/etecmed.com\/wp-content\/uploads\/2025\/12\/Depel-403a-accesoris-300x204.png\" data-srcset=\"https:\/\/etecmed.com\/wp-content\/uploads\/2025\/12\/Depel-403a-accesoris-300x204.png 300w, https:\/\/etecmed.com\/wp-content\/uploads\/2025\/12\/Depel-403a-accesoris.png 523w\" \/><\/a>\n\t<\/div>\n\t<figcaption class=\"woocom-list-content\">\n\n\t\t<div class=\"woo-buttons\"><a href=\"https:\/\/etecmed.com\/ca\/producte\/depel-403a-depilacio-electrica-de-precisio-amb-tecnologia-avancada\/\" aria-describedby=\"woocommerce_loop_add_to_cart_link_describedby_2811\" data-quantity=\"1\" class=\"product_type_simple ajax_add_to_cart\" data-product_id=\"2811\" data-product_sku=\"20203\" aria-label=\"M\u00e9s informaci\u00f3 sobre &ldquo;DEPEL 403a - Depilaci\u00f3 El\u00e8ctrica de Precisi\u00f3 amb Tecnologia Avan\u00e7ada&rdquo;\" rel=\"nofollow\" data-success_message=\"\">Llegeix m\u00e9s<\/a>\t<span id=\"woocommerce_loop_add_to_cart_link_describedby_2811\" class=\"screen-reader-text\">\n\t\t\t<\/span>\n<\/div>\n\t<\/figcaption>\n<\/figure>\n<\/article><\/div><div class=\"visible wf-cell category-249 category-617 visible\" data-post-id=\"2803\" data-date=\"2025-12-19T11:50:03+02:00\" data-name=\"Pressoter\u00e0pia EMOPRESS-24\"><article class=\"post project-odd visible description-off product type-product post-2803 status-publish onbackorder product_cat-equips-estetica product_cat-medicina-estetica-ca product_tag-aparatologia-medicina-estetica-ca product_tag-celulitis-ca product_tag-corporal-ca product_tag-mala-circulacion-ca product_tag-masaje-muscular-ca product_tag-piernas-cansadas-ca product_tag-reduccion-de-volumen-ca has-post-thumbnail taxable shipping-taxable product-type-simple\" ><figure class=\"woocom-project\">\n\t<div class=\"woo-buttons-on-img\">\n\n\t\t<a href=\"https:\/\/etecmed.com\/ca\/producte\/pressoterapia-emopress-24\/\" class=\"alignnone layzr-bg\"><img loading=\"lazy\" decoding=\"async\" width=\"300\" height=\"128\" src=\"data:image\/svg+xml;charset=utf-8,%3Csvg xmlns%3D&#039;http%3A%2F%2Fwww.w3.org%2F2000%2Fsvg&#039; viewBox%3D&#039;0 0 300 128&#039;%2F%3E\" class=\"attachment-woocommerce_thumbnail size-woocommerce_thumbnail iso-lazy-load preload-me\" alt=\"Pressoter\u00e0pia EMOPRESS-24\" data-src=\"https:\/\/etecmed.com\/wp-content\/uploads\/2025\/12\/Emopress-24-equip-amb-logo-300x128.png\" data-srcset=\"https:\/\/etecmed.com\/wp-content\/uploads\/2025\/12\/Emopress-24-equip-amb-logo-300x128.png 300w, https:\/\/etecmed.com\/wp-content\/uploads\/2025\/12\/Emopress-24-equip-amb-logo.png 375w\" \/><img loading=\"lazy\" decoding=\"async\" width=\"276\" height=\"473\" src=\"data:image\/svg+xml;charset=utf-8,%3Csvg xmlns%3D&#039;http%3A%2F%2Fwww.w3.org%2F2000%2Fsvg&#039; viewBox%3D&#039;0 0 276 473&#039;%2F%3E\" class=\"show-on-hover back-image iso-lazy-load preload-me\" alt=\"\" data-src=\"https:\/\/etecmed.com\/wp-content\/uploads\/2025\/12\/Emopress-24-inflables.png\" data-srcset=\"https:\/\/etecmed.com\/wp-content\/uploads\/2025\/12\/Emopress-24-inflables.png 276w, https:\/\/etecmed.com\/wp-content\/uploads\/2025\/12\/Emopress-24-inflables-175x300.png 175w\" \/><\/a>\n\t<\/div>\n\t<figcaption class=\"woocom-list-content\">\n\n\t\t<div class=\"woo-buttons\"><a href=\"https:\/\/etecmed.com\/ca\/producte\/pressoterapia-emopress-24\/\" aria-describedby=\"woocommerce_loop_add_to_cart_link_describedby_2803\" data-quantity=\"1\" class=\"product_type_simple ajax_add_to_cart\" data-product_id=\"2803\" data-product_sku=\"20202\" aria-label=\"M\u00e9s informaci\u00f3 sobre &ldquo;Pressoter\u00e0pia EMOPRESS-24&rdquo;\" rel=\"nofollow\" data-success_message=\"\">Llegeix m\u00e9s<\/a>\t<span id=\"woocommerce_loop_add_to_cart_link_describedby_2803\" class=\"screen-reader-text\">\n\t\t\t<\/span>\n<\/div>\n\t<\/figcaption>\n<\/figure>\n<\/article><\/div><div class=\"visible wf-cell category-249 category-617 visible\" data-post-id=\"2794\" data-date=\"2025-12-19T11:28:13+02:00\" data-name=\"Pressoter\u00e0pia PRESOVEX\"><article class=\"post project-odd visible description-off product type-product post-2794 status-publish last onbackorder product_cat-equips-estetica product_cat-medicina-estetica-ca product_tag-aparatologia-medicina-estetica-ca product_tag-celulitis-ca product_tag-corporal-ca product_tag-drenaje-linfatico-ca product_tag-mala-circulacion-ca product_tag-masaje-ca product_tag-masaje-muscular-ca product_tag-piernas-cansadas-ca product_tag-reduccion-de-volumen-ca has-post-thumbnail taxable shipping-taxable product-type-simple\" ><figure class=\"woocom-project\">\n\t<div class=\"woo-buttons-on-img\">\n\n\t\t<a href=\"https:\/\/etecmed.com\/ca\/producte\/presoterapia-presovex\/\" class=\"alignnone layzr-bg\"><img loading=\"lazy\" decoding=\"async\" width=\"300\" height=\"240\" src=\"data:image\/svg+xml;charset=utf-8,%3Csvg xmlns%3D&#039;http%3A%2F%2Fwww.w3.org%2F2000%2Fsvg&#039; viewBox%3D&#039;0 0 300 240&#039;%2F%3E\" class=\"attachment-woocommerce_thumbnail size-woocommerce_thumbnail iso-lazy-load preload-me\" alt=\"Pressoter\u00e0pia PRESOVEX\" data-src=\"https:\/\/etecmed.com\/wp-content\/uploads\/2025\/12\/PRESOVEX-equipo-con-logo-300x240.png\" data-srcset=\"https:\/\/etecmed.com\/wp-content\/uploads\/2025\/12\/PRESOVEX-equipo-con-logo-300x240.png 300w, https:\/\/etecmed.com\/wp-content\/uploads\/2025\/12\/PRESOVEX-equipo-con-logo.png 318w\" \/><img loading=\"lazy\" decoding=\"async\" width=\"300\" height=\"176\" src=\"data:image\/svg+xml;charset=utf-8,%3Csvg xmlns%3D&#039;http%3A%2F%2Fwww.w3.org%2F2000%2Fsvg&#039; viewBox%3D&#039;0 0 300 176&#039;%2F%3E\" class=\"show-on-hover back-image iso-lazy-load preload-me\" alt=\"\" data-src=\"https:\/\/etecmed.com\/wp-content\/uploads\/2025\/12\/PRESOVEX-inflables-300x176.png\" data-srcset=\"https:\/\/etecmed.com\/wp-content\/uploads\/2025\/12\/PRESOVEX-inflables-300x176.png 300w, https:\/\/etecmed.com\/wp-content\/uploads\/2025\/12\/PRESOVEX-inflables-768x450.png 768w, https:\/\/etecmed.com\/wp-content\/uploads\/2025\/12\/PRESOVEX-inflables-600x352.png 600w, https:\/\/etecmed.com\/wp-content\/uploads\/2025\/12\/PRESOVEX-inflables.png 914w\" \/><\/a>\n\t<\/div>\n\t<figcaption class=\"woocom-list-content\">\n\n\t\t<div class=\"woo-buttons\"><a href=\"https:\/\/etecmed.com\/ca\/producte\/presoterapia-presovex\/\" aria-describedby=\"woocommerce_loop_add_to_cart_link_describedby_2794\" data-quantity=\"1\" class=\"product_type_simple ajax_add_to_cart\" data-product_id=\"2794\" data-product_sku=\"20201\" aria-label=\"M\u00e9s informaci\u00f3 sobre &ldquo;Pressoter\u00e0pia PRESOVEX&rdquo;\" rel=\"nofollow\" data-success_message=\"\">Llegeix m\u00e9s<\/a>\t<span id=\"woocommerce_loop_add_to_cart_link_describedby_2794\" class=\"screen-reader-text\">\n\t\t\t<\/span>\n<\/div>\n\t<\/figcaption>\n<\/figure>\n<\/article><\/div><div class=\"visible wf-cell category-617 category-256 visible\" data-post-id=\"2783\" data-date=\"2025-12-12T13:36:22+02:00\" data-name=\"Radiofreq\u00fc\u00e8ncia Capacitiva, Resistiva i EMS\"><article class=\"post project-odd visible description-off product type-product post-2783 status-publish first instock product_cat-medicina-estetica-ca product_cat-novetats product_tag-aparatologia-medicina-estetica-ca product_tag-estetica-ca has-post-thumbnail taxable shipping-taxable purchasable product-type-simple\" ><figure class=\"woocom-project\">\n\t<div class=\"woo-buttons-on-img\">\n\n\t\t<a href=\"https:\/\/etecmed.com\/ca\/producte\/radiofrequencia-capacitiva-resistiva-i-ems\/\" class=\"alignnone layzr-bg\"><img loading=\"lazy\" decoding=\"async\" width=\"300\" height=\"291\" src=\"data:image\/svg+xml;charset=utf-8,%3Csvg xmlns%3D&#039;http%3A%2F%2Fwww.w3.org%2F2000%2Fsvg&#039; viewBox%3D&#039;0 0 300 291&#039;%2F%3E\" class=\"attachment-woocommerce_thumbnail size-woocommerce_thumbnail iso-lazy-load preload-me\" alt=\"Radiofreq\u00fc\u00e8ncia Capacitiva, Resistiva i EMS\" data-src=\"https:\/\/etecmed.com\/wp-content\/uploads\/2025\/12\/Imagen-Radiofrecuencia-Capacitiva-Resistitva-300x291.jpg\" data-srcset=\"https:\/\/etecmed.com\/wp-content\/uploads\/2025\/12\/Imagen-Radiofrecuencia-Capacitiva-Resistitva-300x291.jpg 300w, https:\/\/etecmed.com\/wp-content\/uploads\/2025\/12\/Imagen-Radiofrecuencia-Capacitiva-Resistitva-1024x994.jpg 1024w, https:\/\/etecmed.com\/wp-content\/uploads\/2025\/12\/Imagen-Radiofrecuencia-Capacitiva-Resistitva-768x745.jpg 768w, https:\/\/etecmed.com\/wp-content\/uploads\/2025\/12\/Imagen-Radiofrecuencia-Capacitiva-Resistitva-600x582.jpg 600w, https:\/\/etecmed.com\/wp-content\/uploads\/2025\/12\/Imagen-Radiofrecuencia-Capacitiva-Resistitva.jpg 1080w\" \/><\/a>\n\t<\/div>\n\t<figcaption class=\"woocom-list-content\">\n\n\t\t<div class=\"woo-buttons\"><a href=\"\/ca\/wp-json\/wp\/v2\/pages\/1421?add-to-cart=2783\" aria-describedby=\"woocommerce_loop_add_to_cart_link_describedby_2783\" data-quantity=\"1\" class=\"product_type_simple add_to_cart_button ajax_add_to_cart\" data-product_id=\"2783\" data-product_sku=\"20105\" aria-label=\"Afegeix a la cistella: &ldquo;Radiofreq\u00fc\u00e8ncia Capacitiva, Resistiva i EMS&rdquo;\" rel=\"nofollow\" data-success_message=\"&ldquo;Radiofreq\u00fc\u00e8ncia Capacitiva, Resistiva i EMS&rdquo; s&#039;ha afegit a la vostra cistella\" role=\"button\">Afegeix a la cistella<\/a>\t<span id=\"woocommerce_loop_add_to_cart_link_describedby_2783\" class=\"screen-reader-text\">\n\t\t\t<\/span>\n<\/div>\n\t<\/figcaption>\n<\/figure>\n<\/article><\/div><div class=\"visible wf-cell category-246 visible\" data-post-id=\"2747\" data-date=\"2025-04-10T14:44:59+02:00\" data-name=\"Aspirador de sobretaula A7\"><article class=\"post project-odd visible description-off product type-product post-2747 status-publish instock product_cat-aspirador-sobretaula product_tag-manicura-ca product_tag-micromotor-ca-2 product_tag-micromotores-ca product_tag-pedicura-ca product_tag-podologia-ca product_tag-unas-ca product_tag-unas-acrilicas-ca product_tag-unas-artificiales-ca product_tag-unas-de-gel-ca has-post-thumbnail taxable shipping-taxable purchasable product-type-simple\" ><figure class=\"woocom-project\">\n\t<div class=\"woo-buttons-on-img\">\n\n\t\t<a href=\"https:\/\/etecmed.com\/ca\/producte\/aspirador-de-sobretaula-a7\/\" class=\"alignnone layzr-bg\"><img loading=\"lazy\" decoding=\"async\" width=\"300\" height=\"223\" src=\"data:image\/svg+xml;charset=utf-8,%3Csvg xmlns%3D&#039;http%3A%2F%2Fwww.w3.org%2F2000%2Fsvg&#039; viewBox%3D&#039;0 0 300 223&#039;%2F%3E\" class=\"attachment-woocommerce_thumbnail size-woocommerce_thumbnail iso-lazy-load preload-me\" alt=\"Aspirador de sobretaula A7\" data-src=\"https:\/\/etecmed.com\/wp-content\/uploads\/2025\/04\/Ref-10221-Aspirador-sobremesa-A7-300x223.png\" data-srcset=\"https:\/\/etecmed.com\/wp-content\/uploads\/2025\/04\/Ref-10221-Aspirador-sobremesa-A7-300x223.png 300w, https:\/\/etecmed.com\/wp-content\/uploads\/2025\/04\/Ref-10221-Aspirador-sobremesa-A7-1024x760.png 1024w, https:\/\/etecmed.com\/wp-content\/uploads\/2025\/04\/Ref-10221-Aspirador-sobremesa-A7-768x570.png 768w, https:\/\/etecmed.com\/wp-content\/uploads\/2025\/04\/Ref-10221-Aspirador-sobremesa-A7-1536x1140.png 1536w, https:\/\/etecmed.com\/wp-content\/uploads\/2025\/04\/Ref-10221-Aspirador-sobremesa-A7-2048x1520.png 2048w, https:\/\/etecmed.com\/wp-content\/uploads\/2025\/04\/Ref-10221-Aspirador-sobremesa-A7-600x445.png 600w\" \/><\/a>\n\t<\/div>\n\t<figcaption class=\"woocom-list-content\">\n\n\t\t<div class=\"woo-buttons\"><a href=\"\/ca\/wp-json\/wp\/v2\/pages\/1421?add-to-cart=2747\" aria-describedby=\"woocommerce_loop_add_to_cart_link_describedby_2747\" data-quantity=\"1\" class=\"product_type_simple add_to_cart_button ajax_add_to_cart\" data-product_id=\"2747\" data-product_sku=\"10221\" aria-label=\"Afegeix a la cistella: &ldquo;Aspirador de sobretaula A7&rdquo;\" rel=\"nofollow\" data-success_message=\"&ldquo;Aspirador de sobretaula A7&rdquo; s&#039;ha afegit a la vostra cistella\" role=\"button\">Afegeix a la cistella<\/a>\t<span id=\"woocommerce_loop_add_to_cart_link_describedby_2747\" class=\"screen-reader-text\">\n\t\t\t<\/span>\n<\/div>\n\t<\/figcaption>\n<\/figure>\n<\/article><\/div><div class=\"visible wf-cell category-254 visible\" data-post-id=\"2741\" data-date=\"2025-04-10T14:36:26+02:00\" data-name=\"Micromotor 7G\"><article class=\"post project-odd visible description-off product type-product post-2741 status-publish instock product_cat-micromotors product_tag-manicura-ca product_tag-micromotor-ca-2 product_tag-micromotores-ca product_tag-pedicura-ca product_tag-unas-ca has-post-thumbnail taxable shipping-taxable purchasable product-type-simple\" ><figure class=\"woocom-project\">\n\t<div class=\"woo-buttons-on-img\">\n\n\t\t<a href=\"https:\/\/etecmed.com\/ca\/producte\/micromotor-7g\/\" class=\"alignnone layzr-bg\"><img loading=\"lazy\" decoding=\"async\" width=\"300\" height=\"226\" src=\"data:image\/svg+xml;charset=utf-8,%3Csvg xmlns%3D&#039;http%3A%2F%2Fwww.w3.org%2F2000%2Fsvg&#039; viewBox%3D&#039;0 0 300 226&#039;%2F%3E\" class=\"attachment-woocommerce_thumbnail size-woocommerce_thumbnail iso-lazy-load preload-me\" alt=\"Micromotor 7G\" data-src=\"https:\/\/etecmed.com\/wp-content\/uploads\/2025\/04\/Ref-10212-Micromotor-7G-40W-40000rpm-300x226.jpg\" data-srcset=\"https:\/\/etecmed.com\/wp-content\/uploads\/2025\/04\/Ref-10212-Micromotor-7G-40W-40000rpm-300x226.jpg 300w, https:\/\/etecmed.com\/wp-content\/uploads\/2025\/04\/Ref-10212-Micromotor-7G-40W-40000rpm-1024x772.jpg 1024w, https:\/\/etecmed.com\/wp-content\/uploads\/2025\/04\/Ref-10212-Micromotor-7G-40W-40000rpm-768x579.jpg 768w, https:\/\/etecmed.com\/wp-content\/uploads\/2025\/04\/Ref-10212-Micromotor-7G-40W-40000rpm-1536x1158.jpg 1536w, https:\/\/etecmed.com\/wp-content\/uploads\/2025\/04\/Ref-10212-Micromotor-7G-40W-40000rpm-2048x1544.jpg 2048w, https:\/\/etecmed.com\/wp-content\/uploads\/2025\/04\/Ref-10212-Micromotor-7G-40W-40000rpm-600x452.jpg 600w\" \/><\/a>\n\t<\/div>\n\t<figcaption class=\"woocom-list-content\">\n\n\t\t<div class=\"woo-buttons\"><a href=\"\/ca\/wp-json\/wp\/v2\/pages\/1421?add-to-cart=2741\" aria-describedby=\"woocommerce_loop_add_to_cart_link_describedby_2741\" data-quantity=\"1\" class=\"product_type_simple add_to_cart_button ajax_add_to_cart\" data-product_id=\"2741\" data-product_sku=\"10212\" aria-label=\"Afegeix a la cistella: &ldquo;Micromotor 7G&rdquo;\" rel=\"nofollow\" data-success_message=\"&ldquo;Micromotor 7G&rdquo; s&#039;ha afegit a la vostra cistella\" role=\"button\">Afegeix a la cistella<\/a>\t<span id=\"woocommerce_loop_add_to_cart_link_describedby_2741\" class=\"screen-reader-text\">\n\t\t\t<\/span>\n<\/div>\n\t<\/figcaption>\n<\/figure>\n<\/article><\/div><div class=\"visible wf-cell category-254 visible\" data-post-id=\"2736\" data-date=\"2025-04-10T14:27:05+02:00\" data-name=\"Micromotor 104H\"><article class=\"post project-odd visible description-off product type-product post-2736 status-publish last instock product_cat-micromotors product_tag-fresas-pedicura-ca product_tag-manicura-ca product_tag-micromotor-ca-2 product_tag-micromotores-ca product_tag-unas-ca has-post-thumbnail taxable shipping-taxable purchasable product-type-simple\" ><figure class=\"woocom-project\">\n\t<div class=\"woo-buttons-on-img\">\n\n\t\t<a href=\"https:\/\/etecmed.com\/ca\/producte\/micromotor-104h\/\" class=\"alignnone layzr-bg\"><img loading=\"lazy\" decoding=\"async\" width=\"300\" height=\"216\" src=\"data:image\/svg+xml;charset=utf-8,%3Csvg xmlns%3D&#039;http%3A%2F%2Fwww.w3.org%2F2000%2Fsvg&#039; viewBox%3D&#039;0 0 300 216&#039;%2F%3E\" class=\"attachment-woocommerce_thumbnail size-woocommerce_thumbnail iso-lazy-load preload-me\" alt=\"Micromotor 104H\" data-src=\"https:\/\/etecmed.com\/wp-content\/uploads\/2025\/04\/Ref-10211-Micromotor-104H-65W-35000rpm-300x216.jpg\" data-srcset=\"https:\/\/etecmed.com\/wp-content\/uploads\/2025\/04\/Ref-10211-Micromotor-104H-65W-35000rpm-300x216.jpg 300w, https:\/\/etecmed.com\/wp-content\/uploads\/2025\/04\/Ref-10211-Micromotor-104H-65W-35000rpm-1024x739.jpg 1024w, https:\/\/etecmed.com\/wp-content\/uploads\/2025\/04\/Ref-10211-Micromotor-104H-65W-35000rpm-768x554.jpg 768w, https:\/\/etecmed.com\/wp-content\/uploads\/2025\/04\/Ref-10211-Micromotor-104H-65W-35000rpm-1536x1108.jpg 1536w, https:\/\/etecmed.com\/wp-content\/uploads\/2025\/04\/Ref-10211-Micromotor-104H-65W-35000rpm-2048x1478.jpg 2048w, https:\/\/etecmed.com\/wp-content\/uploads\/2025\/04\/Ref-10211-Micromotor-104H-65W-35000rpm-600x433.jpg 600w\" \/><\/a>\n\t<\/div>\n\t<figcaption class=\"woocom-list-content\">\n\n\t\t<div class=\"woo-buttons\"><a href=\"\/ca\/wp-json\/wp\/v2\/pages\/1421?add-to-cart=2736\" aria-describedby=\"woocommerce_loop_add_to_cart_link_describedby_2736\" data-quantity=\"1\" class=\"product_type_simple add_to_cart_button ajax_add_to_cart\" data-product_id=\"2736\" data-product_sku=\"10211\" aria-label=\"Afegeix a la cistella: &ldquo;Micromotor 104H&rdquo;\" rel=\"nofollow\" data-success_message=\"&ldquo;Micromotor 104H&rdquo; s&#039;ha afegit a la vostra cistella\" role=\"button\">Afegeix a la cistella<\/a>\t<span id=\"woocommerce_loop_add_to_cart_link_describedby_2736\" class=\"screen-reader-text\">\n\t\t\t<\/span>\n<\/div>\n\t<\/figcaption>\n<\/figure>\n<\/article><\/div><div class=\"visible wf-cell category-254 visible\" data-post-id=\"2727\" data-date=\"2025-04-10T14:18:20+02:00\" data-name=\"Micromotor 9M\"><article class=\"post project-odd visible description-off product type-product post-2727 status-publish first instock product_cat-micromotors product_tag-fresas-micromotores-ca product_tag-manicura-ca product_tag-micromotor-ca-2 product_tag-micromotores-ca product_tag-pedicura-ca product_tag-unas-ca has-post-thumbnail taxable shipping-taxable purchasable product-type-simple\" ><figure class=\"woocom-project\">\n\t<div class=\"woo-buttons-on-img\">\n\n\t\t<a href=\"https:\/\/etecmed.com\/ca\/producte\/micromotor-9m\/\" class=\"alignnone layzr-bg\"><img loading=\"lazy\" decoding=\"async\" width=\"300\" height=\"200\" src=\"data:image\/svg+xml;charset=utf-8,%3Csvg xmlns%3D&#039;http%3A%2F%2Fwww.w3.org%2F2000%2Fsvg&#039; viewBox%3D&#039;0 0 300 200&#039;%2F%3E\" class=\"attachment-woocommerce_thumbnail size-woocommerce_thumbnail iso-lazy-load preload-me\" alt=\"Micromotor 9M\" data-src=\"https:\/\/etecmed.com\/wp-content\/uploads\/2025\/04\/Ref-10210-Micromotor-9M-35W-30000rpm-300x200.jpg\" data-srcset=\"https:\/\/etecmed.com\/wp-content\/uploads\/2025\/04\/Ref-10210-Micromotor-9M-35W-30000rpm-300x200.jpg 300w, https:\/\/etecmed.com\/wp-content\/uploads\/2025\/04\/Ref-10210-Micromotor-9M-35W-30000rpm-1024x683.jpg 1024w, https:\/\/etecmed.com\/wp-content\/uploads\/2025\/04\/Ref-10210-Micromotor-9M-35W-30000rpm-768x512.jpg 768w, https:\/\/etecmed.com\/wp-content\/uploads\/2025\/04\/Ref-10210-Micromotor-9M-35W-30000rpm-1536x1024.jpg 1536w, https:\/\/etecmed.com\/wp-content\/uploads\/2025\/04\/Ref-10210-Micromotor-9M-35W-30000rpm-2048x1365.jpg 2048w, https:\/\/etecmed.com\/wp-content\/uploads\/2025\/04\/Ref-10210-Micromotor-9M-35W-30000rpm-600x400.jpg 600w\" \/><\/a>\n\t<\/div>\n\t<figcaption class=\"woocom-list-content\">\n\n\t\t<div class=\"woo-buttons\"><a href=\"\/ca\/wp-json\/wp\/v2\/pages\/1421?add-to-cart=2727\" aria-describedby=\"woocommerce_loop_add_to_cart_link_describedby_2727\" data-quantity=\"1\" class=\"product_type_simple add_to_cart_button ajax_add_to_cart\" data-product_id=\"2727\" data-product_sku=\"10210\" aria-label=\"Afegeix a la cistella: &ldquo;Micromotor 9M&rdquo;\" rel=\"nofollow\" data-success_message=\"&ldquo;Micromotor 9M&rdquo; s&#039;ha afegit a la vostra cistella\" role=\"button\">Afegeix a la cistella<\/a>\t<span id=\"woocommerce_loop_add_to_cart_link_describedby_2727\" class=\"screen-reader-text\">\n\t\t\t<\/span>\n<\/div>\n\t<\/figcaption>\n<\/figure>\n<\/article><\/div><div class=\"visible wf-cell category-249 visible\" data-post-id=\"2726\" data-date=\"2025-04-10T14:06:36+02:00\" data-name=\"Vacumter\u00e0pia NV-600\"><article class=\"post project-odd visible description-off product type-product post-2726 status-publish instock product_cat-equips-estetica product_tag-estetica-ca has-post-thumbnail taxable shipping-taxable purchasable product-type-simple\" ><figure class=\"woocom-project\">\n\t<div class=\"woo-buttons-on-img\">\n\n\t\t<a href=\"https:\/\/etecmed.com\/ca\/producte\/2726\/\" class=\"alignnone layzr-bg\"><img loading=\"lazy\" decoding=\"async\" width=\"300\" height=\"300\" src=\"data:image\/svg+xml;charset=utf-8,%3Csvg xmlns%3D&#039;http%3A%2F%2Fwww.w3.org%2F2000%2Fsvg&#039; viewBox%3D&#039;0 0 300 300&#039;%2F%3E\" class=\"attachment-woocommerce_thumbnail size-woocommerce_thumbnail iso-lazy-load preload-me\" alt=\"Vacumter\u00e0pia NV-600\" data-src=\"https:\/\/etecmed.com\/wp-content\/uploads\/2025\/04\/Ref-10446-Vacumterapia-NV-600-300x300.jpg\" data-srcset=\"https:\/\/etecmed.com\/wp-content\/uploads\/2025\/04\/Ref-10446-Vacumterapia-NV-600-300x300.jpg 300w, https:\/\/etecmed.com\/wp-content\/uploads\/2025\/04\/Ref-10446-Vacumterapia-NV-600-1024x1024.jpg 1024w, https:\/\/etecmed.com\/wp-content\/uploads\/2025\/04\/Ref-10446-Vacumterapia-NV-600-150x150.jpg 150w, https:\/\/etecmed.com\/wp-content\/uploads\/2025\/04\/Ref-10446-Vacumterapia-NV-600-768x768.jpg 768w, https:\/\/etecmed.com\/wp-content\/uploads\/2025\/04\/Ref-10446-Vacumterapia-NV-600-600x600.jpg 600w, https:\/\/etecmed.com\/wp-content\/uploads\/2025\/04\/Ref-10446-Vacumterapia-NV-600-200x200.jpg 200w, https:\/\/etecmed.com\/wp-content\/uploads\/2025\/04\/Ref-10446-Vacumterapia-NV-600.jpg 1200w\" \/><\/a>\n\t<\/div>\n\t<figcaption class=\"woocom-list-content\">\n\n\t\t<div class=\"woo-buttons\"><a href=\"\/ca\/wp-json\/wp\/v2\/pages\/1421?add-to-cart=2726\" aria-describedby=\"woocommerce_loop_add_to_cart_link_describedby_2726\" data-quantity=\"1\" class=\"product_type_simple add_to_cart_button ajax_add_to_cart\" data-product_id=\"2726\" data-product_sku=\"10446\" aria-label=\"Afegeix a la cistella: &ldquo;Vacumter\u00e0pia NV-600&rdquo;\" rel=\"nofollow\" data-success_message=\"&ldquo;Vacumter\u00e0pia NV-600&rdquo; s&#039;ha afegit a la vostra cistella\" role=\"button\">Afegeix a la cistella<\/a>\t<span id=\"woocommerce_loop_add_to_cart_link_describedby_2726\" class=\"screen-reader-text\">\n\t\t\t<\/span>\n<\/div>\n\t<\/figcaption>\n<\/figure>\n<\/article><\/div><div class=\"visible wf-cell category-611 visible\" data-post-id=\"2688\" data-date=\"2025-01-13T15:55:08+02:00\" data-name=\"Ones Electromagn\u00e8tiques HI-EMT\"><article class=\"post project-odd visible description-off product type-product post-2688 status-publish instock product_cat-medicina-estetica-2 product_tag-estetica-ca has-post-thumbnail taxable shipping-taxable purchasable product-type-simple\" ><figure class=\"woocom-project\">\n\t<div class=\"woo-buttons-on-img\">\n\n\t\t<a href=\"https:\/\/etecmed.com\/ca\/producte\/ones-electromagnetiques-hi-emt\/\" class=\"alignnone layzr-bg\"><img loading=\"lazy\" decoding=\"async\" width=\"300\" height=\"451\" src=\"data:image\/svg+xml;charset=utf-8,%3Csvg xmlns%3D&#039;http%3A%2F%2Fwww.w3.org%2F2000%2Fsvg&#039; viewBox%3D&#039;0 0 300 451&#039;%2F%3E\" class=\"attachment-woocommerce_thumbnail size-woocommerce_thumbnail iso-lazy-load preload-me\" alt=\"Ones Electromagn\u00e8tiques HI-EMT\" data-src=\"https:\/\/etecmed.com\/wp-content\/uploads\/2025\/01\/Ref.-20104-Onas-Elec-HI-EMT-130125-300x451.jpg\" data-srcset=\"https:\/\/etecmed.com\/wp-content\/uploads\/2025\/01\/Ref.-20104-Onas-Elec-HI-EMT-130125-300x451.jpg 300w, https:\/\/etecmed.com\/wp-content\/uploads\/2025\/01\/Ref.-20104-Onas-Elec-HI-EMT-130125-200x300.jpg 200w, https:\/\/etecmed.com\/wp-content\/uploads\/2025\/01\/Ref.-20104-Onas-Elec-HI-EMT-130125-681x1024.jpg 681w, https:\/\/etecmed.com\/wp-content\/uploads\/2025\/01\/Ref.-20104-Onas-Elec-HI-EMT-130125-768x1154.jpg 768w, https:\/\/etecmed.com\/wp-content\/uploads\/2025\/01\/Ref.-20104-Onas-Elec-HI-EMT-130125-1022x1536.jpg 1022w, https:\/\/etecmed.com\/wp-content\/uploads\/2025\/01\/Ref.-20104-Onas-Elec-HI-EMT-130125-1363x2048.jpg 1363w, https:\/\/etecmed.com\/wp-content\/uploads\/2025\/01\/Ref.-20104-Onas-Elec-HI-EMT-130125-600x902.jpg 600w, https:\/\/etecmed.com\/wp-content\/uploads\/2025\/01\/Ref.-20104-Onas-Elec-HI-EMT-130125-scaled.jpg 1703w\" \/><img loading=\"lazy\" decoding=\"async\" width=\"300\" height=\"225\" src=\"data:image\/svg+xml;charset=utf-8,%3Csvg xmlns%3D&#039;http%3A%2F%2Fwww.w3.org%2F2000%2Fsvg&#039; viewBox%3D&#039;0 0 300 225&#039;%2F%3E\" class=\"show-on-hover back-image iso-lazy-load preload-me\" alt=\"\" data-src=\"https:\/\/etecmed.com\/wp-content\/uploads\/2025\/01\/ondas-electromagneticas-300x225.jpg\" data-srcset=\"https:\/\/etecmed.com\/wp-content\/uploads\/2025\/01\/ondas-electromagneticas-300x225.jpg 300w, https:\/\/etecmed.com\/wp-content\/uploads\/2025\/01\/ondas-electromagneticas-768x576.jpg 768w, https:\/\/etecmed.com\/wp-content\/uploads\/2025\/01\/ondas-electromagneticas-600x450.jpg 600w, https:\/\/etecmed.com\/wp-content\/uploads\/2025\/01\/ondas-electromagneticas.jpg 1024w\" \/><\/a>\n\t<\/div>\n\t<figcaption class=\"woocom-list-content\">\n\n\t\t<div class=\"woo-buttons\"><a href=\"\/ca\/wp-json\/wp\/v2\/pages\/1421?add-to-cart=2688\" aria-describedby=\"woocommerce_loop_add_to_cart_link_describedby_2688\" data-quantity=\"1\" class=\"product_type_simple add_to_cart_button ajax_add_to_cart\" data-product_id=\"2688\" data-product_sku=\"20104\" aria-label=\"Afegeix a la cistella: &ldquo;Ones Electromagn\u00e8tiques HI-EMT&rdquo;\" rel=\"nofollow\" data-success_message=\"&ldquo;Ones Electromagn\u00e8tiques HI-EMT&rdquo; s&#039;ha afegit a la vostra cistella\" role=\"button\">Afegeix a la cistella<\/a>\t<span id=\"woocommerce_loop_add_to_cart_link_describedby_2688\" class=\"screen-reader-text\">\n\t\t\t<\/span>\n<\/div>\n\t<\/figcaption>\n<\/figure>\n<\/article><\/div><div class=\"visible wf-cell category-611 visible\" data-post-id=\"2674\" data-date=\"2025-01-13T15:08:02+02:00\" data-name=\"Tril\u00e0ser\"><article class=\"post project-odd visible description-off product type-product post-2674 status-publish last instock product_cat-medicina-estetica-2 product_tag-estetica-ca has-post-thumbnail taxable shipping-taxable purchasable product-type-simple\" ><figure class=\"woocom-project\">\n\t<div class=\"woo-buttons-on-img\">\n\n\t\t<a href=\"https:\/\/etecmed.com\/ca\/producte\/trilaser\/\" class=\"alignnone layzr-bg\"><img loading=\"lazy\" decoding=\"async\" width=\"300\" height=\"451\" src=\"data:image\/svg+xml;charset=utf-8,%3Csvg xmlns%3D&#039;http%3A%2F%2Fwww.w3.org%2F2000%2Fsvg&#039; viewBox%3D&#039;0 0 300 451&#039;%2F%3E\" class=\"attachment-woocommerce_thumbnail size-woocommerce_thumbnail iso-lazy-load preload-me\" alt=\"Tril\u00e0ser\" data-src=\"https:\/\/etecmed.com\/wp-content\/uploads\/2025\/01\/TRILASER-130125-300x451.jpg\" data-srcset=\"https:\/\/etecmed.com\/wp-content\/uploads\/2025\/01\/TRILASER-130125-300x451.jpg 300w, https:\/\/etecmed.com\/wp-content\/uploads\/2025\/01\/TRILASER-130125-200x300.jpg 200w, https:\/\/etecmed.com\/wp-content\/uploads\/2025\/01\/TRILASER-130125-681x1024.jpg 681w, https:\/\/etecmed.com\/wp-content\/uploads\/2025\/01\/TRILASER-130125-768x1154.jpg 768w, https:\/\/etecmed.com\/wp-content\/uploads\/2025\/01\/TRILASER-130125-1022x1536.jpg 1022w, https:\/\/etecmed.com\/wp-content\/uploads\/2025\/01\/TRILASER-130125-1363x2048.jpg 1363w, https:\/\/etecmed.com\/wp-content\/uploads\/2025\/01\/TRILASER-130125-600x902.jpg 600w, https:\/\/etecmed.com\/wp-content\/uploads\/2025\/01\/TRILASER-130125-scaled.jpg 1703w\" \/><\/a>\n\t<\/div>\n\t<figcaption class=\"woocom-list-content\">\n\n\t\t<div class=\"woo-buttons\"><a href=\"\/ca\/wp-json\/wp\/v2\/pages\/1421?add-to-cart=2674\" aria-describedby=\"woocommerce_loop_add_to_cart_link_describedby_2674\" data-quantity=\"1\" class=\"product_type_simple add_to_cart_button ajax_add_to_cart\" data-product_id=\"2674\" data-product_sku=\"20103\" aria-label=\"Afegeix a la cistella: &ldquo;Tril\u00e0ser&rdquo;\" rel=\"nofollow\" data-success_message=\"&ldquo;Tril\u00e0ser&rdquo; s&#039;ha afegit a la vostra cistella\" role=\"button\">Afegeix a la cistella<\/a>\t<span id=\"woocommerce_loop_add_to_cart_link_describedby_2674\" class=\"screen-reader-text\">\n\t\t\t<\/span>\n<\/div>\n\t<\/figcaption>\n<\/figure>\n<\/article><\/div><div class=\"hidden wf-cell category-617 visible\" data-post-id=\"2665\" data-date=\"2025-01-13T14:43:13+02:00\" data-name=\"L\u00e0ser Q-Switched (ND) Yag + Carb\u00f3 Actiu\"><article class=\"post project-odd visible description-off product type-product post-2665 status-publish first instock product_cat-medicina-estetica-ca product_tag-aparatologia-medicina-estetica-ca product_tag-estetica-ca has-post-thumbnail taxable shipping-taxable purchasable product-type-simple\" ><figure class=\"woocom-project\">\n\t<div class=\"woo-buttons-on-img\">\n\n\t\t<a href=\"https:\/\/etecmed.com\/ca\/producte\/laser-q-switched-nd-yag-carbo-actiu\/\" class=\"alignnone layzr-bg\"><img loading=\"lazy\" decoding=\"async\" width=\"300\" height=\"451\" src=\"data:image\/svg+xml;charset=utf-8,%3Csvg xmlns%3D&#039;http%3A%2F%2Fwww.w3.org%2F2000%2Fsvg&#039; viewBox%3D&#039;0 0 300 451&#039;%2F%3E\" class=\"attachment-woocommerce_thumbnail size-woocommerce_thumbnail iso-lazy-load preload-me\" alt=\"L\u00e0ser Q-Switched (ND) Yag + Carb\u00f3 Actiu\" data-src=\"https:\/\/etecmed.com\/wp-content\/uploads\/2025\/01\/Ref.-20102-Laser-Q-S-ND-YAG-130125-300x451.jpg\" data-srcset=\"https:\/\/etecmed.com\/wp-content\/uploads\/2025\/01\/Ref.-20102-Laser-Q-S-ND-YAG-130125-300x451.jpg 300w, https:\/\/etecmed.com\/wp-content\/uploads\/2025\/01\/Ref.-20102-Laser-Q-S-ND-YAG-130125-200x300.jpg 200w, https:\/\/etecmed.com\/wp-content\/uploads\/2025\/01\/Ref.-20102-Laser-Q-S-ND-YAG-130125-681x1024.jpg 681w, https:\/\/etecmed.com\/wp-content\/uploads\/2025\/01\/Ref.-20102-Laser-Q-S-ND-YAG-130125-768x1154.jpg 768w, https:\/\/etecmed.com\/wp-content\/uploads\/2025\/01\/Ref.-20102-Laser-Q-S-ND-YAG-130125-1022x1536.jpg 1022w, https:\/\/etecmed.com\/wp-content\/uploads\/2025\/01\/Ref.-20102-Laser-Q-S-ND-YAG-130125-1363x2048.jpg 1363w, https:\/\/etecmed.com\/wp-content\/uploads\/2025\/01\/Ref.-20102-Laser-Q-S-ND-YAG-130125-600x902.jpg 600w, https:\/\/etecmed.com\/wp-content\/uploads\/2025\/01\/Ref.-20102-Laser-Q-S-ND-YAG-130125-scaled.jpg 1703w\" \/><img loading=\"lazy\" decoding=\"async\" width=\"300\" height=\"225\" src=\"data:image\/svg+xml;charset=utf-8,%3Csvg xmlns%3D&#039;http%3A%2F%2Fwww.w3.org%2F2000%2Fsvg&#039; viewBox%3D&#039;0 0 300 225&#039;%2F%3E\" class=\"show-on-hover back-image iso-lazy-load preload-me\" alt=\"\" data-src=\"https:\/\/etecmed.com\/wp-content\/uploads\/2025\/01\/Laser-Q-switched-300x225.jpg\" data-srcset=\"https:\/\/etecmed.com\/wp-content\/uploads\/2025\/01\/Laser-Q-switched-300x225.jpg 300w, https:\/\/etecmed.com\/wp-content\/uploads\/2025\/01\/Laser-Q-switched-768x576.jpg 768w, https:\/\/etecmed.com\/wp-content\/uploads\/2025\/01\/Laser-Q-switched-600x450.jpg 600w, https:\/\/etecmed.com\/wp-content\/uploads\/2025\/01\/Laser-Q-switched.jpg 1024w\" \/><\/a>\n\t<\/div>\n\t<figcaption class=\"woocom-list-content\">\n\n\t\t<div class=\"woo-buttons\"><a href=\"\/ca\/wp-json\/wp\/v2\/pages\/1421?add-to-cart=2665\" aria-describedby=\"woocommerce_loop_add_to_cart_link_describedby_2665\" data-quantity=\"1\" class=\"product_type_simple add_to_cart_button ajax_add_to_cart\" data-product_id=\"2665\" data-product_sku=\"20102\" aria-label=\"Afegeix a la cistella: &ldquo;L\u00e0ser Q-Switched (ND) Yag + Carb\u00f3 Actiu&rdquo;\" rel=\"nofollow\" data-success_message=\"&ldquo;L\u00e0ser Q-Switched (ND) Yag + Carb\u00f3 Actiu&rdquo; s&#039;ha afegit a la vostra cistella\" role=\"button\">Afegeix a la cistella<\/a>\t<span id=\"woocommerce_loop_add_to_cart_link_describedby_2665\" class=\"screen-reader-text\">\n\t\t\t<\/span>\n<\/div>\n\t<\/figcaption>\n<\/figure>\n<\/article><\/div><div class=\"hidden wf-cell category-617 visible\" data-post-id=\"2659\" data-date=\"2025-01-13T13:09:58+02:00\" data-name=\"Radiofreq\u00fc\u00e8ncia Fraccionada amb Microagulles\"><article class=\"post project-odd visible description-off product type-product post-2659 status-publish instock product_cat-medicina-estetica-ca product_tag-aparatologia-medicina-estetica-ca product_tag-estetica-ca has-post-thumbnail taxable shipping-taxable purchasable product-type-simple\" ><figure class=\"woocom-project\">\n\t<div class=\"woo-buttons-on-img\">\n\n\t\t<a href=\"https:\/\/etecmed.com\/ca\/producte\/2659\/\" class=\"alignnone layzr-bg\"><img loading=\"lazy\" decoding=\"async\" width=\"300\" height=\"451\" src=\"data:image\/svg+xml;charset=utf-8,%3Csvg xmlns%3D&#039;http%3A%2F%2Fwww.w3.org%2F2000%2Fsvg&#039; viewBox%3D&#039;0 0 300 451&#039;%2F%3E\" class=\"attachment-woocommerce_thumbnail size-woocommerce_thumbnail iso-lazy-load preload-me\" alt=\"Radiofreq\u00fc\u00e8ncia Fraccionada amb Microagulles\" data-src=\"https:\/\/etecmed.com\/wp-content\/uploads\/2025\/01\/Ref.-20101-RF-130125-300x451.jpg\" data-srcset=\"https:\/\/etecmed.com\/wp-content\/uploads\/2025\/01\/Ref.-20101-RF-130125-300x451.jpg 300w, https:\/\/etecmed.com\/wp-content\/uploads\/2025\/01\/Ref.-20101-RF-130125-200x300.jpg 200w, https:\/\/etecmed.com\/wp-content\/uploads\/2025\/01\/Ref.-20101-RF-130125-681x1024.jpg 681w, https:\/\/etecmed.com\/wp-content\/uploads\/2025\/01\/Ref.-20101-RF-130125-768x1154.jpg 768w, https:\/\/etecmed.com\/wp-content\/uploads\/2025\/01\/Ref.-20101-RF-130125-1022x1536.jpg 1022w, https:\/\/etecmed.com\/wp-content\/uploads\/2025\/01\/Ref.-20101-RF-130125-1363x2048.jpg 1363w, https:\/\/etecmed.com\/wp-content\/uploads\/2025\/01\/Ref.-20101-RF-130125-600x902.jpg 600w, https:\/\/etecmed.com\/wp-content\/uploads\/2025\/01\/Ref.-20101-RF-130125-scaled.jpg 1703w\" \/><img loading=\"lazy\" decoding=\"async\" width=\"300\" height=\"400\" src=\"data:image\/svg+xml;charset=utf-8,%3Csvg xmlns%3D&#039;http%3A%2F%2Fwww.w3.org%2F2000%2Fsvg&#039; viewBox%3D&#039;0 0 300 400&#039;%2F%3E\" class=\"show-on-hover back-image iso-lazy-load preload-me\" alt=\"\" data-src=\"https:\/\/etecmed.com\/wp-content\/uploads\/2025\/01\/Manipuls-RF-2--300x400.jpeg\" data-srcset=\"https:\/\/etecmed.com\/wp-content\/uploads\/2025\/01\/Manipuls-RF-2--300x400.jpeg 300w, https:\/\/etecmed.com\/wp-content\/uploads\/2025\/01\/Manipuls-RF-2--225x300.jpeg 225w, https:\/\/etecmed.com\/wp-content\/uploads\/2025\/01\/Manipuls-RF-2--768x1024.jpeg 768w, https:\/\/etecmed.com\/wp-content\/uploads\/2025\/01\/Manipuls-RF-2--1152x1536.jpeg 1152w, https:\/\/etecmed.com\/wp-content\/uploads\/2025\/01\/Manipuls-RF-2--600x800.jpeg 600w, https:\/\/etecmed.com\/wp-content\/uploads\/2025\/01\/Manipuls-RF-2-.jpeg 1200w\" \/><\/a>\n\t<\/div>\n\t<figcaption class=\"woocom-list-content\">\n\n\t\t<div class=\"woo-buttons\"><a href=\"\/ca\/wp-json\/wp\/v2\/pages\/1421?add-to-cart=2659\" aria-describedby=\"woocommerce_loop_add_to_cart_link_describedby_2659\" data-quantity=\"1\" class=\"product_type_simple add_to_cart_button ajax_add_to_cart\" data-product_id=\"2659\" data-product_sku=\"20101\" aria-label=\"Afegeix a la cistella: &ldquo;Radiofreq\u00fc\u00e8ncia Fraccionada amb Microagulles&rdquo;\" rel=\"nofollow\" data-success_message=\"&ldquo;Radiofreq\u00fc\u00e8ncia Fraccionada amb Microagulles&rdquo; s&#039;ha afegit a la vostra cistella\" role=\"button\">Afegeix a la cistella<\/a>\t<span id=\"woocommerce_loop_add_to_cart_link_describedby_2659\" class=\"screen-reader-text\">\n\t\t\t<\/span>\n<\/div>\n\t<\/figcaption>\n<\/figure>\n<\/article><\/div><div class=\"hidden wf-cell category-247 category-257 visible\" data-post-id=\"2595\" data-date=\"2024-11-12T11:37:15+02:00\" data-name=\"Llima de vidre\"><article class=\"post project-odd visible description-off product type-product post-2595 status-publish instock product_cat-complements product_cat-promocions product_tag-manicura-ca product_tag-pedicura-ca product_tag-podologia-ca product_tag-unas-ca has-post-thumbnail sale taxable shipping-taxable purchasable product-type-simple\" >\n\t<span class=\"onsale\">Oferta!<\/span>\n\t<figure class=\"woocom-project\">\n\t<div class=\"woo-buttons-on-img\">\n\n\t\t<a href=\"https:\/\/etecmed.com\/ca\/producte\/llima-de-vidre\/\" class=\"alignnone layzr-bg\"><img loading=\"lazy\" decoding=\"async\" width=\"300\" height=\"121\" src=\"data:image\/svg+xml;charset=utf-8,%3Csvg xmlns%3D&#039;http%3A%2F%2Fwww.w3.org%2F2000%2Fsvg&#039; viewBox%3D&#039;0 0 300 121&#039;%2F%3E\" class=\"attachment-woocommerce_thumbnail size-woocommerce_thumbnail iso-lazy-load preload-me\" alt=\"Llima de vidre\" data-src=\"https:\/\/etecmed.com\/wp-content\/uploads\/2024\/11\/Ref.90344-Llimes-vidre-195x2x3cm-3-1-300x121.jpg\" data-srcset=\"https:\/\/etecmed.com\/wp-content\/uploads\/2024\/11\/Ref.90344-Llimes-vidre-195x2x3cm-3-1-300x121.jpg 300w, https:\/\/etecmed.com\/wp-content\/uploads\/2024\/11\/Ref.90344-Llimes-vidre-195x2x3cm-3-1-1024x412.jpg 1024w, https:\/\/etecmed.com\/wp-content\/uploads\/2024\/11\/Ref.90344-Llimes-vidre-195x2x3cm-3-1-768x309.jpg 768w, https:\/\/etecmed.com\/wp-content\/uploads\/2024\/11\/Ref.90344-Llimes-vidre-195x2x3cm-3-1-600x241.jpg 600w, https:\/\/etecmed.com\/wp-content\/uploads\/2024\/11\/Ref.90344-Llimes-vidre-195x2x3cm-3-1.jpg 1253w\" \/><\/a>\n\t<\/div>\n\t<figcaption class=\"woocom-list-content\">\n\n\t\t<div class=\"woo-buttons\"><a href=\"\/ca\/wp-json\/wp\/v2\/pages\/1421?add-to-cart=2595\" aria-describedby=\"woocommerce_loop_add_to_cart_link_describedby_2595\" data-quantity=\"1\" class=\"product_type_simple add_to_cart_button ajax_add_to_cart\" data-product_id=\"2595\" data-product_sku=\"90344\" aria-label=\"Afegeix a la cistella: &ldquo;Llima de vidre&rdquo;\" rel=\"nofollow\" data-success_message=\"&ldquo;Llima de vidre&rdquo; s&#039;ha afegit a la vostra cistella\" role=\"button\">Afegeix a la cistella<\/a>\t<span id=\"woocommerce_loop_add_to_cart_link_describedby_2595\" class=\"screen-reader-text\">\n\t\t\t<\/span>\n<\/div>\n\t<\/figcaption>\n<\/figure>\n<\/article><\/div><div class=\"hidden wf-cell category-251 visible\" data-post-id=\"2593\" data-date=\"2024-11-11T17:55:44+02:00\" data-name=\"Fresa de carboni llan\u00e7a \u03a64.0 mm\"><article class=\"post project-odd visible description-off product type-product post-2593 status-publish last instock product_cat-freses-per-a-micromotors product_tag-fresas-manicura-ca product_tag-fresas-micromotores-ca product_tag-fresas-pedicura-ca product_tag-manicura-ca product_tag-micromotor-ca-2 product_tag-micromotores-ca product_tag-pedicura-ca product_tag-podologia-ca product_tag-unas-ca product_tag-unas-acrilicas-ca product_tag-unas-artificiales-ca product_tag-unas-de-gel-ca has-post-thumbnail taxable shipping-taxable purchasable product-type-simple\" ><figure class=\"woocom-project\">\n\t<div class=\"woo-buttons-on-img\">\n\n\t\t<a href=\"https:\/\/etecmed.com\/ca\/producte\/fresa-de-carboni-llanca-%cf%864-0-mm\/\" class=\"alignnone layzr-bg\"><img loading=\"lazy\" decoding=\"async\" width=\"300\" height=\"66\" src=\"data:image\/svg+xml;charset=utf-8,%3Csvg xmlns%3D&#039;http%3A%2F%2Fwww.w3.org%2F2000%2Fsvg&#039; viewBox%3D&#039;0 0 300 66&#039;%2F%3E\" class=\"attachment-woocommerce_thumbnail size-woocommerce_thumbnail iso-lazy-load preload-me\" alt=\"Fresa de carboni llan\u00e7a \u03a64.0 mm\" data-src=\"https:\/\/etecmed.com\/wp-content\/uploads\/2024\/11\/Ref.90273-fresa-carbono-lanza-d4-300x66.jpg\" data-srcset=\"https:\/\/etecmed.com\/wp-content\/uploads\/2024\/11\/Ref.90273-fresa-carbono-lanza-d4-300x66.jpg 300w, https:\/\/etecmed.com\/wp-content\/uploads\/2024\/11\/Ref.90273-fresa-carbono-lanza-d4-768x169.jpg 768w, https:\/\/etecmed.com\/wp-content\/uploads\/2024\/11\/Ref.90273-fresa-carbono-lanza-d4-600x132.jpg 600w, https:\/\/etecmed.com\/wp-content\/uploads\/2024\/11\/Ref.90273-fresa-carbono-lanza-d4.jpg 771w\" \/><\/a>\n\t<\/div>\n\t<figcaption class=\"woocom-list-content\">\n\n\t\t<div class=\"woo-buttons\"><a href=\"\/ca\/wp-json\/wp\/v2\/pages\/1421?add-to-cart=2593\" aria-describedby=\"woocommerce_loop_add_to_cart_link_describedby_2593\" data-quantity=\"1\" class=\"product_type_simple add_to_cart_button ajax_add_to_cart\" data-product_id=\"2593\" data-product_sku=\"90273\" aria-label=\"Afegeix a la cistella: &ldquo;Fresa de carboni llan\u00e7a \u03a64.0 mm&rdquo;\" rel=\"nofollow\" data-success_message=\"&ldquo;Fresa de carboni llan\u00e7a \u03a64.0 mm&rdquo; s&#039;ha afegit a la vostra cistella\" role=\"button\">Afegeix a la cistella<\/a>\t<span id=\"woocommerce_loop_add_to_cart_link_describedby_2593\" class=\"screen-reader-text\">\n\t\t\t<\/span>\n<\/div>\n\t<\/figcaption>\n<\/figure>\n<\/article><\/div><div class=\"hidden wf-cell category-251 visible\" data-post-id=\"2590\" data-date=\"2024-11-11T17:45:44+02:00\" data-name=\"Fresa de carboni llan\u00e7a \u03a63.0 mm\"><article class=\"post project-odd visible description-off product type-product post-2590 status-publish first instock product_cat-freses-per-a-micromotors product_tag-fresas-manicura-ca product_tag-fresas-micromotores-ca product_tag-fresas-pedicura-ca product_tag-manicura-ca product_tag-micromotor-ca-2 product_tag-micromotores-ca product_tag-pedicura-ca product_tag-podologia-ca product_tag-unas-ca product_tag-unas-acrilicas-ca product_tag-unas-artificiales-ca product_tag-unas-de-gel-ca has-post-thumbnail taxable shipping-taxable purchasable product-type-simple\" ><figure class=\"woocom-project\">\n\t<div class=\"woo-buttons-on-img\">\n\n\t\t<a href=\"https:\/\/etecmed.com\/ca\/producte\/fresa-de-carboni-llanca-%cf%863-0-mm\/\" class=\"alignnone layzr-bg\"><img loading=\"lazy\" decoding=\"async\" width=\"300\" height=\"50\" src=\"data:image\/svg+xml;charset=utf-8,%3Csvg xmlns%3D&#039;http%3A%2F%2Fwww.w3.org%2F2000%2Fsvg&#039; viewBox%3D&#039;0 0 300 50&#039;%2F%3E\" class=\"attachment-woocommerce_thumbnail size-woocommerce_thumbnail iso-lazy-load preload-me\" alt=\"Fresa de carboni llan\u00e7a \u03a63.0 mm\" data-src=\"https:\/\/etecmed.com\/wp-content\/uploads\/2024\/11\/Ref.90272-fresa-carbono-lanza-d3-300x50.jpg\" data-srcset=\"https:\/\/etecmed.com\/wp-content\/uploads\/2024\/11\/Ref.90272-fresa-carbono-lanza-d3-300x50.jpg 300w, https:\/\/etecmed.com\/wp-content\/uploads\/2024\/11\/Ref.90272-fresa-carbono-lanza-d3-768x129.jpg 768w, https:\/\/etecmed.com\/wp-content\/uploads\/2024\/11\/Ref.90272-fresa-carbono-lanza-d3-600x100.jpg 600w, https:\/\/etecmed.com\/wp-content\/uploads\/2024\/11\/Ref.90272-fresa-carbono-lanza-d3.jpg 896w\" \/><\/a>\n\t<\/div>\n\t<figcaption class=\"woocom-list-content\">\n\n\t\t<div class=\"woo-buttons\"><a href=\"\/ca\/wp-json\/wp\/v2\/pages\/1421?add-to-cart=2590\" aria-describedby=\"woocommerce_loop_add_to_cart_link_describedby_2590\" data-quantity=\"1\" class=\"product_type_simple add_to_cart_button ajax_add_to_cart\" data-product_id=\"2590\" data-product_sku=\"90272\" aria-label=\"Afegeix a la cistella: &ldquo;Fresa de carboni llan\u00e7a \u03a63.0 mm&rdquo;\" rel=\"nofollow\" data-success_message=\"&ldquo;Fresa de carboni llan\u00e7a \u03a63.0 mm&rdquo; s&#039;ha afegit a la vostra cistella\" role=\"button\">Afegeix a la cistella<\/a>\t<span id=\"woocommerce_loop_add_to_cart_link_describedby_2590\" class=\"screen-reader-text\">\n\t\t\t<\/span>\n<\/div>\n\t<\/figcaption>\n<\/figure>\n<\/article><\/div><div class=\"hidden wf-cell category-251 visible\" data-post-id=\"2588\" data-date=\"2024-11-11T17:37:52+02:00\" data-name=\"Fresa de carboni esf\u00e8rica \u03a65.0 mm\"><article class=\"post project-odd visible description-off product type-product post-2588 status-publish instock product_cat-freses-per-a-micromotors product_tag-fresas-manicura-ca product_tag-fresas-micromotores-ca product_tag-fresas-pedicura-ca product_tag-manicura-ca product_tag-micromotor-ca-2 product_tag-micromotores-ca product_tag-pedicura-ca product_tag-podologia-ca product_tag-unas-ca product_tag-unas-acrilicas-ca product_tag-unas-artificiales-ca product_tag-unas-de-gel-ca has-post-thumbnail taxable shipping-taxable purchasable product-type-simple\" ><figure class=\"woocom-project\">\n\t<div class=\"woo-buttons-on-img\">\n\n\t\t<a href=\"https:\/\/etecmed.com\/ca\/producte\/fresa-de-carboni-esferica-%cf%865-0-mm\/\" class=\"alignnone layzr-bg\"><img loading=\"lazy\" decoding=\"async\" width=\"300\" height=\"66\" src=\"data:image\/svg+xml;charset=utf-8,%3Csvg xmlns%3D&#039;http%3A%2F%2Fwww.w3.org%2F2000%2Fsvg&#039; viewBox%3D&#039;0 0 300 66&#039;%2F%3E\" class=\"attachment-woocommerce_thumbnail size-woocommerce_thumbnail iso-lazy-load preload-me\" alt=\"Fresa de carboni esf\u00e8rica \u03a65.0 mm\" data-src=\"https:\/\/etecmed.com\/wp-content\/uploads\/2024\/11\/Ref.90271-fresa-carbono-esferica-d6-300x66.jpg\" data-srcset=\"https:\/\/etecmed.com\/wp-content\/uploads\/2024\/11\/Ref.90271-fresa-carbono-esferica-d6-300x66.jpg 300w, https:\/\/etecmed.com\/wp-content\/uploads\/2024\/11\/Ref.90271-fresa-carbono-esferica-d6-768x170.jpg 768w, https:\/\/etecmed.com\/wp-content\/uploads\/2024\/11\/Ref.90271-fresa-carbono-esferica-d6-600x133.jpg 600w, https:\/\/etecmed.com\/wp-content\/uploads\/2024\/11\/Ref.90271-fresa-carbono-esferica-d6.jpg 1021w\" \/><\/a>\n\t<\/div>\n\t<figcaption class=\"woocom-list-content\">\n\n\t\t<div class=\"woo-buttons\"><a href=\"\/ca\/wp-json\/wp\/v2\/pages\/1421?add-to-cart=2588\" aria-describedby=\"woocommerce_loop_add_to_cart_link_describedby_2588\" data-quantity=\"1\" class=\"product_type_simple add_to_cart_button ajax_add_to_cart\" data-product_id=\"2588\" data-product_sku=\"90271\" aria-label=\"Afegeix a la cistella: &ldquo;Fresa de carboni esf\u00e8rica \u03a65.0 mm&rdquo;\" rel=\"nofollow\" data-success_message=\"&ldquo;Fresa de carboni esf\u00e8rica \u03a65.0 mm&rdquo; s&#039;ha afegit a la vostra cistella\" role=\"button\">Afegeix a la cistella<\/a>\t<span id=\"woocommerce_loop_add_to_cart_link_describedby_2588\" class=\"screen-reader-text\">\n\t\t\t<\/span>\n<\/div>\n\t<\/figcaption>\n<\/figure>\n<\/article><\/div><div class=\"hidden wf-cell category-251 visible\" data-post-id=\"2586\" data-date=\"2024-11-11T17:24:20+02:00\" data-name=\"Fresa de carboni blat de moro \u03a65.0 mm\"><article class=\"post project-odd visible description-off product type-product post-2586 status-publish instock product_cat-freses-per-a-micromotors product_tag-fresas-manicura-ca product_tag-fresas-micromotores-ca product_tag-fresas-pedicura-ca product_tag-manicura-ca product_tag-micromotor-ca-2 product_tag-micromotores-ca product_tag-pedicura-ca product_tag-podologia-ca product_tag-unas-ca product_tag-unas-acrilicas-ca product_tag-unas-artificiales-ca product_tag-unas-de-gel-ca has-post-thumbnail taxable shipping-taxable purchasable product-type-simple\" ><figure class=\"woocom-project\">\n\t<div class=\"woo-buttons-on-img\">\n\n\t\t<a href=\"https:\/\/etecmed.com\/ca\/producte\/fresa-de-carboni-blat-de-moro-%cf%865-0-mm\/\" class=\"alignnone layzr-bg\"><img loading=\"lazy\" decoding=\"async\" width=\"300\" height=\"57\" src=\"data:image\/svg+xml;charset=utf-8,%3Csvg xmlns%3D&#039;http%3A%2F%2Fwww.w3.org%2F2000%2Fsvg&#039; viewBox%3D&#039;0 0 300 57&#039;%2F%3E\" class=\"attachment-woocommerce_thumbnail size-woocommerce_thumbnail iso-lazy-load preload-me\" alt=\"Fresa de carboni blat de moro \u03a65.0 mm\" data-src=\"https:\/\/etecmed.com\/wp-content\/uploads\/2024\/11\/Ref.90270-fresa-carbono-maiz-d5-300x57.jpg\" data-srcset=\"https:\/\/etecmed.com\/wp-content\/uploads\/2024\/11\/Ref.90270-fresa-carbono-maiz-d5-300x57.jpg 300w, https:\/\/etecmed.com\/wp-content\/uploads\/2024\/11\/Ref.90270-fresa-carbono-maiz-d5-768x146.jpg 768w, https:\/\/etecmed.com\/wp-content\/uploads\/2024\/11\/Ref.90270-fresa-carbono-maiz-d5-600x114.jpg 600w, https:\/\/etecmed.com\/wp-content\/uploads\/2024\/11\/Ref.90270-fresa-carbono-maiz-d5.jpg 956w\" \/><\/a>\n\t<\/div>\n\t<figcaption class=\"woocom-list-content\">\n\n\t\t<div class=\"woo-buttons\"><a href=\"\/ca\/wp-json\/wp\/v2\/pages\/1421?add-to-cart=2586\" aria-describedby=\"woocommerce_loop_add_to_cart_link_describedby_2586\" data-quantity=\"1\" class=\"product_type_simple add_to_cart_button ajax_add_to_cart\" data-product_id=\"2586\" data-product_sku=\"90270\" aria-label=\"Afegeix a la cistella: &ldquo;Fresa de carboni blat de moro \u03a65.0 mm&rdquo;\" rel=\"nofollow\" data-success_message=\"&ldquo;Fresa de carboni blat de moro \u03a65.0 mm&rdquo; s&#039;ha afegit a la vostra cistella\" role=\"button\">Afegeix a la cistella<\/a>\t<span id=\"woocommerce_loop_add_to_cart_link_describedby_2586\" class=\"screen-reader-text\">\n\t\t\t<\/span>\n<\/div>\n\t<\/figcaption>\n<\/figure>\n<\/article><\/div><div class=\"hidden wf-cell category-251 visible\" data-post-id=\"2582\" data-date=\"2024-11-11T13:29:26+02:00\" data-name=\"Fresa de carboni c\u00f2nica invertida truncada \u03a66.0 mm\"><article class=\"post project-odd visible description-off product type-product post-2582 status-publish last instock product_cat-freses-per-a-micromotors product_tag-fresas-manicura-ca product_tag-fresas-micromotores-ca product_tag-fresas-pedicura-ca product_tag-manicura-ca product_tag-micromotor-ca-2 product_tag-micromotores-ca product_tag-pedicura-ca product_tag-podologia-ca product_tag-unas-ca product_tag-unas-acrilicas-ca product_tag-unas-artificiales-ca product_tag-unas-de-gel-ca has-post-thumbnail taxable shipping-taxable purchasable product-type-simple\" ><figure class=\"woocom-project\">\n\t<div class=\"woo-buttons-on-img\">\n\n\t\t<a href=\"https:\/\/etecmed.com\/ca\/producte\/fresa-de-carboni-conica-invertida-truncada-%cf%866-0-mm\/\" class=\"alignnone layzr-bg\"><img loading=\"lazy\" decoding=\"async\" width=\"300\" height=\"58\" src=\"data:image\/svg+xml;charset=utf-8,%3Csvg xmlns%3D&#039;http%3A%2F%2Fwww.w3.org%2F2000%2Fsvg&#039; viewBox%3D&#039;0 0 300 58&#039;%2F%3E\" class=\"attachment-woocommerce_thumbnail size-woocommerce_thumbnail iso-lazy-load preload-me\" alt=\"Fresa de carboni c\u00f2nica invertida truncada \u03a66.0 mm\" data-src=\"https:\/\/etecmed.com\/wp-content\/uploads\/2024\/11\/Ref.90269-fresa-carbono-conica-invertida-truncada-d6-300x58.jpg\" data-srcset=\"https:\/\/etecmed.com\/wp-content\/uploads\/2024\/11\/Ref.90269-fresa-carbono-conica-invertida-truncada-d6-300x58.jpg 300w, https:\/\/etecmed.com\/wp-content\/uploads\/2024\/11\/Ref.90269-fresa-carbono-conica-invertida-truncada-d6-768x147.jpg 768w, https:\/\/etecmed.com\/wp-content\/uploads\/2024\/11\/Ref.90269-fresa-carbono-conica-invertida-truncada-d6-600x115.jpg 600w, https:\/\/etecmed.com\/wp-content\/uploads\/2024\/11\/Ref.90269-fresa-carbono-conica-invertida-truncada-d6.jpg 953w\" \/><\/a>\n\t<\/div>\n\t<figcaption class=\"woocom-list-content\">\n\n\t\t<div class=\"woo-buttons\"><a href=\"\/ca\/wp-json\/wp\/v2\/pages\/1421?add-to-cart=2582\" aria-describedby=\"woocommerce_loop_add_to_cart_link_describedby_2582\" data-quantity=\"1\" class=\"product_type_simple add_to_cart_button ajax_add_to_cart\" data-product_id=\"2582\" data-product_sku=\"90269\" aria-label=\"Afegeix a la cistella: &ldquo;Fresa de carboni c\u00f2nica invertida truncada \u03a66.0 mm&rdquo;\" rel=\"nofollow\" data-success_message=\"&ldquo;Fresa de carboni c\u00f2nica invertida truncada \u03a66.0 mm&rdquo; s&#039;ha afegit a la vostra cistella\" role=\"button\">Afegeix a la cistella<\/a>\t<span id=\"woocommerce_loop_add_to_cart_link_describedby_2582\" class=\"screen-reader-text\">\n\t\t\t<\/span>\n<\/div>\n\t<\/figcaption>\n<\/figure>\n<\/article><\/div><div class=\"hidden wf-cell category-251 visible\" data-post-id=\"2580\" data-date=\"2024-11-11T13:18:28+02:00\" data-name=\"Fresa de carboni c\u00f2nica truncada \u03a65.0 mm\"><article class=\"post project-odd visible description-off product type-product post-2580 status-publish first instock product_cat-freses-per-a-micromotors product_tag-fresas-manicura-ca product_tag-fresas-pedicura-ca product_tag-manicura-ca product_tag-micromotor-ca-2 product_tag-micromotores-ca product_tag-pedicura-ca product_tag-podologia-ca product_tag-unas-ca product_tag-unas-acrilicas-ca product_tag-unas-artificiales-ca product_tag-unas-de-gel-ca has-post-thumbnail taxable shipping-taxable purchasable product-type-simple\" ><figure class=\"woocom-project\">\n\t<div class=\"woo-buttons-on-img\">\n\n\t\t<a href=\"https:\/\/etecmed.com\/ca\/producte\/fresa-de-carboni-conica-truncada-%cf%865-0-mm\/\" class=\"alignnone layzr-bg\"><img loading=\"lazy\" decoding=\"async\" width=\"300\" height=\"58\" src=\"data:image\/svg+xml;charset=utf-8,%3Csvg xmlns%3D&#039;http%3A%2F%2Fwww.w3.org%2F2000%2Fsvg&#039; viewBox%3D&#039;0 0 300 58&#039;%2F%3E\" class=\"attachment-woocommerce_thumbnail size-woocommerce_thumbnail iso-lazy-load preload-me\" alt=\"Fresa de carboni c\u00f2nica truncada \u03a65.0 mm\" data-src=\"https:\/\/etecmed.com\/wp-content\/uploads\/2024\/11\/Ref.90268-fresa-carbono-conica-truncada-d5-300x58.jpg\" data-srcset=\"https:\/\/etecmed.com\/wp-content\/uploads\/2024\/11\/Ref.90268-fresa-carbono-conica-truncada-d5-300x58.jpg 300w, https:\/\/etecmed.com\/wp-content\/uploads\/2024\/11\/Ref.90268-fresa-carbono-conica-truncada-d5-768x147.jpg 768w, https:\/\/etecmed.com\/wp-content\/uploads\/2024\/11\/Ref.90268-fresa-carbono-conica-truncada-d5-600x115.jpg 600w, https:\/\/etecmed.com\/wp-content\/uploads\/2024\/11\/Ref.90268-fresa-carbono-conica-truncada-d5.jpg 906w\" \/><\/a>\n\t<\/div>\n\t<figcaption class=\"woocom-list-content\">\n\n\t\t<div class=\"woo-buttons\"><a href=\"\/ca\/wp-json\/wp\/v2\/pages\/1421?add-to-cart=2580\" aria-describedby=\"woocommerce_loop_add_to_cart_link_describedby_2580\" data-quantity=\"1\" class=\"product_type_simple add_to_cart_button ajax_add_to_cart\" data-product_id=\"2580\" data-product_sku=\"90268\" aria-label=\"Afegeix a la cistella: &ldquo;Fresa de carboni c\u00f2nica truncada \u03a65.0 mm&rdquo;\" rel=\"nofollow\" data-success_message=\"&ldquo;Fresa de carboni c\u00f2nica truncada \u03a65.0 mm&rdquo; s&#039;ha afegit a la vostra cistella\" role=\"button\">Afegeix a la cistella<\/a>\t<span id=\"woocommerce_loop_add_to_cart_link_describedby_2580\" class=\"screen-reader-text\">\n\t\t\t<\/span>\n<\/div>\n\t<\/figcaption>\n<\/figure>\n<\/article><\/div><div class=\"hidden wf-cell category-249 visible\" data-post-id=\"2576\" data-date=\"2024-11-07T15:37:58+02:00\" data-name=\"Pressoter\u00e0pia, Infraroig, Electroestimulaci\u00f3 S4F\"><article class=\"post project-odd visible description-off product type-product post-2576 status-publish instock product_cat-equips-estetica product_tag-estetica-ca has-post-thumbnail taxable shipping-taxable purchasable product-type-simple\" ><figure class=\"woocom-project\">\n\t<div class=\"woo-buttons-on-img\">\n\n\t\t<a href=\"https:\/\/etecmed.com\/ca\/producte\/presoterapia-infrarrojo-electroestimulacion-s4f\/\" class=\"alignnone layzr-bg\"><img loading=\"lazy\" decoding=\"async\" width=\"300\" height=\"300\" src=\"data:image\/svg+xml;charset=utf-8,%3Csvg xmlns%3D&#039;http%3A%2F%2Fwww.w3.org%2F2000%2Fsvg&#039; viewBox%3D&#039;0 0 300 300&#039;%2F%3E\" class=\"attachment-woocommerce_thumbnail size-woocommerce_thumbnail iso-lazy-load preload-me\" alt=\"Pressoter\u00e0pia, Infraroig, Electroestimulaci\u00f3 S4F\" data-src=\"https:\/\/etecmed.com\/wp-content\/uploads\/2024\/11\/Equip-300x300.png\" data-srcset=\"https:\/\/etecmed.com\/wp-content\/uploads\/2024\/11\/Equip-300x300.png 300w, https:\/\/etecmed.com\/wp-content\/uploads\/2024\/11\/Equip-1024x1024.png 1024w, https:\/\/etecmed.com\/wp-content\/uploads\/2024\/11\/Equip-150x150.png 150w, https:\/\/etecmed.com\/wp-content\/uploads\/2024\/11\/Equip-768x768.png 768w, https:\/\/etecmed.com\/wp-content\/uploads\/2024\/11\/Equip-1536x1536.png 1536w, https:\/\/etecmed.com\/wp-content\/uploads\/2024\/11\/Equip-2048x2048.png 2048w, https:\/\/etecmed.com\/wp-content\/uploads\/2024\/11\/Equip-600x600.png 600w, https:\/\/etecmed.com\/wp-content\/uploads\/2024\/11\/Equip-200x200.png 200w\" \/><img loading=\"lazy\" decoding=\"async\" width=\"300\" height=\"300\" src=\"data:image\/svg+xml;charset=utf-8,%3Csvg xmlns%3D&#039;http%3A%2F%2Fwww.w3.org%2F2000%2Fsvg&#039; viewBox%3D&#039;0 0 300 300&#039;%2F%3E\" class=\"show-on-hover back-image iso-lazy-load preload-me\" alt=\"\" data-src=\"https:\/\/etecmed.com\/wp-content\/uploads\/2024\/11\/Nova-preso-inflables-300x300.webp\" data-srcset=\"https:\/\/etecmed.com\/wp-content\/uploads\/2024\/11\/Nova-preso-inflables-300x300.webp 300w, https:\/\/etecmed.com\/wp-content\/uploads\/2024\/11\/Nova-preso-inflables-1024x1024.webp 1024w, https:\/\/etecmed.com\/wp-content\/uploads\/2024\/11\/Nova-preso-inflables-150x150.webp 150w, https:\/\/etecmed.com\/wp-content\/uploads\/2024\/11\/Nova-preso-inflables-768x768.webp 768w, https:\/\/etecmed.com\/wp-content\/uploads\/2024\/11\/Nova-preso-inflables-600x600.webp 600w, https:\/\/etecmed.com\/wp-content\/uploads\/2024\/11\/Nova-preso-inflables-200x200.webp 200w, https:\/\/etecmed.com\/wp-content\/uploads\/2024\/11\/Nova-preso-inflables.webp 1100w\" \/><\/a>\n\t<\/div>\n\t<figcaption class=\"woocom-list-content\">\n\n\t\t<div class=\"woo-buttons\"><a href=\"\/ca\/wp-json\/wp\/v2\/pages\/1421?add-to-cart=2576\" aria-describedby=\"woocommerce_loop_add_to_cart_link_describedby_2576\" data-quantity=\"1\" class=\"product_type_simple add_to_cart_button ajax_add_to_cart\" data-product_id=\"2576\" data-product_sku=\"10445\" aria-label=\"Afegeix a la cistella: &ldquo;Pressoter\u00e0pia, Infraroig, Electroestimulaci\u00f3 S4F&rdquo;\" rel=\"nofollow\" data-success_message=\"&ldquo;Pressoter\u00e0pia, Infraroig, Electroestimulaci\u00f3 S4F&rdquo; s&#039;ha afegit a la vostra cistella\" role=\"button\">Afegeix a la cistella<\/a>\t<span id=\"woocommerce_loop_add_to_cart_link_describedby_2576\" class=\"screen-reader-text\">\n\t\t\t<\/span>\n<\/div>\n\t<\/figcaption>\n<\/figure>\n<\/article><\/div><div class=\"hidden wf-cell category-247 category-257 visible\" data-post-id=\"2349\" data-date=\"2024-01-09T12:05:35+02:00\" data-name=\"Expositor de freses (7 peces)\"><article class=\"post project-odd visible description-off product type-product post-2349 status-publish instock product_cat-complements product_cat-promocions product_tag-estetica-ca product_tag-fresas-manicura-ca product_tag-fresas-micromotores-ca product_tag-fresas-pedicura-ca product_tag-manicura-ca product_tag-micromotor-ca-2 product_tag-micromotores-ca product_tag-pedicura-ca product_tag-peluqueria-ca product_tag-podologia-ca product_tag-unas-ca product_tag-unas-acrilicas-ca product_tag-unas-artificiales-ca product_tag-unas-de-gel-ca has-post-thumbnail sale taxable shipping-taxable purchasable product-type-simple\" >\n\t<span class=\"onsale\">Oferta!<\/span>\n\t<figure class=\"woocom-project\">\n\t<div class=\"woo-buttons-on-img\">\n\n\t\t<a href=\"https:\/\/etecmed.com\/ca\/producte\/expositor-de-freses-7-peces\/\" class=\"alignnone layzr-bg\"><img loading=\"lazy\" decoding=\"async\" width=\"300\" height=\"238\" src=\"data:image\/svg+xml;charset=utf-8,%3Csvg xmlns%3D&#039;http%3A%2F%2Fwww.w3.org%2F2000%2Fsvg&#039; viewBox%3D&#039;0 0 300 238&#039;%2F%3E\" class=\"attachment-woocommerce_thumbnail size-woocommerce_thumbnail iso-lazy-load preload-me\" alt=\"Expositor de freses (7 peces)\" data-src=\"https:\/\/etecmed.com\/wp-content\/uploads\/2024\/01\/Ref.-90343-Expositor-7p-2-300x238.png\" data-srcset=\"https:\/\/etecmed.com\/wp-content\/uploads\/2024\/01\/Ref.-90343-Expositor-7p-2-300x238.png 300w, https:\/\/etecmed.com\/wp-content\/uploads\/2024\/01\/Ref.-90343-Expositor-7p-2.png 393w\" \/><\/a>\n\t<\/div>\n\t<figcaption class=\"woocom-list-content\">\n\n\t\t<div class=\"woo-buttons\"><a href=\"\/ca\/wp-json\/wp\/v2\/pages\/1421?add-to-cart=2349\" aria-describedby=\"woocommerce_loop_add_to_cart_link_describedby_2349\" data-quantity=\"1\" class=\"product_type_simple add_to_cart_button ajax_add_to_cart\" data-product_id=\"2349\" data-product_sku=\"90343\" aria-label=\"Afegeix a la cistella: &ldquo;Expositor de freses (7 peces)&rdquo;\" rel=\"nofollow\" data-success_message=\"&ldquo;Expositor de freses (7 peces)&rdquo; s&#039;ha afegit a la vostra cistella\" role=\"button\">Afegeix a la cistella<\/a>\t<span id=\"woocommerce_loop_add_to_cart_link_describedby_2349\" class=\"screen-reader-text\">\n\t\t\t<\/span>\n<\/div>\n\t<\/figcaption>\n<\/figure>\n<\/article><\/div><div class=\"hidden wf-cell category-251 visible\" data-post-id=\"2353\" data-date=\"2024-01-09T11:54:20+02:00\" data-name=\"Fresa de silicona campana \u03a65.0 mm (M)\"><article class=\"post project-odd visible description-off product type-product post-2353 status-publish last instock product_cat-freses-per-a-micromotors product_tag-alicates-manicura-ca product_tag-alicates-pedicura-ca product_tag-esmalte-semipermanente-ca product_tag-estetica-ca product_tag-fresas-manicura-ca product_tag-fresas-micromotores-ca product_tag-fresas-pedicura-ca product_tag-manicura-ca product_tag-micromotor-ca-2 product_tag-micromotores-ca product_tag-pedicura-ca product_tag-peluqueria-ca product_tag-podologia-ca product_tag-secado-de-gel-ca product_tag-unas-ca product_tag-unas-acrilicas-ca product_tag-unas-artificiales-ca product_tag-unas-de-gel-ca has-post-thumbnail taxable shipping-taxable purchasable product-type-simple\" ><figure class=\"woocom-project\">\n\t<div class=\"woo-buttons-on-img\">\n\n\t\t<a href=\"https:\/\/etecmed.com\/ca\/producte\/fresa-de-silicona\/\" class=\"alignnone layzr-bg\"><img loading=\"lazy\" decoding=\"async\" width=\"300\" height=\"193\" src=\"data:image\/svg+xml;charset=utf-8,%3Csvg xmlns%3D&#039;http%3A%2F%2Fwww.w3.org%2F2000%2Fsvg&#039; viewBox%3D&#039;0 0 300 193&#039;%2F%3E\" class=\"attachment-woocommerce_thumbnail size-woocommerce_thumbnail iso-lazy-load preload-me\" alt=\"Fresa de silicona campana \u03a65.0 mm (M)\" data-src=\"https:\/\/etecmed.com\/wp-content\/uploads\/2024\/01\/Ref.-90267-Fresa-silicona-campana-2-300x193.png\" data-srcset=\"https:\/\/etecmed.com\/wp-content\/uploads\/2024\/01\/Ref.-90267-Fresa-silicona-campana-2-300x193.png 300w, https:\/\/etecmed.com\/wp-content\/uploads\/2024\/01\/Ref.-90267-Fresa-silicona-campana-2.png 570w\" \/><\/a>\n\t<\/div>\n\t<figcaption class=\"woocom-list-content\">\n\n\t\t<div class=\"woo-buttons\"><a href=\"\/ca\/wp-json\/wp\/v2\/pages\/1421?add-to-cart=2353\" aria-describedby=\"woocommerce_loop_add_to_cart_link_describedby_2353\" data-quantity=\"1\" class=\"product_type_simple add_to_cart_button ajax_add_to_cart\" data-product_id=\"2353\" data-product_sku=\"90267\" aria-label=\"Afegeix a la cistella: &ldquo;Fresa de silicona campana \u03a65.0 mm (M)&rdquo;\" rel=\"nofollow\" data-success_message=\"&ldquo;Fresa de silicona campana \u03a65.0 mm (M)&rdquo; s&#039;ha afegit a la vostra cistella\" role=\"button\">Afegeix a la cistella<\/a>\t<span id=\"woocommerce_loop_add_to_cart_link_describedby_2353\" class=\"screen-reader-text\">\n\t\t\t<\/span>\n<\/div>\n\t<\/figcaption>\n<\/figure>\n<\/article><\/div><div class=\"hidden wf-cell category-251 visible\" data-post-id=\"2355\" data-date=\"2024-01-09T11:43:16+02:00\" data-name=\"Fresa de silicona c\u00f2nica \u03a66.0 mm (M)\"><article class=\"post project-odd visible description-off product type-product post-2355 status-publish first instock product_cat-freses-per-a-micromotors product_tag-alicates-manicura-ca product_tag-alicates-pedicura-ca product_tag-esmalte-semipermanente-ca product_tag-estetica-ca product_tag-fresas-manicura-ca product_tag-fresas-micromotores-ca product_tag-fresas-pedicura-ca product_tag-manicura-ca product_tag-micromotor-ca-2 product_tag-micromotores-ca product_tag-pedicura-ca product_tag-peluqueria-ca product_tag-podologia-ca product_tag-secado-de-gel-ca product_tag-unas-ca product_tag-unas-acrilicas-ca product_tag-unas-artificiales-ca product_tag-unas-de-gel-ca has-post-thumbnail taxable shipping-taxable purchasable product-type-simple\" ><figure class=\"woocom-project\">\n\t<div class=\"woo-buttons-on-img\">\n\n\t\t<a href=\"https:\/\/etecmed.com\/ca\/producte\/fresa-de-silicona-2\/\" class=\"alignnone layzr-bg\"><img loading=\"lazy\" decoding=\"async\" width=\"300\" height=\"210\" src=\"data:image\/svg+xml;charset=utf-8,%3Csvg xmlns%3D&#039;http%3A%2F%2Fwww.w3.org%2F2000%2Fsvg&#039; viewBox%3D&#039;0 0 300 210&#039;%2F%3E\" class=\"attachment-woocommerce_thumbnail size-woocommerce_thumbnail iso-lazy-load preload-me\" alt=\"Fresa de silicona c\u00f2nica \u03a66.0 mm (M)\" data-src=\"https:\/\/etecmed.com\/wp-content\/uploads\/2024\/01\/Ref.-90266-Fresa-silicona-2-300x210.png\" data-srcset=\"https:\/\/etecmed.com\/wp-content\/uploads\/2024\/01\/Ref.-90266-Fresa-silicona-2-300x210.png 300w, https:\/\/etecmed.com\/wp-content\/uploads\/2024\/01\/Ref.-90266-Fresa-silicona-2.png 472w\" \/><\/a>\n\t<\/div>\n\t<figcaption class=\"woocom-list-content\">\n\n\t\t<div class=\"woo-buttons\"><a href=\"\/ca\/wp-json\/wp\/v2\/pages\/1421?add-to-cart=2355\" aria-describedby=\"woocommerce_loop_add_to_cart_link_describedby_2355\" data-quantity=\"1\" class=\"product_type_simple add_to_cart_button ajax_add_to_cart\" data-product_id=\"2355\" data-product_sku=\"90266\" aria-label=\"Afegeix a la cistella: &ldquo;Fresa de silicona c\u00f2nica \u03a66.0 mm (M)&rdquo;\" rel=\"nofollow\" data-success_message=\"&ldquo;Fresa de silicona c\u00f2nica \u03a66.0 mm (M)&rdquo; s&#039;ha afegit a la vostra cistella\" role=\"button\">Afegeix a la cistella<\/a>\t<span id=\"woocommerce_loop_add_to_cart_link_describedby_2355\" class=\"screen-reader-text\">\n\t\t\t<\/span>\n<\/div>\n\t<\/figcaption>\n<\/figure>\n<\/article><\/div><div class=\"hidden wf-cell category-251 visible\" data-post-id=\"2356\" data-date=\"2024-01-09T11:36:41+02:00\" data-name=\"Fresa de diamant barril \u03a62.0 mm (M)\"><article class=\"post project-odd visible description-off product type-product post-2356 status-publish instock product_cat-freses-per-a-micromotors product_tag-alicates-manicura-ca product_tag-alicates-pedicura-ca product_tag-esmalte-semipermanente-ca product_tag-estetica-ca product_tag-fresas-manicura-ca product_tag-fresas-micromotores-ca product_tag-fresas-pedicura-ca product_tag-manicura-ca product_tag-micromotor-ca-2 product_tag-micromotores-ca product_tag-pedicura-ca product_tag-peluqueria-ca product_tag-podologia-ca product_tag-secado-de-gel-ca product_tag-unas-ca product_tag-unas-acrilicas-ca product_tag-unas-artificiales-ca product_tag-unas-de-gel-ca has-post-thumbnail taxable shipping-taxable purchasable product-type-simple\" ><figure class=\"woocom-project\">\n\t<div class=\"woo-buttons-on-img\">\n\n\t\t<a href=\"https:\/\/etecmed.com\/ca\/producte\/fresa-de-diamant-m\/\" class=\"alignnone layzr-bg\"><img loading=\"lazy\" decoding=\"async\" width=\"300\" height=\"144\" src=\"data:image\/svg+xml;charset=utf-8,%3Csvg xmlns%3D&#039;http%3A%2F%2Fwww.w3.org%2F2000%2Fsvg&#039; viewBox%3D&#039;0 0 300 144&#039;%2F%3E\" class=\"attachment-woocommerce_thumbnail size-woocommerce_thumbnail iso-lazy-load preload-me\" alt=\"Fresa de diamant barril \u03a62.0 mm (M)\" data-src=\"https:\/\/etecmed.com\/wp-content\/uploads\/2024\/01\/Ref.-90265-Fresa-diamante-M-2-300x144.png\" data-srcset=\"https:\/\/etecmed.com\/wp-content\/uploads\/2024\/01\/Ref.-90265-Fresa-diamante-M-2-300x144.png 300w, https:\/\/etecmed.com\/wp-content\/uploads\/2024\/01\/Ref.-90265-Fresa-diamante-M-2.png 501w\" \/><\/a>\n\t<\/div>\n\t<figcaption class=\"woocom-list-content\">\n\n\t\t<div class=\"woo-buttons\"><a href=\"\/ca\/wp-json\/wp\/v2\/pages\/1421?add-to-cart=2356\" aria-describedby=\"woocommerce_loop_add_to_cart_link_describedby_2356\" data-quantity=\"1\" class=\"product_type_simple add_to_cart_button ajax_add_to_cart\" data-product_id=\"2356\" data-product_sku=\"90265\" aria-label=\"Afegeix a la cistella: &ldquo;Fresa de diamant barril \u03a62.0 mm (M)&rdquo;\" rel=\"nofollow\" data-success_message=\"&ldquo;Fresa de diamant barril \u03a62.0 mm (M)&rdquo; s&#039;ha afegit a la vostra cistella\" role=\"button\">Afegeix a la cistella<\/a>\t<span id=\"woocommerce_loop_add_to_cart_link_describedby_2356\" class=\"screen-reader-text\">\n\t\t\t<\/span>\n<\/div>\n\t<\/figcaption>\n<\/figure>\n<\/article><\/div><div class=\"hidden wf-cell category-251 visible\" data-post-id=\"2357\" data-date=\"2024-01-09T11:32:24+02:00\" data-name=\"Brush \u03a66.6 mm\"><article class=\"post project-odd visible description-off product type-product post-2357 status-publish instock product_cat-freses-per-a-micromotors product_tag-alicates-manicura-ca product_tag-alicates-pedicura-ca product_tag-esmalte-semipermanente-ca product_tag-esterilizacion-ca product_tag-estetica-ca product_tag-fresas-manicura-ca product_tag-fresas-micromotores-ca product_tag-fresas-pedicura-ca product_tag-germicida-ca product_tag-manicura-ca product_tag-micromotor-ca-2 product_tag-micromotores-ca product_tag-pedicura-ca product_tag-peluqueria-ca product_tag-unas-ca product_tag-unas-acrilicas-ca product_tag-unas-artificiales-ca product_tag-unas-de-gel-ca has-post-thumbnail taxable shipping-taxable purchasable product-type-simple\" ><figure class=\"woocom-project\">\n\t<div class=\"woo-buttons-on-img\">\n\n\t\t<a href=\"https:\/\/etecmed.com\/ca\/producte\/brush-6mm\/\" class=\"alignnone layzr-bg\"><img loading=\"lazy\" decoding=\"async\" width=\"300\" height=\"185\" src=\"data:image\/svg+xml;charset=utf-8,%3Csvg xmlns%3D&#039;http%3A%2F%2Fwww.w3.org%2F2000%2Fsvg&#039; viewBox%3D&#039;0 0 300 185&#039;%2F%3E\" class=\"attachment-woocommerce_thumbnail size-woocommerce_thumbnail iso-lazy-load preload-me\" alt=\"Brush \u03a66.6 mm\" data-src=\"https:\/\/etecmed.com\/wp-content\/uploads\/2024\/01\/Ref.-90264-Brush-2-300x185.png\" data-srcset=\"https:\/\/etecmed.com\/wp-content\/uploads\/2024\/01\/Ref.-90264-Brush-2-300x185.png 300w, https:\/\/etecmed.com\/wp-content\/uploads\/2024\/01\/Ref.-90264-Brush-2.png 515w\" \/><\/a>\n\t<\/div>\n\t<figcaption class=\"woocom-list-content\">\n\n\t\t<div class=\"woo-buttons\"><a href=\"\/ca\/wp-json\/wp\/v2\/pages\/1421?add-to-cart=2357\" aria-describedby=\"woocommerce_loop_add_to_cart_link_describedby_2357\" data-quantity=\"1\" class=\"product_type_simple add_to_cart_button ajax_add_to_cart\" data-product_id=\"2357\" data-product_sku=\"90264\" aria-label=\"Afegeix a la cistella: &ldquo;Brush \u03a66.6 mm&rdquo;\" rel=\"nofollow\" data-success_message=\"&ldquo;Brush \u03a66.6 mm&rdquo; s&#039;ha afegit a la vostra cistella\" role=\"button\">Afegeix a la cistella<\/a>\t<span id=\"woocommerce_loop_add_to_cart_link_describedby_2357\" class=\"screen-reader-text\">\n\t\t\t<\/span>\n<\/div>\n\t<\/figcaption>\n<\/figure>\n<\/article><\/div><div class=\"hidden wf-cell category-251 visible\" data-post-id=\"2360\" data-date=\"2024-01-09T11:24:11+02:00\" data-name=\"Brush \u03a611 mm\"><article class=\"post project-odd visible description-off product type-product post-2360 status-publish last instock product_cat-freses-per-a-micromotors product_tag-alicates-manicura-ca product_tag-alicates-pedicura-ca product_tag-esmalte-semipermanente-ca product_tag-esterilizacion-ca product_tag-estetica-ca product_tag-fresas-manicura-ca product_tag-fresas-micromotores-ca product_tag-fresas-pedicura-ca product_tag-manicura-ca product_tag-micromotor-ca-2 product_tag-micromotores-ca product_tag-pedicura-ca product_tag-peluqueria-ca product_tag-podologia-ca product_tag-unas-ca product_tag-unas-acrilicas-ca product_tag-unas-artificiales-ca product_tag-unas-de-gel-ca has-post-thumbnail taxable shipping-taxable purchasable product-type-simple\" ><figure class=\"woocom-project\">\n\t<div class=\"woo-buttons-on-img\">\n\n\t\t<a href=\"https:\/\/etecmed.com\/ca\/producte\/brush-11mm\/\" class=\"alignnone layzr-bg\"><img loading=\"lazy\" decoding=\"async\" width=\"300\" height=\"217\" src=\"data:image\/svg+xml;charset=utf-8,%3Csvg xmlns%3D&#039;http%3A%2F%2Fwww.w3.org%2F2000%2Fsvg&#039; viewBox%3D&#039;0 0 300 217&#039;%2F%3E\" class=\"attachment-woocommerce_thumbnail size-woocommerce_thumbnail iso-lazy-load preload-me\" alt=\"Brush \u03a611 mm\" data-src=\"https:\/\/etecmed.com\/wp-content\/uploads\/2024\/01\/Ref.-90263-Brush-2-300x217.png\" data-srcset=\"https:\/\/etecmed.com\/wp-content\/uploads\/2024\/01\/Ref.-90263-Brush-2-300x217.png 300w, https:\/\/etecmed.com\/wp-content\/uploads\/2024\/01\/Ref.-90263-Brush-2.png 495w\" \/><\/a>\n\t<\/div>\n\t<figcaption class=\"woocom-list-content\">\n\n\t\t<div class=\"woo-buttons\"><a href=\"\/ca\/wp-json\/wp\/v2\/pages\/1421?add-to-cart=2360\" aria-describedby=\"woocommerce_loop_add_to_cart_link_describedby_2360\" data-quantity=\"1\" class=\"product_type_simple add_to_cart_button ajax_add_to_cart\" data-product_id=\"2360\" data-product_sku=\"90263\" aria-label=\"Afegeix a la cistella: &ldquo;Brush \u03a611 mm&rdquo;\" rel=\"nofollow\" data-success_message=\"&ldquo;Brush \u03a611 mm&rdquo; s&#039;ha afegit a la vostra cistella\" role=\"button\">Afegeix a la cistella<\/a>\t<span id=\"woocommerce_loop_add_to_cart_link_describedby_2360\" class=\"screen-reader-text\">\n\t\t\t<\/span>\n<\/div>\n\t<\/figcaption>\n<\/figure>\n<\/article><\/div><div class=\"hidden wf-cell category-251 visible\" data-post-id=\"2361\" data-date=\"2024-01-08T15:20:40+02:00\" data-name=\"Fresa de carbur de tungst\u00e9 blau blat de moro \u03a66.0 mm (M\/C)\"><article class=\"post project-odd visible description-off product type-product post-2361 status-publish first instock product_cat-freses-per-a-micromotors product_tag-alicates-manicura-ca product_tag-alicates-pedicura-ca product_tag-esmalte-semipermanente-ca product_tag-estetica-ca product_tag-fresas-manicura-ca product_tag-fresas-micromotores-ca product_tag-fresas-pedicura-ca product_tag-manicura-ca product_tag-micromotor-ca-2 product_tag-micromotores-ca product_tag-pedicura-ca product_tag-peluqueria-ca product_tag-podologia-ca product_tag-secado-de-gel-ca product_tag-unas-ca product_tag-unas-acrilicas-ca product_tag-unas-artificiales-ca product_tag-unas-de-gel-ca has-post-thumbnail taxable shipping-taxable purchasable product-type-simple\" ><figure class=\"woocom-project\">\n\t<div class=\"woo-buttons-on-img\">\n\n\t\t<a href=\"https:\/\/etecmed.com\/ca\/producte\/fresa-de-carbur-de-tugste-m-c\/\" class=\"alignnone layzr-bg\"><img loading=\"lazy\" decoding=\"async\" width=\"300\" height=\"112\" src=\"data:image\/svg+xml;charset=utf-8,%3Csvg xmlns%3D&#039;http%3A%2F%2Fwww.w3.org%2F2000%2Fsvg&#039; viewBox%3D&#039;0 0 300 112&#039;%2F%3E\" class=\"attachment-woocommerce_thumbnail size-woocommerce_thumbnail iso-lazy-load preload-me\" alt=\"Fresa de carbur de tungst\u00e9 blau blat de moro \u03a66.0 mm (M\/C)\" data-src=\"https:\/\/etecmed.com\/wp-content\/uploads\/2024\/01\/Ref.-90262-Fresa-carburotungsteno-MC-2-300x112.png\" data-srcset=\"https:\/\/etecmed.com\/wp-content\/uploads\/2024\/01\/Ref.-90262-Fresa-carburotungsteno-MC-2-300x112.png 300w, https:\/\/etecmed.com\/wp-content\/uploads\/2024\/01\/Ref.-90262-Fresa-carburotungsteno-MC-2-600x225.png 600w, https:\/\/etecmed.com\/wp-content\/uploads\/2024\/01\/Ref.-90262-Fresa-carburotungsteno-MC-2.png 745w\" \/><\/a>\n\t<\/div>\n\t<figcaption class=\"woocom-list-content\">\n\n\t\t<div class=\"woo-buttons\"><a href=\"\/ca\/wp-json\/wp\/v2\/pages\/1421?add-to-cart=2361\" aria-describedby=\"woocommerce_loop_add_to_cart_link_describedby_2361\" data-quantity=\"1\" class=\"product_type_simple add_to_cart_button ajax_add_to_cart\" data-product_id=\"2361\" data-product_sku=\"90262\" aria-label=\"Afegeix a la cistella: &ldquo;Fresa de carbur de tungst\u00e9 blau blat de moro \u03a66.0 mm (M\/C)&rdquo;\" rel=\"nofollow\" data-success_message=\"&ldquo;Fresa de carbur de tungst\u00e9 blau blat de moro \u03a66.0 mm (M\/C)&rdquo; s&#039;ha afegit a la vostra cistella\" role=\"button\">Afegeix a la cistella<\/a>\t<span id=\"woocommerce_loop_add_to_cart_link_describedby_2361\" class=\"screen-reader-text\">\n\t\t\t<\/span>\n<\/div>\n\t<\/figcaption>\n<\/figure>\n<\/article><\/div><div class=\"hidden wf-cell category-251 visible\" data-post-id=\"2362\" data-date=\"2024-01-08T15:03:13+02:00\" data-name=\"Fresa de carbur de tungst\u00e9 cil\u00edndrica \u03a66.0 mm (M)\"><article class=\"post project-odd visible description-off product type-product post-2362 status-publish instock product_cat-freses-per-a-micromotors product_tag-alicates-manicura-ca product_tag-alicates-pedicura-ca product_tag-esmalte-semipermanente-ca product_tag-estetica-ca product_tag-fresas-manicura-ca product_tag-fresas-micromotores-ca product_tag-fresas-pedicura-ca product_tag-manicura-ca product_tag-micromotor-ca-2 product_tag-micromotores-ca product_tag-pedicura-ca product_tag-peluqueria-ca product_tag-podologia-ca product_tag-secado-de-gel-ca product_tag-unas-ca product_tag-unas-acrilicas-ca product_tag-unas-artificiales-ca product_tag-unas-de-gel-ca has-post-thumbnail taxable shipping-taxable purchasable product-type-simple\" ><figure class=\"woocom-project\">\n\t<div class=\"woo-buttons-on-img\">\n\n\t\t<a href=\"https:\/\/etecmed.com\/ca\/producte\/fresa-de-carbur-de-tugste-m\/\" class=\"alignnone layzr-bg\"><img loading=\"lazy\" decoding=\"async\" width=\"300\" height=\"143\" src=\"data:image\/svg+xml;charset=utf-8,%3Csvg xmlns%3D&#039;http%3A%2F%2Fwww.w3.org%2F2000%2Fsvg&#039; viewBox%3D&#039;0 0 300 143&#039;%2F%3E\" class=\"attachment-woocommerce_thumbnail size-woocommerce_thumbnail iso-lazy-load preload-me\" alt=\"Fresa de carbur de tungst\u00e9 cil\u00edndrica \u03a66.0 mm (M)\" data-src=\"https:\/\/etecmed.com\/wp-content\/uploads\/2024\/01\/Ref.-90261-Fresa-carburo-tungsteno-M-2--300x143.png\" data-srcset=\"https:\/\/etecmed.com\/wp-content\/uploads\/2024\/01\/Ref.-90261-Fresa-carburo-tungsteno-M-2--300x143.png 300w, https:\/\/etecmed.com\/wp-content\/uploads\/2024\/01\/Ref.-90261-Fresa-carburo-tungsteno-M-2-.png 594w\" \/><\/a>\n\t<\/div>\n\t<figcaption class=\"woocom-list-content\">\n\n\t\t<div class=\"woo-buttons\"><a href=\"\/ca\/wp-json\/wp\/v2\/pages\/1421?add-to-cart=2362\" aria-describedby=\"woocommerce_loop_add_to_cart_link_describedby_2362\" data-quantity=\"1\" class=\"product_type_simple add_to_cart_button ajax_add_to_cart\" data-product_id=\"2362\" data-product_sku=\"90261\" aria-label=\"Afegeix a la cistella: &ldquo;Fresa de carbur de tungst\u00e9 cil\u00edndrica \u03a66.0 mm (M)&rdquo;\" rel=\"nofollow\" data-success_message=\"&ldquo;Fresa de carbur de tungst\u00e9 cil\u00edndrica \u03a66.0 mm (M)&rdquo; s&#039;ha afegit a la vostra cistella\" role=\"button\">Afegeix a la cistella<\/a>\t<span id=\"woocommerce_loop_add_to_cart_link_describedby_2362\" class=\"screen-reader-text\">\n\t\t\t<\/span>\n<\/div>\n\t<\/figcaption>\n<\/figure>\n<\/article><\/div><div class=\"hidden wf-cell category-251 visible\" data-post-id=\"2363\" data-date=\"2024-01-08T14:57:21+02:00\" data-name=\"Fresa de carbur de tungst\u00e9 cil\u00edndrica \u03a66.0 mm (F)\"><article class=\"post project-odd visible description-off product type-product post-2363 status-publish instock product_cat-freses-per-a-micromotors product_tag-alicates-manicura-ca product_tag-alicates-pedicura-ca product_tag-esmalte-semipermanente-ca product_tag-estetica-ca product_tag-fresas-manicura-ca product_tag-fresas-micromotores-ca product_tag-fresas-pedicura-ca product_tag-manicura-ca product_tag-micromotor-ca-2 product_tag-micromotores-ca product_tag-pedicura-ca product_tag-peluqueria-ca product_tag-podologia-ca product_tag-secado-de-gel-ca product_tag-unas-ca product_tag-unas-acrilicas-ca product_tag-unas-artificiales-ca product_tag-unas-de-gel-ca has-post-thumbnail taxable shipping-taxable purchasable product-type-simple\" ><figure class=\"woocom-project\">\n\t<div class=\"woo-buttons-on-img\">\n\n\t\t<a href=\"https:\/\/etecmed.com\/ca\/producte\/fresa-de-carbur-de-tugste-f\/\" class=\"alignnone layzr-bg\"><img loading=\"lazy\" decoding=\"async\" width=\"300\" height=\"127\" src=\"data:image\/svg+xml;charset=utf-8,%3Csvg xmlns%3D&#039;http%3A%2F%2Fwww.w3.org%2F2000%2Fsvg&#039; viewBox%3D&#039;0 0 300 127&#039;%2F%3E\" class=\"attachment-woocommerce_thumbnail size-woocommerce_thumbnail iso-lazy-load preload-me\" alt=\"Fresa de carbur de tungst\u00e9 cil\u00edndrica \u03a66.0 mm (F)\" data-src=\"https:\/\/etecmed.com\/wp-content\/uploads\/2024\/01\/Ref.-90260-Fresa-carburo-tungsteno-F-2-300x127.png\" data-srcset=\"https:\/\/etecmed.com\/wp-content\/uploads\/2024\/01\/Ref.-90260-Fresa-carburo-tungsteno-F-2-300x127.png 300w, https:\/\/etecmed.com\/wp-content\/uploads\/2024\/01\/Ref.-90260-Fresa-carburo-tungsteno-F-2-600x254.png 600w, https:\/\/etecmed.com\/wp-content\/uploads\/2024\/01\/Ref.-90260-Fresa-carburo-tungsteno-F-2.png 708w\" \/><\/a>\n\t<\/div>\n\t<figcaption class=\"woocom-list-content\">\n\n\t\t<div class=\"woo-buttons\"><a href=\"\/ca\/wp-json\/wp\/v2\/pages\/1421?add-to-cart=2363\" aria-describedby=\"woocommerce_loop_add_to_cart_link_describedby_2363\" data-quantity=\"1\" class=\"product_type_simple add_to_cart_button ajax_add_to_cart\" data-product_id=\"2363\" data-product_sku=\"90260\" aria-label=\"Afegeix a la cistella: &ldquo;Fresa de carbur de tungst\u00e9 cil\u00edndrica \u03a66.0 mm (F)&rdquo;\" rel=\"nofollow\" data-success_message=\"&ldquo;Fresa de carbur de tungst\u00e9 cil\u00edndrica \u03a66.0 mm (F)&rdquo; s&#039;ha afegit a la vostra cistella\" role=\"button\">Afegeix a la cistella<\/a>\t<span id=\"woocommerce_loop_add_to_cart_link_describedby_2363\" class=\"screen-reader-text\">\n\t\t\t<\/span>\n<\/div>\n\t<\/figcaption>\n<\/figure>\n<\/article><\/div><div class=\"hidden wf-cell category-251 visible\" data-post-id=\"2364\" data-date=\"2024-01-08T14:50:18+02:00\" data-name=\"Fresa de carbur de tungst\u00e9 c\u00f2nica \u03a66.8 mm (XC)\"><article class=\"post project-odd visible description-off product type-product post-2364 status-publish last instock product_cat-freses-per-a-micromotors product_tag-alicates-manicura-ca product_tag-alicates-pedicura-ca product_tag-esmalte-semipermanente-ca product_tag-estetica-ca product_tag-fresas-manicura-ca product_tag-fresas-micromotores-ca product_tag-fresas-pedicura-ca product_tag-manicura-ca product_tag-micromotor-ca-2 product_tag-micromotores-ca product_tag-pedicura-ca product_tag-peluqueria-ca product_tag-podologia-ca product_tag-secado-de-gel-ca product_tag-unas-ca product_tag-unas-acrilicas-ca product_tag-unas-artificiales-ca product_tag-unas-de-gel-ca has-post-thumbnail taxable shipping-taxable purchasable product-type-simple\" ><figure class=\"woocom-project\">\n\t<div class=\"woo-buttons-on-img\">\n\n\t\t<a href=\"https:\/\/etecmed.com\/ca\/producte\/fresa-de-carbur-de-tungste-xc\/\" class=\"alignnone layzr-bg\"><img loading=\"lazy\" decoding=\"async\" width=\"300\" height=\"220\" src=\"data:image\/svg+xml;charset=utf-8,%3Csvg xmlns%3D&#039;http%3A%2F%2Fwww.w3.org%2F2000%2Fsvg&#039; viewBox%3D&#039;0 0 300 220&#039;%2F%3E\" class=\"attachment-woocommerce_thumbnail size-woocommerce_thumbnail iso-lazy-load preload-me\" alt=\"Fresa de carbur de tungst\u00e9 c\u00f2nica \u03a66.8 mm (XC)\" data-src=\"https:\/\/etecmed.com\/wp-content\/uploads\/2024\/01\/Ref.-90259-Fresa-carburo-tungsteno-XC-2-300x220.png\" data-srcset=\"https:\/\/etecmed.com\/wp-content\/uploads\/2024\/01\/Ref.-90259-Fresa-carburo-tungsteno-XC-2-300x220.png 300w, https:\/\/etecmed.com\/wp-content\/uploads\/2024\/01\/Ref.-90259-Fresa-carburo-tungsteno-XC-2.png 471w\" \/><\/a>\n\t<\/div>\n\t<figcaption class=\"woocom-list-content\">\n\n\t\t<div class=\"woo-buttons\"><a href=\"\/ca\/wp-json\/wp\/v2\/pages\/1421?add-to-cart=2364\" aria-describedby=\"woocommerce_loop_add_to_cart_link_describedby_2364\" data-quantity=\"1\" class=\"product_type_simple add_to_cart_button ajax_add_to_cart\" data-product_id=\"2364\" data-product_sku=\"90259\" aria-label=\"Afegeix a la cistella: &ldquo;Fresa de carbur de tungst\u00e9 c\u00f2nica \u03a66.8 mm (XC)&rdquo;\" rel=\"nofollow\" data-success_message=\"&ldquo;Fresa de carbur de tungst\u00e9 c\u00f2nica \u03a66.8 mm (XC)&rdquo; s&#039;ha afegit a la vostra cistella\" role=\"button\">Afegeix a la cistella<\/a>\t<span id=\"woocommerce_loop_add_to_cart_link_describedby_2364\" class=\"screen-reader-text\">\n\t\t\t<\/span>\n<\/div>\n\t<\/figcaption>\n<\/figure>\n<\/article><\/div><div class=\"hidden wf-cell category-251 visible\" data-post-id=\"2365\" data-date=\"2024-01-08T14:39:38+02:00\" data-name=\"Fresa de carbur de tungst\u00e8 c\u00f2nica \u03a66.8 mm (C)\"><article class=\"post project-odd visible description-off product type-product post-2365 status-publish first instock product_cat-freses-per-a-micromotors product_tag-alicates-manicura-ca product_tag-alicates-pedicura-ca product_tag-esmalte-semipermanente-ca product_tag-estetica-ca product_tag-fresas-manicura-ca product_tag-fresas-micromotores-ca product_tag-fresas-pedicura-ca product_tag-manicura-ca product_tag-micromotor-ca-2 product_tag-micromotores-ca product_tag-pedicura-ca product_tag-peluqueria-ca product_tag-podologia-ca product_tag-unas-ca product_tag-unas-acrilicas-ca product_tag-unas-artificiales-ca product_tag-unas-de-gel-ca has-post-thumbnail taxable shipping-taxable purchasable product-type-simple\" ><figure class=\"woocom-project\">\n\t<div class=\"woo-buttons-on-img\">\n\n\t\t<a href=\"https:\/\/etecmed.com\/ca\/producte\/fresa-de-carbur-de-tungste-c\/\" class=\"alignnone layzr-bg\"><img loading=\"lazy\" decoding=\"async\" width=\"300\" height=\"197\" src=\"data:image\/svg+xml;charset=utf-8,%3Csvg xmlns%3D&#039;http%3A%2F%2Fwww.w3.org%2F2000%2Fsvg&#039; viewBox%3D&#039;0 0 300 197&#039;%2F%3E\" class=\"attachment-woocommerce_thumbnail size-woocommerce_thumbnail iso-lazy-load preload-me\" alt=\"Fresa de carbur de tungst\u00e8 c\u00f2nica \u03a66.8 mm (C)\" data-src=\"https:\/\/etecmed.com\/wp-content\/uploads\/2024\/01\/Ref.-90258-Fresa-carburo-tungsteno-C-2-300x197.png\" data-srcset=\"https:\/\/etecmed.com\/wp-content\/uploads\/2024\/01\/Ref.-90258-Fresa-carburo-tungsteno-C-2-300x197.png 300w, https:\/\/etecmed.com\/wp-content\/uploads\/2024\/01\/Ref.-90258-Fresa-carburo-tungsteno-C-2.png 462w\" \/><\/a>\n\t<\/div>\n\t<figcaption class=\"woocom-list-content\">\n\n\t\t<div class=\"woo-buttons\"><a href=\"\/ca\/wp-json\/wp\/v2\/pages\/1421?add-to-cart=2365\" aria-describedby=\"woocommerce_loop_add_to_cart_link_describedby_2365\" data-quantity=\"1\" class=\"product_type_simple add_to_cart_button ajax_add_to_cart\" data-product_id=\"2365\" data-product_sku=\"90258\" aria-label=\"Afegeix a la cistella: &ldquo;Fresa de carbur de tungst\u00e8 c\u00f2nica \u03a66.8 mm (C)&rdquo;\" rel=\"nofollow\" data-success_message=\"&ldquo;Fresa de carbur de tungst\u00e8 c\u00f2nica \u03a66.8 mm (C)&rdquo; s&#039;ha afegit a la vostra cistella\" role=\"button\">Afegeix a la cistella<\/a>\t<span id=\"woocommerce_loop_add_to_cart_link_describedby_2365\" class=\"screen-reader-text\">\n\t\t\t<\/span>\n<\/div>\n\t<\/figcaption>\n<\/figure>\n<\/article><\/div><div class=\"hidden wf-cell category-251 visible\" data-post-id=\"2372\" data-date=\"2024-01-08T14:17:48+02:00\" data-name=\"Fresa de carbur de tungst\u00e9 c\u00f2nica \u03a66.8 mm (M)\"><article class=\"post project-odd visible description-off product type-product post-2372 status-publish instock product_cat-freses-per-a-micromotors product_tag-alicates-manicura-ca product_tag-alicates-pedicura-ca product_tag-esmalte-semipermanente-ca product_tag-estetica-ca product_tag-fresas-manicura-ca product_tag-fresas-micromotores-ca product_tag-fresas-pedicura-ca product_tag-manicura-ca product_tag-micromotor-ca-2 product_tag-micromotores-ca product_tag-pedicura-ca product_tag-peluqueria-ca product_tag-podologia-ca product_tag-secado-de-gel-ca product_tag-unas-acrilicas-ca product_tag-unas-artificiales-ca product_tag-unas-de-gel-ca has-post-thumbnail taxable shipping-taxable purchasable product-type-simple\" ><figure class=\"woocom-project\">\n\t<div class=\"woo-buttons-on-img\">\n\n\t\t<a href=\"https:\/\/etecmed.com\/ca\/producte\/fresa-de-carbur-de-tungste-m\/\" class=\"alignnone layzr-bg\"><img loading=\"lazy\" decoding=\"async\" width=\"300\" height=\"204\" src=\"data:image\/svg+xml;charset=utf-8,%3Csvg xmlns%3D&#039;http%3A%2F%2Fwww.w3.org%2F2000%2Fsvg&#039; viewBox%3D&#039;0 0 300 204&#039;%2F%3E\" class=\"attachment-woocommerce_thumbnail size-woocommerce_thumbnail iso-lazy-load preload-me\" alt=\"Fresa de carbur de tungst\u00e9 c\u00f2nica \u03a66.8 mm (M)\" data-src=\"https:\/\/etecmed.com\/wp-content\/uploads\/2024\/01\/Ref.-90257-Fresa-carburo-tungsteno-M-2-300x204.png\" data-srcset=\"https:\/\/etecmed.com\/wp-content\/uploads\/2024\/01\/Ref.-90257-Fresa-carburo-tungsteno-M-2-300x204.png 300w, https:\/\/etecmed.com\/wp-content\/uploads\/2024\/01\/Ref.-90257-Fresa-carburo-tungsteno-M-2.png 433w\" \/><\/a>\n\t<\/div>\n\t<figcaption class=\"woocom-list-content\">\n\n\t\t<div class=\"woo-buttons\"><a href=\"\/ca\/wp-json\/wp\/v2\/pages\/1421?add-to-cart=2372\" aria-describedby=\"woocommerce_loop_add_to_cart_link_describedby_2372\" data-quantity=\"1\" class=\"product_type_simple add_to_cart_button ajax_add_to_cart\" data-product_id=\"2372\" data-product_sku=\"90257\" aria-label=\"Afegeix a la cistella: &ldquo;Fresa de carbur de tungst\u00e9 c\u00f2nica \u03a66.8 mm (M)&rdquo;\" rel=\"nofollow\" data-success_message=\"&ldquo;Fresa de carbur de tungst\u00e9 c\u00f2nica \u03a66.8 mm (M)&rdquo; s&#039;ha afegit a la vostra cistella\" role=\"button\">Afegeix a la cistella<\/a>\t<span id=\"woocommerce_loop_add_to_cart_link_describedby_2372\" class=\"screen-reader-text\">\n\t\t\t<\/span>\n<\/div>\n\t<\/figcaption>\n<\/figure>\n<\/article><\/div><div class=\"hidden wf-cell category-251 visible\" data-post-id=\"2373\" data-date=\"2024-01-08T12:59:29+02:00\" data-name=\"Fresa de carbur de tungst\u00e9 c\u00f2nica \u03a66.8 mm (F)\"><article class=\"post project-odd visible description-off product type-product post-2373 status-publish instock product_cat-freses-per-a-micromotors product_tag-alicates-manicura-ca product_tag-alicates-pedicura-ca product_tag-estetica-ca product_tag-fresas-manicura-ca product_tag-fresas-pedicura-ca product_tag-manicura-ca product_tag-micromotores-ca product_tag-pedicura-ca product_tag-peluqueria-ca product_tag-podologia-ca product_tag-unas-artificiales-ca has-post-thumbnail taxable shipping-taxable purchasable product-type-simple\" ><figure class=\"woocom-project\">\n\t<div class=\"woo-buttons-on-img\">\n\n\t\t<a href=\"https:\/\/etecmed.com\/ca\/producte\/fresa-de-carbur-de-tungste-f\/\" class=\"alignnone layzr-bg\"><img loading=\"lazy\" decoding=\"async\" width=\"300\" height=\"216\" src=\"data:image\/svg+xml;charset=utf-8,%3Csvg xmlns%3D&#039;http%3A%2F%2Fwww.w3.org%2F2000%2Fsvg&#039; viewBox%3D&#039;0 0 300 216&#039;%2F%3E\" class=\"attachment-woocommerce_thumbnail size-woocommerce_thumbnail iso-lazy-load preload-me\" alt=\"Fresa de carbur de tungst\u00e9 c\u00f2nica \u03a66.8 mm (F)\" data-src=\"https:\/\/etecmed.com\/wp-content\/uploads\/2024\/01\/Ref.-90256-Fresa-carburo-tungsteno-F-2-1-300x216.png\" data-srcset=\"https:\/\/etecmed.com\/wp-content\/uploads\/2024\/01\/Ref.-90256-Fresa-carburo-tungsteno-F-2-1-300x216.png 300w, https:\/\/etecmed.com\/wp-content\/uploads\/2024\/01\/Ref.-90256-Fresa-carburo-tungsteno-F-2-1.png 363w\" \/><\/a>\n\t<\/div>\n\t<figcaption class=\"woocom-list-content\">\n\n\t\t<div class=\"woo-buttons\"><a href=\"\/ca\/wp-json\/wp\/v2\/pages\/1421?add-to-cart=2373\" aria-describedby=\"woocommerce_loop_add_to_cart_link_describedby_2373\" data-quantity=\"1\" class=\"product_type_simple add_to_cart_button ajax_add_to_cart\" data-product_id=\"2373\" data-product_sku=\"90256\" aria-label=\"Afegeix a la cistella: &ldquo;Fresa de carbur de tungst\u00e9 c\u00f2nica \u03a66.8 mm (F)&rdquo;\" rel=\"nofollow\" data-success_message=\"&ldquo;Fresa de carbur de tungst\u00e9 c\u00f2nica \u03a66.8 mm (F)&rdquo; s&#039;ha afegit a la vostra cistella\" role=\"button\">Afegeix a la cistella<\/a>\t<span id=\"woocommerce_loop_add_to_cart_link_describedby_2373\" class=\"screen-reader-text\">\n\t\t\t<\/span>\n<\/div>\n\t<\/figcaption>\n<\/figure>\n<\/article><\/div><div class=\"hidden wf-cell category-252 visible\" data-post-id=\"2121\" data-date=\"2022-03-25T12:31:27+02:00\" data-name=\"Corta Tips\"><article class=\"post project-odd visible description-off product type-product post-2121 status-publish last instock product_cat-instrumental-ca product_tag-corta-tips-ca product_tag-estetica-ca product_tag-manicura-ca product_tag-peluqueria-ca product_tag-tips-ca has-post-thumbnail taxable shipping-taxable purchasable product-type-simple\" ><figure class=\"woocom-project\">\n\t<div class=\"woo-buttons-on-img\">\n\n\t\t<a href=\"https:\/\/etecmed.com\/ca\/producte\/corta-tips\/\" class=\"alignnone layzr-bg\"><img loading=\"lazy\" decoding=\"async\" width=\"300\" height=\"292\" src=\"data:image\/svg+xml;charset=utf-8,%3Csvg xmlns%3D&#039;http%3A%2F%2Fwww.w3.org%2F2000%2Fsvg&#039; viewBox%3D&#039;0 0 300 292&#039;%2F%3E\" class=\"attachment-woocommerce_thumbnail size-woocommerce_thumbnail iso-lazy-load preload-me\" alt=\"Corta Tips\" data-src=\"https:\/\/etecmed.com\/wp-content\/uploads\/2016\/02\/Ref-10608-Corta-Tips-300x292.jpg\" data-srcset=\"https:\/\/etecmed.com\/wp-content\/uploads\/2016\/02\/Ref-10608-Corta-Tips-300x292.jpg 300w, https:\/\/etecmed.com\/wp-content\/uploads\/2016\/02\/Ref-10608-Corta-Tips-1024x998.jpg 1024w, https:\/\/etecmed.com\/wp-content\/uploads\/2016\/02\/Ref-10608-Corta-Tips-768x748.jpg 768w, https:\/\/etecmed.com\/wp-content\/uploads\/2016\/02\/Ref-10608-Corta-Tips-1536x1497.jpg 1536w, https:\/\/etecmed.com\/wp-content\/uploads\/2016\/02\/Ref-10608-Corta-Tips-600x585.jpg 600w, https:\/\/etecmed.com\/wp-content\/uploads\/2016\/02\/Ref-10608-Corta-Tips.jpg 1843w\" \/><\/a>\n\t<\/div>\n\t<figcaption class=\"woocom-list-content\">\n\n\t\t<div class=\"woo-buttons\"><a href=\"\/ca\/wp-json\/wp\/v2\/pages\/1421?add-to-cart=2121\" aria-describedby=\"woocommerce_loop_add_to_cart_link_describedby_2121\" data-quantity=\"1\" class=\"product_type_simple add_to_cart_button ajax_add_to_cart\" data-product_id=\"2121\" data-product_sku=\"10608\" aria-label=\"Afegeix a la cistella: &ldquo;Corta Tips&rdquo;\" rel=\"nofollow\" data-success_message=\"&ldquo;Corta Tips&rdquo; s&#039;ha afegit a la vostra cistella\" role=\"button\">Afegeix a la cistella<\/a>\t<span id=\"woocommerce_loop_add_to_cart_link_describedby_2121\" class=\"screen-reader-text\">\n\t\t\t<\/span>\n<\/div>\n\t<\/figcaption>\n<\/figure>\n<\/article><\/div><div class=\"hidden wf-cell category-247 category-257 visible\" data-post-id=\"2107\" data-date=\"2022-01-12T15:26:42+02:00\" data-name=\"Mascareta de protecci\u00f3 FFP2\"><article class=\"post project-odd visible description-off product type-product post-2107 status-publish first instock product_cat-complements product_cat-promocions product_tag-estetica-ca product_tag-manicura-ca product_tag-pedicura-ca product_tag-peluqueria-ca product_tag-podologia-ca has-post-thumbnail sale taxable shipping-taxable purchasable product-type-simple\" >\n\t<span class=\"onsale\">Oferta!<\/span>\n\t<figure class=\"woocom-project\">\n\t<div class=\"woo-buttons-on-img\">\n\n\t\t<a href=\"https:\/\/etecmed.com\/ca\/producte\/mascareta-de-proteccio-ffp2\/\" class=\"alignnone layzr-bg\"><img loading=\"lazy\" decoding=\"async\" width=\"300\" height=\"331\" src=\"data:image\/svg+xml;charset=utf-8,%3Csvg xmlns%3D&#039;http%3A%2F%2Fwww.w3.org%2F2000%2Fsvg&#039; viewBox%3D&#039;0 0 300 331&#039;%2F%3E\" class=\"attachment-woocommerce_thumbnail size-woocommerce_thumbnail iso-lazy-load preload-me\" alt=\"Mascareta de protecci\u00f3 FFP2\" data-src=\"https:\/\/etecmed.com\/wp-content\/uploads\/2022\/01\/Ref-90342-FFP2-face-mask-300x331.jpg\" data-srcset=\"https:\/\/etecmed.com\/wp-content\/uploads\/2022\/01\/Ref-90342-FFP2-face-mask-300x331.jpg 300w, https:\/\/etecmed.com\/wp-content\/uploads\/2022\/01\/Ref-90342-FFP2-face-mask-272x300.jpg 272w, https:\/\/etecmed.com\/wp-content\/uploads\/2022\/01\/Ref-90342-FFP2-face-mask-600x661.jpg 600w, https:\/\/etecmed.com\/wp-content\/uploads\/2022\/01\/Ref-90342-FFP2-face-mask.jpg 726w\" \/><\/a>\n\t<\/div>\n\t<figcaption class=\"woocom-list-content\">\n\n\t\t<div class=\"woocommerce-product-details__short-description\">\n\t<p>(25 utats.)<\/p>\n<\/div>\n<div class=\"woo-buttons\"><a href=\"\/ca\/wp-json\/wp\/v2\/pages\/1421?add-to-cart=2107\" aria-describedby=\"woocommerce_loop_add_to_cart_link_describedby_2107\" data-quantity=\"1\" class=\"product_type_simple add_to_cart_button ajax_add_to_cart\" data-product_id=\"2107\" data-product_sku=\"90342\" aria-label=\"Afegeix a la cistella: &ldquo;Mascareta de protecci\u00f3 FFP2&rdquo;\" rel=\"nofollow\" data-success_message=\"&ldquo;Mascareta de protecci\u00f3 FFP2&rdquo; s&#039;ha afegit a la vostra cistella\" role=\"button\">Afegeix a la cistella<\/a>\t<span id=\"woocommerce_loop_add_to_cart_link_describedby_2107\" class=\"screen-reader-text\">\n\t\t\t<\/span>\n<\/div>\n\t<\/figcaption>\n<\/figure>\n<\/article><\/div><div class=\"hidden wf-cell category-249 visible\" data-post-id=\"1619\" data-date=\"2020-05-15T13:30:34+02:00\" data-name=\"Electroestimulaci\u00f3 10\/4\"><article class=\"post project-odd visible description-off product type-product post-1619 status-publish outofstock product_cat-equips-estetica product_tag-corporal-ca product_tag-corriente-ca product_tag-electroestimulacion-ca product_tag-estetica-ca product_tag-ir-ca-2 product_tag-masaje-ca product_tag-placas-ca product_tag-tens-ca has-post-thumbnail taxable shipping-taxable purchasable product-type-simple\" ><figure class=\"woocom-project\">\n\t<div class=\"woo-buttons-on-img\">\n\n\t\t<a href=\"https:\/\/etecmed.com\/ca\/producte\/electroestimulacio-10-4\/\" class=\"alignnone layzr-bg\"><img loading=\"lazy\" decoding=\"async\" width=\"300\" height=\"300\" src=\"data:image\/svg+xml;charset=utf-8,%3Csvg xmlns%3D&#039;http%3A%2F%2Fwww.w3.org%2F2000%2Fsvg&#039; viewBox%3D&#039;0 0 300 300&#039;%2F%3E\" class=\"attachment-woocommerce_thumbnail size-woocommerce_thumbnail iso-lazy-load preload-me\" alt=\"Electroestimulaci\u00f3 10\/4\" data-src=\"https:\/\/etecmed.com\/wp-content\/uploads\/2020\/05\/B8317-300x300.jpg\" data-srcset=\"https:\/\/etecmed.com\/wp-content\/uploads\/2020\/05\/B8317-300x300.jpg 300w, https:\/\/etecmed.com\/wp-content\/uploads\/2020\/05\/B8317-150x150.jpg 150w, https:\/\/etecmed.com\/wp-content\/uploads\/2020\/05\/B8317-200x200.jpg 200w, https:\/\/etecmed.com\/wp-content\/uploads\/2020\/05\/B8317.jpg 550w\" \/><\/a><span class=\"out-stock-label\">Out of stock<\/span>\n\t<\/div>\n\t<figcaption class=\"woocom-list-content\">\n\n\t\t<div class=\"woo-buttons\"><a href=\"https:\/\/etecmed.com\/ca\/producte\/electroestimulacio-10-4\/\" aria-describedby=\"woocommerce_loop_add_to_cart_link_describedby_1619\" data-quantity=\"1\" class=\"product_type_simple ajax_add_to_cart\" data-product_id=\"1619\" data-product_sku=\"10442\" aria-label=\"M\u00e9s informaci\u00f3 sobre &ldquo;Electroestimulaci\u00f3 10\/4&rdquo;\" rel=\"nofollow\" data-success_message=\"\">Detalls<\/a>\t<span id=\"woocommerce_loop_add_to_cart_link_describedby_1619\" class=\"screen-reader-text\">\n\t\t\t<\/span>\n<\/div>\n\t<\/figcaption>\n<\/figure>\n<\/article><\/div><div class=\"hidden wf-cell category-255 visible\" data-post-id=\"1621\" data-date=\"2020-05-15T13:16:03+02:00\" data-name=\"L\u00e0mpada LED sobretaula platejada E2\"><article class=\"post project-odd visible description-off product type-product post-1621 status-publish instock product_cat-mobiliari product_tag-esmalte-semipermanente-ca product_tag-estetica-ca product_tag-lampara-ca product_tag-manicura-ca product_tag-mobiliario-ca product_tag-pedicura-ca product_tag-peluqueria-ca product_tag-secado-de-gel-ca product_tag-unas-ca has-post-thumbnail taxable shipping-taxable purchasable product-type-simple\" ><figure class=\"woocom-project\">\n\t<div class=\"woo-buttons-on-img\">\n\n\t\t<a href=\"https:\/\/etecmed.com\/ca\/producte\/lampada-led-sobretaula-platejada-e2\/\" class=\"alignnone layzr-bg\"><img loading=\"lazy\" decoding=\"async\" width=\"300\" height=\"225\" src=\"data:image\/svg+xml;charset=utf-8,%3Csvg xmlns%3D&#039;http%3A%2F%2Fwww.w3.org%2F2000%2Fsvg&#039; viewBox%3D&#039;0 0 300 225&#039;%2F%3E\" class=\"attachment-woocommerce_thumbnail size-woocommerce_thumbnail iso-lazy-load preload-me\" alt=\"L\u00e0mpada LED sobretaula platejada E2\" data-src=\"https:\/\/etecmed.com\/wp-content\/uploads\/2020\/05\/Ref-10509-L\u00e1mpara-LED-sobremesa-plateada-300x225.jpg\" data-srcset=\"https:\/\/etecmed.com\/wp-content\/uploads\/2020\/05\/Ref-10509-L\u00e1mpara-LED-sobremesa-plateada-300x225.jpg 300w, https:\/\/etecmed.com\/wp-content\/uploads\/2020\/05\/Ref-10509-L\u00e1mpara-LED-sobremesa-plateada-1024x768.jpg 1024w, https:\/\/etecmed.com\/wp-content\/uploads\/2020\/05\/Ref-10509-L\u00e1mpara-LED-sobremesa-plateada-768x576.jpg 768w, https:\/\/etecmed.com\/wp-content\/uploads\/2020\/05\/Ref-10509-L\u00e1mpara-LED-sobremesa-plateada-1536x1152.jpg 1536w, https:\/\/etecmed.com\/wp-content\/uploads\/2020\/05\/Ref-10509-L\u00e1mpara-LED-sobremesa-plateada-600x450.jpg 600w, https:\/\/etecmed.com\/wp-content\/uploads\/2020\/05\/Ref-10509-L\u00e1mpara-LED-sobremesa-plateada.jpg 1600w\" \/><\/a>\n\t<\/div>\n\t<figcaption class=\"woocom-list-content\">\n\n\t\t<div class=\"woo-buttons\"><a href=\"\/ca\/wp-json\/wp\/v2\/pages\/1421?add-to-cart=1621\" aria-describedby=\"woocommerce_loop_add_to_cart_link_describedby_1621\" data-quantity=\"1\" class=\"product_type_simple add_to_cart_button ajax_add_to_cart\" data-product_id=\"1621\" data-product_sku=\"10509\" aria-label=\"Afegeix a la cistella: &ldquo;L\u00e0mpada LED sobretaula platejada E2&rdquo;\" rel=\"nofollow\" data-success_message=\"&ldquo;L\u00e0mpada LED sobretaula platejada E2&rdquo; s&#039;ha afegit a la vostra cistella\" role=\"button\">Afegeix a la cistella<\/a>\t<span id=\"woocommerce_loop_add_to_cart_link_describedby_1621\" class=\"screen-reader-text\">\n\t\t\t<\/span>\n<\/div>\n\t<\/figcaption>\n<\/figure>\n<\/article><\/div><div class=\"hidden wf-cell category-249 visible\" data-post-id=\"1623\" data-date=\"2020-05-15T13:06:13+02:00\" data-name=\"Alta freq\u00fc\u00e8ncia i Galv\u00e0nica NV-302\"><article class=\"post project-odd visible description-off product type-product post-1623 status-publish last instock product_cat-equips-estetica product_tag-alta-frecuencia-ca product_tag-estetica-ca product_tag-exfoliacion-ca product_tag-facial-ca product_tag-galvanica-ca product_tag-germicida-ca product_tag-hf-ca-2 product_tag-limpieza-ca product_tag-principios-activos-ca has-post-thumbnail taxable shipping-taxable purchasable product-type-simple\" ><figure class=\"woocom-project\">\n\t<div class=\"woo-buttons-on-img\">\n\n\t\t<a href=\"https:\/\/etecmed.com\/ca\/producte\/alta-frecuencia-y-galvanica-nv-302\/\" class=\"alignnone layzr-bg\"><img loading=\"lazy\" decoding=\"async\" width=\"300\" height=\"300\" src=\"data:image\/svg+xml;charset=utf-8,%3Csvg xmlns%3D&#039;http%3A%2F%2Fwww.w3.org%2F2000%2Fsvg&#039; viewBox%3D&#039;0 0 300 300&#039;%2F%3E\" class=\"attachment-woocommerce_thumbnail size-woocommerce_thumbnail iso-lazy-load preload-me\" alt=\"Alta freq\u00fc\u00e8ncia i Galv\u00e0nica NV-302\" data-src=\"https:\/\/etecmed.com\/wp-content\/uploads\/2020\/05\/NV-302-300x300.jpg\" data-srcset=\"https:\/\/etecmed.com\/wp-content\/uploads\/2020\/05\/NV-302-300x300.jpg 300w, https:\/\/etecmed.com\/wp-content\/uploads\/2020\/05\/NV-302-150x150.jpg 150w, https:\/\/etecmed.com\/wp-content\/uploads\/2020\/05\/NV-302-768x768.jpg 768w, https:\/\/etecmed.com\/wp-content\/uploads\/2020\/05\/NV-302-600x600.jpg 600w, https:\/\/etecmed.com\/wp-content\/uploads\/2020\/05\/NV-302-200x200.jpg 200w, https:\/\/etecmed.com\/wp-content\/uploads\/2020\/05\/NV-302.jpg 800w\" \/><\/a>\n\t<\/div>\n\t<figcaption class=\"woocom-list-content\">\n\n\t\t<div class=\"woo-buttons\"><a href=\"\/ca\/wp-json\/wp\/v2\/pages\/1421?add-to-cart=1623\" aria-describedby=\"woocommerce_loop_add_to_cart_link_describedby_1623\" data-quantity=\"1\" class=\"product_type_simple add_to_cart_button ajax_add_to_cart\" data-product_id=\"1623\" data-product_sku=\"10439\" aria-label=\"Afegeix a la cistella: &ldquo;Alta freq\u00fc\u00e8ncia i Galv\u00e0nica NV-302&rdquo;\" rel=\"nofollow\" data-success_message=\"&ldquo;Alta freq\u00fc\u00e8ncia i Galv\u00e0nica NV-302&rdquo; s&#039;ha afegit a la vostra cistella\" role=\"button\">Afegeix a la cistella<\/a>\t<span id=\"woocommerce_loop_add_to_cart_link_describedby_1623\" class=\"screen-reader-text\">\n\t\t\t<\/span>\n<\/div>\n\t<\/figcaption>\n<\/figure>\n<\/article><\/div><div class=\"hidden wf-cell category-249 visible\" data-post-id=\"1626\" data-date=\"2020-05-14T13:43:22+02:00\" data-name=\"Pressoter\u00e0pia ST\"><article class=\"post project-odd visible description-off product type-product post-1626 status-publish first instock product_cat-equips-estetica product_tag-bienestar-ca product_tag-drenaje-linfatico-ca product_tag-estetica-ca product_tag-masaje-ca product_tag-presoterapia-ca has-post-thumbnail taxable shipping-taxable purchasable product-type-simple\" ><figure class=\"woocom-project\">\n\t<div class=\"woo-buttons-on-img\">\n\n\t\t<a href=\"https:\/\/etecmed.com\/ca\/producte\/pressoterapia-st-2\/\" class=\"alignnone layzr-bg\"><img loading=\"lazy\" decoding=\"async\" width=\"300\" height=\"214\" src=\"data:image\/svg+xml;charset=utf-8,%3Csvg xmlns%3D&#039;http%3A%2F%2Fwww.w3.org%2F2000%2Fsvg&#039; viewBox%3D&#039;0 0 300 214&#039;%2F%3E\" class=\"attachment-woocommerce_thumbnail size-woocommerce_thumbnail iso-lazy-load preload-me\" alt=\"Pressoter\u00e0pia ST\" data-src=\"https:\/\/etecmed.com\/wp-content\/uploads\/2020\/05\/Ref-10432-Presoterapia-ST-Equipo.jpg\" \/><img loading=\"lazy\" decoding=\"async\" width=\"300\" height=\"346\" src=\"data:image\/svg+xml;charset=utf-8,%3Csvg xmlns%3D&#039;http%3A%2F%2Fwww.w3.org%2F2000%2Fsvg&#039; viewBox%3D&#039;0 0 300 346&#039;%2F%3E\" class=\"show-on-hover back-image iso-lazy-load preload-me\" alt=\"\" data-src=\"https:\/\/etecmed.com\/wp-content\/uploads\/2020\/05\/Ref-10432-Pressoterapia-ST-Inflables-300x346.jpg\" data-srcset=\"https:\/\/etecmed.com\/wp-content\/uploads\/2020\/05\/Ref-10432-Pressoterapia-ST-Inflables-300x346.jpg 300w, https:\/\/etecmed.com\/wp-content\/uploads\/2020\/05\/Ref-10432-Pressoterapia-ST-Inflables-260x300.jpg 260w, https:\/\/etecmed.com\/wp-content\/uploads\/2020\/05\/Ref-10432-Pressoterapia-ST-Inflables.jpg 330w\" \/><\/a>\n\t<\/div>\n\t<figcaption class=\"woocom-list-content\">\n\n\t\t<div class=\"woo-buttons\"><a href=\"\/ca\/wp-json\/wp\/v2\/pages\/1421?add-to-cart=1626\" aria-describedby=\"woocommerce_loop_add_to_cart_link_describedby_1626\" data-quantity=\"1\" class=\"product_type_simple add_to_cart_button ajax_add_to_cart\" data-product_id=\"1626\" data-product_sku=\"10432\" aria-label=\"Afegeix a la cistella: &ldquo;Pressoter\u00e0pia ST&rdquo;\" rel=\"nofollow\" data-success_message=\"&ldquo;Pressoter\u00e0pia ST&rdquo; s&#039;ha afegit a la vostra cistella\" role=\"button\">Afegeix a la cistella<\/a>\t<span id=\"woocommerce_loop_add_to_cart_link_describedby_1626\" class=\"screen-reader-text\">\n\t\t\t<\/span>\n<\/div>\n\t<\/figcaption>\n<\/figure>\n<\/article><\/div><div class=\"hidden wf-cell category-251 visible\" data-post-id=\"1628\" data-date=\"2020-05-13T13:39:31+02:00\" data-name=\"Bandes esmeril \u03a68.0 mm (50 utats.)\"><article class=\"post project-odd visible description-off product type-product post-1628 status-publish instock product_cat-freses-per-a-micromotors product_tag-estetica-ca product_tag-fresas-manicura-ca product_tag-fresas-pedicura-ca product_tag-micromotores-ca product_tag-peluqueria-ca has-post-thumbnail taxable shipping-taxable purchasable product-type-simple\" ><figure class=\"woocom-project\">\n\t<div class=\"woo-buttons-on-img\">\n\n\t\t<a href=\"https:\/\/etecmed.com\/ca\/producte\/bandes-esmeril-50u\/\" class=\"alignnone layzr-bg\"><img loading=\"lazy\" decoding=\"async\" width=\"300\" height=\"199\" src=\"data:image\/svg+xml;charset=utf-8,%3Csvg xmlns%3D&#039;http%3A%2F%2Fwww.w3.org%2F2000%2Fsvg&#039; viewBox%3D&#039;0 0 300 199&#039;%2F%3E\" class=\"attachment-woocommerce_thumbnail size-woocommerce_thumbnail iso-lazy-load preload-me\" alt=\"Bandes esmeril \u03a68.0 mm (50 utats.)\" data-src=\"https:\/\/etecmed.com\/wp-content\/uploads\/2016\/02\/Ref-90221-Bandas-esmeril-300x199.jpg\" data-srcset=\"https:\/\/etecmed.com\/wp-content\/uploads\/2016\/02\/Ref-90221-Bandas-esmeril-300x199.jpg 300w, https:\/\/etecmed.com\/wp-content\/uploads\/2016\/02\/Ref-90221-Bandas-esmeril-1024x681.jpg 1024w, https:\/\/etecmed.com\/wp-content\/uploads\/2016\/02\/Ref-90221-Bandas-esmeril-768x511.jpg 768w, https:\/\/etecmed.com\/wp-content\/uploads\/2016\/02\/Ref-90221-Bandas-esmeril-1536x1021.jpg 1536w, https:\/\/etecmed.com\/wp-content\/uploads\/2016\/02\/Ref-90221-Bandas-esmeril-2048x1362.jpg 2048w, https:\/\/etecmed.com\/wp-content\/uploads\/2016\/02\/Ref-90221-Bandas-esmeril-600x399.jpg 600w\" \/><\/a>\n\t<\/div>\n\t<figcaption class=\"woocom-list-content\">\n\n\t\t<div class=\"woo-buttons\"><a href=\"\/ca\/wp-json\/wp\/v2\/pages\/1421?add-to-cart=1628\" aria-describedby=\"woocommerce_loop_add_to_cart_link_describedby_1628\" data-quantity=\"1\" class=\"product_type_simple add_to_cart_button ajax_add_to_cart\" data-product_id=\"1628\" data-product_sku=\"90250\" aria-label=\"Afegeix a la cistella: &ldquo;Bandes esmeril \u03a68.0 mm (50 utats.)&rdquo;\" rel=\"nofollow\" data-success_message=\"&ldquo;Bandes esmeril \u03a68.0 mm (50 utats.)&rdquo; s&#039;ha afegit a la vostra cistella\" role=\"button\">Afegeix a la cistella<\/a>\t<span id=\"woocommerce_loop_add_to_cart_link_describedby_1628\" class=\"screen-reader-text\">\n\t\t\t<\/span>\n<\/div>\n\t<\/figcaption>\n<\/figure>\n<\/article><\/div><div class=\"hidden wf-cell category-251 visible\" data-post-id=\"1629\" data-date=\"2020-05-12T13:58:53+02:00\" data-name=\"Fresa de cer\u00e0mica micr\u00f2fon \u03a66.0mm (M)\"><article class=\"post project-odd visible description-off product type-product post-1629 status-publish instock product_cat-freses-per-a-micromotors product_tag-estetica-ca product_tag-fresas-manicura-ca product_tag-fresas-micromotores-ca product_tag-fresas-pedicura-ca product_tag-micromotores-ca product_tag-peluqueria-ca has-post-thumbnail taxable shipping-taxable purchasable product-type-simple\" ><figure class=\"woocom-project\">\n\t<div class=\"woo-buttons-on-img\">\n\n\t\t<a href=\"https:\/\/etecmed.com\/ca\/producte\/fresa-de-ceramica-cilindrica-punta-rodona-m\/\" class=\"alignnone layzr-bg\"><img loading=\"lazy\" decoding=\"async\" width=\"300\" height=\"300\" src=\"data:image\/svg+xml;charset=utf-8,%3Csvg xmlns%3D&#039;http%3A%2F%2Fwww.w3.org%2F2000%2Fsvg&#039; viewBox%3D&#039;0 0 300 300&#039;%2F%3E\" class=\"attachment-woocommerce_thumbnail size-woocommerce_thumbnail iso-lazy-load preload-me\" alt=\"Fresa de cer\u00e0mica micr\u00f2fon \u03a66.0mm (M)\" data-src=\"https:\/\/etecmed.com\/wp-content\/uploads\/2020\/05\/Ref-90255-Fresa-cer\u00e1mica-cil\u00edndrica-M-300x300.jpg\" data-srcset=\"https:\/\/etecmed.com\/wp-content\/uploads\/2020\/05\/Ref-90255-Fresa-cer\u00e1mica-cil\u00edndrica-M-300x300.jpg 300w, https:\/\/etecmed.com\/wp-content\/uploads\/2020\/05\/Ref-90255-Fresa-cer\u00e1mica-cil\u00edndrica-M-150x150.jpg 150w, https:\/\/etecmed.com\/wp-content\/uploads\/2020\/05\/Ref-90255-Fresa-cer\u00e1mica-cil\u00edndrica-M-200x200.jpg 200w, https:\/\/etecmed.com\/wp-content\/uploads\/2020\/05\/Ref-90255-Fresa-cer\u00e1mica-cil\u00edndrica-M.jpg 500w\" \/><\/a>\n\t<\/div>\n\t<figcaption class=\"woocom-list-content\">\n\n\t\t<div class=\"woo-buttons\"><a href=\"\/ca\/wp-json\/wp\/v2\/pages\/1421?add-to-cart=1629\" aria-describedby=\"woocommerce_loop_add_to_cart_link_describedby_1629\" data-quantity=\"1\" class=\"product_type_simple add_to_cart_button ajax_add_to_cart\" data-product_id=\"1629\" data-product_sku=\"90255\" aria-label=\"Afegeix a la cistella: &ldquo;Fresa de cer\u00e0mica micr\u00f2fon \u03a66.0mm (M)&rdquo;\" rel=\"nofollow\" data-success_message=\"&ldquo;Fresa de cer\u00e0mica micr\u00f2fon \u03a66.0mm (M)&rdquo; s&#039;ha afegit a la vostra cistella\" role=\"button\">Afegeix a la cistella<\/a>\t<span id=\"woocommerce_loop_add_to_cart_link_describedby_1629\" class=\"screen-reader-text\">\n\t\t\t<\/span>\n<\/div>\n\t<\/figcaption>\n<\/figure>\n<\/article><\/div><div class=\"hidden wf-cell category-251 visible\" data-post-id=\"1631\" data-date=\"2020-05-12T13:55:21+02:00\" data-name=\"Fresa de cer\u00e0mica blat de moro \u03a66.0 mm (M)\"><article class=\"post project-odd visible description-off product type-product post-1631 status-publish last instock product_cat-freses-per-a-micromotors product_tag-estetica-ca product_tag-fresas-manicura-ca product_tag-fresas-micromotores-ca product_tag-fresas-pedicura-ca product_tag-micromotores-ca product_tag-peluqueria-ca has-post-thumbnail taxable shipping-taxable purchasable product-type-simple\" ><figure class=\"woocom-project\">\n\t<div class=\"woo-buttons-on-img\">\n\n\t\t<a href=\"https:\/\/etecmed.com\/ca\/producte\/fresa-de-ceramica-conica-m\/\" class=\"alignnone layzr-bg\"><img loading=\"lazy\" decoding=\"async\" width=\"300\" height=\"300\" src=\"data:image\/svg+xml;charset=utf-8,%3Csvg xmlns%3D&#039;http%3A%2F%2Fwww.w3.org%2F2000%2Fsvg&#039; viewBox%3D&#039;0 0 300 300&#039;%2F%3E\" class=\"attachment-woocommerce_thumbnail size-woocommerce_thumbnail iso-lazy-load preload-me\" alt=\"Fresa de cer\u00e0mica blat de moro \u03a66.0 mm (M)\" data-src=\"https:\/\/etecmed.com\/wp-content\/uploads\/2020\/05\/Ref-90254-Fresa-cer\u00e1mica-c\u00f3nica-M-300x300.jpg\" data-srcset=\"https:\/\/etecmed.com\/wp-content\/uploads\/2020\/05\/Ref-90254-Fresa-cer\u00e1mica-c\u00f3nica-M-300x300.jpg 300w, https:\/\/etecmed.com\/wp-content\/uploads\/2020\/05\/Ref-90254-Fresa-cer\u00e1mica-c\u00f3nica-M-150x150.jpg 150w, https:\/\/etecmed.com\/wp-content\/uploads\/2020\/05\/Ref-90254-Fresa-cer\u00e1mica-c\u00f3nica-M-200x200.jpg 200w, https:\/\/etecmed.com\/wp-content\/uploads\/2020\/05\/Ref-90254-Fresa-cer\u00e1mica-c\u00f3nica-M.jpg 400w\" \/><\/a>\n\t<\/div>\n\t<figcaption class=\"woocom-list-content\">\n\n\t\t<div class=\"woo-buttons\"><a href=\"\/ca\/wp-json\/wp\/v2\/pages\/1421?add-to-cart=1631\" aria-describedby=\"woocommerce_loop_add_to_cart_link_describedby_1631\" data-quantity=\"1\" class=\"product_type_simple add_to_cart_button ajax_add_to_cart\" data-product_id=\"1631\" data-product_sku=\"90254\" aria-label=\"Afegeix a la cistella: &ldquo;Fresa de cer\u00e0mica blat de moro \u03a66.0 mm (M)&rdquo;\" rel=\"nofollow\" data-success_message=\"&ldquo;Fresa de cer\u00e0mica blat de moro \u03a66.0 mm (M)&rdquo; s&#039;ha afegit a la vostra cistella\" role=\"button\">Afegeix a la cistella<\/a>\t<span id=\"woocommerce_loop_add_to_cart_link_describedby_1631\" class=\"screen-reader-text\">\n\t\t\t<\/span>\n<\/div>\n\t<\/figcaption>\n<\/figure>\n<\/article><\/div><div class=\"hidden wf-cell category-251 visible\" data-post-id=\"1633\" data-date=\"2020-05-12T13:47:11+02:00\" data-name=\"Fresa de cer\u00e0mica llan\u00e7a \u03a62.0 mm (F)\"><article class=\"post project-odd visible description-off product type-product post-1633 status-publish first instock product_cat-freses-per-a-micromotors product_tag-estetica-ca product_tag-fresas-manicura-ca product_tag-fresas-micromotores-ca product_tag-fresas-pedicura-ca product_tag-micromotores-ca product_tag-peluqueria-ca has-post-thumbnail taxable shipping-taxable purchasable product-type-simple\" ><figure class=\"woocom-project\">\n\t<div class=\"woo-buttons-on-img\">\n\n\t\t<a href=\"https:\/\/etecmed.com\/ca\/producte\/fresa-de-ceramica-flecha-f\/\" class=\"alignnone layzr-bg\"><img loading=\"lazy\" decoding=\"async\" width=\"215\" height=\"54\" src=\"data:image\/svg+xml;charset=utf-8,%3Csvg xmlns%3D&#039;http%3A%2F%2Fwww.w3.org%2F2000%2Fsvg&#039; viewBox%3D&#039;0 0 215 54&#039;%2F%3E\" class=\"attachment-woocommerce_thumbnail size-woocommerce_thumbnail iso-lazy-load preload-me\" alt=\"Fresa de cer\u00e0mica llan\u00e7a \u03a62.0 mm (F)\" data-src=\"https:\/\/etecmed.com\/wp-content\/uploads\/2020\/05\/Ref.-90253-Fresa-ceramica-Lanza-F.png\" \/><\/a>\n\t<\/div>\n\t<figcaption class=\"woocom-list-content\">\n\n\t\t<div class=\"woo-buttons\"><a href=\"\/ca\/wp-json\/wp\/v2\/pages\/1421?add-to-cart=1633\" aria-describedby=\"woocommerce_loop_add_to_cart_link_describedby_1633\" data-quantity=\"1\" class=\"product_type_simple add_to_cart_button ajax_add_to_cart\" data-product_id=\"1633\" data-product_sku=\"90253\" aria-label=\"Afegeix a la cistella: &ldquo;Fresa de cer\u00e0mica llan\u00e7a \u03a62.0 mm (F)&rdquo;\" rel=\"nofollow\" data-success_message=\"&ldquo;Fresa de cer\u00e0mica llan\u00e7a \u03a62.0 mm (F)&rdquo; s&#039;ha afegit a la vostra cistella\" role=\"button\">Afegeix a la cistella<\/a>\t<span id=\"woocommerce_loop_add_to_cart_link_describedby_1633\" class=\"screen-reader-text\">\n\t\t\t<\/span>\n<\/div>\n\t<\/figcaption>\n<\/figure>\n<\/article><\/div><div class=\"hidden wf-cell category-251 visible\" data-post-id=\"1636\" data-date=\"2020-05-12T13:44:57+02:00\" data-name=\"Fresa de cer\u00e0mica barril \u03a63.0 mm (M)\"><article class=\"post project-odd visible description-off product type-product post-1636 status-publish instock product_cat-freses-per-a-micromotors product_tag-estetica-ca product_tag-fresas-manicura-ca product_tag-fresas-micromotores-ca product_tag-fresas-pedicura-ca product_tag-micromotores-ca product_tag-peluqueria-ca has-post-thumbnail taxable shipping-taxable purchasable product-type-simple\" ><figure class=\"woocom-project\">\n\t<div class=\"woo-buttons-on-img\">\n\n\t\t<a href=\"https:\/\/etecmed.com\/ca\/producte\/fresa-de-ceramica-barril-m\/\" class=\"alignnone layzr-bg\"><img loading=\"lazy\" decoding=\"async\" width=\"300\" height=\"289\" src=\"data:image\/svg+xml;charset=utf-8,%3Csvg xmlns%3D&#039;http%3A%2F%2Fwww.w3.org%2F2000%2Fsvg&#039; viewBox%3D&#039;0 0 300 289&#039;%2F%3E\" class=\"attachment-woocommerce_thumbnail size-woocommerce_thumbnail iso-lazy-load preload-me\" alt=\"Fresa de cer\u00e0mica barril \u03a63.0 mm (M)\" data-src=\"https:\/\/etecmed.com\/wp-content\/uploads\/2020\/05\/Ref-90252-Fresa-cer\u00e1mica-barril-M-300x289.jpg\" data-srcset=\"https:\/\/etecmed.com\/wp-content\/uploads\/2020\/05\/Ref-90252-Fresa-cer\u00e1mica-barril-M-300x289.jpg 300w, https:\/\/etecmed.com\/wp-content\/uploads\/2020\/05\/Ref-90252-Fresa-cer\u00e1mica-barril-M.jpg 354w\" \/><\/a>\n\t<\/div>\n\t<figcaption class=\"woocom-list-content\">\n\n\t\t<div class=\"woo-buttons\"><a href=\"\/ca\/wp-json\/wp\/v2\/pages\/1421?add-to-cart=1636\" aria-describedby=\"woocommerce_loop_add_to_cart_link_describedby_1636\" data-quantity=\"1\" class=\"product_type_simple add_to_cart_button ajax_add_to_cart\" data-product_id=\"1636\" data-product_sku=\"90252\" aria-label=\"Afegeix a la cistella: &ldquo;Fresa de cer\u00e0mica barril \u03a63.0 mm (M)&rdquo;\" rel=\"nofollow\" data-success_message=\"&ldquo;Fresa de cer\u00e0mica barril \u03a63.0 mm (M)&rdquo; s&#039;ha afegit a la vostra cistella\" role=\"button\">Afegeix a la cistella<\/a>\t<span id=\"woocommerce_loop_add_to_cart_link_describedby_1636\" class=\"screen-reader-text\">\n\t\t\t<\/span>\n<\/div>\n\t<\/figcaption>\n<\/figure>\n<\/article><\/div><div class=\"hidden wf-cell category-251 visible\" data-post-id=\"1638\" data-date=\"2020-05-12T13:39:38+02:00\" data-name=\"Fresa de cer\u00e0mica llan\u00e7a \u03a62.0mm (M)\"><article class=\"post project-odd visible description-off product type-product post-1638 status-publish instock product_cat-freses-per-a-micromotors product_tag-estetica-ca product_tag-fresas-manicura-ca product_tag-fresas-micromotores-ca product_tag-fresas-pedicura-ca product_tag-micromotores-ca product_tag-peluqueria-ca has-post-thumbnail taxable shipping-taxable purchasable product-type-simple\" ><figure class=\"woocom-project\">\n\t<div class=\"woo-buttons-on-img\">\n\n\t\t<a href=\"https:\/\/etecmed.com\/ca\/producte\/fresa-de-ceramica-fletxa-m\/\" class=\"alignnone layzr-bg\"><img loading=\"lazy\" decoding=\"async\" width=\"300\" height=\"312\" src=\"data:image\/svg+xml;charset=utf-8,%3Csvg xmlns%3D&#039;http%3A%2F%2Fwww.w3.org%2F2000%2Fsvg&#039; viewBox%3D&#039;0 0 300 312&#039;%2F%3E\" class=\"attachment-woocommerce_thumbnail size-woocommerce_thumbnail iso-lazy-load preload-me\" alt=\"Fresa de cer\u00e0mica llan\u00e7a \u03a62.0mm (M)\" data-src=\"https:\/\/etecmed.com\/wp-content\/uploads\/2020\/05\/Ref-90251-Fresa-cer\u00e1mica-flecha-M-300x312.jpg\" data-srcset=\"https:\/\/etecmed.com\/wp-content\/uploads\/2020\/05\/Ref-90251-Fresa-cer\u00e1mica-flecha-M-300x312.jpg 300w, https:\/\/etecmed.com\/wp-content\/uploads\/2020\/05\/Ref-90251-Fresa-cer\u00e1mica-flecha-M-289x300.jpg 289w, https:\/\/etecmed.com\/wp-content\/uploads\/2020\/05\/Ref-90251-Fresa-cer\u00e1mica-flecha-M.jpg 597w\" \/><\/a>\n\t<\/div>\n\t<figcaption class=\"woocom-list-content\">\n\n\t\t<div class=\"woo-buttons\"><a href=\"\/ca\/wp-json\/wp\/v2\/pages\/1421?add-to-cart=1638\" aria-describedby=\"woocommerce_loop_add_to_cart_link_describedby_1638\" data-quantity=\"1\" class=\"product_type_simple add_to_cart_button ajax_add_to_cart\" data-product_id=\"1638\" data-product_sku=\"90251\" aria-label=\"Afegeix a la cistella: &ldquo;Fresa de cer\u00e0mica llan\u00e7a \u03a62.0mm (M)&rdquo;\" rel=\"nofollow\" data-success_message=\"&ldquo;Fresa de cer\u00e0mica llan\u00e7a \u03a62.0mm (M)&rdquo; s&#039;ha afegit a la vostra cistella\" role=\"button\">Afegeix a la cistella<\/a>\t<span id=\"woocommerce_loop_add_to_cart_link_describedby_1638\" class=\"screen-reader-text\">\n\t\t\t<\/span>\n<\/div>\n\t<\/figcaption>\n<\/figure>\n<\/article><\/div><div class=\"hidden wf-cell category-247 category-257 visible\" data-post-id=\"1639\" data-date=\"2020-05-11T13:31:53+02:00\" data-name=\"Motlle rellotge\"><article class=\"post project-odd visible description-off product type-product post-1639 status-publish last instock product_cat-complements product_cat-promocions product_tag-estetica-ca product_tag-manicura-ca product_tag-peluqueria-ca product_tag-unas-acrilicas-ca product_tag-unas-artificiales-ca has-post-thumbnail sale taxable shipping-taxable purchasable product-type-simple\" >\n\t<span class=\"onsale\">Oferta!<\/span>\n\t<figure class=\"woocom-project\">\n\t<div class=\"woo-buttons-on-img\">\n\n\t\t<a href=\"https:\/\/etecmed.com\/ca\/producte\/molde-reloj\/\" class=\"alignnone layzr-bg\"><img loading=\"lazy\" decoding=\"async\" width=\"300\" height=\"179\" src=\"data:image\/svg+xml;charset=utf-8,%3Csvg xmlns%3D&#039;http%3A%2F%2Fwww.w3.org%2F2000%2Fsvg&#039; viewBox%3D&#039;0 0 300 179&#039;%2F%3E\" class=\"attachment-woocommerce_thumbnail size-woocommerce_thumbnail iso-lazy-load preload-me\" alt=\"Motlle rellotge\" data-src=\"https:\/\/etecmed.com\/wp-content\/uploads\/2020\/05\/Ref-90341-Molde-reloj-300x179.jpg\" data-srcset=\"https:\/\/etecmed.com\/wp-content\/uploads\/2020\/05\/Ref-90341-Molde-reloj-300x179.jpg 300w, https:\/\/etecmed.com\/wp-content\/uploads\/2020\/05\/Ref-90341-Molde-reloj.jpg 368w\" \/><\/a>\n\t<\/div>\n\t<figcaption class=\"woocom-list-content\">\n\n\t\t<div class=\"woocommerce-product-details__short-description\">\n\t<p>(500 uds.)<\/p>\n<\/div>\n<div class=\"woo-buttons\"><a href=\"\/ca\/wp-json\/wp\/v2\/pages\/1421?add-to-cart=1639\" aria-describedby=\"woocommerce_loop_add_to_cart_link_describedby_1639\" data-quantity=\"1\" class=\"product_type_simple add_to_cart_button ajax_add_to_cart\" data-product_id=\"1639\" data-product_sku=\"90341\" aria-label=\"Afegeix a la cistella: &ldquo;Motlle rellotge&rdquo;\" rel=\"nofollow\" data-success_message=\"&ldquo;Motlle rellotge&rdquo; s&#039;ha afegit a la vostra cistella\" role=\"button\">Afegeix a la cistella<\/a>\t<span id=\"woocommerce_loop_add_to_cart_link_describedby_1639\" class=\"screen-reader-text\">\n\t\t\t<\/span>\n<\/div>\n\t<\/figcaption>\n<\/figure>\n<\/article><\/div><div class=\"hidden wf-cell category-249 visible\" data-post-id=\"1643\" data-date=\"2016-02-18T13:58:41+02:00\" data-name=\"Ultrasons NV-203\"><article class=\"post project-odd visible description-off product type-product post-1643 status-publish first instock product_cat-equips-estetica product_tag-celulitis-ca product_tag-estetica-ca product_tag-fisoterapeuta-ca product_tag-lifting-facial-ca product_tag-ultrasonidos-ca has-post-thumbnail taxable shipping-taxable purchasable product-type-simple\" ><figure class=\"woocom-project\">\n\t<div class=\"woo-buttons-on-img\">\n\n\t\t<a href=\"https:\/\/etecmed.com\/ca\/producte\/ultrasons-nv-203\/\" class=\"alignnone layzr-bg\"><img loading=\"lazy\" decoding=\"async\" width=\"300\" height=\"271\" src=\"data:image\/svg+xml;charset=utf-8,%3Csvg xmlns%3D&#039;http%3A%2F%2Fwww.w3.org%2F2000%2Fsvg&#039; viewBox%3D&#039;0 0 300 271&#039;%2F%3E\" class=\"attachment-woocommerce_thumbnail size-woocommerce_thumbnail iso-lazy-load preload-me\" alt=\"Ultrasons NV-203\" data-src=\"https:\/\/etecmed.com\/wp-content\/uploads\/2016\/02\/Ref-10437-Ultrasonidos-NV-203-300x271.png\" data-srcset=\"https:\/\/etecmed.com\/wp-content\/uploads\/2016\/02\/Ref-10437-Ultrasonidos-NV-203-300x271.png 300w, https:\/\/etecmed.com\/wp-content\/uploads\/2016\/02\/Ref-10437-Ultrasonidos-NV-203.png 433w\" \/><\/a>\n\t<\/div>\n\t<figcaption class=\"woocom-list-content\">\n\n\t\t<div class=\"woo-buttons\"><a href=\"\/ca\/wp-json\/wp\/v2\/pages\/1421?add-to-cart=1643\" aria-describedby=\"woocommerce_loop_add_to_cart_link_describedby_1643\" data-quantity=\"1\" class=\"product_type_simple add_to_cart_button ajax_add_to_cart\" data-product_id=\"1643\" data-product_sku=\"10437\" aria-label=\"Afegeix a la cistella: &ldquo;Ultrasons NV-203&rdquo;\" rel=\"nofollow\" data-success_message=\"&ldquo;Ultrasons NV-203&rdquo; s&#039;ha afegit a la vostra cistella\" role=\"button\">Afegeix a la cistella<\/a>\t<span id=\"woocommerce_loop_add_to_cart_link_describedby_1643\" class=\"screen-reader-text\">\n\t\t\t<\/span>\n<\/div>\n\t<\/figcaption>\n<\/figure>\n<\/article><\/div><div class=\"hidden wf-cell category-255 visible\" data-post-id=\"1646\" data-date=\"2016-02-17T10:10:06+02:00\" data-name=\"Suport peu pedicura\"><article class=\"post project-odd visible description-off product type-product post-1646 status-publish outofstock product_cat-mobiliari product_tag-estetica-ca product_tag-pedicura-ca product_tag-peluqueria-ca product_tag-podologia-ca has-post-thumbnail taxable shipping-taxable purchasable product-type-simple\" ><figure class=\"woocom-project\">\n\t<div class=\"woo-buttons-on-img\">\n\n\t\t<a href=\"https:\/\/etecmed.com\/ca\/producte\/soporte-pie-pedicura\/\" class=\"alignnone layzr-bg\"><img loading=\"lazy\" decoding=\"async\" width=\"300\" height=\"457\" src=\"data:image\/svg+xml;charset=utf-8,%3Csvg xmlns%3D&#039;http%3A%2F%2Fwww.w3.org%2F2000%2Fsvg&#039; viewBox%3D&#039;0 0 300 457&#039;%2F%3E\" class=\"attachment-woocommerce_thumbnail size-woocommerce_thumbnail iso-lazy-load preload-me\" alt=\"Suport peu pedicura\" data-src=\"https:\/\/etecmed.com\/wp-content\/uploads\/2016\/02\/Ref-10507-Soporte-pie-pedicura-300x457.jpg\" data-srcset=\"https:\/\/etecmed.com\/wp-content\/uploads\/2016\/02\/Ref-10507-Soporte-pie-pedicura-300x457.jpg 300w, https:\/\/etecmed.com\/wp-content\/uploads\/2016\/02\/Ref-10507-Soporte-pie-pedicura-197x300.jpg 197w, https:\/\/etecmed.com\/wp-content\/uploads\/2016\/02\/Ref-10507-Soporte-pie-pedicura-672x1024.jpg 672w, https:\/\/etecmed.com\/wp-content\/uploads\/2016\/02\/Ref-10507-Soporte-pie-pedicura-768x1171.jpg 768w, https:\/\/etecmed.com\/wp-content\/uploads\/2016\/02\/Ref-10507-Soporte-pie-pedicura-1007x1536.jpg 1007w, https:\/\/etecmed.com\/wp-content\/uploads\/2016\/02\/Ref-10507-Soporte-pie-pedicura-1343x2048.jpg 1343w, https:\/\/etecmed.com\/wp-content\/uploads\/2016\/02\/Ref-10507-Soporte-pie-pedicura-600x915.jpg 600w, https:\/\/etecmed.com\/wp-content\/uploads\/2016\/02\/Ref-10507-Soporte-pie-pedicura-scaled.jpg 1679w\" \/><\/a><span class=\"out-stock-label\">Out of stock<\/span>\n\t<\/div>\n\t<figcaption class=\"woocom-list-content\">\n\n\t\t<div class=\"woo-buttons\"><a href=\"https:\/\/etecmed.com\/ca\/producte\/soporte-pie-pedicura\/\" aria-describedby=\"woocommerce_loop_add_to_cart_link_describedby_1646\" data-quantity=\"1\" class=\"product_type_simple ajax_add_to_cart\" data-product_id=\"1646\" data-product_sku=\"10507\" aria-label=\"M\u00e9s informaci\u00f3 sobre &ldquo;Suport peu pedicura&rdquo;\" rel=\"nofollow\" data-success_message=\"\">Detalls<\/a>\t<span id=\"woocommerce_loop_add_to_cart_link_describedby_1646\" class=\"screen-reader-text\">\n\t\t\t<\/span>\n<\/div>\n\t<\/figcaption>\n<\/figure>\n<\/article><\/div><div class=\"hidden wf-cell category-255 visible\" data-post-id=\"1648\" data-date=\"2016-02-17T10:04:43+02:00\" data-name=\"Tamboret amb respatller\"><article class=\"post project-odd visible description-off product type-product post-1648 status-publish instock product_cat-mobiliari product_tag-estetica-ca product_tag-manicura-ca product_tag-mobiliario-ca product_tag-peluqueria-ca product_tag-taburete-ca product_tag-taburete-blanco-ca has-post-thumbnail taxable shipping-taxable purchasable product-type-simple\" ><figure class=\"woocom-project\">\n\t<div class=\"woo-buttons-on-img\">\n\n\t\t<a href=\"https:\/\/etecmed.com\/ca\/producte\/taburete-con-respaldo\/\" class=\"alignnone layzr-bg\"><img loading=\"lazy\" decoding=\"async\" width=\"300\" height=\"300\" src=\"data:image\/svg+xml;charset=utf-8,%3Csvg xmlns%3D&#039;http%3A%2F%2Fwww.w3.org%2F2000%2Fsvg&#039; viewBox%3D&#039;0 0 300 300&#039;%2F%3E\" class=\"attachment-woocommerce_thumbnail size-woocommerce_thumbnail iso-lazy-load preload-me\" alt=\"Tamboret amb respatller\" data-src=\"https:\/\/etecmed.com\/wp-content\/uploads\/2016\/02\/Ref-10504-Taburete-con-respaldo.jpg\" data-srcset=\"https:\/\/etecmed.com\/wp-content\/uploads\/2016\/02\/Ref-10504-Taburete-con-respaldo.jpg 300w, https:\/\/etecmed.com\/wp-content\/uploads\/2016\/02\/Ref-10504-Taburete-con-respaldo-150x150.jpg 150w, https:\/\/etecmed.com\/wp-content\/uploads\/2016\/02\/Ref-10504-Taburete-con-respaldo-200x200.jpg 200w\" \/><\/a>\n\t<\/div>\n\t<figcaption class=\"woocom-list-content\">\n\n\t\t<div class=\"woo-buttons\"><a href=\"\/ca\/wp-json\/wp\/v2\/pages\/1421?add-to-cart=1648\" aria-describedby=\"woocommerce_loop_add_to_cart_link_describedby_1648\" data-quantity=\"1\" class=\"product_type_simple add_to_cart_button ajax_add_to_cart\" data-product_id=\"1648\" data-product_sku=\"10504\" aria-label=\"Afegeix a la cistella: &ldquo;Tamboret amb respatller&rdquo;\" rel=\"nofollow\" data-success_message=\"&ldquo;Tamboret amb respatller&rdquo; s&#039;ha afegit a la vostra cistella\" role=\"button\">Afegeix a la cistella<\/a>\t<span id=\"woocommerce_loop_add_to_cart_link_describedby_1648\" class=\"screen-reader-text\">\n\t\t\t<\/span>\n<\/div>\n\t<\/figcaption>\n<\/figure>\n<\/article><\/div><div class=\"hidden wf-cell category-255 visible\" data-post-id=\"1649\" data-date=\"2016-02-17T09:57:20+02:00\" data-name=\"Tamboret sense respatller\"><article class=\"post project-odd visible description-off product type-product post-1649 status-publish last instock product_cat-mobiliari product_tag-estetica-ca product_tag-mobiliario-ca product_tag-peluqueria-ca product_tag-taburete-ca product_tag-taburete-blanco-ca has-post-thumbnail taxable shipping-taxable purchasable product-type-simple\" ><figure class=\"woocom-project\">\n\t<div class=\"woo-buttons-on-img\">\n\n\t\t<a href=\"https:\/\/etecmed.com\/ca\/producte\/taburete-sin-respaldo\/\" class=\"alignnone layzr-bg\"><img loading=\"lazy\" decoding=\"async\" width=\"300\" height=\"367\" src=\"data:image\/svg+xml;charset=utf-8,%3Csvg xmlns%3D&#039;http%3A%2F%2Fwww.w3.org%2F2000%2Fsvg&#039; viewBox%3D&#039;0 0 300 367&#039;%2F%3E\" class=\"attachment-woocommerce_thumbnail size-woocommerce_thumbnail iso-lazy-load preload-me\" alt=\"Tamboret sense respatller\" data-src=\"https:\/\/etecmed.com\/wp-content\/uploads\/2016\/02\/Ref-10501-Taburete-sin-respaldo-300x367.jpg\" data-srcset=\"https:\/\/etecmed.com\/wp-content\/uploads\/2016\/02\/Ref-10501-Taburete-sin-respaldo-300x367.jpg 300w, https:\/\/etecmed.com\/wp-content\/uploads\/2016\/02\/Ref-10501-Taburete-sin-respaldo-245x300.jpg 245w, https:\/\/etecmed.com\/wp-content\/uploads\/2016\/02\/Ref-10501-Taburete-sin-respaldo-837x1024.jpg 837w, https:\/\/etecmed.com\/wp-content\/uploads\/2016\/02\/Ref-10501-Taburete-sin-respaldo-768x940.jpg 768w, https:\/\/etecmed.com\/wp-content\/uploads\/2016\/02\/Ref-10501-Taburete-sin-respaldo-1255x1536.jpg 1255w, https:\/\/etecmed.com\/wp-content\/uploads\/2016\/02\/Ref-10501-Taburete-sin-respaldo-1673x2048.jpg 1673w, https:\/\/etecmed.com\/wp-content\/uploads\/2016\/02\/Ref-10501-Taburete-sin-respaldo-600x734.jpg 600w\" \/><\/a>\n\t<\/div>\n\t<figcaption class=\"woocom-list-content\">\n\n\t\t<div class=\"woo-buttons\"><a href=\"\/ca\/wp-json\/wp\/v2\/pages\/1421?add-to-cart=1649\" aria-describedby=\"woocommerce_loop_add_to_cart_link_describedby_1649\" data-quantity=\"1\" class=\"product_type_simple add_to_cart_button ajax_add_to_cart\" data-product_id=\"1649\" data-product_sku=\"10501\" aria-label=\"Afegeix a la cistella: &ldquo;Tamboret sense respatller&rdquo;\" rel=\"nofollow\" data-success_message=\"&ldquo;Tamboret sense respatller&rdquo; s&#039;ha afegit a la vostra cistella\" role=\"button\">Afegeix a la cistella<\/a>\t<span id=\"woocommerce_loop_add_to_cart_link_describedby_1649\" class=\"screen-reader-text\">\n\t\t\t<\/span>\n<\/div>\n\t<\/figcaption>\n<\/figure>\n<\/article><\/div><div class=\"hidden wf-cell category-255 visible\" data-post-id=\"1651\" data-date=\"2016-02-16T18:30:36+02:00\" data-name=\"Taula auxiliar amb rodes\"><article class=\"post project-odd visible description-off product type-product post-1651 status-publish first instock product_cat-mobiliari product_tag-estetica-ca product_tag-mesa-ca product_tag-mesa-estetica-ca product_tag-mesa-para-aparotologia-ca has-post-thumbnail taxable shipping-taxable purchasable product-type-simple\" ><figure class=\"woocom-project\">\n\t<div class=\"woo-buttons-on-img\">\n\n\t\t<a href=\"https:\/\/etecmed.com\/ca\/producte\/mesa-auxiliar-con-ruedas\/\" class=\"alignnone layzr-bg\"><img loading=\"lazy\" decoding=\"async\" width=\"300\" height=\"391\" src=\"data:image\/svg+xml;charset=utf-8,%3Csvg xmlns%3D&#039;http%3A%2F%2Fwww.w3.org%2F2000%2Fsvg&#039; viewBox%3D&#039;0 0 300 391&#039;%2F%3E\" class=\"attachment-woocommerce_thumbnail size-woocommerce_thumbnail iso-lazy-load preload-me\" alt=\"Taula auxiliar amb rodes\" data-src=\"https:\/\/etecmed.com\/wp-content\/uploads\/2016\/02\/Ref-10502-Mesa-auxiliar-con-ruedas-3-estantes-300x391.jpg\" data-srcset=\"https:\/\/etecmed.com\/wp-content\/uploads\/2016\/02\/Ref-10502-Mesa-auxiliar-con-ruedas-3-estantes-300x391.jpg 300w, https:\/\/etecmed.com\/wp-content\/uploads\/2016\/02\/Ref-10502-Mesa-auxiliar-con-ruedas-3-estantes-230x300.jpg 230w, https:\/\/etecmed.com\/wp-content\/uploads\/2016\/02\/Ref-10502-Mesa-auxiliar-con-ruedas-3-estantes-787x1024.jpg 787w, https:\/\/etecmed.com\/wp-content\/uploads\/2016\/02\/Ref-10502-Mesa-auxiliar-con-ruedas-3-estantes-768x1000.jpg 768w, https:\/\/etecmed.com\/wp-content\/uploads\/2016\/02\/Ref-10502-Mesa-auxiliar-con-ruedas-3-estantes-1180x1536.jpg 1180w, https:\/\/etecmed.com\/wp-content\/uploads\/2016\/02\/Ref-10502-Mesa-auxiliar-con-ruedas-3-estantes-1573x2048.jpg 1573w, https:\/\/etecmed.com\/wp-content\/uploads\/2016\/02\/Ref-10502-Mesa-auxiliar-con-ruedas-3-estantes-600x781.jpg 600w, https:\/\/etecmed.com\/wp-content\/uploads\/2016\/02\/Ref-10502-Mesa-auxiliar-con-ruedas-3-estantes-scaled.jpg 1966w\" \/><\/a>\n\t<\/div>\n\t<figcaption class=\"woocom-list-content\">\n\n\t\t<div class=\"woo-buttons\"><a href=\"\/ca\/wp-json\/wp\/v2\/pages\/1421?add-to-cart=1651\" aria-describedby=\"woocommerce_loop_add_to_cart_link_describedby_1651\" data-quantity=\"1\" class=\"product_type_simple add_to_cart_button ajax_add_to_cart\" data-product_id=\"1651\" data-product_sku=\"10502\" aria-label=\"Afegeix a la cistella: &ldquo;Taula auxiliar amb rodes&rdquo;\" rel=\"nofollow\" data-success_message=\"&ldquo;Taula auxiliar amb rodes&rdquo; s&#039;ha afegit a la vostra cistella\" role=\"button\">Afegeix a la cistella<\/a>\t<span id=\"woocommerce_loop_add_to_cart_link_describedby_1651\" class=\"screen-reader-text\">\n\t\t\t<\/span>\n<\/div>\n\t<\/figcaption>\n<\/figure>\n<\/article><\/div><div class=\"hidden wf-cell category-255 visible\" data-post-id=\"1653\" data-date=\"2016-02-16T18:13:55+02:00\" data-name=\"Ulleres lupa\"><article class=\"post project-odd visible description-off product type-product post-1653 status-publish instock product_cat-mobiliari product_tag-estetica-ca product_tag-gafas-lupa-ca product_tag-lupa-ca product_tag-pedicura-ca product_tag-podologia-ca has-post-thumbnail taxable shipping-taxable purchasable product-type-simple\" ><figure class=\"woocom-project\">\n\t<div class=\"woo-buttons-on-img\">\n\n\t\t<a href=\"https:\/\/etecmed.com\/ca\/producte\/gafas-lupa\/\" class=\"alignnone layzr-bg\"><img loading=\"lazy\" decoding=\"async\" width=\"300\" height=\"278\" src=\"data:image\/svg+xml;charset=utf-8,%3Csvg xmlns%3D&#039;http%3A%2F%2Fwww.w3.org%2F2000%2Fsvg&#039; viewBox%3D&#039;0 0 300 278&#039;%2F%3E\" class=\"attachment-woocommerce_thumbnail size-woocommerce_thumbnail iso-lazy-load preload-me\" alt=\"Ulleres lupa\" data-src=\"https:\/\/etecmed.com\/wp-content\/uploads\/2016\/02\/Ref-10506-Gafas-lupa-4-lentes-300x278.jpg\" data-srcset=\"https:\/\/etecmed.com\/wp-content\/uploads\/2016\/02\/Ref-10506-Gafas-lupa-4-lentes-300x278.jpg 300w, https:\/\/etecmed.com\/wp-content\/uploads\/2016\/02\/Ref-10506-Gafas-lupa-4-lentes-1024x950.jpg 1024w, https:\/\/etecmed.com\/wp-content\/uploads\/2016\/02\/Ref-10506-Gafas-lupa-4-lentes-768x713.jpg 768w, https:\/\/etecmed.com\/wp-content\/uploads\/2016\/02\/Ref-10506-Gafas-lupa-4-lentes-1536x1426.jpg 1536w, https:\/\/etecmed.com\/wp-content\/uploads\/2016\/02\/Ref-10506-Gafas-lupa-4-lentes-2048x1901.jpg 2048w, https:\/\/etecmed.com\/wp-content\/uploads\/2016\/02\/Ref-10506-Gafas-lupa-4-lentes-600x557.jpg 600w\" \/><\/a>\n\t<\/div>\n\t<figcaption class=\"woocom-list-content\">\n\n\t\t<div class=\"woo-buttons\"><a href=\"\/ca\/wp-json\/wp\/v2\/pages\/1421?add-to-cart=1653\" aria-describedby=\"woocommerce_loop_add_to_cart_link_describedby_1653\" data-quantity=\"1\" class=\"product_type_simple add_to_cart_button ajax_add_to_cart\" data-product_id=\"1653\" data-product_sku=\"10506\" aria-label=\"Afegeix a la cistella: &ldquo;Ulleres lupa&rdquo;\" rel=\"nofollow\" data-success_message=\"&ldquo;Ulleres lupa&rdquo; s&#039;ha afegit a la vostra cistella\" role=\"button\">Afegeix a la cistella<\/a>\t<span id=\"woocommerce_loop_add_to_cart_link_describedby_1653\" class=\"screen-reader-text\">\n\t\t\t<\/span>\n<\/div>\n\t<\/figcaption>\n<\/figure>\n<\/article><\/div><div class=\"hidden wf-cell category-255 visible\" data-post-id=\"1656\" data-date=\"2016-02-16T13:17:32+02:00\" data-name=\"Lupa amb peu\"><article class=\"post project-odd visible description-off product type-product post-1656 status-publish instock product_cat-mobiliari product_tag-estetica-ca product_tag-lampara-lupa-ca has-post-thumbnail taxable shipping-taxable purchasable product-type-simple\" ><figure class=\"woocom-project\">\n\t<div class=\"woo-buttons-on-img\">\n\n\t\t<a href=\"https:\/\/etecmed.com\/ca\/producte\/lupa-amb-peu\/\" class=\"alignnone layzr-bg\"><img loading=\"lazy\" decoding=\"async\" width=\"300\" height=\"246\" src=\"data:image\/svg+xml;charset=utf-8,%3Csvg xmlns%3D&#039;http%3A%2F%2Fwww.w3.org%2F2000%2Fsvg&#039; viewBox%3D&#039;0 0 300 246&#039;%2F%3E\" class=\"attachment-woocommerce_thumbnail size-woocommerce_thumbnail iso-lazy-load preload-me\" alt=\"Lupa amb peu\" data-src=\"https:\/\/etecmed.com\/wp-content\/uploads\/2016\/02\/Ref-10503-Lupa-con-pie-3-aumentos-300x246.jpg\" data-srcset=\"https:\/\/etecmed.com\/wp-content\/uploads\/2016\/02\/Ref-10503-Lupa-con-pie-3-aumentos-300x246.jpg 300w, https:\/\/etecmed.com\/wp-content\/uploads\/2016\/02\/Ref-10503-Lupa-con-pie-3-aumentos.jpg 520w\" \/><\/a>\n\t<\/div>\n\t<figcaption class=\"woocom-list-content\">\n\n\t\t<div class=\"woo-buttons\"><a href=\"\/ca\/wp-json\/wp\/v2\/pages\/1421?add-to-cart=1656\" aria-describedby=\"woocommerce_loop_add_to_cart_link_describedby_1656\" data-quantity=\"1\" class=\"product_type_simple add_to_cart_button ajax_add_to_cart\" data-product_id=\"1656\" data-product_sku=\"10503\" aria-label=\"Afegeix a la cistella: &ldquo;Lupa amb peu&rdquo;\" rel=\"nofollow\" data-success_message=\"&ldquo;Lupa amb peu&rdquo; s&#039;ha afegit a la vostra cistella\" role=\"button\">Afegeix a la cistella<\/a>\t<span id=\"woocommerce_loop_add_to_cart_link_describedby_1656\" class=\"screen-reader-text\">\n\t\t\t<\/span>\n<\/div>\n\t<\/figcaption>\n<\/figure>\n<\/article><\/div><div class=\"hidden wf-cell category-253 visible\" data-post-id=\"1658\" data-date=\"2016-02-16T13:06:29+02:00\" data-name=\"Tub\/bombeta LED 9W per a l\u00e0mpada amb sensor\"><article class=\"post project-odd visible description-off product type-product post-1658 status-publish last instock product_cat-lampades-assecat-ungles product_tag-esmalte-semipermanente-ca product_tag-estetica-ca product_tag-lampara-uv-ca product_tag-peluqueria-ca product_tag-secado-de-gel-ca product_tag-unas-de-gel-ca has-post-thumbnail taxable shipping-taxable purchasable product-type-simple\" ><figure class=\"woocom-project\">\n\t<div class=\"woo-buttons-on-img\">\n\n\t\t<a href=\"https:\/\/etecmed.com\/ca\/producte\/tubobombilla-led-9w-para-lampara-con-sensor\/\" class=\"alignnone layzr-bg\"><img loading=\"lazy\" decoding=\"async\" width=\"300\" height=\"300\" src=\"data:image\/svg+xml;charset=utf-8,%3Csvg xmlns%3D&#039;http%3A%2F%2Fwww.w3.org%2F2000%2Fsvg&#039; viewBox%3D&#039;0 0 300 300&#039;%2F%3E\" class=\"attachment-woocommerce_thumbnail size-woocommerce_thumbnail iso-lazy-load preload-me\" alt=\"Tub\/bombeta LED 9W per a l\u00e0mpada amb sensor\" data-src=\"https:\/\/etecmed.com\/wp-content\/uploads\/2016\/02\/Ref-90303-Tubo-bombilla-LED-9W-300x300.jpeg\" data-srcset=\"https:\/\/etecmed.com\/wp-content\/uploads\/2016\/02\/Ref-90303-Tubo-bombilla-LED-9W-300x300.jpeg 300w, https:\/\/etecmed.com\/wp-content\/uploads\/2016\/02\/Ref-90303-Tubo-bombilla-LED-9W-150x150.jpeg 150w, https:\/\/etecmed.com\/wp-content\/uploads\/2016\/02\/Ref-90303-Tubo-bombilla-LED-9W-200x200.jpeg 200w, https:\/\/etecmed.com\/wp-content\/uploads\/2016\/02\/Ref-90303-Tubo-bombilla-LED-9W.jpeg 400w\" \/><\/a>\n\t<\/div>\n\t<figcaption class=\"woocom-list-content\">\n\n\t\t<div class=\"woo-buttons\"><a href=\"\/ca\/wp-json\/wp\/v2\/pages\/1421?add-to-cart=1658\" aria-describedby=\"woocommerce_loop_add_to_cart_link_describedby_1658\" data-quantity=\"1\" class=\"product_type_simple add_to_cart_button ajax_add_to_cart\" data-product_id=\"1658\" data-product_sku=\"90304\" aria-label=\"Afegeix a la cistella: &ldquo;Tub\/bombeta LED 9W per a l\u00e0mpada amb sensor&rdquo;\" rel=\"nofollow\" data-success_message=\"&ldquo;Tub\/bombeta LED 9W per a l\u00e0mpada amb sensor&rdquo; s&#039;ha afegit a la vostra cistella\" role=\"button\">Afegeix a la cistella<\/a>\t<span id=\"woocommerce_loop_add_to_cart_link_describedby_1658\" class=\"screen-reader-text\">\n\t\t\t<\/span>\n<\/div>\n\t<\/figcaption>\n<\/figure>\n<\/article><\/div><div class=\"hidden wf-cell category-253 visible\" data-post-id=\"1660\" data-date=\"2016-02-16T13:03:40+02:00\" data-name=\"Tub\/bombeta LED 9W\"><article class=\"post project-odd visible description-off product type-product post-1660 status-publish first instock product_cat-lampades-assecat-ungles product_tag-esmalte-semipermanente-ca product_tag-estetica-ca product_tag-lampara-secado-de-gel-ca product_tag-lampara-uv-ca product_tag-peluqueria-ca product_tag-unas-de-gel-ca has-post-thumbnail taxable shipping-taxable purchasable product-type-simple\" ><figure class=\"woocom-project\">\n\t<div class=\"woo-buttons-on-img\">\n\n\t\t<a href=\"https:\/\/etecmed.com\/ca\/producte\/tubobomilla-led-9w\/\" class=\"alignnone layzr-bg\"><img loading=\"lazy\" decoding=\"async\" width=\"300\" height=\"300\" src=\"data:image\/svg+xml;charset=utf-8,%3Csvg xmlns%3D&#039;http%3A%2F%2Fwww.w3.org%2F2000%2Fsvg&#039; viewBox%3D&#039;0 0 300 300&#039;%2F%3E\" class=\"attachment-woocommerce_thumbnail size-woocommerce_thumbnail iso-lazy-load preload-me\" alt=\"Tub\/bombeta LED 9W\" data-src=\"https:\/\/etecmed.com\/wp-content\/uploads\/2016\/02\/Ref-90303-Tubo-bombilla-LED-9W-300x300.jpeg\" data-srcset=\"https:\/\/etecmed.com\/wp-content\/uploads\/2016\/02\/Ref-90303-Tubo-bombilla-LED-9W-300x300.jpeg 300w, https:\/\/etecmed.com\/wp-content\/uploads\/2016\/02\/Ref-90303-Tubo-bombilla-LED-9W-150x150.jpeg 150w, https:\/\/etecmed.com\/wp-content\/uploads\/2016\/02\/Ref-90303-Tubo-bombilla-LED-9W-200x200.jpeg 200w, https:\/\/etecmed.com\/wp-content\/uploads\/2016\/02\/Ref-90303-Tubo-bombilla-LED-9W.jpeg 400w\" \/><\/a>\n\t<\/div>\n\t<figcaption class=\"woocom-list-content\">\n\n\t\t<div class=\"woo-buttons\"><a href=\"\/ca\/wp-json\/wp\/v2\/pages\/1421?add-to-cart=1660\" aria-describedby=\"woocommerce_loop_add_to_cart_link_describedby_1660\" data-quantity=\"1\" class=\"product_type_simple add_to_cart_button ajax_add_to_cart\" data-product_id=\"1660\" data-product_sku=\"90303\" aria-label=\"Afegeix a la cistella: &ldquo;Tub\/bombeta LED 9W&rdquo;\" rel=\"nofollow\" data-success_message=\"&ldquo;Tub\/bombeta LED 9W&rdquo; s&#039;ha afegit a la vostra cistella\" role=\"button\">Afegeix a la cistella<\/a>\t<span id=\"woocommerce_loop_add_to_cart_link_describedby_1660\" class=\"screen-reader-text\">\n\t\t\t<\/span>\n<\/div>\n\t<\/figcaption>\n<\/figure>\n<\/article><\/div><div class=\"hidden wf-cell category-253 visible\" data-post-id=\"1662\" data-date=\"2016-02-16T12:55:16+02:00\" data-name=\"Tub\/bombeta UV 9W per a l\u00e0mpada amb sensor\"><article class=\"post project-odd visible description-off product type-product post-1662 status-publish instock product_cat-lampades-assecat-ungles product_tag-estetica-ca product_tag-lampara-secado-gel-ca product_tag-lampara-uv-ca product_tag-manicura-ca product_tag-peluqueria-ca product_tag-recambio-tubo-9w-ca has-post-thumbnail taxable shipping-taxable purchasable product-type-simple\" ><figure class=\"woocom-project\">\n\t<div class=\"woo-buttons-on-img\">\n\n\t\t<a href=\"https:\/\/etecmed.com\/ca\/producte\/tubobombilla-uv-9w-para-lampara-con-sensor\/\" class=\"alignnone layzr-bg\"><img loading=\"lazy\" decoding=\"async\" width=\"300\" height=\"300\" src=\"data:image\/svg+xml;charset=utf-8,%3Csvg xmlns%3D&#039;http%3A%2F%2Fwww.w3.org%2F2000%2Fsvg&#039; viewBox%3D&#039;0 0 300 300&#039;%2F%3E\" class=\"attachment-woocommerce_thumbnail size-woocommerce_thumbnail iso-lazy-load preload-me\" alt=\"Tub\/bombeta UV 9W per a l\u00e0mpada amb sensor\" data-src=\"https:\/\/etecmed.com\/wp-content\/uploads\/2016\/02\/Ref-90301-Tubo-bombilla-UV-9W-300x300.jpg\" data-srcset=\"https:\/\/etecmed.com\/wp-content\/uploads\/2016\/02\/Ref-90301-Tubo-bombilla-UV-9W-300x300.jpg 300w, https:\/\/etecmed.com\/wp-content\/uploads\/2016\/02\/Ref-90301-Tubo-bombilla-UV-9W-150x150.jpg 150w, https:\/\/etecmed.com\/wp-content\/uploads\/2016\/02\/Ref-90301-Tubo-bombilla-UV-9W-768x768.jpg 768w, https:\/\/etecmed.com\/wp-content\/uploads\/2016\/02\/Ref-90301-Tubo-bombilla-UV-9W-600x600.jpg 600w, https:\/\/etecmed.com\/wp-content\/uploads\/2016\/02\/Ref-90301-Tubo-bombilla-UV-9W-200x200.jpg 200w, https:\/\/etecmed.com\/wp-content\/uploads\/2016\/02\/Ref-90301-Tubo-bombilla-UV-9W.jpg 800w\" \/><\/a>\n\t<\/div>\n\t<figcaption class=\"woocom-list-content\">\n\n\t\t<div class=\"woo-buttons\"><a href=\"\/ca\/wp-json\/wp\/v2\/pages\/1421?add-to-cart=1662\" aria-describedby=\"woocommerce_loop_add_to_cart_link_describedby_1662\" data-quantity=\"1\" class=\"product_type_simple add_to_cart_button ajax_add_to_cart\" data-product_id=\"1662\" data-product_sku=\"90302\" aria-label=\"Afegeix a la cistella: &ldquo;Tub\/bombeta UV 9W per a l\u00e0mpada amb sensor&rdquo;\" rel=\"nofollow\" data-success_message=\"&ldquo;Tub\/bombeta UV 9W per a l\u00e0mpada amb sensor&rdquo; s&#039;ha afegit a la vostra cistella\" role=\"button\">Afegeix a la cistella<\/a>\t<span id=\"woocommerce_loop_add_to_cart_link_describedby_1662\" class=\"screen-reader-text\">\n\t\t\t<\/span>\n<\/div>\n\t<\/figcaption>\n<\/figure>\n<\/article><\/div><div class=\"hidden wf-cell category-253 visible\" data-post-id=\"1664\" data-date=\"2016-02-16T12:48:32+02:00\" data-name=\"Tub\/bombeta UV 9W\"><article class=\"post project-odd visible description-off product type-product post-1664 status-publish instock product_cat-lampades-assecat-ungles product_tag-estetica-ca product_tag-lampara-secado-gel-ca product_tag-lampara-uv-ca product_tag-lampara-uv-36w-ca product_tag-manicura-ca has-post-thumbnail taxable shipping-taxable purchasable product-type-simple\" ><figure class=\"woocom-project\">\n\t<div class=\"woo-buttons-on-img\">\n\n\t\t<a href=\"https:\/\/etecmed.com\/ca\/producte\/tubobombilla-uv-9w\/\" class=\"alignnone layzr-bg\"><img loading=\"lazy\" decoding=\"async\" width=\"300\" height=\"300\" src=\"data:image\/svg+xml;charset=utf-8,%3Csvg xmlns%3D&#039;http%3A%2F%2Fwww.w3.org%2F2000%2Fsvg&#039; viewBox%3D&#039;0 0 300 300&#039;%2F%3E\" class=\"attachment-woocommerce_thumbnail size-woocommerce_thumbnail iso-lazy-load preload-me\" alt=\"Tub\/bombeta UV 9W\" data-src=\"https:\/\/etecmed.com\/wp-content\/uploads\/2016\/02\/Ref-90301-Tubo-bombilla-UV-9W-300x300.jpg\" data-srcset=\"https:\/\/etecmed.com\/wp-content\/uploads\/2016\/02\/Ref-90301-Tubo-bombilla-UV-9W-300x300.jpg 300w, https:\/\/etecmed.com\/wp-content\/uploads\/2016\/02\/Ref-90301-Tubo-bombilla-UV-9W-150x150.jpg 150w, https:\/\/etecmed.com\/wp-content\/uploads\/2016\/02\/Ref-90301-Tubo-bombilla-UV-9W-768x768.jpg 768w, https:\/\/etecmed.com\/wp-content\/uploads\/2016\/02\/Ref-90301-Tubo-bombilla-UV-9W-600x600.jpg 600w, https:\/\/etecmed.com\/wp-content\/uploads\/2016\/02\/Ref-90301-Tubo-bombilla-UV-9W-200x200.jpg 200w, https:\/\/etecmed.com\/wp-content\/uploads\/2016\/02\/Ref-90301-Tubo-bombilla-UV-9W.jpg 800w\" \/><\/a>\n\t<\/div>\n\t<figcaption class=\"woocom-list-content\">\n\n\t\t<div class=\"woo-buttons\"><a href=\"\/ca\/wp-json\/wp\/v2\/pages\/1421?add-to-cart=1664\" aria-describedby=\"woocommerce_loop_add_to_cart_link_describedby_1664\" data-quantity=\"1\" class=\"product_type_simple add_to_cart_button ajax_add_to_cart\" data-product_id=\"1664\" data-product_sku=\"90301\" aria-label=\"Afegeix a la cistella: &ldquo;Tub\/bombeta UV 9W&rdquo;\" rel=\"nofollow\" data-success_message=\"&ldquo;Tub\/bombeta UV 9W&rdquo; s&#039;ha afegit a la vostra cistella\" role=\"button\">Afegeix a la cistella<\/a>\t<span id=\"woocommerce_loop_add_to_cart_link_describedby_1664\" class=\"screen-reader-text\">\n\t\t\t<\/span>\n<\/div>\n\t<\/figcaption>\n<\/figure>\n<\/article><\/div><div class=\"hidden wf-cell category-253 visible\" data-post-id=\"1669\" data-date=\"2016-02-16T11:23:46+02:00\" data-name=\"L\u00e0mpada UV 36W amb sensor\"><article class=\"post project-odd visible description-off product type-product post-1669 status-publish last instock product_cat-lampades-assecat-ungles product_tag-esmalte-semipermanente-ca product_tag-estetica-ca product_tag-peluqueria-ca product_tag-secado-de-gel-ca product_tag-unas-ca has-post-thumbnail taxable shipping-taxable purchasable product-type-simple\" ><figure class=\"woocom-project\">\n\t<div class=\"woo-buttons-on-img\">\n\n\t\t<a href=\"https:\/\/etecmed.com\/ca\/producte\/lampada-uv-36w-amb-sensor-2\/\" class=\"alignnone layzr-bg\"><img loading=\"lazy\" decoding=\"async\" width=\"300\" height=\"238\" src=\"data:image\/svg+xml;charset=utf-8,%3Csvg xmlns%3D&#039;http%3A%2F%2Fwww.w3.org%2F2000%2Fsvg&#039; viewBox%3D&#039;0 0 300 238&#039;%2F%3E\" class=\"attachment-woocommerce_thumbnail size-woocommerce_thumbnail iso-lazy-load preload-me\" alt=\"L\u00e0mpada UV 36W amb sensor\" data-src=\"https:\/\/etecmed.com\/wp-content\/uploads\/2016\/02\/Ref-10304-Lampara-36W-con-sensor.jpg\" \/><\/a>\n\t<\/div>\n\t<figcaption class=\"woocom-list-content\">\n\n\t\t<div class=\"woo-buttons\"><a href=\"\/ca\/wp-json\/wp\/v2\/pages\/1421?add-to-cart=1669\" aria-describedby=\"woocommerce_loop_add_to_cart_link_describedby_1669\" data-quantity=\"1\" class=\"product_type_simple add_to_cart_button ajax_add_to_cart\" data-product_id=\"1669\" data-product_sku=\"10304\" aria-label=\"Afegeix a la cistella: &ldquo;L\u00e0mpada UV 36W amb sensor&rdquo;\" rel=\"nofollow\" data-success_message=\"&ldquo;L\u00e0mpada UV 36W amb sensor&rdquo; s&#039;ha afegit a la vostra cistella\" role=\"button\">Afegeix a la cistella<\/a>\t<span id=\"woocommerce_loop_add_to_cart_link_describedby_1669\" class=\"screen-reader-text\">\n\t\t\t<\/span>\n<\/div>\n\t<\/figcaption>\n<\/figure>\n<\/article><\/div><div class=\"hidden wf-cell category-253 visible\" data-post-id=\"1674\" data-date=\"2016-02-16T11:06:19+02:00\" data-name=\"L\u00e0mpada UV 36W\"><article class=\"post project-odd visible description-off product type-product post-1674 status-publish first instock product_cat-lampades-assecat-ungles product_tag-esmalte-semipermanente-ca product_tag-estetica-ca product_tag-manicura-ca product_tag-peluqueria-ca product_tag-secado-de-gel-ca product_tag-unas-ca has-post-thumbnail taxable shipping-taxable purchasable product-type-simple\" ><figure class=\"woocom-project\">\n\t<div class=\"woo-buttons-on-img\">\n\n\t\t<a href=\"https:\/\/etecmed.com\/ca\/producte\/lampada-uv-36w\/\" class=\"alignnone layzr-bg\"><img loading=\"lazy\" decoding=\"async\" width=\"256\" height=\"224\" src=\"data:image\/svg+xml;charset=utf-8,%3Csvg xmlns%3D&#039;http%3A%2F%2Fwww.w3.org%2F2000%2Fsvg&#039; viewBox%3D&#039;0 0 256 224&#039;%2F%3E\" class=\"attachment-woocommerce_thumbnail size-woocommerce_thumbnail iso-lazy-load preload-me\" alt=\"L\u00e0mpada UV 36W\" data-src=\"https:\/\/etecmed.com\/wp-content\/uploads\/2016\/02\/Ref-10301-Lampara-4-tubos-36W-.jpg\" \/><\/a>\n\t<\/div>\n\t<figcaption class=\"woocom-list-content\">\n\n\t\t<div class=\"woo-buttons\"><a href=\"\/ca\/wp-json\/wp\/v2\/pages\/1421?add-to-cart=1674\" aria-describedby=\"woocommerce_loop_add_to_cart_link_describedby_1674\" data-quantity=\"1\" class=\"product_type_simple add_to_cart_button ajax_add_to_cart\" data-product_id=\"1674\" data-product_sku=\"10301\" aria-label=\"Afegeix a la cistella: &ldquo;L\u00e0mpada UV 36W&rdquo;\" rel=\"nofollow\" data-success_message=\"&ldquo;L\u00e0mpada UV 36W&rdquo; s&#039;ha afegit a la vostra cistella\" role=\"button\">Afegeix a la cistella<\/a>\t<span id=\"woocommerce_loop_add_to_cart_link_describedby_1674\" class=\"screen-reader-text\">\n\t\t\t<\/span>\n<\/div>\n\t<\/figcaption>\n<\/figure>\n<\/article><\/div><div class=\"hidden wf-cell category-253 visible\" data-post-id=\"1676\" data-date=\"2016-02-16T10:44:58+02:00\" data-name=\"L\u00e0mpada LED 8W\"><article class=\"post project-odd visible description-off product type-product post-1676 status-publish instock product_cat-lampades-assecat-ungles product_tag-esmalte-semipermanente-ca product_tag-manicura-ca product_tag-secado-de-gel-ca product_tag-secado-semipermanente-ca product_tag-unas-de-gel-ca has-post-thumbnail taxable shipping-taxable purchasable product-type-simple\" ><figure class=\"woocom-project\">\n\t<div class=\"woo-buttons-on-img\">\n\n\t\t<a href=\"https:\/\/etecmed.com\/ca\/producte\/lampara-led-13w\/\" class=\"alignnone layzr-bg\"><img loading=\"lazy\" decoding=\"async\" width=\"300\" height=\"201\" src=\"data:image\/svg+xml;charset=utf-8,%3Csvg xmlns%3D&#039;http%3A%2F%2Fwww.w3.org%2F2000%2Fsvg&#039; viewBox%3D&#039;0 0 300 201&#039;%2F%3E\" class=\"attachment-woocommerce_thumbnail size-woocommerce_thumbnail iso-lazy-load preload-me\" alt=\"L\u00e0mpada LED 8W\" data-src=\"https:\/\/etecmed.com\/wp-content\/uploads\/2016\/02\/Ref-10310-L\u00e1mpara-LED-8W-300x201.jpg\" data-srcset=\"https:\/\/etecmed.com\/wp-content\/uploads\/2016\/02\/Ref-10310-L\u00e1mpara-LED-8W-300x201.jpg 300w, https:\/\/etecmed.com\/wp-content\/uploads\/2016\/02\/Ref-10310-L\u00e1mpara-LED-8W-1024x685.jpg 1024w, https:\/\/etecmed.com\/wp-content\/uploads\/2016\/02\/Ref-10310-L\u00e1mpara-LED-8W-768x514.jpg 768w, https:\/\/etecmed.com\/wp-content\/uploads\/2016\/02\/Ref-10310-L\u00e1mpara-LED-8W-1536x1028.jpg 1536w, https:\/\/etecmed.com\/wp-content\/uploads\/2016\/02\/Ref-10310-L\u00e1mpara-LED-8W-2048x1371.jpg 2048w, https:\/\/etecmed.com\/wp-content\/uploads\/2016\/02\/Ref-10310-L\u00e1mpara-LED-8W-600x402.jpg 600w\" \/><\/a>\n\t<\/div>\n\t<figcaption class=\"woocom-list-content\">\n\n\t\t<div class=\"woo-buttons\"><a href=\"\/ca\/wp-json\/wp\/v2\/pages\/1421?add-to-cart=1676\" aria-describedby=\"woocommerce_loop_add_to_cart_link_describedby_1676\" data-quantity=\"1\" class=\"product_type_simple add_to_cart_button ajax_add_to_cart\" data-product_id=\"1676\" data-product_sku=\"10310\" aria-label=\"Afegeix a la cistella: &ldquo;L\u00e0mpada LED 8W&rdquo;\" rel=\"nofollow\" data-success_message=\"&ldquo;L\u00e0mpada LED 8W&rdquo; s&#039;ha afegit a la vostra cistella\" role=\"button\">Afegeix a la cistella<\/a>\t<span id=\"woocommerce_loop_add_to_cart_link_describedby_1676\" class=\"screen-reader-text\">\n\t\t\t<\/span>\n<\/div>\n\t<\/figcaption>\n<\/figure>\n<\/article><\/div><div class=\"hidden wf-cell category-253 visible\" data-post-id=\"1678\" data-date=\"2016-02-16T09:50:32+02:00\" data-name=\"L\u00e0mpada LED 12W\"><article class=\"post project-odd visible description-off product type-product post-1678 status-publish instock product_cat-lampades-assecat-ungles product_tag-estetica-ca product_tag-led-ca-2 product_tag-manicura-ca product_tag-pedicura-ca product_tag-peluqueria-ca product_tag-secado-de-gel-ca product_tag-unas-de-gel-ca has-post-thumbnail taxable shipping-taxable purchasable product-type-simple\" ><figure class=\"woocom-project\">\n\t<div class=\"woo-buttons-on-img\">\n\n\t\t<a href=\"https:\/\/etecmed.com\/ca\/producte\/lampara-led-12w\/\" class=\"alignnone layzr-bg\"><img loading=\"lazy\" decoding=\"async\" width=\"300\" height=\"134\" src=\"data:image\/svg+xml;charset=utf-8,%3Csvg xmlns%3D&#039;http%3A%2F%2Fwww.w3.org%2F2000%2Fsvg&#039; viewBox%3D&#039;0 0 300 134&#039;%2F%3E\" class=\"attachment-woocommerce_thumbnail size-woocommerce_thumbnail iso-lazy-load preload-me\" alt=\"L\u00e0mpada LED 12W\" data-src=\"https:\/\/etecmed.com\/wp-content\/uploads\/2016\/02\/Ref-10306-L\u00e1mpara-LED-con-temporizador-300x134.jpg\" data-srcset=\"https:\/\/etecmed.com\/wp-content\/uploads\/2016\/02\/Ref-10306-L\u00e1mpara-LED-con-temporizador-300x134.jpg 300w, https:\/\/etecmed.com\/wp-content\/uploads\/2016\/02\/Ref-10306-L\u00e1mpara-LED-con-temporizador-1024x456.jpg 1024w, https:\/\/etecmed.com\/wp-content\/uploads\/2016\/02\/Ref-10306-L\u00e1mpara-LED-con-temporizador-768x342.jpg 768w, https:\/\/etecmed.com\/wp-content\/uploads\/2016\/02\/Ref-10306-L\u00e1mpara-LED-con-temporizador-1536x684.jpg 1536w, https:\/\/etecmed.com\/wp-content\/uploads\/2016\/02\/Ref-10306-L\u00e1mpara-LED-con-temporizador-2048x913.jpg 2048w, https:\/\/etecmed.com\/wp-content\/uploads\/2016\/02\/Ref-10306-L\u00e1mpara-LED-con-temporizador-600x267.jpg 600w\" \/><\/a>\n\t<\/div>\n\t<figcaption class=\"woocom-list-content\">\n\n\t\t<div class=\"woo-buttons\"><a href=\"\/ca\/wp-json\/wp\/v2\/pages\/1421?add-to-cart=1678\" aria-describedby=\"woocommerce_loop_add_to_cart_link_describedby_1678\" data-quantity=\"1\" class=\"product_type_simple add_to_cart_button ajax_add_to_cart\" data-product_id=\"1678\" data-product_sku=\"10306\" aria-label=\"Afegeix a la cistella: &ldquo;L\u00e0mpada LED 12W&rdquo;\" rel=\"nofollow\" data-success_message=\"&ldquo;L\u00e0mpada LED 12W&rdquo; s&#039;ha afegit a la vostra cistella\" role=\"button\">Afegeix a la cistella<\/a>\t<span id=\"woocommerce_loop_add_to_cart_link_describedby_1678\" class=\"screen-reader-text\">\n\t\t\t<\/span>\n<\/div>\n\t<\/figcaption>\n<\/figure>\n<\/article><\/div><div class=\"hidden wf-cell category-247 category-257 visible\" data-post-id=\"1685\" data-date=\"2016-02-15T18:53:35+02:00\" data-name=\"Expositor per a freses\"><article class=\"post project-odd visible description-off product type-product post-1685 status-publish last instock product_cat-complements product_cat-promocions product_tag-estetica-ca product_tag-fresas-para-micromotores-ca product_tag-manicura-ca product_tag-micromotores-ca product_tag-pedicura-ca product_tag-podologia-ca has-post-thumbnail sale taxable shipping-taxable purchasable product-type-simple\" >\n\t<span class=\"onsale\">Oferta!<\/span>\n\t<figure class=\"woocom-project\">\n\t<div class=\"woo-buttons-on-img\">\n\n\t\t<a href=\"https:\/\/etecmed.com\/ca\/producte\/expositor-para-fresas\/\" class=\"alignnone layzr-bg\"><img loading=\"lazy\" decoding=\"async\" width=\"300\" height=\"246\" src=\"data:image\/svg+xml;charset=utf-8,%3Csvg xmlns%3D&#039;http%3A%2F%2Fwww.w3.org%2F2000%2Fsvg&#039; viewBox%3D&#039;0 0 300 246&#039;%2F%3E\" class=\"attachment-woocommerce_thumbnail size-woocommerce_thumbnail iso-lazy-load preload-me\" alt=\"Expositor per a freses\" data-src=\"https:\/\/etecmed.com\/wp-content\/uploads\/2016\/02\/Ref-90338-Expositor-fresas-300x246.jpg\" data-srcset=\"https:\/\/etecmed.com\/wp-content\/uploads\/2016\/02\/Ref-90338-Expositor-fresas-300x246.jpg 300w, https:\/\/etecmed.com\/wp-content\/uploads\/2016\/02\/Ref-90338-Expositor-fresas-768x629.jpg 768w, https:\/\/etecmed.com\/wp-content\/uploads\/2016\/02\/Ref-90338-Expositor-fresas-600x491.jpg 600w, https:\/\/etecmed.com\/wp-content\/uploads\/2016\/02\/Ref-90338-Expositor-fresas.jpg 823w\" \/><\/a>\n\t<\/div>\n\t<figcaption class=\"woocom-list-content\">\n\n\t\t<div class=\"woo-buttons\"><a href=\"\/ca\/wp-json\/wp\/v2\/pages\/1421?add-to-cart=1685\" aria-describedby=\"woocommerce_loop_add_to_cart_link_describedby_1685\" data-quantity=\"1\" class=\"product_type_simple add_to_cart_button ajax_add_to_cart\" data-product_id=\"1685\" data-product_sku=\"90338\" aria-label=\"Afegeix a la cistella: &ldquo;Expositor per a freses&rdquo;\" rel=\"nofollow\" data-success_message=\"&ldquo;Expositor per a freses&rdquo; s&#039;ha afegit a la vostra cistella\" role=\"button\">Afegeix a la cistella<\/a>\t<span id=\"woocommerce_loop_add_to_cart_link_describedby_1685\" class=\"screen-reader-text\">\n\t\t\t<\/span>\n<\/div>\n\t<\/figcaption>\n<\/figure>\n<\/article><\/div><div class=\"hidden wf-cell category-247 category-257 visible\" data-post-id=\"2108\" data-date=\"2016-02-15T18:51:19+02:00\" data-name=\"Mascareta de protecci\u00f3\"><article class=\"post project-odd visible description-off product type-product post-2108 status-publish first instock product_cat-complements product_cat-promocions product_tag-estetica-ca product_tag-manicura-ca product_tag-pedicura-ca product_tag-peluqueria-ca product_tag-podologia-ca product_tag-protector-bocal-ca product_tag-unas-ca has-post-thumbnail sale taxable shipping-taxable purchasable product-type-simple\" >\n\t<span class=\"onsale\">Oferta!<\/span>\n\t<figure class=\"woocom-project\">\n\t<div class=\"woo-buttons-on-img\">\n\n\t\t<a href=\"https:\/\/etecmed.com\/ca\/producte\/mascareta-de-proteccio\/\" class=\"alignnone layzr-bg\"><img loading=\"lazy\" decoding=\"async\" width=\"200\" height=\"190\" src=\"data:image\/svg+xml;charset=utf-8,%3Csvg xmlns%3D&#039;http%3A%2F%2Fwww.w3.org%2F2000%2Fsvg&#039; viewBox%3D&#039;0 0 200 190&#039;%2F%3E\" class=\"attachment-woocommerce_thumbnail size-woocommerce_thumbnail iso-lazy-load preload-me\" alt=\"Mascareta de protecci\u00f3\" data-src=\"https:\/\/etecmed.com\/wp-content\/uploads\/2016\/02\/Ref-90337-M\u00e1scara-de-protecci\u00f3n.jpg\" \/><img loading=\"lazy\" decoding=\"async\" width=\"300\" height=\"388\" src=\"data:image\/svg+xml;charset=utf-8,%3Csvg xmlns%3D&#039;http%3A%2F%2Fwww.w3.org%2F2000%2Fsvg&#039; viewBox%3D&#039;0 0 300 388&#039;%2F%3E\" class=\"show-on-hover back-image iso-lazy-load preload-me\" alt=\"\" data-src=\"https:\/\/etecmed.com\/wp-content\/uploads\/2022\/01\/Ref-90337-Mascara-quirurgica-300x388.jpg\" data-srcset=\"https:\/\/etecmed.com\/wp-content\/uploads\/2022\/01\/Ref-90337-Mascara-quirurgica-300x388.jpg 300w, https:\/\/etecmed.com\/wp-content\/uploads\/2022\/01\/Ref-90337-Mascara-quirurgica-232x300.jpg 232w, https:\/\/etecmed.com\/wp-content\/uploads\/2022\/01\/Ref-90337-Mascara-quirurgica-792x1024.jpg 792w, https:\/\/etecmed.com\/wp-content\/uploads\/2022\/01\/Ref-90337-Mascara-quirurgica-768x993.jpg 768w, https:\/\/etecmed.com\/wp-content\/uploads\/2022\/01\/Ref-90337-Mascara-quirurgica-600x776.jpg 600w, https:\/\/etecmed.com\/wp-content\/uploads\/2022\/01\/Ref-90337-Mascara-quirurgica.jpg 1100w\" \/><\/a>\n\t<\/div>\n\t<figcaption class=\"woocom-list-content\">\n\n\t\t<div class=\"woocommerce-product-details__short-description\">\n\t<p>(50 utats.)<\/p>\n<\/div>\n<div class=\"woo-buttons\"><a href=\"\/ca\/wp-json\/wp\/v2\/pages\/1421?add-to-cart=2108\" aria-describedby=\"woocommerce_loop_add_to_cart_link_describedby_2108\" data-quantity=\"1\" class=\"product_type_simple add_to_cart_button ajax_add_to_cart\" data-product_id=\"2108\" data-product_sku=\"90337\" aria-label=\"Afegeix a la cistella: &ldquo;Mascareta de protecci\u00f3&rdquo;\" rel=\"nofollow\" data-success_message=\"&ldquo;Mascareta de protecci\u00f3&rdquo; s&#039;ha afegit a la vostra cistella\" role=\"button\">Afegeix a la cistella<\/a>\t<span id=\"woocommerce_loop_add_to_cart_link_describedby_2108\" class=\"screen-reader-text\">\n\t\t\t<\/span>\n<\/div>\n\t<\/figcaption>\n<\/figure>\n<\/article><\/div><div class=\"hidden wf-cell category-247 category-257 visible\" data-post-id=\"1688\" data-date=\"2016-02-15T18:48:15+02:00\" data-name=\"Dispensador de tovalloletes de cel\u00b7lulosa\"><article class=\"post project-odd visible description-off product type-product post-1688 status-publish instock product_cat-complements product_cat-promocions product_tag-estetica-ca product_tag-manicura-ca product_tag-peluqueria-ca product_tag-unas-acrilica-ca product_tag-unas-artificiales-ca has-post-thumbnail sale taxable shipping-taxable purchasable product-type-simple\" >\n\t<span class=\"onsale\">Oferta!<\/span>\n\t<figure class=\"woocom-project\">\n\t<div class=\"woo-buttons-on-img\">\n\n\t\t<a href=\"https:\/\/etecmed.com\/ca\/producte\/dispensador-de-toallitas-de-celulosa\/\" class=\"alignnone layzr-bg\"><img loading=\"lazy\" decoding=\"async\" width=\"195\" height=\"195\" src=\"data:image\/svg+xml;charset=utf-8,%3Csvg xmlns%3D&#039;http%3A%2F%2Fwww.w3.org%2F2000%2Fsvg&#039; viewBox%3D&#039;0 0 195 195&#039;%2F%3E\" class=\"attachment-woocommerce_thumbnail size-woocommerce_thumbnail iso-lazy-load preload-me\" alt=\"Dispensador de tovalloletes de cel\u00b7lulosa\" data-src=\"https:\/\/etecmed.com\/wp-content\/uploads\/2016\/02\/Ref-90336-Dispensador-toallitas-celulosa.jpg\" data-srcset=\"https:\/\/etecmed.com\/wp-content\/uploads\/2016\/02\/Ref-90336-Dispensador-toallitas-celulosa.jpg 195w, https:\/\/etecmed.com\/wp-content\/uploads\/2016\/02\/Ref-90336-Dispensador-toallitas-celulosa-150x150.jpg 150w\" \/><\/a>\n\t<\/div>\n\t<figcaption class=\"woocom-list-content\">\n\n\t\t<div class=\"woo-buttons\"><a href=\"\/ca\/wp-json\/wp\/v2\/pages\/1421?add-to-cart=1688\" aria-describedby=\"woocommerce_loop_add_to_cart_link_describedby_1688\" data-quantity=\"1\" class=\"product_type_simple add_to_cart_button ajax_add_to_cart\" data-product_id=\"1688\" data-product_sku=\"90336\" aria-label=\"Afegeix a la cistella: &ldquo;Dispensador de tovalloletes de cel\u00b7lulosa&rdquo;\" rel=\"nofollow\" data-success_message=\"&ldquo;Dispensador de tovalloletes de cel\u00b7lulosa&rdquo; s&#039;ha afegit a la vostra cistella\" role=\"button\">Afegeix a la cistella<\/a>\t<span id=\"woocommerce_loop_add_to_cart_link_describedby_1688\" class=\"screen-reader-text\">\n\t\t\t<\/span>\n<\/div>\n\t<\/figcaption>\n<\/figure>\n<\/article><\/div><div class=\"hidden wf-cell category-247 category-257 visible\" data-post-id=\"1690\" data-date=\"2016-02-15T18:45:16+02:00\" data-name=\"Tovalloletes cel\u00b7lulosa per a ungles\"><article class=\"post project-odd visible description-off product type-product post-1690 status-publish instock product_cat-complements product_cat-promocions product_tag-estetica-ca product_tag-manicura-ca product_tag-peluqueria-ca product_tag-unas-acrilicas-ca product_tag-unas-artificiales-ca has-post-thumbnail sale taxable shipping-taxable purchasable product-type-simple\" >\n\t<span class=\"onsale\">Oferta!<\/span>\n\t<figure class=\"woocom-project\">\n\t<div class=\"woo-buttons-on-img\">\n\n\t\t<a href=\"https:\/\/etecmed.com\/ca\/producte\/toallitas-celulosa-para-unas\/\" class=\"alignnone layzr-bg\"><img loading=\"lazy\" decoding=\"async\" width=\"300\" height=\"300\" src=\"data:image\/svg+xml;charset=utf-8,%3Csvg xmlns%3D&#039;http%3A%2F%2Fwww.w3.org%2F2000%2Fsvg&#039; viewBox%3D&#039;0 0 300 300&#039;%2F%3E\" class=\"attachment-woocommerce_thumbnail size-woocommerce_thumbnail iso-lazy-load preload-me\" alt=\"Tovalloletes cel\u00b7lulosa per a ungles\" data-src=\"https:\/\/etecmed.com\/wp-content\/uploads\/2016\/02\/Ref-90335-Toallitas-celulosa-u\u00f1as-300x300.jpg\" data-srcset=\"https:\/\/etecmed.com\/wp-content\/uploads\/2016\/02\/Ref-90335-Toallitas-celulosa-u\u00f1as-300x300.jpg 300w, https:\/\/etecmed.com\/wp-content\/uploads\/2016\/02\/Ref-90335-Toallitas-celulosa-u\u00f1as-150x150.jpg 150w, https:\/\/etecmed.com\/wp-content\/uploads\/2016\/02\/Ref-90335-Toallitas-celulosa-u\u00f1as-200x200.jpg 200w, https:\/\/etecmed.com\/wp-content\/uploads\/2016\/02\/Ref-90335-Toallitas-celulosa-u\u00f1as.jpg 600w\" \/><\/a>\n\t<\/div>\n\t<figcaption class=\"woocom-list-content\">\n\n\t\t<div class=\"woo-buttons\"><a href=\"\/ca\/wp-json\/wp\/v2\/pages\/1421?add-to-cart=1690\" aria-describedby=\"woocommerce_loop_add_to_cart_link_describedby_1690\" data-quantity=\"1\" class=\"product_type_simple add_to_cart_button ajax_add_to_cart\" data-product_id=\"1690\" data-product_sku=\"90335\" aria-label=\"Afegeix a la cistella: &ldquo;Tovalloletes cel\u00b7lulosa per a ungles&rdquo;\" rel=\"nofollow\" data-success_message=\"&ldquo;Tovalloletes cel\u00b7lulosa per a ungles&rdquo; s&#039;ha afegit a la vostra cistella\" role=\"button\">Afegeix a la cistella<\/a>\t<span id=\"woocommerce_loop_add_to_cart_link_describedby_1690\" class=\"screen-reader-text\">\n\t\t\t<\/span>\n<\/div>\n\t<\/figcaption>\n<\/figure>\n<\/article><\/div><div class=\"hidden wf-cell category-247 category-257 visible\" data-post-id=\"1692\" data-date=\"2016-02-15T18:32:04+02:00\" data-name=\"Raspall per a ungles\"><article class=\"post project-odd visible description-off product type-product post-1692 status-publish last instock product_cat-complements product_cat-promocions product_tag-estetica-ca product_tag-manicura-ca product_tag-peluqueria-ca has-post-thumbnail sale taxable shipping-taxable purchasable product-type-simple\" >\n\t<span class=\"onsale\">Oferta!<\/span>\n\t<figure class=\"woocom-project\">\n\t<div class=\"woo-buttons-on-img\">\n\n\t\t<a href=\"https:\/\/etecmed.com\/ca\/producte\/cepillo-para-unas\/\" class=\"alignnone layzr-bg\"><img loading=\"lazy\" decoding=\"async\" width=\"259\" height=\"194\" src=\"data:image\/svg+xml;charset=utf-8,%3Csvg xmlns%3D&#039;http%3A%2F%2Fwww.w3.org%2F2000%2Fsvg&#039; viewBox%3D&#039;0 0 259 194&#039;%2F%3E\" class=\"attachment-woocommerce_thumbnail size-woocommerce_thumbnail iso-lazy-load preload-me\" alt=\"Raspall per a ungles\" data-src=\"https:\/\/etecmed.com\/wp-content\/uploads\/2016\/02\/Ref-90334-Cepillo-peque\u00f1o-u\u00f1as.jpg\" \/><\/a>\n\t<\/div>\n\t<figcaption class=\"woocom-list-content\">\n\n\t\t<div class=\"woo-buttons\"><a href=\"\/ca\/wp-json\/wp\/v2\/pages\/1421?add-to-cart=1692\" aria-describedby=\"woocommerce_loop_add_to_cart_link_describedby_1692\" data-quantity=\"1\" class=\"product_type_simple add_to_cart_button ajax_add_to_cart\" data-product_id=\"1692\" data-product_sku=\"90334\" aria-label=\"Afegeix a la cistella: &ldquo;Raspall per a ungles&rdquo;\" rel=\"nofollow\" data-success_message=\"&ldquo;Raspall per a ungles&rdquo; s&#039;ha afegit a la vostra cistella\" role=\"button\">Afegeix a la cistella<\/a>\t<span id=\"woocommerce_loop_add_to_cart_link_describedby_1692\" class=\"screen-reader-text\">\n\t\t\t<\/span>\n<\/div>\n\t<\/figcaption>\n<\/figure>\n<\/article><\/div><div class=\"hidden wf-cell category-247 category-257 visible\" data-post-id=\"1695\" data-date=\"2016-02-15T18:29:49+02:00\" data-name=\"Raspall facial transparent\"><article class=\"post project-odd visible description-off product type-product post-1695 status-publish first instock product_cat-complements product_cat-promocions product_tag-brossage-ca-2 product_tag-cepillos-ca product_tag-estetica-ca product_tag-limpieza-facial-ca product_tag-peluqueria-ca has-post-thumbnail sale taxable shipping-taxable purchasable product-type-simple\" >\n\t<span class=\"onsale\">Oferta!<\/span>\n\t<figure class=\"woocom-project\">\n\t<div class=\"woo-buttons-on-img\">\n\n\t\t<a href=\"https:\/\/etecmed.com\/ca\/producte\/cepillo-facial-transparente\/\" class=\"alignnone layzr-bg\"><img loading=\"lazy\" decoding=\"async\" width=\"285\" height=\"130\" src=\"data:image\/svg+xml;charset=utf-8,%3Csvg xmlns%3D&#039;http%3A%2F%2Fwww.w3.org%2F2000%2Fsvg&#039; viewBox%3D&#039;0 0 285 130&#039;%2F%3E\" class=\"attachment-woocommerce_thumbnail size-woocommerce_thumbnail iso-lazy-load preload-me\" alt=\"Raspall facial transparent\" data-src=\"https:\/\/etecmed.com\/wp-content\/uploads\/2016\/02\/Ref-90333-Cepillo-facial-transparente.png\" \/><\/a>\n\t<\/div>\n\t<figcaption class=\"woocom-list-content\">\n\n\t\t<div class=\"woo-buttons\"><a href=\"\/ca\/wp-json\/wp\/v2\/pages\/1421?add-to-cart=1695\" aria-describedby=\"woocommerce_loop_add_to_cart_link_describedby_1695\" data-quantity=\"1\" class=\"product_type_simple add_to_cart_button ajax_add_to_cart\" data-product_id=\"1695\" data-product_sku=\"90333\" aria-label=\"Afegeix a la cistella: &ldquo;Raspall facial transparent&rdquo;\" rel=\"nofollow\" data-success_message=\"&ldquo;Raspall facial transparent&rdquo; s&#039;ha afegit a la vostra cistella\" role=\"button\">Afegeix a la cistella<\/a>\t<span id=\"woocommerce_loop_add_to_cart_link_describedby_1695\" class=\"screen-reader-text\">\n\t\t\t<\/span>\n<\/div>\n\t<\/figcaption>\n<\/figure>\n<\/article><\/div><div class=\"hidden wf-cell category-247 category-257 visible\" data-post-id=\"1697\" data-date=\"2016-02-15T18:27:37+02:00\" data-name=\"Ampolla dosificadora\"><article class=\"post project-odd visible description-off product type-product post-1697 status-publish instock product_cat-complements product_cat-promocions product_tag-estetica-ca product_tag-manicura-ca product_tag-peluqueria-ca product_tag-unas-acrilicas-ca product_tag-unas-artificiales-ca has-post-thumbnail sale taxable shipping-taxable purchasable product-type-simple\" >\n\t<span class=\"onsale\">Oferta!<\/span>\n\t<figure class=\"woocom-project\">\n\t<div class=\"woo-buttons-on-img\">\n\n\t\t<a href=\"https:\/\/etecmed.com\/ca\/producte\/botella-dosificadora\/\" class=\"alignnone layzr-bg\"><img loading=\"lazy\" decoding=\"async\" width=\"266\" height=\"199\" src=\"data:image\/svg+xml;charset=utf-8,%3Csvg xmlns%3D&#039;http%3A%2F%2Fwww.w3.org%2F2000%2Fsvg&#039; viewBox%3D&#039;0 0 266 199&#039;%2F%3E\" class=\"attachment-woocommerce_thumbnail size-woocommerce_thumbnail iso-lazy-load preload-me\" alt=\"Ampolla dosificadora\" data-src=\"https:\/\/etecmed.com\/wp-content\/uploads\/2016\/02\/Ref-90332-Botella-dosificadora.jpg\" \/><\/a>\n\t<\/div>\n\t<figcaption class=\"woocom-list-content\">\n\n\t\t<div class=\"woo-buttons\"><a href=\"\/ca\/wp-json\/wp\/v2\/pages\/1421?add-to-cart=1697\" aria-describedby=\"woocommerce_loop_add_to_cart_link_describedby_1697\" data-quantity=\"1\" class=\"product_type_simple add_to_cart_button ajax_add_to_cart\" data-product_id=\"1697\" data-product_sku=\"90332\" aria-label=\"Afegeix a la cistella: &ldquo;Ampolla dosificadora&rdquo;\" rel=\"nofollow\" data-success_message=\"&ldquo;Ampolla dosificadora&rdquo; s&#039;ha afegit a la vostra cistella\" role=\"button\">Afegeix a la cistella<\/a>\t<span id=\"woocommerce_loop_add_to_cart_link_describedby_1697\" class=\"screen-reader-text\">\n\t\t\t<\/span>\n<\/div>\n\t<\/figcaption>\n<\/figure>\n<\/article><\/div><div class=\"hidden wf-cell category-247 category-257 visible\" data-post-id=\"1700\" data-date=\"2016-02-15T18:04:08+02:00\" data-name=\"Bol de manicura blanc\"><article class=\"post project-odd visible description-off product type-product post-1700 status-publish instock product_cat-complements product_cat-promocions product_tag-estetica-ca product_tag-manicura-ca product_tag-peluqueria-ca product_tag-unas-acrilicas-ca product_tag-unas-artificiales-ca has-post-thumbnail sale taxable shipping-taxable purchasable product-type-simple\" >\n\t<span class=\"onsale\">Oferta!<\/span>\n\t<figure class=\"woocom-project\">\n\t<div class=\"woo-buttons-on-img\">\n\n\t\t<a href=\"https:\/\/etecmed.com\/ca\/producte\/bol-de-manicura-blanco\/\" class=\"alignnone layzr-bg\"><img loading=\"lazy\" decoding=\"async\" width=\"300\" height=\"303\" src=\"data:image\/svg+xml;charset=utf-8,%3Csvg xmlns%3D&#039;http%3A%2F%2Fwww.w3.org%2F2000%2Fsvg&#039; viewBox%3D&#039;0 0 300 303&#039;%2F%3E\" class=\"attachment-woocommerce_thumbnail size-woocommerce_thumbnail iso-lazy-load preload-me\" alt=\"Bol de manicura blanc\" data-src=\"https:\/\/etecmed.com\/wp-content\/uploads\/2016\/02\/Ref-90330-Bol-de-manicura-blanco-300x303.jpg\" data-srcset=\"https:\/\/etecmed.com\/wp-content\/uploads\/2016\/02\/Ref-90330-Bol-de-manicura-blanco-300x303.jpg 300w, https:\/\/etecmed.com\/wp-content\/uploads\/2016\/02\/Ref-90330-Bol-de-manicura-blanco-297x300.jpg 297w, https:\/\/etecmed.com\/wp-content\/uploads\/2016\/02\/Ref-90330-Bol-de-manicura-blanco.jpg 396w\" \/><\/a>\n\t<\/div>\n\t<figcaption class=\"woocom-list-content\">\n\n\t\t<div class=\"woo-buttons\"><a href=\"\/ca\/wp-json\/wp\/v2\/pages\/1421?add-to-cart=1700\" aria-describedby=\"woocommerce_loop_add_to_cart_link_describedby_1700\" data-quantity=\"1\" class=\"product_type_simple add_to_cart_button ajax_add_to_cart\" data-product_id=\"1700\" data-product_sku=\"90330\" aria-label=\"Afegeix a la cistella: &ldquo;Bol de manicura blanc&rdquo;\" rel=\"nofollow\" data-success_message=\"&ldquo;Bol de manicura blanc&rdquo; s&#039;ha afegit a la vostra cistella\" role=\"button\">Afegeix a la cistella<\/a>\t<span id=\"woocommerce_loop_add_to_cart_link_describedby_1700\" class=\"screen-reader-text\">\n\t\t\t<\/span>\n<\/div>\n\t<\/figcaption>\n<\/figure>\n<\/article><\/div><div class=\"hidden wf-cell category-247 category-257 visible\" data-post-id=\"1702\" data-date=\"2016-02-15T17:58:52+02:00\" data-name=\"Bol de manicura transparent\"><article class=\"post project-odd visible description-off product type-product post-1702 status-publish last instock product_cat-complements product_cat-promocions product_tag-estetica-ca product_tag-manicura-ca product_tag-peluqueria-ca product_tag-unas-acrilicas-ca product_tag-unas-artificiales-ca has-post-thumbnail sale taxable shipping-taxable purchasable product-type-simple\" >\n\t<span class=\"onsale\">Oferta!<\/span>\n\t<figure class=\"woocom-project\">\n\t<div class=\"woo-buttons-on-img\">\n\n\t\t<a href=\"https:\/\/etecmed.com\/ca\/producte\/bol-de-manicura-transparente\/\" class=\"alignnone layzr-bg\"><img loading=\"lazy\" decoding=\"async\" width=\"274\" height=\"191\" src=\"data:image\/svg+xml;charset=utf-8,%3Csvg xmlns%3D&#039;http%3A%2F%2Fwww.w3.org%2F2000%2Fsvg&#039; viewBox%3D&#039;0 0 274 191&#039;%2F%3E\" class=\"attachment-woocommerce_thumbnail size-woocommerce_thumbnail iso-lazy-load preload-me\" alt=\"Bol de manicura transparent\" data-src=\"https:\/\/etecmed.com\/wp-content\/uploads\/2016\/02\/Ref-90329-Bol-manicura-transparente.jpg\" \/><\/a>\n\t<\/div>\n\t<figcaption class=\"woocom-list-content\">\n\n\t\t<div class=\"woo-buttons\"><a href=\"\/ca\/wp-json\/wp\/v2\/pages\/1421?add-to-cart=1702\" aria-describedby=\"woocommerce_loop_add_to_cart_link_describedby_1702\" data-quantity=\"1\" class=\"product_type_simple add_to_cart_button ajax_add_to_cart\" data-product_id=\"1702\" data-product_sku=\"90329\" aria-label=\"Afegeix a la cistella: &ldquo;Bol de manicura transparent&rdquo;\" rel=\"nofollow\" data-success_message=\"&ldquo;Bol de manicura transparent&rdquo; s&#039;ha afegit a la vostra cistella\" role=\"button\">Afegeix a la cistella<\/a>\t<span id=\"woocommerce_loop_add_to_cart_link_describedby_1702\" class=\"screen-reader-text\">\n\t\t\t<\/span>\n<\/div>\n\t<\/figcaption>\n<\/figure>\n<\/article><\/div><div class=\"hidden wf-cell category-247 category-257 visible\" data-post-id=\"1705\" data-date=\"2016-02-15T17:19:42+02:00\" data-name=\"Soakers\"><article class=\"post project-odd visible description-off product type-product post-1705 status-publish first instock product_cat-complements product_cat-promocions product_tag-estetica-ca product_tag-manicura-ca product_tag-peluqueria-ca product_tag-unas-acrilicas-ca product_tag-unas-artificiales-ca has-post-thumbnail sale taxable shipping-taxable purchasable product-type-simple\" >\n\t<span class=\"onsale\">Oferta!<\/span>\n\t<figure class=\"woocom-project\">\n\t<div class=\"woo-buttons-on-img\">\n\n\t\t<a href=\"https:\/\/etecmed.com\/ca\/producte\/soakers\/\" class=\"alignnone layzr-bg\"><img loading=\"lazy\" decoding=\"async\" width=\"264\" height=\"264\" src=\"data:image\/svg+xml;charset=utf-8,%3Csvg xmlns%3D&#039;http%3A%2F%2Fwww.w3.org%2F2000%2Fsvg&#039; viewBox%3D&#039;0 0 264 264&#039;%2F%3E\" class=\"attachment-woocommerce_thumbnail size-woocommerce_thumbnail iso-lazy-load preload-me\" alt=\"Soakers\" data-src=\"https:\/\/etecmed.com\/wp-content\/uploads\/2016\/02\/Ref-90328-Soakers.jpg\" data-srcset=\"https:\/\/etecmed.com\/wp-content\/uploads\/2016\/02\/Ref-90328-Soakers.jpg 264w, https:\/\/etecmed.com\/wp-content\/uploads\/2016\/02\/Ref-90328-Soakers-150x150.jpg 150w, https:\/\/etecmed.com\/wp-content\/uploads\/2016\/02\/Ref-90328-Soakers-200x200.jpg 200w\" \/><\/a>\n\t<\/div>\n\t<figcaption class=\"woocom-list-content\">\n\n\t\t<div class=\"woo-buttons\"><a href=\"\/ca\/wp-json\/wp\/v2\/pages\/1421?add-to-cart=1705\" aria-describedby=\"woocommerce_loop_add_to_cart_link_describedby_1705\" data-quantity=\"1\" class=\"product_type_simple add_to_cart_button ajax_add_to_cart\" data-product_id=\"1705\" data-product_sku=\"90328\" aria-label=\"Afegeix a la cistella: &ldquo;Soakers&rdquo;\" rel=\"nofollow\" data-success_message=\"&ldquo;Soakers&rdquo; s&#039;ha afegit a la vostra cistella\" role=\"button\">Afegeix a la cistella<\/a>\t<span id=\"woocommerce_loop_add_to_cart_link_describedby_1705\" class=\"screen-reader-text\">\n\t\t\t<\/span>\n<\/div>\n\t<\/figcaption>\n<\/figure>\n<\/article><\/div><div class=\"hidden wf-cell category-247 category-257 visible\" data-post-id=\"1707\" data-date=\"2016-02-15T17:11:24+02:00\" data-name=\"Vas de vidre\"><article class=\"post project-odd visible description-off product type-product post-1707 status-publish instock product_cat-complements product_cat-promocions product_tag-estetica-ca product_tag-manicura-ca product_tag-pedicura-ca product_tag-peluqueria-ca product_tag-unas-acrilicas-ca product_tag-unas-artificiales-ca has-post-thumbnail sale taxable shipping-taxable purchasable product-type-simple\" >\n\t<span class=\"onsale\">Oferta!<\/span>\n\t<figure class=\"woocom-project\">\n\t<div class=\"woo-buttons-on-img\">\n\n\t\t<a href=\"https:\/\/etecmed.com\/ca\/producte\/vaso-de-vidrio\/\" class=\"alignnone layzr-bg\"><img loading=\"lazy\" decoding=\"async\" width=\"191\" height=\"225\" src=\"data:image\/svg+xml;charset=utf-8,%3Csvg xmlns%3D&#039;http%3A%2F%2Fwww.w3.org%2F2000%2Fsvg&#039; viewBox%3D&#039;0 0 191 225&#039;%2F%3E\" class=\"attachment-woocommerce_thumbnail size-woocommerce_thumbnail iso-lazy-load preload-me\" alt=\"Vas de vidre\" data-src=\"https:\/\/etecmed.com\/wp-content\/uploads\/2016\/02\/Ref-90327-Vaso-de-vidrio.jpg\" \/><\/a>\n\t<\/div>\n\t<figcaption class=\"woocom-list-content\">\n\n\t\t<div class=\"woo-buttons\"><a href=\"\/ca\/wp-json\/wp\/v2\/pages\/1421?add-to-cart=1707\" aria-describedby=\"woocommerce_loop_add_to_cart_link_describedby_1707\" data-quantity=\"1\" class=\"product_type_simple add_to_cart_button ajax_add_to_cart\" data-product_id=\"1707\" data-product_sku=\"90327\" aria-label=\"Afegeix a la cistella: &ldquo;Vas de vidre&rdquo;\" rel=\"nofollow\" data-success_message=\"&ldquo;Vas de vidre&rdquo; s&#039;ha afegit a la vostra cistella\" role=\"button\">Afegeix a la cistella<\/a>\t<span id=\"woocommerce_loop_add_to_cart_link_describedby_1707\" class=\"screen-reader-text\">\n\t\t\t<\/span>\n<\/div>\n\t<\/figcaption>\n<\/figure>\n<\/article><\/div><div class=\"hidden wf-cell category-247 category-257 visible\" data-post-id=\"1708\" data-date=\"2016-02-15T17:00:02+02:00\" data-name=\"Llima pedicura\"><article class=\"post project-odd visible description-off product type-product post-1708 status-publish instock product_cat-complements product_cat-promocions product_tag-durezas-ca product_tag-estetica-ca product_tag-pedicura-ca product_tag-peluqueria-ca has-post-thumbnail sale taxable shipping-taxable purchasable product-type-simple\" >\n\t<span class=\"onsale\">Oferta!<\/span>\n\t<figure class=\"woocom-project\">\n\t<div class=\"woo-buttons-on-img\">\n\n\t\t<a href=\"https:\/\/etecmed.com\/ca\/producte\/lima-pedicura\/\" class=\"alignnone layzr-bg\"><img loading=\"lazy\" decoding=\"async\" width=\"239\" height=\"244\" src=\"data:image\/svg+xml;charset=utf-8,%3Csvg xmlns%3D&#039;http%3A%2F%2Fwww.w3.org%2F2000%2Fsvg&#039; viewBox%3D&#039;0 0 239 244&#039;%2F%3E\" class=\"attachment-woocommerce_thumbnail size-woocommerce_thumbnail iso-lazy-load preload-me\" alt=\"Llima pedicura\" data-src=\"https:\/\/etecmed.com\/wp-content\/uploads\/2016\/02\/Ref-90326-Lima-pedicura.jpg\" \/><\/a>\n\t<\/div>\n\t<figcaption class=\"woocom-list-content\">\n\n\t\t<div class=\"woo-buttons\"><a href=\"\/ca\/wp-json\/wp\/v2\/pages\/1421?add-to-cart=1708\" aria-describedby=\"woocommerce_loop_add_to_cart_link_describedby_1708\" data-quantity=\"1\" class=\"product_type_simple add_to_cart_button ajax_add_to_cart\" data-product_id=\"1708\" data-product_sku=\"90326\" aria-label=\"Afegeix a la cistella: &ldquo;Llima pedicura&rdquo;\" rel=\"nofollow\" data-success_message=\"&ldquo;Llima pedicura&rdquo; s&#039;ha afegit a la vostra cistella\" role=\"button\">Afegeix a la cistella<\/a>\t<span id=\"woocommerce_loop_add_to_cart_link_describedby_1708\" class=\"screen-reader-text\">\n\t\t\t<\/span>\n<\/div>\n\t<\/figcaption>\n<\/figure>\n<\/article><\/div><div class=\"hidden wf-cell category-247 category-257 visible\" data-post-id=\"1710\" data-date=\"2016-02-15T16:55:52+02:00\" data-name=\"Llima per a ungles\"><article class=\"post project-odd visible description-off product type-product post-1710 status-publish last instock product_cat-complements product_cat-promocions product_tag-estetica-ca product_tag-manicura-ca product_tag-pedicura-ca product_tag-peluqueria-ca product_tag-unas-acrilicas-ca product_tag-unas-artificiales-ca has-post-thumbnail sale taxable shipping-taxable purchasable product-type-simple\" >\n\t<span class=\"onsale\">Oferta!<\/span>\n\t<figure class=\"woocom-project\">\n\t<div class=\"woo-buttons-on-img\">\n\n\t\t<a href=\"https:\/\/etecmed.com\/ca\/producte\/llima-para-ungles\/\" class=\"alignnone layzr-bg\"><img loading=\"lazy\" decoding=\"async\" width=\"300\" height=\"309\" src=\"data:image\/svg+xml;charset=utf-8,%3Csvg xmlns%3D&#039;http%3A%2F%2Fwww.w3.org%2F2000%2Fsvg&#039; viewBox%3D&#039;0 0 300 309&#039;%2F%3E\" class=\"attachment-woocommerce_thumbnail size-woocommerce_thumbnail iso-lazy-load preload-me\" alt=\"Llima per a ungles\" data-src=\"https:\/\/etecmed.com\/wp-content\/uploads\/2016\/02\/Ref-90325-Lima-gris.jpg\" data-srcset=\"https:\/\/etecmed.com\/wp-content\/uploads\/2016\/02\/Ref-90325-Lima-gris.jpg 300w, https:\/\/etecmed.com\/wp-content\/uploads\/2016\/02\/Ref-90325-Lima-gris-291x300.jpg 291w\" \/><\/a>\n\t<\/div>\n\t<figcaption class=\"woocom-list-content\">\n\n\t\t<div class=\"woocommerce-product-details__short-description\">\n\t<p>(50 utats.)<\/p>\n<\/div>\n<div class=\"woo-buttons\"><a href=\"\/ca\/wp-json\/wp\/v2\/pages\/1421?add-to-cart=1710\" aria-describedby=\"woocommerce_loop_add_to_cart_link_describedby_1710\" data-quantity=\"1\" class=\"product_type_simple add_to_cart_button ajax_add_to_cart\" data-product_id=\"1710\" data-product_sku=\"90325\" aria-label=\"Afegeix a la cistella: &ldquo;Llima per a ungles&rdquo;\" rel=\"nofollow\" data-success_message=\"&ldquo;Llima per a ungles&rdquo; s&#039;ha afegit a la vostra cistella\" role=\"button\">Afegeix a la cistella<\/a>\t<span id=\"woocommerce_loop_add_to_cart_link_describedby_1710\" class=\"screen-reader-text\">\n\t\t\t<\/span>\n<\/div>\n\t<\/figcaption>\n<\/figure>\n<\/article><\/div><div class=\"hidden wf-cell category-247 category-257 visible\" data-post-id=\"1712\" data-date=\"2016-02-15T13:20:41+02:00\" data-name=\"Llima Negra Banana\"><article class=\"post project-odd visible description-off product type-product post-1712 status-publish first instock product_cat-complements product_cat-promocions product_tag-estetica-ca product_tag-manicura-ca product_tag-pedicura-ca product_tag-peluqueria-ca product_tag-unas-acrilicas-ca product_tag-unas-artificiales-ca has-post-thumbnail sale taxable shipping-taxable purchasable product-type-simple\" >\n\t<span class=\"onsale\">Oferta!<\/span>\n\t<figure class=\"woocom-project\">\n\t<div class=\"woo-buttons-on-img\">\n\n\t\t<a href=\"https:\/\/etecmed.com\/ca\/producte\/lima-negra-banana\/\" class=\"alignnone layzr-bg\"><img loading=\"lazy\" decoding=\"async\" width=\"300\" height=\"300\" src=\"data:image\/svg+xml;charset=utf-8,%3Csvg xmlns%3D&#039;http%3A%2F%2Fwww.w3.org%2F2000%2Fsvg&#039; viewBox%3D&#039;0 0 300 300&#039;%2F%3E\" class=\"attachment-woocommerce_thumbnail size-woocommerce_thumbnail iso-lazy-load preload-me\" alt=\"Llima Negra Banana\" data-src=\"https:\/\/etecmed.com\/wp-content\/uploads\/2016\/02\/Ref-90324-Lima-negra-banana.jpg\" data-srcset=\"https:\/\/etecmed.com\/wp-content\/uploads\/2016\/02\/Ref-90324-Lima-negra-banana.jpg 300w, https:\/\/etecmed.com\/wp-content\/uploads\/2016\/02\/Ref-90324-Lima-negra-banana-150x150.jpg 150w, https:\/\/etecmed.com\/wp-content\/uploads\/2016\/02\/Ref-90324-Lima-negra-banana-200x200.jpg 200w\" \/><\/a>\n\t<\/div>\n\t<figcaption class=\"woocom-list-content\">\n\n\t\t<div class=\"woocommerce-product-details__short-description\">\n\t<p>(50 uds.)<\/p>\n<\/div>\n<div class=\"woo-buttons\"><a href=\"\/ca\/wp-json\/wp\/v2\/pages\/1421?add-to-cart=1712\" aria-describedby=\"woocommerce_loop_add_to_cart_link_describedby_1712\" data-quantity=\"1\" class=\"product_type_simple add_to_cart_button ajax_add_to_cart\" data-product_id=\"1712\" data-product_sku=\"90324\" aria-label=\"Afegeix a la cistella: &ldquo;Llima Negra Banana&rdquo;\" rel=\"nofollow\" data-success_message=\"&ldquo;Llima Negra Banana&rdquo; s&#039;ha afegit a la vostra cistella\" role=\"button\">Afegeix a la cistella<\/a>\t<span id=\"woocommerce_loop_add_to_cart_link_describedby_1712\" class=\"screen-reader-text\">\n\t\t\t<\/span>\n<\/div>\n\t<\/figcaption>\n<\/figure>\n<\/article><\/div><div class=\"hidden wf-cell category-247 category-257 visible\" data-post-id=\"1715\" data-date=\"2016-02-15T13:17:40+02:00\" data-name=\"Llima negra recta\"><article class=\"post project-odd visible description-off product type-product post-1715 status-publish instock product_cat-complements product_cat-promocions product_tag-estetica-ca product_tag-manicura-ca product_tag-pedicura-ca product_tag-peluqueria-ca product_tag-unas-acrilicas-ca product_tag-unas-artificiales-ca has-post-thumbnail sale taxable shipping-taxable purchasable product-type-simple\" >\n\t<span class=\"onsale\">Oferta!<\/span>\n\t<figure class=\"woocom-project\">\n\t<div class=\"woo-buttons-on-img\">\n\n\t\t<a href=\"https:\/\/etecmed.com\/ca\/producte\/llima-negra-recta\/\" class=\"alignnone layzr-bg\"><img loading=\"lazy\" decoding=\"async\" width=\"300\" height=\"71\" src=\"data:image\/svg+xml;charset=utf-8,%3Csvg xmlns%3D&#039;http%3A%2F%2Fwww.w3.org%2F2000%2Fsvg&#039; viewBox%3D&#039;0 0 300 71&#039;%2F%3E\" class=\"attachment-woocommerce_thumbnail size-woocommerce_thumbnail iso-lazy-load preload-me\" alt=\"Llima negra recta\" data-src=\"https:\/\/etecmed.com\/wp-content\/uploads\/2016\/02\/Ref-90323-Lima-negra-recta-300x71.jpg\" data-srcset=\"https:\/\/etecmed.com\/wp-content\/uploads\/2016\/02\/Ref-90323-Lima-negra-recta-300x71.jpg 300w, https:\/\/etecmed.com\/wp-content\/uploads\/2016\/02\/Ref-90323-Lima-negra-recta-600x142.jpg 600w, https:\/\/etecmed.com\/wp-content\/uploads\/2016\/02\/Ref-90323-Lima-negra-recta.jpg 674w\" \/><\/a>\n\t<\/div>\n\t<figcaption class=\"woocom-list-content\">\n\n\t\t<div class=\"woocommerce-product-details__short-description\">\n\t<p>(50 utats.)<\/p>\n<\/div>\n<div class=\"woo-buttons\"><a href=\"\/ca\/wp-json\/wp\/v2\/pages\/1421?add-to-cart=1715\" aria-describedby=\"woocommerce_loop_add_to_cart_link_describedby_1715\" data-quantity=\"1\" class=\"product_type_simple add_to_cart_button ajax_add_to_cart\" data-product_id=\"1715\" data-product_sku=\"90323\" aria-label=\"Afegeix a la cistella: &ldquo;Llima negra recta&rdquo;\" rel=\"nofollow\" data-success_message=\"&ldquo;Llima negra recta&rdquo; s&#039;ha afegit a la vostra cistella\" role=\"button\">Afegeix a la cistella<\/a>\t<span id=\"woocommerce_loop_add_to_cart_link_describedby_1715\" class=\"screen-reader-text\">\n\t\t\t<\/span>\n<\/div>\n\t<\/figcaption>\n<\/figure>\n<\/article><\/div><div class=\"hidden wf-cell category-247 category-257 visible\" data-post-id=\"1717\" data-date=\"2016-02-15T13:11:13+02:00\" data-name=\"Polidor 7 cares\"><article class=\"post project-odd visible description-off product type-product post-1717 status-publish instock product_cat-complements product_cat-promocions product_tag-estetica-ca product_tag-manicura-ca product_tag-pedicura-ca product_tag-peluqueria-ca product_tag-unas-acrilicas-ca product_tag-unas-artificiales-ca has-post-thumbnail sale taxable shipping-taxable purchasable product-type-simple\" >\n\t<span class=\"onsale\">Oferta!<\/span>\n\t<figure class=\"woocom-project\">\n\t<div class=\"woo-buttons-on-img\">\n\n\t\t<a href=\"https:\/\/etecmed.com\/ca\/producte\/pulidor-7-caras\/\" class=\"alignnone layzr-bg\"><img loading=\"lazy\" decoding=\"async\" width=\"128\" height=\"96\" src=\"data:image\/svg+xml;charset=utf-8,%3Csvg xmlns%3D&#039;http%3A%2F%2Fwww.w3.org%2F2000%2Fsvg&#039; viewBox%3D&#039;0 0 128 96&#039;%2F%3E\" class=\"attachment-woocommerce_thumbnail size-woocommerce_thumbnail iso-lazy-load preload-me\" alt=\"Polidor 7 cares\" data-src=\"https:\/\/etecmed.com\/wp-content\/uploads\/2016\/02\/Ref-90322-Pulidor-7-caras.jpg\" \/><\/a>\n\t<\/div>\n\t<figcaption class=\"woocom-list-content\">\n\n\t\t<div class=\"woo-buttons\"><a href=\"\/ca\/wp-json\/wp\/v2\/pages\/1421?add-to-cart=1717\" aria-describedby=\"woocommerce_loop_add_to_cart_link_describedby_1717\" data-quantity=\"1\" class=\"product_type_simple add_to_cart_button ajax_add_to_cart\" data-product_id=\"1717\" data-product_sku=\"90322\" aria-label=\"Afegeix a la cistella: &ldquo;Polidor 7 cares&rdquo;\" rel=\"nofollow\" data-success_message=\"&ldquo;Polidor 7 cares&rdquo; s&#039;ha afegit a la vostra cistella\" role=\"button\">Afegeix a la cistella<\/a>\t<span id=\"woocommerce_loop_add_to_cart_link_describedby_1717\" class=\"screen-reader-text\">\n\t\t\t<\/span>\n<\/div>\n\t<\/figcaption>\n<\/figure>\n<\/article><\/div><div class=\"hidden wf-cell category-247 category-257 visible\" data-post-id=\"1718\" data-date=\"2016-02-15T13:07:14+02:00\" data-name=\"Tac polidor 4 cares\"><article class=\"post project-odd visible description-off product type-product post-1718 status-publish last instock product_cat-complements product_cat-promocions product_tag-estetica-ca product_tag-manicura-ca product_tag-pedicura-ca product_tag-peluqueria-ca product_tag-unas-acrilicas-ca product_tag-unas-artificiales-ca has-post-thumbnail sale taxable shipping-taxable purchasable product-type-simple\" >\n\t<span class=\"onsale\">Oferta!<\/span>\n\t<figure class=\"woocom-project\">\n\t<div class=\"woo-buttons-on-img\">\n\n\t\t<a href=\"https:\/\/etecmed.com\/ca\/producte\/taco-pulidor-4-caras\/\" class=\"alignnone layzr-bg\"><img loading=\"lazy\" decoding=\"async\" width=\"300\" height=\"390\" src=\"data:image\/svg+xml;charset=utf-8,%3Csvg xmlns%3D&#039;http%3A%2F%2Fwww.w3.org%2F2000%2Fsvg&#039; viewBox%3D&#039;0 0 300 390&#039;%2F%3E\" class=\"attachment-woocommerce_thumbnail size-woocommerce_thumbnail iso-lazy-load preload-me\" alt=\"Tac polidor 4 cares\" data-src=\"https:\/\/etecmed.com\/wp-content\/uploads\/2016\/02\/Ref-90321-Taco-pulidor-4-caras-300x390.jpg\" data-srcset=\"https:\/\/etecmed.com\/wp-content\/uploads\/2016\/02\/Ref-90321-Taco-pulidor-4-caras-300x390.jpg 300w, https:\/\/etecmed.com\/wp-content\/uploads\/2016\/02\/Ref-90321-Taco-pulidor-4-caras-231x300.jpg 231w, https:\/\/etecmed.com\/wp-content\/uploads\/2016\/02\/Ref-90321-Taco-pulidor-4-caras-600x780.jpg 600w, https:\/\/etecmed.com\/wp-content\/uploads\/2016\/02\/Ref-90321-Taco-pulidor-4-caras.jpg 769w\" \/><\/a>\n\t<\/div>\n\t<figcaption class=\"woocom-list-content\">\n\n\t\t<div class=\"woo-buttons\"><a href=\"\/ca\/wp-json\/wp\/v2\/pages\/1421?add-to-cart=1718\" aria-describedby=\"woocommerce_loop_add_to_cart_link_describedby_1718\" data-quantity=\"1\" class=\"product_type_simple add_to_cart_button ajax_add_to_cart\" data-product_id=\"1718\" data-product_sku=\"90321\" aria-label=\"Afegeix a la cistella: &ldquo;Tac polidor 4 cares&rdquo;\" rel=\"nofollow\" data-success_message=\"&ldquo;Tac polidor 4 cares&rdquo; s&#039;ha afegit a la vostra cistella\" role=\"button\">Afegeix a la cistella<\/a>\t<span id=\"woocommerce_loop_add_to_cart_link_describedby_1718\" class=\"screen-reader-text\">\n\t\t\t<\/span>\n<\/div>\n\t<\/figcaption>\n<\/figure>\n<\/article><\/div><div class=\"hidden wf-cell category-247 category-257 visible\" data-post-id=\"1720\" data-date=\"2016-02-15T12:29:37+02:00\" data-name=\"Tac polidor\"><article class=\"post project-odd visible description-off product type-product post-1720 status-publish first instock product_cat-complements product_cat-promocions product_tag-estetica-ca product_tag-manicura-ca product_tag-pedicura-ca product_tag-peluqueria-ca product_tag-unas-acrilicas-ca product_tag-unas-artificiales-ca has-post-thumbnail sale taxable shipping-taxable purchasable product-type-simple\" >\n\t<span class=\"onsale\">Oferta!<\/span>\n\t<figure class=\"woocom-project\">\n\t<div class=\"woo-buttons-on-img\">\n\n\t\t<a href=\"https:\/\/etecmed.com\/ca\/producte\/taco-pulidor\/\" class=\"alignnone layzr-bg\"><img loading=\"lazy\" decoding=\"async\" width=\"300\" height=\"390\" src=\"data:image\/svg+xml;charset=utf-8,%3Csvg xmlns%3D&#039;http%3A%2F%2Fwww.w3.org%2F2000%2Fsvg&#039; viewBox%3D&#039;0 0 300 390&#039;%2F%3E\" class=\"attachment-woocommerce_thumbnail size-woocommerce_thumbnail iso-lazy-load preload-me\" alt=\"Tac polidor\" data-src=\"https:\/\/etecmed.com\/wp-content\/uploads\/2016\/02\/Ref-90320-Taco-pulidor-1-300x390.jpg\" data-srcset=\"https:\/\/etecmed.com\/wp-content\/uploads\/2016\/02\/Ref-90320-Taco-pulidor-1-300x390.jpg 300w, https:\/\/etecmed.com\/wp-content\/uploads\/2016\/02\/Ref-90320-Taco-pulidor-1-231x300.jpg 231w, https:\/\/etecmed.com\/wp-content\/uploads\/2016\/02\/Ref-90320-Taco-pulidor-1-600x780.jpg 600w, https:\/\/etecmed.com\/wp-content\/uploads\/2016\/02\/Ref-90320-Taco-pulidor-1.jpg 769w\" \/><\/a>\n\t<\/div>\n\t<figcaption class=\"woocom-list-content\">\n\n\t\t<div class=\"woocommerce-product-details__short-description\">\n\t<p>(10 utats.)<\/p>\n<\/div>\n<div class=\"woo-buttons\"><a href=\"\/ca\/wp-json\/wp\/v2\/pages\/1421?add-to-cart=1720\" aria-describedby=\"woocommerce_loop_add_to_cart_link_describedby_1720\" data-quantity=\"1\" class=\"product_type_simple add_to_cart_button ajax_add_to_cart\" data-product_id=\"1720\" data-product_sku=\"90320\" aria-label=\"Afegeix a la cistella: &ldquo;Tac polidor&rdquo;\" rel=\"nofollow\" data-success_message=\"&ldquo;Tac polidor&rdquo; s&#039;ha afegit a la vostra cistella\" role=\"button\">Afegeix a la cistella<\/a>\t<span id=\"woocommerce_loop_add_to_cart_link_describedby_1720\" class=\"screen-reader-text\">\n\t\t\t<\/span>\n<\/div>\n\t<\/figcaption>\n<\/figure>\n<\/article><\/div><div class=\"hidden wf-cell category-247 category-257 visible\" data-post-id=\"1722\" data-date=\"2016-02-15T12:27:28+02:00\" data-name=\"Tac Blanc\"><article class=\"post project-odd visible description-off product type-product post-1722 status-publish instock product_cat-complements product_cat-promocions product_tag-estetica-ca product_tag-manicura-ca product_tag-pedicura-ca product_tag-peluqueria-ca product_tag-unas-acrilicas-ca product_tag-unas-artificiales-ca has-post-thumbnail sale taxable shipping-taxable purchasable product-type-simple\" >\n\t<span class=\"onsale\">Oferta!<\/span>\n\t<figure class=\"woocom-project\">\n\t<div class=\"woo-buttons-on-img\">\n\n\t\t<a href=\"https:\/\/etecmed.com\/ca\/producte\/taco-blanco\/\" class=\"alignnone layzr-bg\"><img loading=\"lazy\" decoding=\"async\" width=\"276\" height=\"166\" src=\"data:image\/svg+xml;charset=utf-8,%3Csvg xmlns%3D&#039;http%3A%2F%2Fwww.w3.org%2F2000%2Fsvg&#039; viewBox%3D&#039;0 0 276 166&#039;%2F%3E\" class=\"attachment-woocommerce_thumbnail size-woocommerce_thumbnail iso-lazy-load preload-me\" alt=\"Tac Blanc\" data-src=\"https:\/\/etecmed.com\/wp-content\/uploads\/2016\/02\/Ref-90319-Taco-blanco.jpg\" \/><\/a>\n\t<\/div>\n\t<figcaption class=\"woocom-list-content\">\n\n\t\t<div class=\"woocommerce-product-details__short-description\">\n\t<p>(10 utats.)<\/p>\n<\/div>\n<div class=\"woo-buttons\"><a href=\"\/ca\/wp-json\/wp\/v2\/pages\/1421?add-to-cart=1722\" aria-describedby=\"woocommerce_loop_add_to_cart_link_describedby_1722\" data-quantity=\"1\" class=\"product_type_simple add_to_cart_button ajax_add_to_cart\" data-product_id=\"1722\" data-product_sku=\"90319\" aria-label=\"Afegeix a la cistella: &ldquo;Tac Blanc&rdquo;\" rel=\"nofollow\" data-success_message=\"&ldquo;Tac Blanc&rdquo; s&#039;ha afegit a la vostra cistella\" role=\"button\">Afegeix a la cistella<\/a>\t<span id=\"woocommerce_loop_add_to_cart_link_describedby_1722\" class=\"screen-reader-text\">\n\t\t\t<\/span>\n<\/div>\n\t<\/figcaption>\n<\/figure>\n<\/article><\/div><div class=\"hidden wf-cell category-247 category-257 visible\" data-post-id=\"1725\" data-date=\"2016-02-15T12:24:23+02:00\" data-name=\"Pinzells per a Ungles Artificials\"><article class=\"post project-odd visible description-off product type-product post-1725 status-publish instock product_cat-complements product_cat-promocions product_tag-estetica-ca product_tag-manicura-ca product_tag-pedicura-ca product_tag-peluqueria-ca product_tag-unas-acrilicas-ca product_tag-unas-artificiales-ca has-post-thumbnail sale taxable shipping-taxable purchasable product-type-simple\" >\n\t<span class=\"onsale\">Oferta!<\/span>\n\t<figure class=\"woocom-project\">\n\t<div class=\"woo-buttons-on-img\">\n\n\t\t<a href=\"https:\/\/etecmed.com\/ca\/producte\/pinzells-per-ungles-artificials\/\" class=\"alignnone layzr-bg\"><img loading=\"lazy\" decoding=\"async\" width=\"288\" height=\"184\" src=\"data:image\/svg+xml;charset=utf-8,%3Csvg xmlns%3D&#039;http%3A%2F%2Fwww.w3.org%2F2000%2Fsvg&#039; viewBox%3D&#039;0 0 288 184&#039;%2F%3E\" class=\"attachment-woocommerce_thumbnail size-woocommerce_thumbnail iso-lazy-load preload-me\" alt=\"Pinzells per a Ungles Artificials\" data-src=\"https:\/\/etecmed.com\/wp-content\/uploads\/2016\/02\/Ref-90318-Set-3-pinceles-u\u00f1as.jpg\" \/><\/a>\n\t<\/div>\n\t<figcaption class=\"woocom-list-content\">\n\n\t\t<div class=\"woo-buttons\"><a href=\"\/ca\/wp-json\/wp\/v2\/pages\/1421?add-to-cart=1725\" aria-describedby=\"woocommerce_loop_add_to_cart_link_describedby_1725\" data-quantity=\"1\" class=\"product_type_simple add_to_cart_button ajax_add_to_cart\" data-product_id=\"1725\" data-product_sku=\"90318\" aria-label=\"Afegeix a la cistella: &ldquo;Pinzells per a Ungles Artificials&rdquo;\" rel=\"nofollow\" data-success_message=\"&ldquo;Pinzells per a Ungles Artificials&rdquo; s&#039;ha afegit a la vostra cistella\" role=\"button\">Afegeix a la cistella<\/a>\t<span id=\"woocommerce_loop_add_to_cart_link_describedby_1725\" class=\"screen-reader-text\">\n\t\t\t<\/span>\n<\/div>\n\t<\/figcaption>\n<\/figure>\n<\/article><\/div><div class=\"hidden wf-cell category-247 visible\" data-post-id=\"1727\" data-date=\"2016-02-15T11:20:40+02:00\" data-name=\"Palets de Taronger\"><article class=\"post project-odd visible description-off product type-product post-1727 status-publish last instock product_cat-complements product_tag-estetica-ca product_tag-manicura-ca product_tag-pedicura-ca product_tag-peluqueria-ca product_tag-unas-acricilas-ca product_tag-unas-artificiales-ca has-post-thumbnail taxable shipping-taxable purchasable product-type-simple\" ><figure class=\"woocom-project\">\n\t<div class=\"woo-buttons-on-img\">\n\n\t\t<a href=\"https:\/\/etecmed.com\/ca\/producte\/palets-de-taronger\/\" class=\"alignnone layzr-bg\"><img loading=\"lazy\" decoding=\"async\" width=\"300\" height=\"300\" src=\"data:image\/svg+xml;charset=utf-8,%3Csvg xmlns%3D&#039;http%3A%2F%2Fwww.w3.org%2F2000%2Fsvg&#039; viewBox%3D&#039;0 0 300 300&#039;%2F%3E\" class=\"attachment-woocommerce_thumbnail size-woocommerce_thumbnail iso-lazy-load preload-me\" alt=\"Palets de Taronger\" data-src=\"https:\/\/etecmed.com\/wp-content\/uploads\/2016\/02\/Ref-90317-Palitos-de-naranjo-300x300.jpg\" data-srcset=\"https:\/\/etecmed.com\/wp-content\/uploads\/2016\/02\/Ref-90317-Palitos-de-naranjo-300x300.jpg 300w, https:\/\/etecmed.com\/wp-content\/uploads\/2016\/02\/Ref-90317-Palitos-de-naranjo-150x150.jpg 150w, https:\/\/etecmed.com\/wp-content\/uploads\/2016\/02\/Ref-90317-Palitos-de-naranjo-200x200.jpg 200w, https:\/\/etecmed.com\/wp-content\/uploads\/2016\/02\/Ref-90317-Palitos-de-naranjo.jpg 600w\" \/><\/a>\n\t<\/div>\n\t<figcaption class=\"woocom-list-content\">\n\n\t\t<div class=\"woocommerce-product-details__short-description\">\n\t<p>(25 utats.)<\/p>\n<\/div>\n<div class=\"woo-buttons\"><a href=\"\/ca\/wp-json\/wp\/v2\/pages\/1421?add-to-cart=1727\" aria-describedby=\"woocommerce_loop_add_to_cart_link_describedby_1727\" data-quantity=\"1\" class=\"product_type_simple add_to_cart_button ajax_add_to_cart\" data-product_id=\"1727\" data-product_sku=\"90317\" aria-label=\"Afegeix a la cistella: &ldquo;Palets de Taronger&rdquo;\" rel=\"nofollow\" data-success_message=\"&ldquo;Palets de Taronger&rdquo; s&#039;ha afegit a la vostra cistella\" role=\"button\">Afegeix a la cistella<\/a>\t<span id=\"woocommerce_loop_add_to_cart_link_describedby_1727\" class=\"screen-reader-text\">\n\t\t\t<\/span>\n<\/div>\n\t<\/figcaption>\n<\/figure>\n<\/article><\/div><div class=\"hidden wf-cell category-247 category-257 visible\" data-post-id=\"1728\" data-date=\"2016-02-15T11:12:37+02:00\" data-name=\"Punxons per a ungles\"><article class=\"post project-odd visible description-off product type-product post-1728 status-publish first instock product_cat-complements product_cat-promocions product_tag-estetica-ca product_tag-manicura-ca product_tag-pedicura-ca product_tag-peluqueria-ca product_tag-unas-acrilicas-ca product_tag-unas-artificiales-ca has-post-thumbnail sale taxable shipping-taxable purchasable product-type-simple\" >\n\t<span class=\"onsale\">Oferta!<\/span>\n\t<figure class=\"woocom-project\">\n\t<div class=\"woo-buttons-on-img\">\n\n\t\t<a href=\"https:\/\/etecmed.com\/ca\/producte\/puxons-per-ungles\/\" class=\"alignnone layzr-bg\"><img loading=\"lazy\" decoding=\"async\" width=\"300\" height=\"161\" src=\"data:image\/svg+xml;charset=utf-8,%3Csvg xmlns%3D&#039;http%3A%2F%2Fwww.w3.org%2F2000%2Fsvg&#039; viewBox%3D&#039;0 0 300 161&#039;%2F%3E\" class=\"attachment-woocommerce_thumbnail size-woocommerce_thumbnail iso-lazy-load preload-me\" alt=\"Punxons per a ungles\" data-src=\"https:\/\/etecmed.com\/wp-content\/uploads\/2016\/02\/Ref-90316-Set-5-punzones-300x161.jpg\" data-srcset=\"https:\/\/etecmed.com\/wp-content\/uploads\/2016\/02\/Ref-90316-Set-5-punzones-300x161.jpg 300w, https:\/\/etecmed.com\/wp-content\/uploads\/2016\/02\/Ref-90316-Set-5-punzones.jpg 385w\" \/><\/a>\n\t<\/div>\n\t<figcaption class=\"woocom-list-content\">\n\n\t\t<div class=\"woo-buttons\"><a href=\"\/ca\/wp-json\/wp\/v2\/pages\/1421?add-to-cart=1728\" aria-describedby=\"woocommerce_loop_add_to_cart_link_describedby_1728\" data-quantity=\"1\" class=\"product_type_simple add_to_cart_button ajax_add_to_cart\" data-product_id=\"1728\" data-product_sku=\"90316\" aria-label=\"Afegeix a la cistella: &ldquo;Punxons per a ungles&rdquo;\" rel=\"nofollow\" data-success_message=\"&ldquo;Punxons per a ungles&rdquo; s&#039;ha afegit a la vostra cistella\" role=\"button\">Afegeix a la cistella<\/a>\t<span id=\"woocommerce_loop_add_to_cart_link_describedby_1728\" class=\"screen-reader-text\">\n\t\t\t<\/span>\n<\/div>\n\t<\/figcaption>\n<\/figure>\n<\/article><\/div><div class=\"hidden wf-cell category-247 category-257 visible\" data-post-id=\"1730\" data-date=\"2016-02-12T13:31:05+02:00\" data-name=\"Motlles reutilitzables - Daurat\"><article class=\"post project-odd visible description-off product type-product post-1730 status-publish instock product_cat-complements product_cat-promocions product_tag-estetica-ca product_tag-manicura-ca product_tag-pedicura-ca product_tag-peluqueria-ca product_tag-unas-acrilicas-ca product_tag-unas-artificiales-ca has-post-thumbnail sale taxable shipping-taxable purchasable product-type-simple\" >\n\t<span class=\"onsale\">Oferta!<\/span>\n\t<figure class=\"woocom-project\">\n\t<div class=\"woo-buttons-on-img\">\n\n\t\t<a href=\"https:\/\/etecmed.com\/ca\/producte\/motlles-reutilitzables-daurat\/\" class=\"alignnone layzr-bg\"><img loading=\"lazy\" decoding=\"async\" width=\"300\" height=\"300\" src=\"data:image\/svg+xml;charset=utf-8,%3Csvg xmlns%3D&#039;http%3A%2F%2Fwww.w3.org%2F2000%2Fsvg&#039; viewBox%3D&#039;0 0 300 300&#039;%2F%3E\" class=\"attachment-woocommerce_thumbnail size-woocommerce_thumbnail iso-lazy-load preload-me\" alt=\"Motlles reutilitzables - Daurat\" data-src=\"https:\/\/etecmed.com\/wp-content\/uploads\/2016\/02\/Ref-90315-Moldes-reutlizables-dorado-300x300.jpg\" data-srcset=\"https:\/\/etecmed.com\/wp-content\/uploads\/2016\/02\/Ref-90315-Moldes-reutlizables-dorado-300x300.jpg 300w, https:\/\/etecmed.com\/wp-content\/uploads\/2016\/02\/Ref-90315-Moldes-reutlizables-dorado-150x150.jpg 150w, https:\/\/etecmed.com\/wp-content\/uploads\/2016\/02\/Ref-90315-Moldes-reutlizables-dorado-600x600.jpg 600w, https:\/\/etecmed.com\/wp-content\/uploads\/2016\/02\/Ref-90315-Moldes-reutlizables-dorado-200x200.jpg 200w, https:\/\/etecmed.com\/wp-content\/uploads\/2016\/02\/Ref-90315-Moldes-reutlizables-dorado.jpg 640w\" \/><\/a>\n\t<\/div>\n\t<figcaption class=\"woocom-list-content\">\n\n\t\t<div class=\"woocommerce-product-details__short-description\">\n\t<p>(5 utats.)<\/p>\n<\/div>\n<div class=\"woo-buttons\"><a href=\"\/ca\/wp-json\/wp\/v2\/pages\/1421?add-to-cart=1730\" aria-describedby=\"woocommerce_loop_add_to_cart_link_describedby_1730\" data-quantity=\"1\" class=\"product_type_simple add_to_cart_button ajax_add_to_cart\" data-product_id=\"1730\" data-product_sku=\"90315\" aria-label=\"Afegeix a la cistella: &ldquo;Motlles reutilitzables - Daurat&rdquo;\" rel=\"nofollow\" data-success_message=\"&ldquo;Motlles reutilitzables - Daurat&rdquo; s&#039;ha afegit a la vostra cistella\" role=\"button\">Afegeix a la cistella<\/a>\t<span id=\"woocommerce_loop_add_to_cart_link_describedby_1730\" class=\"screen-reader-text\">\n\t\t\t<\/span>\n<\/div>\n\t<\/figcaption>\n<\/figure>\n<\/article><\/div><div class=\"hidden wf-cell category-247 category-257 visible\" data-post-id=\"1732\" data-date=\"2016-02-12T13:24:00+02:00\" data-name=\"Motlles reutilitzables - Platejat\"><article class=\"post project-odd visible description-off product type-product post-1732 status-publish instock product_cat-complements product_cat-promocions product_tag-estetica-ca product_tag-manicura-ca product_tag-pedicura-ca product_tag-peluqueria-ca product_tag-unas-acrilicas-ca product_tag-unas-artificiales-ca has-post-thumbnail sale taxable shipping-taxable purchasable product-type-simple\" >\n\t<span class=\"onsale\">Oferta!<\/span>\n\t<figure class=\"woocom-project\">\n\t<div class=\"woo-buttons-on-img\">\n\n\t\t<a href=\"https:\/\/etecmed.com\/ca\/producte\/motlles-reutilitzables-platejat\/\" class=\"alignnone layzr-bg\"><img loading=\"lazy\" decoding=\"async\" width=\"297\" height=\"218\" src=\"data:image\/svg+xml;charset=utf-8,%3Csvg xmlns%3D&#039;http%3A%2F%2Fwww.w3.org%2F2000%2Fsvg&#039; viewBox%3D&#039;0 0 297 218&#039;%2F%3E\" class=\"attachment-woocommerce_thumbnail size-woocommerce_thumbnail iso-lazy-load preload-me\" alt=\"Motlles reutilitzables - Platejat\" data-src=\"https:\/\/etecmed.com\/wp-content\/uploads\/2016\/02\/Ref-90314-Moldes-reutilizables-plateado.jpg\" \/><\/a>\n\t<\/div>\n\t<figcaption class=\"woocom-list-content\">\n\n\t\t<div class=\"woocommerce-product-details__short-description\">\n\t<p>(5 utats.)<\/p>\n<\/div>\n<div class=\"woo-buttons\"><a href=\"\/ca\/wp-json\/wp\/v2\/pages\/1421?add-to-cart=1732\" aria-describedby=\"woocommerce_loop_add_to_cart_link_describedby_1732\" data-quantity=\"1\" class=\"product_type_simple add_to_cart_button ajax_add_to_cart\" data-product_id=\"1732\" data-product_sku=\"90314\" aria-label=\"Afegeix a la cistella: &ldquo;Motlles reutilitzables - Platejat&rdquo;\" rel=\"nofollow\" data-success_message=\"&ldquo;Motlles reutilitzables - Platejat&rdquo; s&#039;ha afegit a la vostra cistella\" role=\"button\">Afegeix a la cistella<\/a>\t<span id=\"woocommerce_loop_add_to_cart_link_describedby_1732\" class=\"screen-reader-text\">\n\t\t\t<\/span>\n<\/div>\n\t<\/figcaption>\n<\/figure>\n<\/article><\/div><div class=\"hidden wf-cell category-247 category-257 visible\" data-post-id=\"1735\" data-date=\"2016-02-12T13:18:52+02:00\" data-name=\"Dispensador Motlles\"><article class=\"post project-odd visible description-off product type-product post-1735 status-publish last instock product_cat-complements product_cat-promocions product_tag-estetica-ca product_tag-manicura-ca product_tag-pedicura-ca product_tag-peluqueria-ca product_tag-unas-ca product_tag-unas-acrilicas-ca product_tag-unas-artificiales-ca has-post-thumbnail sale taxable shipping-taxable purchasable product-type-simple\" >\n\t<span class=\"onsale\">Oferta!<\/span>\n\t<figure class=\"woocom-project\">\n\t<div class=\"woo-buttons-on-img\">\n\n\t\t<a href=\"https:\/\/etecmed.com\/ca\/producte\/dispensador-motlles\/\" class=\"alignnone layzr-bg\"><img loading=\"lazy\" decoding=\"async\" width=\"200\" height=\"200\" src=\"data:image\/svg+xml;charset=utf-8,%3Csvg xmlns%3D&#039;http%3A%2F%2Fwww.w3.org%2F2000%2Fsvg&#039; viewBox%3D&#039;0 0 200 200&#039;%2F%3E\" class=\"attachment-woocommerce_thumbnail size-woocommerce_thumbnail iso-lazy-load preload-me\" alt=\"Dispensador Motlles\" data-src=\"https:\/\/etecmed.com\/wp-content\/uploads\/2016\/02\/Ref-90313-Dispensador-moldes.jpg\" data-srcset=\"https:\/\/etecmed.com\/wp-content\/uploads\/2016\/02\/Ref-90313-Dispensador-moldes.jpg 200w, https:\/\/etecmed.com\/wp-content\/uploads\/2016\/02\/Ref-90313-Dispensador-moldes-150x150.jpg 150w\" \/><\/a>\n\t<\/div>\n\t<figcaption class=\"woocom-list-content\">\n\n\t\t<div class=\"woo-buttons\"><a href=\"\/ca\/wp-json\/wp\/v2\/pages\/1421?add-to-cart=1735\" aria-describedby=\"woocommerce_loop_add_to_cart_link_describedby_1735\" data-quantity=\"1\" class=\"product_type_simple add_to_cart_button ajax_add_to_cart\" data-product_id=\"1735\" data-product_sku=\"90313\" aria-label=\"Afegeix a la cistella: &ldquo;Dispensador Motlles&rdquo;\" rel=\"nofollow\" data-success_message=\"&ldquo;Dispensador Motlles&rdquo; s&#039;ha afegit a la vostra cistella\" role=\"button\">Afegeix a la cistella<\/a>\t<span id=\"woocommerce_loop_add_to_cart_link_describedby_1735\" class=\"screen-reader-text\">\n\t\t\t<\/span>\n<\/div>\n\t<\/figcaption>\n<\/figure>\n<\/article><\/div><div class=\"hidden wf-cell category-247 category-257 visible\" data-post-id=\"1737\" data-date=\"2016-02-12T11:46:51+02:00\" data-name=\"Motlle Ferradura\"><article class=\"post project-odd visible description-off product type-product post-1737 status-publish first instock product_cat-complements product_cat-promocions product_tag-estetica-ca product_tag-manicura-ca product_tag-pedicura-ca product_tag-peluqueria-ca product_tag-unas-acrilicas-ca product_tag-unas-aritificiales-ca has-post-thumbnail sale taxable shipping-taxable purchasable product-type-simple\" >\n\t<span class=\"onsale\">Oferta!<\/span>\n\t<figure class=\"woocom-project\">\n\t<div class=\"woo-buttons-on-img\">\n\n\t\t<a href=\"https:\/\/etecmed.com\/ca\/producte\/motlle-ferradura\/\" class=\"alignnone layzr-bg\"><img loading=\"lazy\" decoding=\"async\" width=\"300\" height=\"250\" src=\"data:image\/svg+xml;charset=utf-8,%3Csvg xmlns%3D&#039;http%3A%2F%2Fwww.w3.org%2F2000%2Fsvg&#039; viewBox%3D&#039;0 0 300 250&#039;%2F%3E\" class=\"attachment-woocommerce_thumbnail size-woocommerce_thumbnail iso-lazy-load preload-me\" alt=\"Motlle Ferradura\" data-src=\"https:\/\/etecmed.com\/wp-content\/uploads\/2016\/02\/Ref-90312-Molde-herradura-300x250.jpg\" data-srcset=\"https:\/\/etecmed.com\/wp-content\/uploads\/2016\/02\/Ref-90312-Molde-herradura-300x250.jpg 300w, https:\/\/etecmed.com\/wp-content\/uploads\/2016\/02\/Ref-90312-Molde-herradura.jpg 500w\" \/><\/a>\n\t<\/div>\n\t<figcaption class=\"woocom-list-content\">\n\n\t\t<div class=\"woocommerce-product-details__short-description\">\n\t<p>(500 utats.)<\/p>\n<\/div>\n<div class=\"woo-buttons\"><a href=\"\/ca\/wp-json\/wp\/v2\/pages\/1421?add-to-cart=1737\" aria-describedby=\"woocommerce_loop_add_to_cart_link_describedby_1737\" data-quantity=\"1\" class=\"product_type_simple add_to_cart_button ajax_add_to_cart\" data-product_id=\"1737\" data-product_sku=\"90312\" aria-label=\"Afegeix a la cistella: &ldquo;Motlle Ferradura&rdquo;\" rel=\"nofollow\" data-success_message=\"&ldquo;Motlle Ferradura&rdquo; s&#039;ha afegit a la vostra cistella\" role=\"button\">Afegeix a la cistella<\/a>\t<span id=\"woocommerce_loop_add_to_cart_link_describedby_1737\" class=\"screen-reader-text\">\n\t\t\t<\/span>\n<\/div>\n\t<\/figcaption>\n<\/figure>\n<\/article><\/div><div class=\"hidden wf-cell category-247 category-257 visible\" data-post-id=\"1738\" data-date=\"2016-02-12T11:44:08+02:00\" data-name=\"Motlle Universal\"><article class=\"post project-odd visible description-off product type-product post-1738 status-publish instock product_cat-complements product_cat-promocions product_tag-estetica-ca product_tag-manicura-ca product_tag-peluqueria-ca product_tag-unas-acrilicas-ca product_tag-unas-artificiales-ca has-post-thumbnail sale taxable shipping-taxable purchasable product-type-simple\" >\n\t<span class=\"onsale\">Oferta!<\/span>\n\t<figure class=\"woocom-project\">\n\t<div class=\"woo-buttons-on-img\">\n\n\t\t<a href=\"https:\/\/etecmed.com\/ca\/producte\/motlle-universal\/\" class=\"alignnone layzr-bg\"><img loading=\"lazy\" decoding=\"async\" width=\"200\" height=\"200\" src=\"data:image\/svg+xml;charset=utf-8,%3Csvg xmlns%3D&#039;http%3A%2F%2Fwww.w3.org%2F2000%2Fsvg&#039; viewBox%3D&#039;0 0 200 200&#039;%2F%3E\" class=\"attachment-woocommerce_thumbnail size-woocommerce_thumbnail iso-lazy-load preload-me\" alt=\"Motlle Universal\" data-src=\"https:\/\/etecmed.com\/wp-content\/uploads\/2016\/02\/Ref-90311-Molde-universal.jpg\" data-srcset=\"https:\/\/etecmed.com\/wp-content\/uploads\/2016\/02\/Ref-90311-Molde-universal.jpg 200w, https:\/\/etecmed.com\/wp-content\/uploads\/2016\/02\/Ref-90311-Molde-universal-150x150.jpg 150w\" \/><\/a>\n\t<\/div>\n\t<figcaption class=\"woocom-list-content\">\n\n\t\t<div class=\"woocommerce-product-details__short-description\">\n\t<p>(500 utats.)<\/p>\n<\/div>\n<div class=\"woo-buttons\"><a href=\"\/ca\/wp-json\/wp\/v2\/pages\/1421?add-to-cart=1738\" aria-describedby=\"woocommerce_loop_add_to_cart_link_describedby_1738\" data-quantity=\"1\" class=\"product_type_simple add_to_cart_button ajax_add_to_cart\" data-product_id=\"1738\" data-product_sku=\"90311\" aria-label=\"Afegeix a la cistella: &ldquo;Motlle Universal&rdquo;\" rel=\"nofollow\" data-success_message=\"&ldquo;Motlle Universal&rdquo; s&#039;ha afegit a la vostra cistella\" role=\"button\">Afegeix a la cistella<\/a>\t<span id=\"woocommerce_loop_add_to_cart_link_describedby_1738\" class=\"screen-reader-text\">\n\t\t\t<\/span>\n<\/div>\n\t<\/figcaption>\n<\/figure>\n<\/article><\/div><div class=\"hidden wf-cell category-252 visible\" data-post-id=\"1740\" data-date=\"2016-02-12T10:24:55+02:00\" data-name=\"Pin\u00e7a Ungles Artificials\"><article class=\"post project-odd visible description-off product type-product post-1740 status-publish instock product_cat-instrumental-ca product_tag-alicates-manicura-ca product_tag-alicates-pedicura-ca product_tag-estetica-ca product_tag-peluqueria-ca product_tag-pinza-ca product_tag-pinza-unas-artificiales-ca has-post-thumbnail taxable shipping-taxable purchasable product-type-simple\" ><figure class=\"woocom-project\">\n\t<div class=\"woo-buttons-on-img\">\n\n\t\t<a href=\"https:\/\/etecmed.com\/ca\/producte\/pinca-ungles-artificials\/\" class=\"alignnone layzr-bg\"><img loading=\"lazy\" decoding=\"async\" width=\"300\" height=\"57\" src=\"data:image\/svg+xml;charset=utf-8,%3Csvg xmlns%3D&#039;http%3A%2F%2Fwww.w3.org%2F2000%2Fsvg&#039; viewBox%3D&#039;0 0 300 57&#039;%2F%3E\" class=\"attachment-woocommerce_thumbnail size-woocommerce_thumbnail iso-lazy-load preload-me\" alt=\"Pin\u00e7a Ungles Artificials\" data-src=\"https:\/\/etecmed.com\/wp-content\/uploads\/2016\/02\/Ref-10623-Pinza-u\u00f1as-artificiales-300x57.jpg\" data-srcset=\"https:\/\/etecmed.com\/wp-content\/uploads\/2016\/02\/Ref-10623-Pinza-u\u00f1as-artificiales-300x57.jpg 300w, https:\/\/etecmed.com\/wp-content\/uploads\/2016\/02\/Ref-10623-Pinza-u\u00f1as-artificiales-1024x195.jpg 1024w, https:\/\/etecmed.com\/wp-content\/uploads\/2016\/02\/Ref-10623-Pinza-u\u00f1as-artificiales-768x146.jpg 768w, https:\/\/etecmed.com\/wp-content\/uploads\/2016\/02\/Ref-10623-Pinza-u\u00f1as-artificiales-1536x293.jpg 1536w, https:\/\/etecmed.com\/wp-content\/uploads\/2016\/02\/Ref-10623-Pinza-u\u00f1as-artificiales-2048x390.jpg 2048w, https:\/\/etecmed.com\/wp-content\/uploads\/2016\/02\/Ref-10623-Pinza-u\u00f1as-artificiales-600x114.jpg 600w\" \/><\/a>\n\t<\/div>\n\t<figcaption class=\"woocom-list-content\">\n\n\t\t<div class=\"woo-buttons\"><a href=\"\/ca\/wp-json\/wp\/v2\/pages\/1421?add-to-cart=1740\" aria-describedby=\"woocommerce_loop_add_to_cart_link_describedby_1740\" data-quantity=\"1\" class=\"product_type_simple add_to_cart_button ajax_add_to_cart\" data-product_id=\"1740\" data-product_sku=\"10623\" aria-label=\"Afegeix a la cistella: &ldquo;Pin\u00e7a Ungles Artificials&rdquo;\" rel=\"nofollow\" data-success_message=\"&ldquo;Pin\u00e7a Ungles Artificials&rdquo; s&#039;ha afegit a la vostra cistella\" role=\"button\">Afegeix a la cistella<\/a>\t<span id=\"woocommerce_loop_add_to_cart_link_describedby_1740\" class=\"screen-reader-text\">\n\t\t\t<\/span>\n<\/div>\n\t<\/figcaption>\n<\/figure>\n<\/article><\/div><div class=\"hidden wf-cell category-252 visible\" data-post-id=\"1742\" data-date=\"2016-02-12T10:22:49+02:00\" data-name=\"Fulles per a cortacallos\"><article class=\"post project-odd visible description-off product type-product post-1742 status-publish last instock product_cat-instrumental-ca product_tag-alicates-manicura-ca product_tag-alicates-pedicura-ca product_tag-estetica-ca product_tag-peluqueria-ca product_tag-podologia-ca has-post-thumbnail taxable shipping-taxable purchasable product-type-simple\" ><figure class=\"woocom-project\">\n\t<div class=\"woo-buttons-on-img\">\n\n\t\t<a href=\"https:\/\/etecmed.com\/ca\/producte\/hojas-cortacallos\/\" class=\"alignnone layzr-bg\"><img loading=\"lazy\" decoding=\"async\" width=\"300\" height=\"261\" src=\"data:image\/svg+xml;charset=utf-8,%3Csvg xmlns%3D&#039;http%3A%2F%2Fwww.w3.org%2F2000%2Fsvg&#039; viewBox%3D&#039;0 0 300 261&#039;%2F%3E\" class=\"attachment-woocommerce_thumbnail size-woocommerce_thumbnail iso-lazy-load preload-me\" alt=\"Fulles per a cortacallos\" data-src=\"https:\/\/etecmed.com\/wp-content\/uploads\/2016\/02\/Ref-10622-Hojas-cortacallos-300x261.jpg\" data-srcset=\"https:\/\/etecmed.com\/wp-content\/uploads\/2016\/02\/Ref-10622-Hojas-cortacallos-300x261.jpg 300w, https:\/\/etecmed.com\/wp-content\/uploads\/2016\/02\/Ref-10622-Hojas-cortacallos-1024x893.jpg 1024w, https:\/\/etecmed.com\/wp-content\/uploads\/2016\/02\/Ref-10622-Hojas-cortacallos-768x669.jpg 768w, https:\/\/etecmed.com\/wp-content\/uploads\/2016\/02\/Ref-10622-Hojas-cortacallos-1536x1339.jpg 1536w, https:\/\/etecmed.com\/wp-content\/uploads\/2016\/02\/Ref-10622-Hojas-cortacallos-600x523.jpg 600w, https:\/\/etecmed.com\/wp-content\/uploads\/2016\/02\/Ref-10622-Hojas-cortacallos.jpg 1542w\" \/><\/a>\n\t<\/div>\n\t<figcaption class=\"woocom-list-content\">\n\n\t\t<div class=\"woo-buttons\"><a href=\"\/ca\/wp-json\/wp\/v2\/pages\/1421?add-to-cart=1742\" aria-describedby=\"woocommerce_loop_add_to_cart_link_describedby_1742\" data-quantity=\"1\" class=\"product_type_simple add_to_cart_button ajax_add_to_cart\" data-product_id=\"1742\" data-product_sku=\"10622\" aria-label=\"Afegeix a la cistella: &ldquo;Fulles per a cortacallos&rdquo;\" rel=\"nofollow\" data-success_message=\"&ldquo;Fulles per a cortacallos&rdquo; s&#039;ha afegit a la vostra cistella\" role=\"button\">Afegeix a la cistella<\/a>\t<span id=\"woocommerce_loop_add_to_cart_link_describedby_1742\" class=\"screen-reader-text\">\n\t\t\t<\/span>\n<\/div>\n\t<\/figcaption>\n<\/figure>\n<\/article><\/div><div class=\"hidden wf-cell category-252 visible\" data-post-id=\"1745\" data-date=\"2016-02-12T10:20:37+02:00\" data-name=\"Alicates ungles pedicura - molla manxa\"><article class=\"post project-odd visible description-off product type-product post-1745 status-publish first instock product_cat-instrumental-ca product_tag-alicates-manicura-ca product_tag-alicates-pedicura-ca product_tag-estetica-ca product_tag-peluqueria-ca product_tag-podologia-ca has-post-thumbnail taxable shipping-taxable purchasable product-type-simple\" ><figure class=\"woocom-project\">\n\t<div class=\"woo-buttons-on-img\">\n\n\t\t<a href=\"https:\/\/etecmed.com\/ca\/producte\/alicates-ungles-pedicura-molla-manxa\/\" class=\"alignnone layzr-bg\"><img loading=\"lazy\" decoding=\"async\" width=\"300\" height=\"114\" src=\"data:image\/svg+xml;charset=utf-8,%3Csvg xmlns%3D&#039;http%3A%2F%2Fwww.w3.org%2F2000%2Fsvg&#039; viewBox%3D&#039;0 0 300 114&#039;%2F%3E\" class=\"attachment-woocommerce_thumbnail size-woocommerce_thumbnail iso-lazy-load preload-me\" alt=\"Alicates ungles pedicura - molla manxa\" data-src=\"https:\/\/etecmed.com\/wp-content\/uploads\/2016\/02\/Ref-10621-Alicates-u\u00f1as-pedicura-muelle-fuelle-300x114.jpg\" data-srcset=\"https:\/\/etecmed.com\/wp-content\/uploads\/2016\/02\/Ref-10621-Alicates-u\u00f1as-pedicura-muelle-fuelle-300x114.jpg 300w, https:\/\/etecmed.com\/wp-content\/uploads\/2016\/02\/Ref-10621-Alicates-u\u00f1as-pedicura-muelle-fuelle-1024x391.jpg 1024w, https:\/\/etecmed.com\/wp-content\/uploads\/2016\/02\/Ref-10621-Alicates-u\u00f1as-pedicura-muelle-fuelle-768x293.jpg 768w, https:\/\/etecmed.com\/wp-content\/uploads\/2016\/02\/Ref-10621-Alicates-u\u00f1as-pedicura-muelle-fuelle-1536x586.jpg 1536w, https:\/\/etecmed.com\/wp-content\/uploads\/2016\/02\/Ref-10621-Alicates-u\u00f1as-pedicura-muelle-fuelle-2048x782.jpg 2048w, https:\/\/etecmed.com\/wp-content\/uploads\/2016\/02\/Ref-10621-Alicates-u\u00f1as-pedicura-muelle-fuelle-600x229.jpg 600w\" \/><\/a>\n\t<\/div>\n\t<figcaption class=\"woocom-list-content\">\n\n\t\t<div class=\"woo-buttons\"><a href=\"\/ca\/wp-json\/wp\/v2\/pages\/1421?add-to-cart=1745\" aria-describedby=\"woocommerce_loop_add_to_cart_link_describedby_1745\" data-quantity=\"1\" class=\"product_type_simple add_to_cart_button ajax_add_to_cart\" data-product_id=\"1745\" data-product_sku=\"10621\" aria-label=\"Afegeix a la cistella: &ldquo;Alicates ungles pedicura - molla manxa&rdquo;\" rel=\"nofollow\" data-success_message=\"&ldquo;Alicates ungles pedicura - molla manxa&rdquo; s&#039;ha afegit a la vostra cistella\" role=\"button\">Afegeix a la cistella<\/a>\t<span id=\"woocommerce_loop_add_to_cart_link_describedby_1745\" class=\"screen-reader-text\">\n\t\t\t<\/span>\n<\/div>\n\t<\/figcaption>\n<\/figure>\n<\/article><\/div><div class=\"hidden wf-cell category-252 visible\" data-post-id=\"1747\" data-date=\"2016-02-12T10:18:18+02:00\" data-name=\"Pin\u00e7a corba\"><article class=\"post project-odd visible description-off product type-product post-1747 status-publish instock product_cat-instrumental-ca product_tag-alicates-manicura-ca product_tag-alicates-pedicura-ca product_tag-estetica-ca product_tag-peluqueria-ca product_tag-pinza-ca product_tag-pinzas-depilacion-ca has-post-thumbnail taxable shipping-taxable purchasable product-type-simple\" ><figure class=\"woocom-project\">\n\t<div class=\"woo-buttons-on-img\">\n\n\t\t<a href=\"https:\/\/etecmed.com\/ca\/producte\/pinca-corba\/\" class=\"alignnone layzr-bg\"><img loading=\"lazy\" decoding=\"async\" width=\"300\" height=\"59\" src=\"data:image\/svg+xml;charset=utf-8,%3Csvg xmlns%3D&#039;http%3A%2F%2Fwww.w3.org%2F2000%2Fsvg&#039; viewBox%3D&#039;0 0 300 59&#039;%2F%3E\" class=\"attachment-woocommerce_thumbnail size-woocommerce_thumbnail iso-lazy-load preload-me\" alt=\"Pin\u00e7a corba\" data-src=\"https:\/\/etecmed.com\/wp-content\/uploads\/2016\/02\/Ref-10619-Pinza-curva-300x59.jpg\" data-srcset=\"https:\/\/etecmed.com\/wp-content\/uploads\/2016\/02\/Ref-10619-Pinza-curva-300x59.jpg 300w, https:\/\/etecmed.com\/wp-content\/uploads\/2016\/02\/Ref-10619-Pinza-curva-1024x202.jpg 1024w, https:\/\/etecmed.com\/wp-content\/uploads\/2016\/02\/Ref-10619-Pinza-curva-768x151.jpg 768w, https:\/\/etecmed.com\/wp-content\/uploads\/2016\/02\/Ref-10619-Pinza-curva-1536x302.jpg 1536w, https:\/\/etecmed.com\/wp-content\/uploads\/2016\/02\/Ref-10619-Pinza-curva-2048x403.jpg 2048w, https:\/\/etecmed.com\/wp-content\/uploads\/2016\/02\/Ref-10619-Pinza-curva-600x118.jpg 600w\" \/><\/a>\n\t<\/div>\n\t<figcaption class=\"woocom-list-content\">\n\n\t\t<div class=\"woo-buttons\"><a href=\"\/ca\/wp-json\/wp\/v2\/pages\/1421?add-to-cart=1747\" aria-describedby=\"woocommerce_loop_add_to_cart_link_describedby_1747\" data-quantity=\"1\" class=\"product_type_simple add_to_cart_button ajax_add_to_cart\" data-product_id=\"1747\" data-product_sku=\"10619\" aria-label=\"Afegeix a la cistella: &ldquo;Pin\u00e7a corba&rdquo;\" rel=\"nofollow\" data-success_message=\"&ldquo;Pin\u00e7a corba&rdquo; s&#039;ha afegit a la vostra cistella\" role=\"button\">Afegeix a la cistella<\/a>\t<span id=\"woocommerce_loop_add_to_cart_link_describedby_1747\" class=\"screen-reader-text\">\n\t\t\t<\/span>\n<\/div>\n\t<\/figcaption>\n<\/figure>\n<\/article><\/div><div class=\"hidden wf-cell category-252 visible\" data-post-id=\"1748\" data-date=\"2016-02-12T10:16:13+02:00\" data-name=\"Pin\u00e7a recta\"><article class=\"post project-odd visible description-off product type-product post-1748 status-publish instock product_cat-instrumental-ca product_tag-alicates-manicura-ca product_tag-alicates-pedicura-ca product_tag-estetica-ca product_tag-peluqueria-ca product_tag-pinza-ca product_tag-pinza-depilacion-ca has-post-thumbnail taxable shipping-taxable purchasable product-type-simple\" ><figure class=\"woocom-project\">\n\t<div class=\"woo-buttons-on-img\">\n\n\t\t<a href=\"https:\/\/etecmed.com\/ca\/producte\/pinca-recta\/\" class=\"alignnone layzr-bg\"><img loading=\"lazy\" decoding=\"async\" width=\"300\" height=\"61\" src=\"data:image\/svg+xml;charset=utf-8,%3Csvg xmlns%3D&#039;http%3A%2F%2Fwww.w3.org%2F2000%2Fsvg&#039; viewBox%3D&#039;0 0 300 61&#039;%2F%3E\" class=\"attachment-woocommerce_thumbnail size-woocommerce_thumbnail iso-lazy-load preload-me\" alt=\"Pin\u00e7a recta\" data-src=\"https:\/\/etecmed.com\/wp-content\/uploads\/2016\/02\/Ref-10618-Pinza-recta-300x61.jpg\" data-srcset=\"https:\/\/etecmed.com\/wp-content\/uploads\/2016\/02\/Ref-10618-Pinza-recta-300x61.jpg 300w, https:\/\/etecmed.com\/wp-content\/uploads\/2016\/02\/Ref-10618-Pinza-recta-1024x208.jpg 1024w, https:\/\/etecmed.com\/wp-content\/uploads\/2016\/02\/Ref-10618-Pinza-recta-768x156.jpg 768w, https:\/\/etecmed.com\/wp-content\/uploads\/2016\/02\/Ref-10618-Pinza-recta-1536x312.jpg 1536w, https:\/\/etecmed.com\/wp-content\/uploads\/2016\/02\/Ref-10618-Pinza-recta-2048x416.jpg 2048w, https:\/\/etecmed.com\/wp-content\/uploads\/2016\/02\/Ref-10618-Pinza-recta-600x122.jpg 600w\" \/><\/a>\n\t<\/div>\n\t<figcaption class=\"woocom-list-content\">\n\n\t\t<div class=\"woo-buttons\"><a href=\"\/ca\/wp-json\/wp\/v2\/pages\/1421?add-to-cart=1748\" aria-describedby=\"woocommerce_loop_add_to_cart_link_describedby_1748\" data-quantity=\"1\" class=\"product_type_simple add_to_cart_button ajax_add_to_cart\" data-product_id=\"1748\" data-product_sku=\"10618\" aria-label=\"Afegeix a la cistella: &ldquo;Pin\u00e7a recta&rdquo;\" rel=\"nofollow\" data-success_message=\"&ldquo;Pin\u00e7a recta&rdquo; s&#039;ha afegit a la vostra cistella\" role=\"button\">Afegeix a la cistella<\/a>\t<span id=\"woocommerce_loop_add_to_cart_link_describedby_1748\" class=\"screen-reader-text\">\n\t\t\t<\/span>\n<\/div>\n\t<\/figcaption>\n<\/figure>\n<\/article><\/div><div class=\"hidden wf-cell category-252 visible\" data-post-id=\"1750\" data-date=\"2016-02-12T10:14:22+02:00\" data-name=\"Pin\u00e7a obliqua\"><article class=\"post project-odd visible description-off product type-product post-1750 status-publish last instock product_cat-instrumental-ca product_tag-alicates-manicura-ca product_tag-alicates-pedicura-ca product_tag-estetica-ca product_tag-peluqueria-ca product_tag-pinzas-ca product_tag-pinzas-depilacion-ca has-post-thumbnail taxable shipping-taxable purchasable product-type-simple\" ><figure class=\"woocom-project\">\n\t<div class=\"woo-buttons-on-img\">\n\n\t\t<a href=\"https:\/\/etecmed.com\/ca\/producte\/pinca-obliqua\/\" class=\"alignnone layzr-bg\"><img loading=\"lazy\" decoding=\"async\" width=\"300\" height=\"59\" src=\"data:image\/svg+xml;charset=utf-8,%3Csvg xmlns%3D&#039;http%3A%2F%2Fwww.w3.org%2F2000%2Fsvg&#039; viewBox%3D&#039;0 0 300 59&#039;%2F%3E\" class=\"attachment-woocommerce_thumbnail size-woocommerce_thumbnail iso-lazy-load preload-me\" alt=\"Pin\u00e7a obliqua\" data-src=\"https:\/\/etecmed.com\/wp-content\/uploads\/2016\/02\/Ref-10617-Pinza-oblicua-300x59.jpg\" data-srcset=\"https:\/\/etecmed.com\/wp-content\/uploads\/2016\/02\/Ref-10617-Pinza-oblicua-300x59.jpg 300w, https:\/\/etecmed.com\/wp-content\/uploads\/2016\/02\/Ref-10617-Pinza-oblicua-1024x201.jpg 1024w, https:\/\/etecmed.com\/wp-content\/uploads\/2016\/02\/Ref-10617-Pinza-oblicua-768x151.jpg 768w, https:\/\/etecmed.com\/wp-content\/uploads\/2016\/02\/Ref-10617-Pinza-oblicua-1536x302.jpg 1536w, https:\/\/etecmed.com\/wp-content\/uploads\/2016\/02\/Ref-10617-Pinza-oblicua-2048x403.jpg 2048w, https:\/\/etecmed.com\/wp-content\/uploads\/2016\/02\/Ref-10617-Pinza-oblicua-600x118.jpg 600w\" \/><\/a>\n\t<\/div>\n\t<figcaption class=\"woocom-list-content\">\n\n\t\t<div class=\"woo-buttons\"><a href=\"\/ca\/wp-json\/wp\/v2\/pages\/1421?add-to-cart=1750\" aria-describedby=\"woocommerce_loop_add_to_cart_link_describedby_1750\" data-quantity=\"1\" class=\"product_type_simple add_to_cart_button ajax_add_to_cart\" data-product_id=\"1750\" data-product_sku=\"10617\" aria-label=\"Afegeix a la cistella: &ldquo;Pin\u00e7a obliqua&rdquo;\" rel=\"nofollow\" data-success_message=\"&ldquo;Pin\u00e7a obliqua&rdquo; s&#039;ha afegit a la vostra cistella\" role=\"button\">Afegeix a la cistella<\/a>\t<span id=\"woocommerce_loop_add_to_cart_link_describedby_1750\" class=\"screen-reader-text\">\n\t\t\t<\/span>\n<\/div>\n\t<\/figcaption>\n<\/figure>\n<\/article><\/div><div class=\"hidden wf-cell category-252 visible\" data-post-id=\"1752\" data-date=\"2016-02-12T10:12:32+02:00\" data-name=\"Talla tips amb cargol\"><article class=\"post project-odd visible description-off product type-product post-1752 status-publish first instock product_cat-instrumental-ca product_tag-alicates-manicura-ca product_tag-alicates-pedicura-ca product_tag-estetica-ca product_tag-peluqueria-ca product_tag-podologia-ca has-post-thumbnail taxable shipping-taxable purchasable product-type-simple\" ><figure class=\"woocom-project\">\n\t<div class=\"woo-buttons-on-img\">\n\n\t\t<a href=\"https:\/\/etecmed.com\/ca\/producte\/cortacallos-con-tornillo\/\" class=\"alignnone layzr-bg\"><img loading=\"lazy\" decoding=\"async\" width=\"300\" height=\"69\" src=\"data:image\/svg+xml;charset=utf-8,%3Csvg xmlns%3D&#039;http%3A%2F%2Fwww.w3.org%2F2000%2Fsvg&#039; viewBox%3D&#039;0 0 300 69&#039;%2F%3E\" class=\"attachment-woocommerce_thumbnail size-woocommerce_thumbnail iso-lazy-load preload-me\" alt=\"Talla tips amb cargol\" data-src=\"https:\/\/etecmed.com\/wp-content\/uploads\/2016\/02\/Ref-10616-Cortacallos-con-tornillo-1-300x69.jpg\" data-srcset=\"https:\/\/etecmed.com\/wp-content\/uploads\/2016\/02\/Ref-10616-Cortacallos-con-tornillo-1-300x69.jpg 300w, https:\/\/etecmed.com\/wp-content\/uploads\/2016\/02\/Ref-10616-Cortacallos-con-tornillo-1-1024x235.jpg 1024w, https:\/\/etecmed.com\/wp-content\/uploads\/2016\/02\/Ref-10616-Cortacallos-con-tornillo-1-768x176.jpg 768w, https:\/\/etecmed.com\/wp-content\/uploads\/2016\/02\/Ref-10616-Cortacallos-con-tornillo-1-1536x352.jpg 1536w, https:\/\/etecmed.com\/wp-content\/uploads\/2016\/02\/Ref-10616-Cortacallos-con-tornillo-1-2048x470.jpg 2048w, https:\/\/etecmed.com\/wp-content\/uploads\/2016\/02\/Ref-10616-Cortacallos-con-tornillo-1-600x138.jpg 600w\" \/><\/a>\n\t<\/div>\n\t<figcaption class=\"woocom-list-content\">\n\n\t\t<div class=\"woo-buttons\"><a href=\"\/ca\/wp-json\/wp\/v2\/pages\/1421?add-to-cart=1752\" aria-describedby=\"woocommerce_loop_add_to_cart_link_describedby_1752\" data-quantity=\"1\" class=\"product_type_simple add_to_cart_button ajax_add_to_cart\" data-product_id=\"1752\" data-product_sku=\"10616\" aria-label=\"Afegeix a la cistella: &ldquo;Talla tips amb cargol&rdquo;\" rel=\"nofollow\" data-success_message=\"&ldquo;Talla tips amb cargol&rdquo; s&#039;ha afegit a la vostra cistella\" role=\"button\">Afegeix a la cistella<\/a>\t<span id=\"woocommerce_loop_add_to_cart_link_describedby_1752\" class=\"screen-reader-text\">\n\t\t\t<\/span>\n<\/div>\n\t<\/figcaption>\n<\/figure>\n<\/article><\/div><div class=\"hidden wf-cell category-252 visible\" data-post-id=\"1755\" data-date=\"2016-02-12T10:10:54+02:00\" data-name=\"Talla tips sense cargol\"><article class=\"post project-odd visible description-off product type-product post-1755 status-publish instock product_cat-instrumental-ca product_tag-alicates-manicura-ca product_tag-alicates-pedicura-ca product_tag-estetica-ca product_tag-peluqueria-ca product_tag-podologia-ca has-post-thumbnail taxable shipping-taxable purchasable product-type-simple\" ><figure class=\"woocom-project\">\n\t<div class=\"woo-buttons-on-img\">\n\n\t\t<a href=\"https:\/\/etecmed.com\/ca\/producte\/talla-tips-sense-cargol\/\" class=\"alignnone layzr-bg\"><img loading=\"lazy\" decoding=\"async\" width=\"300\" height=\"71\" src=\"data:image\/svg+xml;charset=utf-8,%3Csvg xmlns%3D&#039;http%3A%2F%2Fwww.w3.org%2F2000%2Fsvg&#039; viewBox%3D&#039;0 0 300 71&#039;%2F%3E\" class=\"attachment-woocommerce_thumbnail size-woocommerce_thumbnail iso-lazy-load preload-me\" alt=\"Talla tips sense cargol\" data-src=\"https:\/\/etecmed.com\/wp-content\/uploads\/2016\/02\/Ref-10615-Cortacallos-sin-tornillo-300x71.jpg\" data-srcset=\"https:\/\/etecmed.com\/wp-content\/uploads\/2016\/02\/Ref-10615-Cortacallos-sin-tornillo-300x71.jpg 300w, https:\/\/etecmed.com\/wp-content\/uploads\/2016\/02\/Ref-10615-Cortacallos-sin-tornillo-1024x242.jpg 1024w, https:\/\/etecmed.com\/wp-content\/uploads\/2016\/02\/Ref-10615-Cortacallos-sin-tornillo-768x181.jpg 768w, https:\/\/etecmed.com\/wp-content\/uploads\/2016\/02\/Ref-10615-Cortacallos-sin-tornillo-1536x363.jpg 1536w, https:\/\/etecmed.com\/wp-content\/uploads\/2016\/02\/Ref-10615-Cortacallos-sin-tornillo-2048x484.jpg 2048w, https:\/\/etecmed.com\/wp-content\/uploads\/2016\/02\/Ref-10615-Cortacallos-sin-tornillo-600x142.jpg 600w\" \/><\/a>\n\t<\/div>\n\t<figcaption class=\"woocom-list-content\">\n\n\t\t<div class=\"woo-buttons\"><a href=\"\/ca\/wp-json\/wp\/v2\/pages\/1421?add-to-cart=1755\" aria-describedby=\"woocommerce_loop_add_to_cart_link_describedby_1755\" data-quantity=\"1\" class=\"product_type_simple add_to_cart_button ajax_add_to_cart\" data-product_id=\"1755\" data-product_sku=\"10615\" aria-label=\"Afegeix a la cistella: &ldquo;Talla tips sense cargol&rdquo;\" rel=\"nofollow\" data-success_message=\"&ldquo;Talla tips sense cargol&rdquo; s&#039;ha afegit a la vostra cistella\" role=\"button\">Afegeix a la cistella<\/a>\t<span id=\"woocommerce_loop_add_to_cart_link_describedby_1755\" class=\"screen-reader-text\">\n\t\t\t<\/span>\n<\/div>\n\t<\/figcaption>\n<\/figure>\n<\/article><\/div><div class=\"hidden wf-cell category-252 visible\" data-post-id=\"1757\" data-date=\"2016-02-12T10:08:30+02:00\" data-name=\"Extractor llanceta\"><article class=\"post project-odd visible description-off product type-product post-1757 status-publish instock product_cat-instrumental-ca product_tag-alicates-manicura-ca product_tag-alicates-pedicura-ca product_tag-estetica-ca product_tag-peluqueria-ca product_tag-podologia-ca has-post-thumbnail taxable shipping-taxable purchasable product-type-simple\" ><figure class=\"woocom-project\">\n\t<div class=\"woo-buttons-on-img\">\n\n\t\t<a href=\"https:\/\/etecmed.com\/ca\/producte\/extractor-llanceta\/\" class=\"alignnone layzr-bg\"><img loading=\"lazy\" decoding=\"async\" width=\"300\" height=\"21\" src=\"data:image\/svg+xml;charset=utf-8,%3Csvg xmlns%3D&#039;http%3A%2F%2Fwww.w3.org%2F2000%2Fsvg&#039; viewBox%3D&#039;0 0 300 21&#039;%2F%3E\" class=\"attachment-woocommerce_thumbnail size-woocommerce_thumbnail iso-lazy-load preload-me\" alt=\"Extractor llanceta\" data-src=\"https:\/\/etecmed.com\/wp-content\/uploads\/2016\/02\/Ref-10614-Extractor-lanceta-300x21.jpg\" data-srcset=\"https:\/\/etecmed.com\/wp-content\/uploads\/2016\/02\/Ref-10614-Extractor-lanceta-300x21.jpg 300w, https:\/\/etecmed.com\/wp-content\/uploads\/2016\/02\/Ref-10614-Extractor-lanceta-1024x72.jpg 1024w, https:\/\/etecmed.com\/wp-content\/uploads\/2016\/02\/Ref-10614-Extractor-lanceta-768x54.jpg 768w, https:\/\/etecmed.com\/wp-content\/uploads\/2016\/02\/Ref-10614-Extractor-lanceta-1536x108.jpg 1536w, https:\/\/etecmed.com\/wp-content\/uploads\/2016\/02\/Ref-10614-Extractor-lanceta-2048x144.jpg 2048w, https:\/\/etecmed.com\/wp-content\/uploads\/2016\/02\/Ref-10614-Extractor-lanceta-600x42.jpg 600w\" \/><\/a>\n\t<\/div>\n\t<figcaption class=\"woocom-list-content\">\n\n\t\t<div class=\"woo-buttons\"><a href=\"\/ca\/wp-json\/wp\/v2\/pages\/1421?add-to-cart=1757\" aria-describedby=\"woocommerce_loop_add_to_cart_link_describedby_1757\" data-quantity=\"1\" class=\"product_type_simple add_to_cart_button ajax_add_to_cart\" data-product_id=\"1757\" data-product_sku=\"10614\" aria-label=\"Afegeix a la cistella: &ldquo;Extractor llanceta&rdquo;\" rel=\"nofollow\" data-success_message=\"&ldquo;Extractor llanceta&rdquo; s&#039;ha afegit a la vostra cistella\" role=\"button\">Afegeix a la cistella<\/a>\t<span id=\"woocommerce_loop_add_to_cart_link_describedby_1757\" class=\"screen-reader-text\">\n\t\t\t<\/span>\n<\/div>\n\t<\/figcaption>\n<\/figure>\n<\/article><\/div><div class=\"hidden wf-cell category-252 visible\" data-post-id=\"1758\" data-date=\"2016-02-12T10:06:24+02:00\" data-name=\"Extractor cut\u00edcules\"><article class=\"post project-odd visible description-off product type-product post-1758 status-publish last instock product_cat-instrumental-ca product_tag-alicates-manicura-ca product_tag-alicates-pedicura-ca product_tag-estetica-ca product_tag-peluqueria-ca product_tag-podologia-ca has-post-thumbnail taxable shipping-taxable purchasable product-type-simple\" ><figure class=\"woocom-project\">\n\t<div class=\"woo-buttons-on-img\">\n\n\t\t<a href=\"https:\/\/etecmed.com\/ca\/producte\/extractor-cuticules\/\" class=\"alignnone layzr-bg\"><img loading=\"lazy\" decoding=\"async\" width=\"300\" height=\"31\" src=\"data:image\/svg+xml;charset=utf-8,%3Csvg xmlns%3D&#039;http%3A%2F%2Fwww.w3.org%2F2000%2Fsvg&#039; viewBox%3D&#039;0 0 300 31&#039;%2F%3E\" class=\"attachment-woocommerce_thumbnail size-woocommerce_thumbnail iso-lazy-load preload-me\" alt=\"Extractor cut\u00edcules\" data-src=\"https:\/\/etecmed.com\/wp-content\/uploads\/2016\/02\/Ref-10613-Extractor-cut\u00edculas-300x31.jpg\" data-srcset=\"https:\/\/etecmed.com\/wp-content\/uploads\/2016\/02\/Ref-10613-Extractor-cut\u00edculas-300x31.jpg 300w, https:\/\/etecmed.com\/wp-content\/uploads\/2016\/02\/Ref-10613-Extractor-cut\u00edculas-1024x105.jpg 1024w, https:\/\/etecmed.com\/wp-content\/uploads\/2016\/02\/Ref-10613-Extractor-cut\u00edculas-768x79.jpg 768w, https:\/\/etecmed.com\/wp-content\/uploads\/2016\/02\/Ref-10613-Extractor-cut\u00edculas-1536x158.jpg 1536w, https:\/\/etecmed.com\/wp-content\/uploads\/2016\/02\/Ref-10613-Extractor-cut\u00edculas-2048x210.jpg 2048w, https:\/\/etecmed.com\/wp-content\/uploads\/2016\/02\/Ref-10613-Extractor-cut\u00edculas-600x62.jpg 600w\" \/><\/a>\n\t<\/div>\n\t<figcaption class=\"woocom-list-content\">\n\n\t\t<div class=\"woo-buttons\"><a href=\"\/ca\/wp-json\/wp\/v2\/pages\/1421?add-to-cart=1758\" aria-describedby=\"woocommerce_loop_add_to_cart_link_describedby_1758\" data-quantity=\"1\" class=\"product_type_simple add_to_cart_button ajax_add_to_cart\" data-product_id=\"1758\" data-product_sku=\"10613\" aria-label=\"Afegeix a la cistella: &ldquo;Extractor cut\u00edcules&rdquo;\" rel=\"nofollow\" data-success_message=\"&ldquo;Extractor cut\u00edcules&rdquo; s&#039;ha afegit a la vostra cistella\" role=\"button\">Afegeix a la cistella<\/a>\t<span id=\"woocommerce_loop_add_to_cart_link_describedby_1758\" class=\"screen-reader-text\">\n\t\t\t<\/span>\n<\/div>\n\t<\/figcaption>\n<\/figure>\n<\/article><\/div><div class=\"hidden wf-cell category-252 visible\" data-post-id=\"1760\" data-date=\"2016-02-12T10:04:29+02:00\" data-name=\"Extractor de comedons\"><article class=\"post project-odd visible description-off product type-product post-1760 status-publish first instock product_cat-instrumental-ca product_tag-alicates-manicura-ca product_tag-alicates-pedicura-ca product_tag-estetica-ca product_tag-peluqueria-ca product_tag-podologia-ca has-post-thumbnail taxable shipping-taxable purchasable product-type-simple\" ><figure class=\"woocom-project\">\n\t<div class=\"woo-buttons-on-img\">\n\n\t\t<a href=\"https:\/\/etecmed.com\/ca\/producte\/extractor-comedons\/\" class=\"alignnone layzr-bg\"><img loading=\"lazy\" decoding=\"async\" width=\"300\" height=\"30\" src=\"data:image\/svg+xml;charset=utf-8,%3Csvg xmlns%3D&#039;http%3A%2F%2Fwww.w3.org%2F2000%2Fsvg&#039; viewBox%3D&#039;0 0 300 30&#039;%2F%3E\" class=\"attachment-woocommerce_thumbnail size-woocommerce_thumbnail iso-lazy-load preload-me\" alt=\"Extractor de comedons\" data-src=\"https:\/\/etecmed.com\/wp-content\/uploads\/2016\/02\/Ref-10612-Extractor-comedones-300x30.jpg\" data-srcset=\"https:\/\/etecmed.com\/wp-content\/uploads\/2016\/02\/Ref-10612-Extractor-comedones-300x30.jpg 300w, https:\/\/etecmed.com\/wp-content\/uploads\/2016\/02\/Ref-10612-Extractor-comedones-1024x104.jpg 1024w, https:\/\/etecmed.com\/wp-content\/uploads\/2016\/02\/Ref-10612-Extractor-comedones-768x78.jpg 768w, https:\/\/etecmed.com\/wp-content\/uploads\/2016\/02\/Ref-10612-Extractor-comedones-1536x155.jpg 1536w, https:\/\/etecmed.com\/wp-content\/uploads\/2016\/02\/Ref-10612-Extractor-comedones-2048x207.jpg 2048w, https:\/\/etecmed.com\/wp-content\/uploads\/2016\/02\/Ref-10612-Extractor-comedones-600x61.jpg 600w\" \/><\/a>\n\t<\/div>\n\t<figcaption class=\"woocom-list-content\">\n\n\t\t<div class=\"woo-buttons\"><a href=\"\/ca\/wp-json\/wp\/v2\/pages\/1421?add-to-cart=1760\" aria-describedby=\"woocommerce_loop_add_to_cart_link_describedby_1760\" data-quantity=\"1\" class=\"product_type_simple add_to_cart_button ajax_add_to_cart\" data-product_id=\"1760\" data-product_sku=\"10612\" aria-label=\"Afegeix a la cistella: &ldquo;Extractor de comedons&rdquo;\" rel=\"nofollow\" data-success_message=\"&ldquo;Extractor de comedons&rdquo; s&#039;ha afegit a la vostra cistella\" role=\"button\">Afegeix a la cistella<\/a>\t<span id=\"woocommerce_loop_add_to_cart_link_describedby_1760\" class=\"screen-reader-text\">\n\t\t\t<\/span>\n<\/div>\n\t<\/figcaption>\n<\/figure>\n<\/article><\/div><div class=\"hidden wf-cell category-252 visible\" data-post-id=\"1762\" data-date=\"2016-02-12T10:02:46+02:00\" data-name=\"Tisora cut\u00edcula corba\"><article class=\"post project-odd visible description-off product type-product post-1762 status-publish instock product_cat-instrumental-ca product_tag-alicates-manicura-ca product_tag-alicates-pedicura-ca product_tag-estetica-ca product_tag-peluqueria-ca product_tag-podologia-ca product_tag-tijeras-ca has-post-thumbnail taxable shipping-taxable purchasable product-type-simple\" ><figure class=\"woocom-project\">\n\t<div class=\"woo-buttons-on-img\">\n\n\t\t<a href=\"https:\/\/etecmed.com\/ca\/producte\/tijeras-cuticulas\/\" class=\"alignnone layzr-bg\"><img loading=\"lazy\" decoding=\"async\" width=\"300\" height=\"139\" src=\"data:image\/svg+xml;charset=utf-8,%3Csvg xmlns%3D&#039;http%3A%2F%2Fwww.w3.org%2F2000%2Fsvg&#039; viewBox%3D&#039;0 0 300 139&#039;%2F%3E\" class=\"attachment-woocommerce_thumbnail size-woocommerce_thumbnail iso-lazy-load preload-me\" alt=\"Tisora cut\u00edcula corba\" data-src=\"https:\/\/etecmed.com\/wp-content\/uploads\/2016\/02\/Ref-10611-Tijeras-cut\u00edculas-300x139.jpg\" data-srcset=\"https:\/\/etecmed.com\/wp-content\/uploads\/2016\/02\/Ref-10611-Tijeras-cut\u00edculas-300x139.jpg 300w, https:\/\/etecmed.com\/wp-content\/uploads\/2016\/02\/Ref-10611-Tijeras-cut\u00edculas-1024x475.jpg 1024w, https:\/\/etecmed.com\/wp-content\/uploads\/2016\/02\/Ref-10611-Tijeras-cut\u00edculas-768x357.jpg 768w, https:\/\/etecmed.com\/wp-content\/uploads\/2016\/02\/Ref-10611-Tijeras-cut\u00edculas-1536x713.jpg 1536w, https:\/\/etecmed.com\/wp-content\/uploads\/2016\/02\/Ref-10611-Tijeras-cut\u00edculas-2048x951.jpg 2048w, https:\/\/etecmed.com\/wp-content\/uploads\/2016\/02\/Ref-10611-Tijeras-cut\u00edculas-600x279.jpg 600w\" \/><\/a>\n\t<\/div>\n\t<figcaption class=\"woocom-list-content\">\n\n\t\t<div class=\"woo-buttons\"><a href=\"\/ca\/wp-json\/wp\/v2\/pages\/1421?add-to-cart=1762\" aria-describedby=\"woocommerce_loop_add_to_cart_link_describedby_1762\" data-quantity=\"1\" class=\"product_type_simple add_to_cart_button ajax_add_to_cart\" data-product_id=\"1762\" data-product_sku=\"10611\" aria-label=\"Afegeix a la cistella: &ldquo;Tisora cut\u00edcula corba&rdquo;\" rel=\"nofollow\" data-success_message=\"&ldquo;Tisora cut\u00edcula corba&rdquo; s&#039;ha afegit a la vostra cistella\" role=\"button\">Afegeix a la cistella<\/a>\t<span id=\"woocommerce_loop_add_to_cart_link_describedby_1762\" class=\"screen-reader-text\">\n\t\t\t<\/span>\n<\/div>\n\t<\/figcaption>\n<\/figure>\n<\/article><\/div><div class=\"hidden wf-cell category-252 visible\" data-post-id=\"1765\" data-date=\"2016-02-12T10:01:02+02:00\" data-name=\"Tisora recta\"><article class=\"post project-odd visible description-off product type-product post-1765 status-publish instock product_cat-instrumental-ca product_tag-alicates-manicura-ca product_tag-alicates-pedicura-ca product_tag-estetica-ca product_tag-peluqueria-ca product_tag-podologia-ca product_tag-tijeras-ca has-post-thumbnail taxable shipping-taxable purchasable product-type-simple\" ><figure class=\"woocom-project\">\n\t<div class=\"woo-buttons-on-img\">\n\n\t\t<a href=\"https:\/\/etecmed.com\/ca\/producte\/tisores-ungles\/\" class=\"alignnone layzr-bg\"><img loading=\"lazy\" decoding=\"async\" width=\"300\" height=\"133\" src=\"data:image\/svg+xml;charset=utf-8,%3Csvg xmlns%3D&#039;http%3A%2F%2Fwww.w3.org%2F2000%2Fsvg&#039; viewBox%3D&#039;0 0 300 133&#039;%2F%3E\" class=\"attachment-woocommerce_thumbnail size-woocommerce_thumbnail iso-lazy-load preload-me\" alt=\"Tisora recta\" data-src=\"https:\/\/etecmed.com\/wp-content\/uploads\/2016\/02\/Ref-10610-Tijeras-u\u00f1as-300x133.jpg\" data-srcset=\"https:\/\/etecmed.com\/wp-content\/uploads\/2016\/02\/Ref-10610-Tijeras-u\u00f1as-300x133.jpg 300w, https:\/\/etecmed.com\/wp-content\/uploads\/2016\/02\/Ref-10610-Tijeras-u\u00f1as-1024x454.jpg 1024w, https:\/\/etecmed.com\/wp-content\/uploads\/2016\/02\/Ref-10610-Tijeras-u\u00f1as-768x340.jpg 768w, https:\/\/etecmed.com\/wp-content\/uploads\/2016\/02\/Ref-10610-Tijeras-u\u00f1as-1536x681.jpg 1536w, https:\/\/etecmed.com\/wp-content\/uploads\/2016\/02\/Ref-10610-Tijeras-u\u00f1as-2048x908.jpg 2048w, https:\/\/etecmed.com\/wp-content\/uploads\/2016\/02\/Ref-10610-Tijeras-u\u00f1as-600x266.jpg 600w\" \/><\/a>\n\t<\/div>\n\t<figcaption class=\"woocom-list-content\">\n\n\t\t<div class=\"woo-buttons\"><a href=\"\/ca\/wp-json\/wp\/v2\/pages\/1421?add-to-cart=1765\" aria-describedby=\"woocommerce_loop_add_to_cart_link_describedby_1765\" data-quantity=\"1\" class=\"product_type_simple add_to_cart_button ajax_add_to_cart\" data-product_id=\"1765\" data-product_sku=\"10610\" aria-label=\"Afegeix a la cistella: &ldquo;Tisora recta&rdquo;\" rel=\"nofollow\" data-success_message=\"&ldquo;Tisora recta&rdquo; s&#039;ha afegit a la vostra cistella\" role=\"button\">Afegeix a la cistella<\/a>\t<span id=\"woocommerce_loop_add_to_cart_link_describedby_1765\" class=\"screen-reader-text\">\n\t\t\t<\/span>\n<\/div>\n\t<\/figcaption>\n<\/figure>\n<\/article><\/div><div class=\"hidden wf-cell category-252 visible\" data-post-id=\"1767\" data-date=\"2016-02-12T09:57:59+02:00\" data-name=\"Tisora roma\"><article class=\"post project-odd visible description-off product type-product post-1767 status-publish last instock product_cat-instrumental-ca product_tag-alicates-manicura-ca product_tag-alicates-pedicura-ca product_tag-estetica-ca product_tag-peluqueria-ca product_tag-podologia-ca product_tag-tijeras-bebe-ca has-post-thumbnail taxable shipping-taxable purchasable product-type-simple\" ><figure class=\"woocom-project\">\n\t<div class=\"woo-buttons-on-img\">\n\n\t\t<a href=\"https:\/\/etecmed.com\/ca\/producte\/tisores-roma\/\" class=\"alignnone layzr-bg\"><img loading=\"lazy\" decoding=\"async\" width=\"300\" height=\"136\" src=\"data:image\/svg+xml;charset=utf-8,%3Csvg xmlns%3D&#039;http%3A%2F%2Fwww.w3.org%2F2000%2Fsvg&#039; viewBox%3D&#039;0 0 300 136&#039;%2F%3E\" class=\"attachment-woocommerce_thumbnail size-woocommerce_thumbnail iso-lazy-load preload-me\" alt=\"Tisora roma\" data-src=\"https:\/\/etecmed.com\/wp-content\/uploads\/2016\/02\/Ref-10609-Tijeras-nariz-300x136.jpg\" data-srcset=\"https:\/\/etecmed.com\/wp-content\/uploads\/2016\/02\/Ref-10609-Tijeras-nariz-300x136.jpg 300w, https:\/\/etecmed.com\/wp-content\/uploads\/2016\/02\/Ref-10609-Tijeras-nariz-1024x464.jpg 1024w, https:\/\/etecmed.com\/wp-content\/uploads\/2016\/02\/Ref-10609-Tijeras-nariz-768x348.jpg 768w, https:\/\/etecmed.com\/wp-content\/uploads\/2016\/02\/Ref-10609-Tijeras-nariz-1536x696.jpg 1536w, https:\/\/etecmed.com\/wp-content\/uploads\/2016\/02\/Ref-10609-Tijeras-nariz-2048x928.jpg 2048w, https:\/\/etecmed.com\/wp-content\/uploads\/2016\/02\/Ref-10609-Tijeras-nariz-600x272.jpg 600w\" \/><\/a>\n\t<\/div>\n\t<figcaption class=\"woocom-list-content\">\n\n\t\t<div class=\"woo-buttons\"><a href=\"\/ca\/wp-json\/wp\/v2\/pages\/1421?add-to-cart=1767\" aria-describedby=\"woocommerce_loop_add_to_cart_link_describedby_1767\" data-quantity=\"1\" class=\"product_type_simple add_to_cart_button ajax_add_to_cart\" data-product_id=\"1767\" data-product_sku=\"10609\" aria-label=\"Afegeix a la cistella: &ldquo;Tisora roma&rdquo;\" rel=\"nofollow\" data-success_message=\"&ldquo;Tisora roma&rdquo; s&#039;ha afegit a la vostra cistella\" role=\"button\">Afegeix a la cistella<\/a>\t<span id=\"woocommerce_loop_add_to_cart_link_describedby_1767\" class=\"screen-reader-text\">\n\t\t\t<\/span>\n<\/div>\n\t<\/figcaption>\n<\/figure>\n<\/article><\/div><div class=\"hidden wf-cell category-252 visible\" data-post-id=\"1770\" data-date=\"2016-02-12T09:53:03+02:00\" data-name=\"Alicates ungles acr\u00edliques\"><article class=\"post project-odd visible description-off product type-product post-1770 status-publish first instock product_cat-instrumental-ca product_tag-alicates-manicura-ca product_tag-alicates-pedicura-ca product_tag-estetica-ca product_tag-peluqueria-ca product_tag-podologia-ca has-post-thumbnail taxable shipping-taxable purchasable product-type-simple\" ><figure class=\"woocom-project\">\n\t<div class=\"woo-buttons-on-img\">\n\n\t\t<a href=\"https:\/\/etecmed.com\/ca\/producte\/alicates-ungles-acriliques\/\" class=\"alignnone layzr-bg\"><img loading=\"lazy\" decoding=\"async\" width=\"300\" height=\"116\" src=\"data:image\/svg+xml;charset=utf-8,%3Csvg xmlns%3D&#039;http%3A%2F%2Fwww.w3.org%2F2000%2Fsvg&#039; viewBox%3D&#039;0 0 300 116&#039;%2F%3E\" class=\"attachment-woocommerce_thumbnail size-woocommerce_thumbnail iso-lazy-load preload-me\" alt=\"Alicates ungles acr\u00edliques\" data-src=\"https:\/\/etecmed.com\/wp-content\/uploads\/2016\/02\/Ref-10607-Alicates-u\u00f1as-acr\u00edlicas-300x116.jpg\" data-srcset=\"https:\/\/etecmed.com\/wp-content\/uploads\/2016\/02\/Ref-10607-Alicates-u\u00f1as-acr\u00edlicas-300x116.jpg 300w, https:\/\/etecmed.com\/wp-content\/uploads\/2016\/02\/Ref-10607-Alicates-u\u00f1as-acr\u00edlicas-1024x395.jpg 1024w, https:\/\/etecmed.com\/wp-content\/uploads\/2016\/02\/Ref-10607-Alicates-u\u00f1as-acr\u00edlicas-768x296.jpg 768w, https:\/\/etecmed.com\/wp-content\/uploads\/2016\/02\/Ref-10607-Alicates-u\u00f1as-acr\u00edlicas-1536x592.jpg 1536w, https:\/\/etecmed.com\/wp-content\/uploads\/2016\/02\/Ref-10607-Alicates-u\u00f1as-acr\u00edlicas-2048x790.jpg 2048w, https:\/\/etecmed.com\/wp-content\/uploads\/2016\/02\/Ref-10607-Alicates-u\u00f1as-acr\u00edlicas-600x231.jpg 600w\" \/><\/a>\n\t<\/div>\n\t<figcaption class=\"woocom-list-content\">\n\n\t\t<div class=\"woo-buttons\"><a href=\"\/ca\/wp-json\/wp\/v2\/pages\/1421?add-to-cart=1770\" aria-describedby=\"woocommerce_loop_add_to_cart_link_describedby_1770\" data-quantity=\"1\" class=\"product_type_simple add_to_cart_button ajax_add_to_cart\" data-product_id=\"1770\" data-product_sku=\"10607\" aria-label=\"Afegeix a la cistella: &ldquo;Alicates ungles acr\u00edliques&rdquo;\" rel=\"nofollow\" data-success_message=\"&ldquo;Alicates ungles acr\u00edliques&rdquo; s&#039;ha afegit a la vostra cistella\" role=\"button\">Afegeix a la cistella<\/a>\t<span id=\"woocommerce_loop_add_to_cart_link_describedby_1770\" class=\"screen-reader-text\">\n\t\t\t<\/span>\n<\/div>\n\t<\/figcaption>\n<\/figure>\n<\/article><\/div><div class=\"hidden wf-cell category-252 visible\" data-post-id=\"1772\" data-date=\"2016-02-12T09:50:36+02:00\" data-name=\"Alicates ungles pedicura\"><article class=\"post project-odd visible description-off product type-product post-1772 status-publish instock product_cat-instrumental-ca product_tag-alicates-manicura-ca product_tag-alicates-pedicura-ca product_tag-estetica-ca product_tag-peluqueria-ca has-post-thumbnail taxable shipping-taxable purchasable product-type-simple\" ><figure class=\"woocom-project\">\n\t<div class=\"woo-buttons-on-img\">\n\n\t\t<a href=\"https:\/\/etecmed.com\/ca\/producte\/alicates-ungles-pedicura\/\" class=\"alignnone layzr-bg\"><img loading=\"lazy\" decoding=\"async\" width=\"300\" height=\"111\" src=\"data:image\/svg+xml;charset=utf-8,%3Csvg xmlns%3D&#039;http%3A%2F%2Fwww.w3.org%2F2000%2Fsvg&#039; viewBox%3D&#039;0 0 300 111&#039;%2F%3E\" class=\"attachment-woocommerce_thumbnail size-woocommerce_thumbnail iso-lazy-load preload-me\" alt=\"Alicates ungles pedicura\" data-src=\"https:\/\/etecmed.com\/wp-content\/uploads\/2016\/02\/Ref-10606-Alicates-u\u00f1as-pedicura-300x111.jpg\" data-srcset=\"https:\/\/etecmed.com\/wp-content\/uploads\/2016\/02\/Ref-10606-Alicates-u\u00f1as-pedicura-300x111.jpg 300w, https:\/\/etecmed.com\/wp-content\/uploads\/2016\/02\/Ref-10606-Alicates-u\u00f1as-pedicura-1024x378.jpg 1024w, https:\/\/etecmed.com\/wp-content\/uploads\/2016\/02\/Ref-10606-Alicates-u\u00f1as-pedicura-768x283.jpg 768w, https:\/\/etecmed.com\/wp-content\/uploads\/2016\/02\/Ref-10606-Alicates-u\u00f1as-pedicura-1536x567.jpg 1536w, https:\/\/etecmed.com\/wp-content\/uploads\/2016\/02\/Ref-10606-Alicates-u\u00f1as-pedicura-2048x756.jpg 2048w, https:\/\/etecmed.com\/wp-content\/uploads\/2016\/02\/Ref-10606-Alicates-u\u00f1as-pedicura-600x221.jpg 600w\" \/><\/a>\n\t<\/div>\n\t<figcaption class=\"woocom-list-content\">\n\n\t\t<div class=\"woo-buttons\"><a href=\"\/ca\/wp-json\/wp\/v2\/pages\/1421?add-to-cart=1772\" aria-describedby=\"woocommerce_loop_add_to_cart_link_describedby_1772\" data-quantity=\"1\" class=\"product_type_simple add_to_cart_button ajax_add_to_cart\" data-product_id=\"1772\" data-product_sku=\"10606\" aria-label=\"Afegeix a la cistella: &ldquo;Alicates ungles pedicura&rdquo;\" rel=\"nofollow\" data-success_message=\"&ldquo;Alicates ungles pedicura&rdquo; s&#039;ha afegit a la vostra cistella\" role=\"button\">Afegeix a la cistella<\/a>\t<span id=\"woocommerce_loop_add_to_cart_link_describedby_1772\" class=\"screen-reader-text\">\n\t\t\t<\/span>\n<\/div>\n\t<\/figcaption>\n<\/figure>\n<\/article><\/div><div class=\"hidden wf-cell category-252 visible\" data-post-id=\"1775\" data-date=\"2016-02-12T09:47:46+02:00\" data-name=\"Alicates ungles pedicura - mitja lluna\"><article class=\"post project-odd visible description-off product type-product post-1775 status-publish instock product_cat-instrumental-ca product_tag-alicates-manicura-ca product_tag-alicates-pedicura-ca product_tag-estetica-ca product_tag-peluqueria-ca has-post-thumbnail taxable shipping-taxable purchasable product-type-simple\" ><figure class=\"woocom-project\">\n\t<div class=\"woo-buttons-on-img\">\n\n\t\t<a href=\"https:\/\/etecmed.com\/ca\/producte\/alicates-ungles-pedicura-mitja-lluna\/\" class=\"alignnone layzr-bg\"><img loading=\"lazy\" decoding=\"async\" width=\"300\" height=\"129\" src=\"data:image\/svg+xml;charset=utf-8,%3Csvg xmlns%3D&#039;http%3A%2F%2Fwww.w3.org%2F2000%2Fsvg&#039; viewBox%3D&#039;0 0 300 129&#039;%2F%3E\" class=\"attachment-woocommerce_thumbnail size-woocommerce_thumbnail iso-lazy-load preload-me\" alt=\"Alicates ungles pedicura - mitja lluna\" data-src=\"https:\/\/etecmed.com\/wp-content\/uploads\/2016\/02\/Ref-10605-Alicates-u\u00f1as-pedicura-Media-luna-300x129.jpg\" data-srcset=\"https:\/\/etecmed.com\/wp-content\/uploads\/2016\/02\/Ref-10605-Alicates-u\u00f1as-pedicura-Media-luna-300x129.jpg 300w, https:\/\/etecmed.com\/wp-content\/uploads\/2016\/02\/Ref-10605-Alicates-u\u00f1as-pedicura-Media-luna-1024x442.jpg 1024w, https:\/\/etecmed.com\/wp-content\/uploads\/2016\/02\/Ref-10605-Alicates-u\u00f1as-pedicura-Media-luna-768x331.jpg 768w, https:\/\/etecmed.com\/wp-content\/uploads\/2016\/02\/Ref-10605-Alicates-u\u00f1as-pedicura-Media-luna-1536x663.jpg 1536w, https:\/\/etecmed.com\/wp-content\/uploads\/2016\/02\/Ref-10605-Alicates-u\u00f1as-pedicura-Media-luna-2048x884.jpg 2048w, https:\/\/etecmed.com\/wp-content\/uploads\/2016\/02\/Ref-10605-Alicates-u\u00f1as-pedicura-Media-luna-600x259.jpg 600w\" \/><\/a>\n\t<\/div>\n\t<figcaption class=\"woocom-list-content\">\n\n\t\t<div class=\"woo-buttons\"><a href=\"\/ca\/wp-json\/wp\/v2\/pages\/1421?add-to-cart=1775\" aria-describedby=\"woocommerce_loop_add_to_cart_link_describedby_1775\" data-quantity=\"1\" class=\"product_type_simple add_to_cart_button ajax_add_to_cart\" data-product_id=\"1775\" data-product_sku=\"10605\" aria-label=\"Afegeix a la cistella: &ldquo;Alicates ungles pedicura - mitja lluna&rdquo;\" rel=\"nofollow\" data-success_message=\"&ldquo;Alicates ungles pedicura - mitja lluna&rdquo; s&#039;ha afegit a la vostra cistella\" role=\"button\">Afegeix a la cistella<\/a>\t<span id=\"woocommerce_loop_add_to_cart_link_describedby_1775\" class=\"screen-reader-text\">\n\t\t\t<\/span>\n<\/div>\n\t<\/figcaption>\n<\/figure>\n<\/article><\/div><div class=\"hidden wf-cell category-252 visible\" data-post-id=\"1777\" data-date=\"2016-02-12T09:44:57+02:00\" data-name=\"Alicates cut\u00edcules\"><article class=\"post project-odd visible description-off product type-product post-1777 status-publish last instock product_cat-instrumental-ca product_tag-alicates-ca product_tag-estetica-ca product_tag-peluqueria-ca has-post-thumbnail taxable shipping-taxable purchasable product-type-simple\" ><figure class=\"woocom-project\">\n\t<div class=\"woo-buttons-on-img\">\n\n\t\t<a href=\"https:\/\/etecmed.com\/ca\/producte\/alicates-cuticules\/\" class=\"alignnone layzr-bg\"><img loading=\"lazy\" decoding=\"async\" width=\"300\" height=\"145\" src=\"data:image\/svg+xml;charset=utf-8,%3Csvg xmlns%3D&#039;http%3A%2F%2Fwww.w3.org%2F2000%2Fsvg&#039; viewBox%3D&#039;0 0 300 145&#039;%2F%3E\" class=\"attachment-woocommerce_thumbnail size-woocommerce_thumbnail iso-lazy-load preload-me\" alt=\"Alicates cut\u00edcules\" data-src=\"https:\/\/etecmed.com\/wp-content\/uploads\/2016\/02\/Ref-10604-Alicates-cut\u00edculas-300x145.jpg\" data-srcset=\"https:\/\/etecmed.com\/wp-content\/uploads\/2016\/02\/Ref-10604-Alicates-cut\u00edculas-300x145.jpg 300w, https:\/\/etecmed.com\/wp-content\/uploads\/2016\/02\/Ref-10604-Alicates-cut\u00edculas-1024x496.jpg 1024w, https:\/\/etecmed.com\/wp-content\/uploads\/2016\/02\/Ref-10604-Alicates-cut\u00edculas-768x372.jpg 768w, https:\/\/etecmed.com\/wp-content\/uploads\/2016\/02\/Ref-10604-Alicates-cut\u00edculas-1536x745.jpg 1536w, https:\/\/etecmed.com\/wp-content\/uploads\/2016\/02\/Ref-10604-Alicates-cut\u00edculas-2048x993.jpg 2048w, https:\/\/etecmed.com\/wp-content\/uploads\/2016\/02\/Ref-10604-Alicates-cut\u00edculas-600x291.jpg 600w\" \/><\/a>\n\t<\/div>\n\t<figcaption class=\"woocom-list-content\">\n\n\t\t<div class=\"woo-buttons\"><a href=\"\/ca\/wp-json\/wp\/v2\/pages\/1421?add-to-cart=1777\" aria-describedby=\"woocommerce_loop_add_to_cart_link_describedby_1777\" data-quantity=\"1\" class=\"product_type_simple add_to_cart_button ajax_add_to_cart\" data-product_id=\"1777\" data-product_sku=\"10604\" aria-label=\"Afegeix a la cistella: &ldquo;Alicates cut\u00edcules&rdquo;\" rel=\"nofollow\" data-success_message=\"&ldquo;Alicates cut\u00edcules&rdquo; s&#039;ha afegit a la vostra cistella\" role=\"button\">Afegeix a la cistella<\/a>\t<span id=\"woocommerce_loop_add_to_cart_link_describedby_1777\" class=\"screen-reader-text\">\n\t\t\t<\/span>\n<\/div>\n\t<\/figcaption>\n<\/figure>\n<\/article><\/div><div class=\"hidden wf-cell category-252 visible\" data-post-id=\"1778\" data-date=\"2016-02-10T17:43:08+02:00\" data-name=\"Alicates cut\u00edcules - doble molla\"><article class=\"post project-odd visible description-off product type-product post-1778 status-publish first outofstock product_cat-instrumental-ca product_tag-alicates-ca product_tag-cuticulas-ca product_tag-estetica-ca product_tag-manicura-ca product_tag-pedicura-ca product_tag-peluqueria-ca has-post-thumbnail taxable shipping-taxable purchasable product-type-simple\" ><figure class=\"woocom-project\">\n\t<div class=\"woo-buttons-on-img\">\n\n\t\t<a href=\"https:\/\/etecmed.com\/ca\/producte\/alicates-cuticules-doble-molla\/\" class=\"alignnone layzr-bg\"><img loading=\"lazy\" decoding=\"async\" width=\"300\" height=\"226\" src=\"data:image\/svg+xml;charset=utf-8,%3Csvg xmlns%3D&#039;http%3A%2F%2Fwww.w3.org%2F2000%2Fsvg&#039; viewBox%3D&#039;0 0 300 226&#039;%2F%3E\" class=\"attachment-woocommerce_thumbnail size-woocommerce_thumbnail iso-lazy-load preload-me\" alt=\"Alicates cut\u00edcules - doble molla\" data-src=\"https:\/\/etecmed.com\/wp-content\/uploads\/2016\/02\/Ref-10603-Alicates-cut\u00edculas-doble-muelle-300x226.jpg\" data-srcset=\"https:\/\/etecmed.com\/wp-content\/uploads\/2016\/02\/Ref-10603-Alicates-cut\u00edculas-doble-muelle-300x226.jpg 300w, https:\/\/etecmed.com\/wp-content\/uploads\/2016\/02\/Ref-10603-Alicates-cut\u00edculas-doble-muelle-1024x771.jpg 1024w, https:\/\/etecmed.com\/wp-content\/uploads\/2016\/02\/Ref-10603-Alicates-cut\u00edculas-doble-muelle-768x578.jpg 768w, https:\/\/etecmed.com\/wp-content\/uploads\/2016\/02\/Ref-10603-Alicates-cut\u00edculas-doble-muelle-1536x1156.jpg 1536w, https:\/\/etecmed.com\/wp-content\/uploads\/2016\/02\/Ref-10603-Alicates-cut\u00edculas-doble-muelle-2048x1542.jpg 2048w, https:\/\/etecmed.com\/wp-content\/uploads\/2016\/02\/Ref-10603-Alicates-cut\u00edculas-doble-muelle-600x452.jpg 600w\" \/><\/a><span class=\"out-stock-label\">Out of stock<\/span>\n\t<\/div>\n\t<figcaption class=\"woocom-list-content\">\n\n\t\t<div class=\"woo-buttons\"><a href=\"https:\/\/etecmed.com\/ca\/producte\/alicates-cuticules-doble-molla\/\" aria-describedby=\"woocommerce_loop_add_to_cart_link_describedby_1778\" data-quantity=\"1\" class=\"product_type_simple ajax_add_to_cart\" data-product_id=\"1778\" data-product_sku=\"10603\" aria-label=\"M\u00e9s informaci\u00f3 sobre &ldquo;Alicates cut\u00edcules - doble molla&rdquo;\" rel=\"nofollow\" data-success_message=\"\">Detalls<\/a>\t<span id=\"woocommerce_loop_add_to_cart_link_describedby_1778\" class=\"screen-reader-text\">\n\t\t\t<\/span>\n<\/div>\n\t<\/figcaption>\n<\/figure>\n<\/article><\/div><div class=\"hidden wf-cell category-252 visible\" data-post-id=\"1780\" data-date=\"2016-02-10T17:32:58+02:00\" data-name=\"Alicates ungles manicura - pla\"><article class=\"post project-odd visible description-off product type-product post-1780 status-publish instock product_cat-instrumental-ca product_tag-alicates-ca product_tag-estetica-ca product_tag-manicura-ca product_tag-pedicura-ca product_tag-peluqueria-ca has-post-thumbnail taxable shipping-taxable purchasable product-type-simple\" ><figure class=\"woocom-project\">\n\t<div class=\"woo-buttons-on-img\">\n\n\t\t<a href=\"https:\/\/etecmed.com\/ca\/producte\/alicates-ungles-manicura-pla\/\" class=\"alignnone layzr-bg\"><img loading=\"lazy\" decoding=\"async\" width=\"300\" height=\"196\" src=\"data:image\/svg+xml;charset=utf-8,%3Csvg xmlns%3D&#039;http%3A%2F%2Fwww.w3.org%2F2000%2Fsvg&#039; viewBox%3D&#039;0 0 300 196&#039;%2F%3E\" class=\"attachment-woocommerce_thumbnail size-woocommerce_thumbnail iso-lazy-load preload-me\" alt=\"Alicates ungles manicura - pla\" data-src=\"https:\/\/etecmed.com\/wp-content\/uploads\/2016\/02\/Ref-10602-Alicates-u\u00f1as-manicura-plano-300x196.jpg\" data-srcset=\"https:\/\/etecmed.com\/wp-content\/uploads\/2016\/02\/Ref-10602-Alicates-u\u00f1as-manicura-plano-300x196.jpg 300w, https:\/\/etecmed.com\/wp-content\/uploads\/2016\/02\/Ref-10602-Alicates-u\u00f1as-manicura-plano-1024x668.jpg 1024w, https:\/\/etecmed.com\/wp-content\/uploads\/2016\/02\/Ref-10602-Alicates-u\u00f1as-manicura-plano-768x501.jpg 768w, https:\/\/etecmed.com\/wp-content\/uploads\/2016\/02\/Ref-10602-Alicates-u\u00f1as-manicura-plano-600x391.jpg 600w, https:\/\/etecmed.com\/wp-content\/uploads\/2016\/02\/Ref-10602-Alicates-u\u00f1as-manicura-plano.jpg 1506w\" \/><\/a>\n\t<\/div>\n\t<figcaption class=\"woocom-list-content\">\n\n\t\t<div class=\"woo-buttons\"><a href=\"\/ca\/wp-json\/wp\/v2\/pages\/1421?add-to-cart=1780\" aria-describedby=\"woocommerce_loop_add_to_cart_link_describedby_1780\" data-quantity=\"1\" class=\"product_type_simple add_to_cart_button ajax_add_to_cart\" data-product_id=\"1780\" data-product_sku=\"10602\" aria-label=\"Afegeix a la cistella: &ldquo;Alicates ungles manicura - pla&rdquo;\" rel=\"nofollow\" data-success_message=\"&ldquo;Alicates ungles manicura - pla&rdquo; s&#039;ha afegit a la vostra cistella\" role=\"button\">Afegeix a la cistella<\/a>\t<span id=\"woocommerce_loop_add_to_cart_link_describedby_1780\" class=\"screen-reader-text\">\n\t\t\t<\/span>\n<\/div>\n\t<\/figcaption>\n<\/figure>\n<\/article><\/div><div class=\"hidden wf-cell category-252 visible\" data-post-id=\"1782\" data-date=\"2016-02-10T17:26:43+02:00\" data-name=\"Alicates ungles manicura\"><article class=\"post project-odd visible description-off product type-product post-1782 status-publish instock product_cat-instrumental-ca product_tag-alicates-ca product_tag-estetica-ca product_tag-manicura-ca product_tag-pedicura-ca product_tag-peluqueria-ca product_tag-podologia-ca has-post-thumbnail taxable shipping-taxable purchasable product-type-simple\" ><figure class=\"woocom-project\">\n\t<div class=\"woo-buttons-on-img\">\n\n\t\t<a href=\"https:\/\/etecmed.com\/ca\/producte\/alicates-unas-manicura\/\" class=\"alignnone layzr-bg\"><img loading=\"lazy\" decoding=\"async\" width=\"300\" height=\"180\" src=\"data:image\/svg+xml;charset=utf-8,%3Csvg xmlns%3D&#039;http%3A%2F%2Fwww.w3.org%2F2000%2Fsvg&#039; viewBox%3D&#039;0 0 300 180&#039;%2F%3E\" class=\"attachment-woocommerce_thumbnail size-woocommerce_thumbnail iso-lazy-load preload-me\" alt=\"Alicates ungles manicura\" data-src=\"https:\/\/etecmed.com\/wp-content\/uploads\/2016\/02\/Ref-10601-Alicates-u\u00f1as-manicura-300x180.jpg\" data-srcset=\"https:\/\/etecmed.com\/wp-content\/uploads\/2016\/02\/Ref-10601-Alicates-u\u00f1as-manicura-300x180.jpg 300w, https:\/\/etecmed.com\/wp-content\/uploads\/2016\/02\/Ref-10601-Alicates-u\u00f1as-manicura-1024x614.jpg 1024w, https:\/\/etecmed.com\/wp-content\/uploads\/2016\/02\/Ref-10601-Alicates-u\u00f1as-manicura-768x461.jpg 768w, https:\/\/etecmed.com\/wp-content\/uploads\/2016\/02\/Ref-10601-Alicates-u\u00f1as-manicura-1536x921.jpg 1536w, https:\/\/etecmed.com\/wp-content\/uploads\/2016\/02\/Ref-10601-Alicates-u\u00f1as-manicura-2048x1228.jpg 2048w, https:\/\/etecmed.com\/wp-content\/uploads\/2016\/02\/Ref-10601-Alicates-u\u00f1as-manicura-600x360.jpg 600w\" \/><\/a>\n\t<\/div>\n\t<figcaption class=\"woocom-list-content\">\n\n\t\t<div class=\"woo-buttons\"><a href=\"\/ca\/wp-json\/wp\/v2\/pages\/1421?add-to-cart=1782\" aria-describedby=\"woocommerce_loop_add_to_cart_link_describedby_1782\" data-quantity=\"1\" class=\"product_type_simple add_to_cart_button ajax_add_to_cart\" data-product_id=\"1782\" data-product_sku=\"10601\" aria-label=\"Afegeix a la cistella: &ldquo;Alicates ungles manicura&rdquo;\" rel=\"nofollow\" data-success_message=\"&ldquo;Alicates ungles manicura&rdquo; s&#039;ha afegit a la vostra cistella\" role=\"button\">Afegeix a la cistella<\/a>\t<span id=\"woocommerce_loop_add_to_cart_link_describedby_1782\" class=\"screen-reader-text\">\n\t\t\t<\/span>\n<\/div>\n\t<\/figcaption>\n<\/figure>\n<\/article><\/div><div class=\"hidden wf-cell category-251 visible\" data-post-id=\"1785\" data-date=\"2016-02-10T17:05:54+02:00\" data-name=\"Fresa carboni blat de moro \u03a66.0 mm\"><article class=\"post project-odd visible description-off product type-product post-1785 status-publish last instock product_cat-freses-per-a-micromotors product_tag-estetica-ca product_tag-fresas-manicura-ca product_tag-fresas-micromotores-ca product_tag-fresas-pedicura-ca product_tag-micromotores-ca product_tag-peluqueria-ca has-post-thumbnail taxable shipping-taxable purchasable product-type-simple\" ><figure class=\"woocom-project\">\n\t<div class=\"woo-buttons-on-img\">\n\n\t\t<a href=\"https:\/\/etecmed.com\/ca\/producte\/fresa-carboni-conica\/\" class=\"alignnone layzr-bg\"><img loading=\"lazy\" decoding=\"async\" width=\"300\" height=\"199\" src=\"data:image\/svg+xml;charset=utf-8,%3Csvg xmlns%3D&#039;http%3A%2F%2Fwww.w3.org%2F2000%2Fsvg&#039; viewBox%3D&#039;0 0 300 199&#039;%2F%3E\" class=\"attachment-woocommerce_thumbnail size-woocommerce_thumbnail iso-lazy-load preload-me\" alt=\"Fresa carboni blat de moro \u03a66.0 mm\" data-src=\"https:\/\/etecmed.com\/wp-content\/uploads\/2016\/02\/90249Fresa-C\u00f3nica-300x199.jpg\" data-srcset=\"https:\/\/etecmed.com\/wp-content\/uploads\/2016\/02\/90249Fresa-C\u00f3nica-300x199.jpg 300w, https:\/\/etecmed.com\/wp-content\/uploads\/2016\/02\/90249Fresa-C\u00f3nica-1024x680.jpg 1024w, https:\/\/etecmed.com\/wp-content\/uploads\/2016\/02\/90249Fresa-C\u00f3nica-768x510.jpg 768w, https:\/\/etecmed.com\/wp-content\/uploads\/2016\/02\/90249Fresa-C\u00f3nica-1536x1019.jpg 1536w, https:\/\/etecmed.com\/wp-content\/uploads\/2016\/02\/90249Fresa-C\u00f3nica-600x398.jpg 600w, https:\/\/etecmed.com\/wp-content\/uploads\/2016\/02\/90249Fresa-C\u00f3nica.jpg 1784w\" \/><\/a>\n\t<\/div>\n\t<figcaption class=\"woocom-list-content\">\n\n\t\t<div class=\"woo-buttons\"><a href=\"\/ca\/wp-json\/wp\/v2\/pages\/1421?add-to-cart=1785\" aria-describedby=\"woocommerce_loop_add_to_cart_link_describedby_1785\" data-quantity=\"1\" class=\"product_type_simple add_to_cart_button ajax_add_to_cart\" data-product_id=\"1785\" data-product_sku=\"90249\" aria-label=\"Afegeix a la cistella: &ldquo;Fresa carboni blat de moro \u03a66.0 mm&rdquo;\" rel=\"nofollow\" data-success_message=\"&ldquo;Fresa carboni blat de moro \u03a66.0 mm&rdquo; s&#039;ha afegit a la vostra cistella\" role=\"button\">Afegeix a la cistella<\/a>\t<span id=\"woocommerce_loop_add_to_cart_link_describedby_1785\" class=\"screen-reader-text\">\n\t\t\t<\/span>\n<\/div>\n\t<\/figcaption>\n<\/figure>\n<\/article><\/div><div class=\"hidden wf-cell category-251 visible\" data-post-id=\"1787\" data-date=\"2016-02-10T17:03:22+02:00\" data-name=\"Fresa polidora de feltre cil\u00edndrica \u03a65.0 mm\"><article class=\"post project-odd visible description-off product type-product post-1787 status-publish first instock product_cat-freses-per-a-micromotors product_tag-estetica-ca product_tag-fresas-manicura-ca product_tag-fresas-micromotores-ca product_tag-fresas-pedicura-ca product_tag-micromotores-ca product_tag-peluqueria-ca has-post-thumbnail taxable shipping-taxable purchasable product-type-simple\" ><figure class=\"woocom-project\">\n\t<div class=\"woo-buttons-on-img\">\n\n\t\t<a href=\"https:\/\/etecmed.com\/ca\/producte\/fresa-polidora-de-feltre-cilindrica\/\" class=\"alignnone layzr-bg\"><img loading=\"lazy\" decoding=\"async\" width=\"300\" height=\"51\" src=\"data:image\/svg+xml;charset=utf-8,%3Csvg xmlns%3D&#039;http%3A%2F%2Fwww.w3.org%2F2000%2Fsvg&#039; viewBox%3D&#039;0 0 300 51&#039;%2F%3E\" class=\"attachment-woocommerce_thumbnail size-woocommerce_thumbnail iso-lazy-load preload-me\" alt=\"Fresa polidora de feltre cil\u00edndrica \u03a65.0 mm\" data-src=\"https:\/\/etecmed.com\/wp-content\/uploads\/2016\/02\/Ref-90248-Fresa-pulidora-fieltro-cil\u00edndrica-300x51.jpg\" data-srcset=\"https:\/\/etecmed.com\/wp-content\/uploads\/2016\/02\/Ref-90248-Fresa-pulidora-fieltro-cil\u00edndrica-300x51.jpg 300w, https:\/\/etecmed.com\/wp-content\/uploads\/2016\/02\/Ref-90248-Fresa-pulidora-fieltro-cil\u00edndrica-1024x173.jpg 1024w, https:\/\/etecmed.com\/wp-content\/uploads\/2016\/02\/Ref-90248-Fresa-pulidora-fieltro-cil\u00edndrica-768x129.jpg 768w, https:\/\/etecmed.com\/wp-content\/uploads\/2016\/02\/Ref-90248-Fresa-pulidora-fieltro-cil\u00edndrica-600x101.jpg 600w, https:\/\/etecmed.com\/wp-content\/uploads\/2016\/02\/Ref-90248-Fresa-pulidora-fieltro-cil\u00edndrica.jpg 1483w\" \/><\/a>\n\t<\/div>\n\t<figcaption class=\"woocom-list-content\">\n\n\t\t<div class=\"woo-buttons\"><a href=\"\/ca\/wp-json\/wp\/v2\/pages\/1421?add-to-cart=1787\" aria-describedby=\"woocommerce_loop_add_to_cart_link_describedby_1787\" data-quantity=\"1\" class=\"product_type_simple add_to_cart_button ajax_add_to_cart\" data-product_id=\"1787\" data-product_sku=\"90248\" aria-label=\"Afegeix a la cistella: &ldquo;Fresa polidora de feltre cil\u00edndrica \u03a65.0 mm&rdquo;\" rel=\"nofollow\" data-success_message=\"&ldquo;Fresa polidora de feltre cil\u00edndrica \u03a65.0 mm&rdquo; s&#039;ha afegit a la vostra cistella\" role=\"button\">Afegeix a la cistella<\/a>\t<span id=\"woocommerce_loop_add_to_cart_link_describedby_1787\" class=\"screen-reader-text\">\n\t\t\t<\/span>\n<\/div>\n\t<\/figcaption>\n<\/figure>\n<\/article><\/div><div class=\"hidden wf-cell category-251 visible\" data-post-id=\"1788\" data-date=\"2016-02-10T17:00:20+02:00\" data-name=\"Fresa polidora de feltre esf\u00e8rica \u03a623.0 mm\"><article class=\"post project-odd visible description-off product type-product post-1788 status-publish instock product_cat-freses-per-a-micromotors product_tag-estetica-ca product_tag-fresas-manicura-ca product_tag-fresas-micromotores-ca product_tag-fresas-pedicura-ca product_tag-micromotores-ca product_tag-peluqueria-ca has-post-thumbnail taxable shipping-taxable purchasable product-type-simple\" ><figure class=\"woocom-project\">\n\t<div class=\"woo-buttons-on-img\">\n\n\t\t<a href=\"https:\/\/etecmed.com\/ca\/producte\/fresa-polidora-de-feltre-esferica\/\" class=\"alignnone layzr-bg\"><img loading=\"lazy\" decoding=\"async\" width=\"300\" height=\"115\" src=\"data:image\/svg+xml;charset=utf-8,%3Csvg xmlns%3D&#039;http%3A%2F%2Fwww.w3.org%2F2000%2Fsvg&#039; viewBox%3D&#039;0 0 300 115&#039;%2F%3E\" class=\"attachment-woocommerce_thumbnail size-woocommerce_thumbnail iso-lazy-load preload-me\" alt=\"Fresa polidora de feltre esf\u00e8rica \u03a623.0 mm\" data-src=\"https:\/\/etecmed.com\/wp-content\/uploads\/2016\/02\/Ref-90247-Fresa-pulidora-fieltro-esf\u00e9rica-300x115.jpg\" data-srcset=\"https:\/\/etecmed.com\/wp-content\/uploads\/2016\/02\/Ref-90247-Fresa-pulidora-fieltro-esf\u00e9rica-300x115.jpg 300w, https:\/\/etecmed.com\/wp-content\/uploads\/2016\/02\/Ref-90247-Fresa-pulidora-fieltro-esf\u00e9rica-1024x393.jpg 1024w, https:\/\/etecmed.com\/wp-content\/uploads\/2016\/02\/Ref-90247-Fresa-pulidora-fieltro-esf\u00e9rica-768x295.jpg 768w, https:\/\/etecmed.com\/wp-content\/uploads\/2016\/02\/Ref-90247-Fresa-pulidora-fieltro-esf\u00e9rica-1536x589.jpg 1536w, https:\/\/etecmed.com\/wp-content\/uploads\/2016\/02\/Ref-90247-Fresa-pulidora-fieltro-esf\u00e9rica-600x230.jpg 600w, https:\/\/etecmed.com\/wp-content\/uploads\/2016\/02\/Ref-90247-Fresa-pulidora-fieltro-esf\u00e9rica.jpg 1712w\" \/><\/a>\n\t<\/div>\n\t<figcaption class=\"woocom-list-content\">\n\n\t\t<div class=\"woo-buttons\"><a href=\"\/ca\/wp-json\/wp\/v2\/pages\/1421?add-to-cart=1788\" aria-describedby=\"woocommerce_loop_add_to_cart_link_describedby_1788\" data-quantity=\"1\" class=\"product_type_simple add_to_cart_button ajax_add_to_cart\" data-product_id=\"1788\" data-product_sku=\"90247\" aria-label=\"Afegeix a la cistella: &ldquo;Fresa polidora de feltre esf\u00e8rica \u03a623.0 mm&rdquo;\" rel=\"nofollow\" data-success_message=\"&ldquo;Fresa polidora de feltre esf\u00e8rica \u03a623.0 mm&rdquo; s&#039;ha afegit a la vostra cistella\" role=\"button\">Afegeix a la cistella<\/a>\t<span id=\"woocommerce_loop_add_to_cart_link_describedby_1788\" class=\"screen-reader-text\">\n\t\t\t<\/span>\n<\/div>\n\t<\/figcaption>\n<\/figure>\n<\/article><\/div><div class=\"hidden wf-cell category-251 visible\" data-post-id=\"1790\" data-date=\"2016-02-10T16:55:24+02:00\" data-name=\"Fresa polidora de feltre bala \u03a68.0 mm\"><article class=\"post project-odd visible description-off product type-product post-1790 status-publish instock product_cat-freses-per-a-micromotors product_tag-estetica-ca product_tag-fresas-manicura-ca product_tag-fresas-micromotores-ca product_tag-fresas-pedicura-ca product_tag-micromotores-ca product_tag-peluqueria-ca has-post-thumbnail taxable shipping-taxable purchasable product-type-simple\" ><figure class=\"woocom-project\">\n\t<div class=\"woo-buttons-on-img\">\n\n\t\t<a href=\"https:\/\/etecmed.com\/ca\/producte\/fresa-feltre-polidora-conica\/\" class=\"alignnone layzr-bg\"><img loading=\"lazy\" decoding=\"async\" width=\"300\" height=\"70\" src=\"data:image\/svg+xml;charset=utf-8,%3Csvg xmlns%3D&#039;http%3A%2F%2Fwww.w3.org%2F2000%2Fsvg&#039; viewBox%3D&#039;0 0 300 70&#039;%2F%3E\" class=\"attachment-woocommerce_thumbnail size-woocommerce_thumbnail iso-lazy-load preload-me\" alt=\"Fresa polidora de feltre bala \u03a68.0 mm\" data-src=\"https:\/\/etecmed.com\/wp-content\/uploads\/2016\/02\/Ref-90246-Fresa-pulidora-fieltro-c\u00f3nica-300x70.jpg\" data-srcset=\"https:\/\/etecmed.com\/wp-content\/uploads\/2016\/02\/Ref-90246-Fresa-pulidora-fieltro-c\u00f3nica-300x70.jpg 300w, https:\/\/etecmed.com\/wp-content\/uploads\/2016\/02\/Ref-90246-Fresa-pulidora-fieltro-c\u00f3nica-1024x239.jpg 1024w, https:\/\/etecmed.com\/wp-content\/uploads\/2016\/02\/Ref-90246-Fresa-pulidora-fieltro-c\u00f3nica-768x179.jpg 768w, https:\/\/etecmed.com\/wp-content\/uploads\/2016\/02\/Ref-90246-Fresa-pulidora-fieltro-c\u00f3nica-600x140.jpg 600w, https:\/\/etecmed.com\/wp-content\/uploads\/2016\/02\/Ref-90246-Fresa-pulidora-fieltro-c\u00f3nica.jpg 1518w\" \/><\/a>\n\t<\/div>\n\t<figcaption class=\"woocom-list-content\">\n\n\t\t<div class=\"woo-buttons\"><a href=\"\/ca\/wp-json\/wp\/v2\/pages\/1421?add-to-cart=1790\" aria-describedby=\"woocommerce_loop_add_to_cart_link_describedby_1790\" data-quantity=\"1\" class=\"product_type_simple add_to_cart_button ajax_add_to_cart\" data-product_id=\"1790\" data-product_sku=\"90246\" aria-label=\"Afegeix a la cistella: &ldquo;Fresa polidora de feltre bala \u03a68.0 mm&rdquo;\" rel=\"nofollow\" data-success_message=\"&ldquo;Fresa polidora de feltre bala \u03a68.0 mm&rdquo; s&#039;ha afegit a la vostra cistella\" role=\"button\">Afegeix a la cistella<\/a>\t<span id=\"woocommerce_loop_add_to_cart_link_describedby_1790\" class=\"screen-reader-text\">\n\t\t\t<\/span>\n<\/div>\n\t<\/figcaption>\n<\/figure>\n<\/article><\/div><div class=\"hidden wf-cell category-251 visible\" data-post-id=\"1792\" data-date=\"2016-02-10T16:52:37+02:00\" data-name=\"Fresa diamant desbastadora \u03a62.0 mm\"><article class=\"post project-odd visible description-off product type-product post-1792 status-publish last instock product_cat-freses-per-a-micromotors product_tag-estetica-ca product_tag-fresas-manicura-ca product_tag-fresas-pedicura-ca product_tag-micromotores-ca product_tag-peluqueria-ca has-post-thumbnail taxable shipping-taxable purchasable product-type-simple\" ><figure class=\"woocom-project\">\n\t<div class=\"woo-buttons-on-img\">\n\n\t\t<a href=\"https:\/\/etecmed.com\/ca\/producte\/fresa-diamant-desbastadora\/\" class=\"alignnone layzr-bg\"><img loading=\"lazy\" decoding=\"async\" width=\"300\" height=\"30\" src=\"data:image\/svg+xml;charset=utf-8,%3Csvg xmlns%3D&#039;http%3A%2F%2Fwww.w3.org%2F2000%2Fsvg&#039; viewBox%3D&#039;0 0 300 30&#039;%2F%3E\" class=\"attachment-woocommerce_thumbnail size-woocommerce_thumbnail iso-lazy-load preload-me\" alt=\"Fresa diamant desbastadora \u03a62.0 mm\" data-src=\"https:\/\/etecmed.com\/wp-content\/uploads\/2016\/02\/Ref-90245-Fresa-diamante-desbastadora-300x30.jpg\" data-srcset=\"https:\/\/etecmed.com\/wp-content\/uploads\/2016\/02\/Ref-90245-Fresa-diamante-desbastadora-300x30.jpg 300w, https:\/\/etecmed.com\/wp-content\/uploads\/2016\/02\/Ref-90245-Fresa-diamante-desbastadora-1024x104.jpg 1024w, https:\/\/etecmed.com\/wp-content\/uploads\/2016\/02\/Ref-90245-Fresa-diamante-desbastadora-768x78.jpg 768w, https:\/\/etecmed.com\/wp-content\/uploads\/2016\/02\/Ref-90245-Fresa-diamante-desbastadora-600x61.jpg 600w, https:\/\/etecmed.com\/wp-content\/uploads\/2016\/02\/Ref-90245-Fresa-diamante-desbastadora.jpg 1508w\" \/><\/a>\n\t<\/div>\n\t<figcaption class=\"woocom-list-content\">\n\n\t\t<div class=\"woo-buttons\"><a href=\"\/ca\/wp-json\/wp\/v2\/pages\/1421?add-to-cart=1792\" aria-describedby=\"woocommerce_loop_add_to_cart_link_describedby_1792\" data-quantity=\"1\" class=\"product_type_simple add_to_cart_button ajax_add_to_cart\" data-product_id=\"1792\" data-product_sku=\"90245\" aria-label=\"Afegeix a la cistella: &ldquo;Fresa diamant desbastadora \u03a62.0 mm&rdquo;\" rel=\"nofollow\" data-success_message=\"&ldquo;Fresa diamant desbastadora \u03a62.0 mm&rdquo; s&#039;ha afegit a la vostra cistella\" role=\"button\">Afegeix a la cistella<\/a>\t<span id=\"woocommerce_loop_add_to_cart_link_describedby_1792\" class=\"screen-reader-text\">\n\t\t\t<\/span>\n<\/div>\n\t<\/figcaption>\n<\/figure>\n<\/article><\/div><div class=\"hidden wf-cell category-251 visible\" data-post-id=\"1796\" data-date=\"2016-02-10T16:50:07+02:00\" data-name=\"Fresa diamant cil\u00edndrica \u03a612.0 mm\"><article class=\"post project-odd visible description-off product type-product post-1796 status-publish first instock product_cat-freses-per-a-micromotors product_tag-estetica-ca product_tag-fresas-manicura-ca product_tag-fresas-pedicura-ca product_tag-micromotores-ca product_tag-peluqueria-ca has-post-thumbnail taxable shipping-taxable purchasable product-type-simple\" ><figure class=\"woocom-project\">\n\t<div class=\"woo-buttons-on-img\">\n\n\t\t<a href=\"https:\/\/etecmed.com\/ca\/producte\/fresa-diamant-cilindrica-plus\/\" class=\"alignnone layzr-bg\"><img loading=\"lazy\" decoding=\"async\" width=\"300\" height=\"117\" src=\"data:image\/svg+xml;charset=utf-8,%3Csvg xmlns%3D&#039;http%3A%2F%2Fwww.w3.org%2F2000%2Fsvg&#039; viewBox%3D&#039;0 0 300 117&#039;%2F%3E\" class=\"attachment-woocommerce_thumbnail size-woocommerce_thumbnail iso-lazy-load preload-me\" alt=\"Fresa diamant cil\u00edndrica \u03a612.0 mm\" data-src=\"https:\/\/etecmed.com\/wp-content\/uploads\/2016\/02\/Ref-90244-Fresa-diamante-cil\u00edndrica-plus-300x117.jpg\" data-srcset=\"https:\/\/etecmed.com\/wp-content\/uploads\/2016\/02\/Ref-90244-Fresa-diamante-cil\u00edndrica-plus-300x117.jpg 300w, https:\/\/etecmed.com\/wp-content\/uploads\/2016\/02\/Ref-90244-Fresa-diamante-cil\u00edndrica-plus-1024x400.jpg 1024w, https:\/\/etecmed.com\/wp-content\/uploads\/2016\/02\/Ref-90244-Fresa-diamante-cil\u00edndrica-plus-768x300.jpg 768w, https:\/\/etecmed.com\/wp-content\/uploads\/2016\/02\/Ref-90244-Fresa-diamante-cil\u00edndrica-plus-1536x601.jpg 1536w, https:\/\/etecmed.com\/wp-content\/uploads\/2016\/02\/Ref-90244-Fresa-diamante-cil\u00edndrica-plus-600x235.jpg 600w, https:\/\/etecmed.com\/wp-content\/uploads\/2016\/02\/Ref-90244-Fresa-diamante-cil\u00edndrica-plus.jpg 1596w\" \/><\/a>\n\t<\/div>\n\t<figcaption class=\"woocom-list-content\">\n\n\t\t<div class=\"woo-buttons\"><a href=\"\/ca\/wp-json\/wp\/v2\/pages\/1421?add-to-cart=1796\" aria-describedby=\"woocommerce_loop_add_to_cart_link_describedby_1796\" data-quantity=\"1\" class=\"product_type_simple add_to_cart_button ajax_add_to_cart\" data-product_id=\"1796\" data-product_sku=\"90244\" aria-label=\"Afegeix a la cistella: &ldquo;Fresa diamant cil\u00edndrica \u03a612.0 mm&rdquo;\" rel=\"nofollow\" data-success_message=\"&ldquo;Fresa diamant cil\u00edndrica \u03a612.0 mm&rdquo; s&#039;ha afegit a la vostra cistella\" role=\"button\">Afegeix a la cistella<\/a>\t<span id=\"woocommerce_loop_add_to_cart_link_describedby_1796\" class=\"screen-reader-text\">\n\t\t\t<\/span>\n<\/div>\n\t<\/figcaption>\n<\/figure>\n<\/article><\/div><div class=\"hidden wf-cell category-251 visible\" data-post-id=\"1798\" data-date=\"2016-02-10T16:42:08+02:00\" data-name=\"Fresa diamant bala \u03a612.0 mm\"><article class=\"post project-odd visible description-off product type-product post-1798 status-publish instock product_cat-freses-per-a-micromotors product_tag-estetica-ca product_tag-fresas-manicura-ca product_tag-fresas-pedicura-ca product_tag-micromotores-ca product_tag-peluqueria-ca has-post-thumbnail taxable shipping-taxable purchasable product-type-simple\" ><figure class=\"woocom-project\">\n\t<div class=\"woo-buttons-on-img\">\n\n\t\t<a href=\"https:\/\/etecmed.com\/ca\/producte\/fresa-diamant-con-plus\/\" class=\"alignnone layzr-bg\"><img loading=\"lazy\" decoding=\"async\" width=\"300\" height=\"105\" src=\"data:image\/svg+xml;charset=utf-8,%3Csvg xmlns%3D&#039;http%3A%2F%2Fwww.w3.org%2F2000%2Fsvg&#039; viewBox%3D&#039;0 0 300 105&#039;%2F%3E\" class=\"attachment-woocommerce_thumbnail size-woocommerce_thumbnail iso-lazy-load preload-me\" alt=\"Fresa diamant bala \u03a612.0 mm\" data-src=\"https:\/\/etecmed.com\/wp-content\/uploads\/2016\/02\/Ref-90243-Fresa-diamante-cono-plus-300x105.jpg\" data-srcset=\"https:\/\/etecmed.com\/wp-content\/uploads\/2016\/02\/Ref-90243-Fresa-diamante-cono-plus-300x105.jpg 300w, https:\/\/etecmed.com\/wp-content\/uploads\/2016\/02\/Ref-90243-Fresa-diamante-cono-plus-1024x357.jpg 1024w, https:\/\/etecmed.com\/wp-content\/uploads\/2016\/02\/Ref-90243-Fresa-diamante-cono-plus-768x268.jpg 768w, https:\/\/etecmed.com\/wp-content\/uploads\/2016\/02\/Ref-90243-Fresa-diamante-cono-plus-1536x536.jpg 1536w, https:\/\/etecmed.com\/wp-content\/uploads\/2016\/02\/Ref-90243-Fresa-diamante-cono-plus-600x209.jpg 600w, https:\/\/etecmed.com\/wp-content\/uploads\/2016\/02\/Ref-90243-Fresa-diamante-cono-plus.jpg 1712w\" \/><\/a>\n\t<\/div>\n\t<figcaption class=\"woocom-list-content\">\n\n\t\t<div class=\"woo-buttons\"><a href=\"\/ca\/wp-json\/wp\/v2\/pages\/1421?add-to-cart=1798\" aria-describedby=\"woocommerce_loop_add_to_cart_link_describedby_1798\" data-quantity=\"1\" class=\"product_type_simple add_to_cart_button ajax_add_to_cart\" data-product_id=\"1798\" data-product_sku=\"90243\" aria-label=\"Afegeix a la cistella: &ldquo;Fresa diamant bala \u03a612.0 mm&rdquo;\" rel=\"nofollow\" data-success_message=\"&ldquo;Fresa diamant bala \u03a612.0 mm&rdquo; s&#039;ha afegit a la vostra cistella\" role=\"button\">Afegeix a la cistella<\/a>\t<span id=\"woocommerce_loop_add_to_cart_link_describedby_1798\" class=\"screen-reader-text\">\n\t\t\t<\/span>\n<\/div>\n\t<\/figcaption>\n<\/figure>\n<\/article><\/div><div class=\"hidden wf-cell category-251 visible\" data-post-id=\"1799\" data-date=\"2016-02-10T13:57:10+02:00\" data-name=\"Fresa carboni agulla \u03a61.0 mm\"><article class=\"post project-odd visible description-off product type-product post-1799 status-publish instock product_cat-freses-per-a-micromotors product_tag-estetica-ca product_tag-fresas-carbono-ca product_tag-fresas-manicura-ca product_tag-fresas-pedicura-ca product_tag-micromotores-ca product_tag-peluqueria-ca has-post-thumbnail taxable shipping-taxable purchasable product-type-simple\" ><figure class=\"woocom-project\">\n\t<div class=\"woo-buttons-on-img\">\n\n\t\t<a href=\"https:\/\/etecmed.com\/ca\/producte\/fresa-carboni-fletxa-fina\/\" class=\"alignnone layzr-bg\"><img loading=\"lazy\" decoding=\"async\" width=\"300\" height=\"28\" src=\"data:image\/svg+xml;charset=utf-8,%3Csvg xmlns%3D&#039;http%3A%2F%2Fwww.w3.org%2F2000%2Fsvg&#039; viewBox%3D&#039;0 0 300 28&#039;%2F%3E\" class=\"attachment-woocommerce_thumbnail size-woocommerce_thumbnail iso-lazy-load preload-me\" alt=\"Fresa carboni agulla \u03a61.0 mm\" data-src=\"https:\/\/etecmed.com\/wp-content\/uploads\/2016\/02\/Ref-90242-Fresa-carbono-flecha-fina-300x28.jpg\" data-srcset=\"https:\/\/etecmed.com\/wp-content\/uploads\/2016\/02\/Ref-90242-Fresa-carbono-flecha-fina-300x28.jpg 300w, https:\/\/etecmed.com\/wp-content\/uploads\/2016\/02\/Ref-90242-Fresa-carbono-flecha-fina-1024x97.jpg 1024w, https:\/\/etecmed.com\/wp-content\/uploads\/2016\/02\/Ref-90242-Fresa-carbono-flecha-fina-768x73.jpg 768w, https:\/\/etecmed.com\/wp-content\/uploads\/2016\/02\/Ref-90242-Fresa-carbono-flecha-fina-600x57.jpg 600w, https:\/\/etecmed.com\/wp-content\/uploads\/2016\/02\/Ref-90242-Fresa-carbono-flecha-fina.jpg 1322w\" \/><\/a>\n\t<\/div>\n\t<figcaption class=\"woocom-list-content\">\n\n\t\t<div class=\"woo-buttons\"><a href=\"\/ca\/wp-json\/wp\/v2\/pages\/1421?add-to-cart=1799\" aria-describedby=\"woocommerce_loop_add_to_cart_link_describedby_1799\" data-quantity=\"1\" class=\"product_type_simple add_to_cart_button ajax_add_to_cart\" data-product_id=\"1799\" data-product_sku=\"90242\" aria-label=\"Afegeix a la cistella: &ldquo;Fresa carboni agulla \u03a61.0 mm&rdquo;\" rel=\"nofollow\" data-success_message=\"&ldquo;Fresa carboni agulla \u03a61.0 mm&rdquo; s&#039;ha afegit a la vostra cistella\" role=\"button\">Afegeix a la cistella<\/a>\t<span id=\"woocommerce_loop_add_to_cart_link_describedby_1799\" class=\"screen-reader-text\">\n\t\t\t<\/span>\n<\/div>\n\t<\/figcaption>\n<\/figure>\n<\/article><\/div><div class=\"hidden wf-cell category-251 visible\" data-post-id=\"1801\" data-date=\"2016-02-10T13:54:20+02:00\" data-name=\"Fresa carboni llan\u00e7a \u03a62.0 mm\"><article class=\"post project-odd visible description-off product type-product post-1801 status-publish last instock product_cat-freses-per-a-micromotors product_tag-estetica-ca product_tag-fresas-manicura-ca product_tag-fresas-pedicura-ca product_tag-micromotores-ca product_tag-peluqueria-ca has-post-thumbnail taxable shipping-taxable purchasable product-type-simple\" ><figure class=\"woocom-project\">\n\t<div class=\"woo-buttons-on-img\">\n\n\t\t<a href=\"https:\/\/etecmed.com\/ca\/producte\/fresa-carboni-fletxa\/\" class=\"alignnone layzr-bg\"><img loading=\"lazy\" decoding=\"async\" width=\"300\" height=\"46\" src=\"data:image\/svg+xml;charset=utf-8,%3Csvg xmlns%3D&#039;http%3A%2F%2Fwww.w3.org%2F2000%2Fsvg&#039; viewBox%3D&#039;0 0 300 46&#039;%2F%3E\" class=\"attachment-woocommerce_thumbnail size-woocommerce_thumbnail iso-lazy-load preload-me\" alt=\"Fresa carboni llan\u00e7a \u03a62.0 mm\" data-src=\"https:\/\/etecmed.com\/wp-content\/uploads\/2016\/02\/Ref-90241-Fresa-carbono-flecha-300x46.jpg\" data-srcset=\"https:\/\/etecmed.com\/wp-content\/uploads\/2016\/02\/Ref-90241-Fresa-carbono-flecha-300x46.jpg 300w, https:\/\/etecmed.com\/wp-content\/uploads\/2016\/02\/Ref-90241-Fresa-carbono-flecha-1024x156.jpg 1024w, https:\/\/etecmed.com\/wp-content\/uploads\/2016\/02\/Ref-90241-Fresa-carbono-flecha-768x117.jpg 768w, https:\/\/etecmed.com\/wp-content\/uploads\/2016\/02\/Ref-90241-Fresa-carbono-flecha-600x91.jpg 600w, https:\/\/etecmed.com\/wp-content\/uploads\/2016\/02\/Ref-90241-Fresa-carbono-flecha.jpg 1376w\" \/><\/a>\n\t<\/div>\n\t<figcaption class=\"woocom-list-content\">\n\n\t\t<div class=\"woo-buttons\"><a href=\"\/ca\/wp-json\/wp\/v2\/pages\/1421?add-to-cart=1801\" aria-describedby=\"woocommerce_loop_add_to_cart_link_describedby_1801\" data-quantity=\"1\" class=\"product_type_simple add_to_cart_button ajax_add_to_cart\" data-product_id=\"1801\" data-product_sku=\"90241\" aria-label=\"Afegeix a la cistella: &ldquo;Fresa carboni llan\u00e7a \u03a62.0 mm&rdquo;\" rel=\"nofollow\" data-success_message=\"&ldquo;Fresa carboni llan\u00e7a \u03a62.0 mm&rdquo; s&#039;ha afegit a la vostra cistella\" role=\"button\">Afegeix a la cistella<\/a>\t<span id=\"woocommerce_loop_add_to_cart_link_describedby_1801\" class=\"screen-reader-text\">\n\t\t\t<\/span>\n<\/div>\n\t<\/figcaption>\n<\/figure>\n<\/article><\/div><div class=\"hidden wf-cell category-251 visible\" data-post-id=\"1803\" data-date=\"2016-02-10T13:51:13+02:00\" data-name=\"Fresa carboni barril \u03a62.0 mm\"><article class=\"post project-odd visible description-off product type-product post-1803 status-publish first instock product_cat-freses-per-a-micromotors product_tag-estetica-ca product_tag-fresas-manicura-ca product_tag-fresas-pedicura-ca product_tag-micromotores-ca product_tag-peluqueria-ca has-post-thumbnail taxable shipping-taxable purchasable product-type-simple\" ><figure class=\"woocom-project\">\n\t<div class=\"woo-buttons-on-img\">\n\n\t\t<a href=\"https:\/\/etecmed.com\/ca\/producte\/fresa-carbono-barril\/\" class=\"alignnone layzr-bg\"><img loading=\"lazy\" decoding=\"async\" width=\"300\" height=\"29\" src=\"data:image\/svg+xml;charset=utf-8,%3Csvg xmlns%3D&#039;http%3A%2F%2Fwww.w3.org%2F2000%2Fsvg&#039; viewBox%3D&#039;0 0 300 29&#039;%2F%3E\" class=\"attachment-woocommerce_thumbnail size-woocommerce_thumbnail iso-lazy-load preload-me\" alt=\"Fresa carboni barril \u03a62.0 mm\" data-src=\"https:\/\/etecmed.com\/wp-content\/uploads\/2016\/02\/Ref-90240-Fresa-carbono-barril-300x29.jpg\" data-srcset=\"https:\/\/etecmed.com\/wp-content\/uploads\/2016\/02\/Ref-90240-Fresa-carbono-barril-300x29.jpg 300w, https:\/\/etecmed.com\/wp-content\/uploads\/2016\/02\/Ref-90240-Fresa-carbono-barril-1024x99.jpg 1024w, https:\/\/etecmed.com\/wp-content\/uploads\/2016\/02\/Ref-90240-Fresa-carbono-barril-768x74.jpg 768w, https:\/\/etecmed.com\/wp-content\/uploads\/2016\/02\/Ref-90240-Fresa-carbono-barril-1536x148.jpg 1536w, https:\/\/etecmed.com\/wp-content\/uploads\/2016\/02\/Ref-90240-Fresa-carbono-barril-600x58.jpg 600w, https:\/\/etecmed.com\/wp-content\/uploads\/2016\/02\/Ref-90240-Fresa-carbono-barril.jpg 1605w\" \/><\/a>\n\t<\/div>\n\t<figcaption class=\"woocom-list-content\">\n\n\t\t<div class=\"woo-buttons\"><a href=\"\/ca\/wp-json\/wp\/v2\/pages\/1421?add-to-cart=1803\" aria-describedby=\"woocommerce_loop_add_to_cart_link_describedby_1803\" data-quantity=\"1\" class=\"product_type_simple add_to_cart_button ajax_add_to_cart\" data-product_id=\"1803\" data-product_sku=\"90240\" aria-label=\"Afegeix a la cistella: &ldquo;Fresa carboni barril \u03a62.0 mm&rdquo;\" rel=\"nofollow\" data-success_message=\"&ldquo;Fresa carboni barril \u03a62.0 mm&rdquo; s&#039;ha afegit a la vostra cistella\" role=\"button\">Afegeix a la cistella<\/a>\t<span id=\"woocommerce_loop_add_to_cart_link_describedby_1803\" class=\"screen-reader-text\">\n\t\t\t<\/span>\n<\/div>\n\t<\/figcaption>\n<\/figure>\n<\/article><\/div><div class=\"hidden wf-cell category-251 visible\" data-post-id=\"1806\" data-date=\"2016-02-10T13:47:33+02:00\" data-name=\"Fresa carboni cil\u00edndrica curta \u03a66.0 mm\"><article class=\"post project-odd visible description-off product type-product post-1806 status-publish instock product_cat-freses-per-a-micromotors product_tag-estetica-ca product_tag-fresas-manicura-ca product_tag-fresas-pedicura-ca product_tag-micromotores-ca product_tag-peluqueria-ca has-post-thumbnail taxable shipping-taxable purchasable product-type-simple\" ><figure class=\"woocom-project\">\n\t<div class=\"woo-buttons-on-img\">\n\n\t\t<a href=\"https:\/\/etecmed.com\/ca\/producte\/fresa-carboni-cilindrica-curta\/\" class=\"alignnone layzr-bg\"><img loading=\"lazy\" decoding=\"async\" width=\"300\" height=\"65\" src=\"data:image\/svg+xml;charset=utf-8,%3Csvg xmlns%3D&#039;http%3A%2F%2Fwww.w3.org%2F2000%2Fsvg&#039; viewBox%3D&#039;0 0 300 65&#039;%2F%3E\" class=\"attachment-woocommerce_thumbnail size-woocommerce_thumbnail iso-lazy-load preload-me\" alt=\"Fresa carboni cil\u00edndrica curta \u03a66.0 mm\" data-src=\"https:\/\/etecmed.com\/wp-content\/uploads\/2016\/02\/Ref-90239-Fresa-carbono-cil\u00edndrica-corta-300x65.jpg\" data-srcset=\"https:\/\/etecmed.com\/wp-content\/uploads\/2016\/02\/Ref-90239-Fresa-carbono-cil\u00edndrica-corta-300x65.jpg 300w, https:\/\/etecmed.com\/wp-content\/uploads\/2016\/02\/Ref-90239-Fresa-carbono-cil\u00edndrica-corta-1024x222.jpg 1024w, https:\/\/etecmed.com\/wp-content\/uploads\/2016\/02\/Ref-90239-Fresa-carbono-cil\u00edndrica-corta-768x167.jpg 768w, https:\/\/etecmed.com\/wp-content\/uploads\/2016\/02\/Ref-90239-Fresa-carbono-cil\u00edndrica-corta-600x130.jpg 600w, https:\/\/etecmed.com\/wp-content\/uploads\/2016\/02\/Ref-90239-Fresa-carbono-cil\u00edndrica-corta.jpg 1130w\" \/><\/a>\n\t<\/div>\n\t<figcaption class=\"woocom-list-content\">\n\n\t\t<div class=\"woo-buttons\"><a href=\"\/ca\/wp-json\/wp\/v2\/pages\/1421?add-to-cart=1806\" aria-describedby=\"woocommerce_loop_add_to_cart_link_describedby_1806\" data-quantity=\"1\" class=\"product_type_simple add_to_cart_button ajax_add_to_cart\" data-product_id=\"1806\" data-product_sku=\"90239\" aria-label=\"Afegeix a la cistella: &ldquo;Fresa carboni cil\u00edndrica curta \u03a66.0 mm&rdquo;\" rel=\"nofollow\" data-success_message=\"&ldquo;Fresa carboni cil\u00edndrica curta \u03a66.0 mm&rdquo; s&#039;ha afegit a la vostra cistella\" role=\"button\">Afegeix a la cistella<\/a>\t<span id=\"woocommerce_loop_add_to_cart_link_describedby_1806\" class=\"screen-reader-text\">\n\t\t\t<\/span>\n<\/div>\n\t<\/figcaption>\n<\/figure>\n<\/article><\/div><div class=\"hidden wf-cell category-251 visible\" data-post-id=\"1808\" data-date=\"2016-02-10T13:45:11+02:00\" data-name=\"Fresa carboni cil\u00edndrica \u03a65.0 mm\"><article class=\"post project-odd visible description-off product type-product post-1808 status-publish instock product_cat-freses-per-a-micromotors product_tag-estetica-ca product_tag-fresas-manicura-ca product_tag-fresas-pedicura-ca product_tag-micromotores-ca product_tag-peluqueria-ca has-post-thumbnail taxable shipping-taxable purchasable product-type-simple\" ><figure class=\"woocom-project\">\n\t<div class=\"woo-buttons-on-img\">\n\n\t\t<a href=\"https:\/\/etecmed.com\/ca\/producte\/fresa-carbono-cilindrica-mitjana\/\" class=\"alignnone layzr-bg\"><img loading=\"lazy\" decoding=\"async\" width=\"300\" height=\"52\" src=\"data:image\/svg+xml;charset=utf-8,%3Csvg xmlns%3D&#039;http%3A%2F%2Fwww.w3.org%2F2000%2Fsvg&#039; viewBox%3D&#039;0 0 300 52&#039;%2F%3E\" class=\"attachment-woocommerce_thumbnail size-woocommerce_thumbnail iso-lazy-load preload-me\" alt=\"Fresa carboni cil\u00edndrica \u03a65.0 mm\" data-src=\"https:\/\/etecmed.com\/wp-content\/uploads\/2016\/02\/Ref-90238-Fresa-carbono-cil\u00edndrica-mediana-300x52.jpg\" data-srcset=\"https:\/\/etecmed.com\/wp-content\/uploads\/2016\/02\/Ref-90238-Fresa-carbono-cil\u00edndrica-mediana-300x52.jpg 300w, https:\/\/etecmed.com\/wp-content\/uploads\/2016\/02\/Ref-90238-Fresa-carbono-cil\u00edndrica-mediana-1024x178.jpg 1024w, https:\/\/etecmed.com\/wp-content\/uploads\/2016\/02\/Ref-90238-Fresa-carbono-cil\u00edndrica-mediana-768x134.jpg 768w, https:\/\/etecmed.com\/wp-content\/uploads\/2016\/02\/Ref-90238-Fresa-carbono-cil\u00edndrica-mediana-600x104.jpg 600w, https:\/\/etecmed.com\/wp-content\/uploads\/2016\/02\/Ref-90238-Fresa-carbono-cil\u00edndrica-mediana.jpg 1431w\" \/><\/a>\n\t<\/div>\n\t<figcaption class=\"woocom-list-content\">\n\n\t\t<div class=\"woo-buttons\"><a href=\"\/ca\/wp-json\/wp\/v2\/pages\/1421?add-to-cart=1808\" aria-describedby=\"woocommerce_loop_add_to_cart_link_describedby_1808\" data-quantity=\"1\" class=\"product_type_simple add_to_cart_button ajax_add_to_cart\" data-product_id=\"1808\" data-product_sku=\"90238\" aria-label=\"Afegeix a la cistella: &ldquo;Fresa carboni cil\u00edndrica \u03a65.0 mm&rdquo;\" rel=\"nofollow\" data-success_message=\"&ldquo;Fresa carboni cil\u00edndrica \u03a65.0 mm&rdquo; s&#039;ha afegit a la vostra cistella\" role=\"button\">Afegeix a la cistella<\/a>\t<span id=\"woocommerce_loop_add_to_cart_link_describedby_1808\" class=\"screen-reader-text\">\n\t\t\t<\/span>\n<\/div>\n\t<\/figcaption>\n<\/figure>\n<\/article><\/div><div class=\"hidden wf-cell category-251 visible\" data-post-id=\"1809\" data-date=\"2016-02-10T13:35:20+02:00\" data-name=\"Fresa carboni cil\u00edndrica \u03a66.0 mm\"><article class=\"post project-odd visible description-off product type-product post-1809 status-publish last instock product_cat-freses-per-a-micromotors product_tag-estetica-ca product_tag-fresas-manicura-ca product_tag-fresas-pedicura-ca product_tag-micromotores-ca product_tag-peluqueria-ca has-post-thumbnail taxable shipping-taxable purchasable product-type-simple\" ><figure class=\"woocom-project\">\n\t<div class=\"woo-buttons-on-img\">\n\n\t\t<a href=\"https:\/\/etecmed.com\/ca\/producte\/fresa-carboni-cilindrica-gruixuda\/\" class=\"alignnone layzr-bg\"><img loading=\"lazy\" decoding=\"async\" width=\"300\" height=\"116\" src=\"data:image\/svg+xml;charset=utf-8,%3Csvg xmlns%3D&#039;http%3A%2F%2Fwww.w3.org%2F2000%2Fsvg&#039; viewBox%3D&#039;0 0 300 116&#039;%2F%3E\" class=\"attachment-woocommerce_thumbnail size-woocommerce_thumbnail iso-lazy-load preload-me\" alt=\"Fresa carboni cil\u00edndrica \u03a66.0 mm\" data-src=\"https:\/\/etecmed.com\/wp-content\/uploads\/2016\/02\/Ref-90237-Fresa-carbono-cil\u00edndrica-gruesa-300x116.jpg\" data-srcset=\"https:\/\/etecmed.com\/wp-content\/uploads\/2016\/02\/Ref-90237-Fresa-carbono-cil\u00edndrica-gruesa-300x116.jpg 300w, https:\/\/etecmed.com\/wp-content\/uploads\/2016\/02\/Ref-90237-Fresa-carbono-cil\u00edndrica-gruesa-1024x397.jpg 1024w, https:\/\/etecmed.com\/wp-content\/uploads\/2016\/02\/Ref-90237-Fresa-carbono-cil\u00edndrica-gruesa-768x298.jpg 768w, https:\/\/etecmed.com\/wp-content\/uploads\/2016\/02\/Ref-90237-Fresa-carbono-cil\u00edndrica-gruesa-600x233.jpg 600w, https:\/\/etecmed.com\/wp-content\/uploads\/2016\/02\/Ref-90237-Fresa-carbono-cil\u00edndrica-gruesa.jpg 1441w\" \/><\/a>\n\t<\/div>\n\t<figcaption class=\"woocom-list-content\">\n\n\t\t<div class=\"woo-buttons\"><a href=\"\/ca\/wp-json\/wp\/v2\/pages\/1421?add-to-cart=1809\" aria-describedby=\"woocommerce_loop_add_to_cart_link_describedby_1809\" data-quantity=\"1\" class=\"product_type_simple add_to_cart_button ajax_add_to_cart\" data-product_id=\"1809\" data-product_sku=\"90237\" aria-label=\"Afegeix a la cistella: &ldquo;Fresa carboni cil\u00edndrica \u03a66.0 mm&rdquo;\" rel=\"nofollow\" data-success_message=\"&ldquo;Fresa carboni cil\u00edndrica \u03a66.0 mm&rdquo; s&#039;ha afegit a la vostra cistella\" role=\"button\">Afegeix a la cistella<\/a>\t<span id=\"woocommerce_loop_add_to_cart_link_describedby_1809\" class=\"screen-reader-text\">\n\t\t\t<\/span>\n<\/div>\n\t<\/figcaption>\n<\/figure>\n<\/article><\/div><div class=\"hidden wf-cell category-251 visible\" data-post-id=\"1811\" data-date=\"2016-02-10T13:32:04+02:00\" data-name=\"Fresa carboni c\u00f2nica truncada \u03a64.0 mm\"><article class=\"post project-odd visible description-off product type-product post-1811 status-publish first instock product_cat-freses-per-a-micromotors product_tag-estetica-ca product_tag-fresas-manicura-ca product_tag-fresas-pedicura-ca product_tag-micromotores-ca product_tag-peluqueria-ca has-post-thumbnail taxable shipping-taxable purchasable product-type-simple\" ><figure class=\"woocom-project\">\n\t<div class=\"woo-buttons-on-img\">\n\n\t\t<a href=\"https:\/\/etecmed.com\/ca\/producte\/fresa-carboni-conica-truncada\/\" class=\"alignnone layzr-bg\"><img loading=\"lazy\" decoding=\"async\" width=\"300\" height=\"199\" src=\"data:image\/svg+xml;charset=utf-8,%3Csvg xmlns%3D&#039;http%3A%2F%2Fwww.w3.org%2F2000%2Fsvg&#039; viewBox%3D&#039;0 0 300 199&#039;%2F%3E\" class=\"attachment-woocommerce_thumbnail size-woocommerce_thumbnail iso-lazy-load preload-me\" alt=\"Fresa carboni c\u00f2nica truncada \u03a64.0 mm\" data-src=\"https:\/\/etecmed.com\/wp-content\/uploads\/2016\/02\/90236-FresaCTruncada-300x199.jpg\" data-srcset=\"https:\/\/etecmed.com\/wp-content\/uploads\/2016\/02\/90236-FresaCTruncada-300x199.jpg 300w, https:\/\/etecmed.com\/wp-content\/uploads\/2016\/02\/90236-FresaCTruncada-1024x681.jpg 1024w, https:\/\/etecmed.com\/wp-content\/uploads\/2016\/02\/90236-FresaCTruncada-768x511.jpg 768w, https:\/\/etecmed.com\/wp-content\/uploads\/2016\/02\/90236-FresaCTruncada-1536x1021.jpg 1536w, https:\/\/etecmed.com\/wp-content\/uploads\/2016\/02\/90236-FresaCTruncada-600x399.jpg 600w, https:\/\/etecmed.com\/wp-content\/uploads\/2016\/02\/90236-FresaCTruncada.jpg 1552w\" \/><\/a>\n\t<\/div>\n\t<figcaption class=\"woocom-list-content\">\n\n\t\t<div class=\"woo-buttons\"><a href=\"\/ca\/wp-json\/wp\/v2\/pages\/1421?add-to-cart=1811\" aria-describedby=\"woocommerce_loop_add_to_cart_link_describedby_1811\" data-quantity=\"1\" class=\"product_type_simple add_to_cart_button ajax_add_to_cart\" data-product_id=\"1811\" data-product_sku=\"90236\" aria-label=\"Afegeix a la cistella: &ldquo;Fresa carboni c\u00f2nica truncada \u03a64.0 mm&rdquo;\" rel=\"nofollow\" data-success_message=\"&ldquo;Fresa carboni c\u00f2nica truncada \u03a64.0 mm&rdquo; s&#039;ha afegit a la vostra cistella\" role=\"button\">Afegeix a la cistella<\/a>\t<span id=\"woocommerce_loop_add_to_cart_link_describedby_1811\" class=\"screen-reader-text\">\n\t\t\t<\/span>\n<\/div>\n\t<\/figcaption>\n<\/figure>\n<\/article><\/div><div class=\"hidden wf-cell category-251 visible\" data-post-id=\"1813\" data-date=\"2016-02-10T13:29:48+02:00\" data-name=\"Fresa stone cil\u00edndrica \u03a66.0 mm\"><article class=\"post project-odd visible description-off product type-product post-1813 status-publish instock product_cat-freses-per-a-micromotors product_tag-estetica-ca product_tag-fresas-manicura-ca product_tag-fresas-pedicura-ca product_tag-micromotores-ca product_tag-peluqueria-ca has-post-thumbnail taxable shipping-taxable purchasable product-type-simple\" ><figure class=\"woocom-project\">\n\t<div class=\"woo-buttons-on-img\">\n\n\t\t<a href=\"https:\/\/etecmed.com\/ca\/producte\/fresa-stone-cilindrica-pequena\/\" class=\"alignnone layzr-bg\"><img loading=\"lazy\" decoding=\"async\" width=\"300\" height=\"59\" src=\"data:image\/svg+xml;charset=utf-8,%3Csvg xmlns%3D&#039;http%3A%2F%2Fwww.w3.org%2F2000%2Fsvg&#039; viewBox%3D&#039;0 0 300 59&#039;%2F%3E\" class=\"attachment-woocommerce_thumbnail size-woocommerce_thumbnail iso-lazy-load preload-me\" alt=\"Fresa stone cil\u00edndrica \u03a66.0 mm\" data-src=\"https:\/\/etecmed.com\/wp-content\/uploads\/2016\/02\/Ref-90235-Fresa-stone-cil\u00edndrica-peque\u00f1a-300x59.jpg\" data-srcset=\"https:\/\/etecmed.com\/wp-content\/uploads\/2016\/02\/Ref-90235-Fresa-stone-cil\u00edndrica-peque\u00f1a-300x59.jpg 300w, https:\/\/etecmed.com\/wp-content\/uploads\/2016\/02\/Ref-90235-Fresa-stone-cil\u00edndrica-peque\u00f1a-1024x202.jpg 1024w, https:\/\/etecmed.com\/wp-content\/uploads\/2016\/02\/Ref-90235-Fresa-stone-cil\u00edndrica-peque\u00f1a-768x151.jpg 768w, https:\/\/etecmed.com\/wp-content\/uploads\/2016\/02\/Ref-90235-Fresa-stone-cil\u00edndrica-peque\u00f1a-600x118.jpg 600w, https:\/\/etecmed.com\/wp-content\/uploads\/2016\/02\/Ref-90235-Fresa-stone-cil\u00edndrica-peque\u00f1a.jpg 1432w\" \/><\/a>\n\t<\/div>\n\t<figcaption class=\"woocom-list-content\">\n\n\t\t<div class=\"woo-buttons\"><a href=\"\/ca\/wp-json\/wp\/v2\/pages\/1421?add-to-cart=1813\" aria-describedby=\"woocommerce_loop_add_to_cart_link_describedby_1813\" data-quantity=\"1\" class=\"product_type_simple add_to_cart_button ajax_add_to_cart\" data-product_id=\"1813\" data-product_sku=\"90235\" aria-label=\"Afegeix a la cistella: &ldquo;Fresa stone cil\u00edndrica \u03a66.0 mm&rdquo;\" rel=\"nofollow\" data-success_message=\"&ldquo;Fresa stone cil\u00edndrica \u03a66.0 mm&rdquo; s&#039;ha afegit a la vostra cistella\" role=\"button\">Afegeix a la cistella<\/a>\t<span id=\"woocommerce_loop_add_to_cart_link_describedby_1813\" class=\"screen-reader-text\">\n\t\t\t<\/span>\n<\/div>\n\t<\/figcaption>\n<\/figure>\n<\/article><\/div><div class=\"hidden wf-cell category-251 visible\" data-post-id=\"1816\" data-date=\"2016-02-09T18:35:39+02:00\" data-name=\"Fresa diamant \u03a65.0 mm\"><article class=\"post project-odd visible description-off product type-product post-1816 status-publish instock product_cat-freses-per-a-micromotors product_tag-estetica-ca product_tag-fresas-manicura-ca product_tag-fresas-pedicura-ca product_tag-micromotores-ca product_tag-peluqueria-ca has-post-thumbnail taxable shipping-taxable purchasable product-type-simple\" ><figure class=\"woocom-project\">\n\t<div class=\"woo-buttons-on-img\">\n\n\t\t<a href=\"https:\/\/etecmed.com\/ca\/producte\/fresa-diamant-petita-diametre-5mm\/\" class=\"alignnone layzr-bg\"><img loading=\"lazy\" decoding=\"async\" width=\"300\" height=\"67\" src=\"data:image\/svg+xml;charset=utf-8,%3Csvg xmlns%3D&#039;http%3A%2F%2Fwww.w3.org%2F2000%2Fsvg&#039; viewBox%3D&#039;0 0 300 67&#039;%2F%3E\" class=\"attachment-woocommerce_thumbnail size-woocommerce_thumbnail iso-lazy-load preload-me\" alt=\"Fresa diamant \u03a65.0 mm\" data-src=\"https:\/\/etecmed.com\/wp-content\/uploads\/2016\/02\/Ref-90234-Fresa-diamante-di\u00e1metro-5mm-300x67.jpg\" data-srcset=\"https:\/\/etecmed.com\/wp-content\/uploads\/2016\/02\/Ref-90234-Fresa-diamante-di\u00e1metro-5mm-300x67.jpg 300w, https:\/\/etecmed.com\/wp-content\/uploads\/2016\/02\/Ref-90234-Fresa-diamante-di\u00e1metro-5mm-1024x229.jpg 1024w, https:\/\/etecmed.com\/wp-content\/uploads\/2016\/02\/Ref-90234-Fresa-diamante-di\u00e1metro-5mm-768x172.jpg 768w, https:\/\/etecmed.com\/wp-content\/uploads\/2016\/02\/Ref-90234-Fresa-diamante-di\u00e1metro-5mm-600x134.jpg 600w, https:\/\/etecmed.com\/wp-content\/uploads\/2016\/02\/Ref-90234-Fresa-diamante-di\u00e1metro-5mm.jpg 1450w\" \/><\/a>\n\t<\/div>\n\t<figcaption class=\"woocom-list-content\">\n\n\t\t<div class=\"woo-buttons\"><a href=\"\/ca\/wp-json\/wp\/v2\/pages\/1421?add-to-cart=1816\" aria-describedby=\"woocommerce_loop_add_to_cart_link_describedby_1816\" data-quantity=\"1\" class=\"product_type_simple add_to_cart_button ajax_add_to_cart\" data-product_id=\"1816\" data-product_sku=\"90234\" aria-label=\"Afegeix a la cistella: &ldquo;Fresa diamant \u03a65.0 mm&rdquo;\" rel=\"nofollow\" data-success_message=\"&ldquo;Fresa diamant \u03a65.0 mm&rdquo; s&#039;ha afegit a la vostra cistella\" role=\"button\">Afegeix a la cistella<\/a>\t<span id=\"woocommerce_loop_add_to_cart_link_describedby_1816\" class=\"screen-reader-text\">\n\t\t\t<\/span>\n<\/div>\n\t<\/figcaption>\n<\/figure>\n<\/article><\/div><div class=\"hidden wf-cell category-251 visible\" data-post-id=\"1818\" data-date=\"2016-02-09T18:33:14+02:00\" data-name=\"Fresa diamant \u03a610.0 mm\"><article class=\"post project-odd visible description-off product type-product post-1818 status-publish last instock product_cat-freses-per-a-micromotors product_tag-estetica-ca product_tag-fresas-manicura-ca product_tag-fresas-pedicura-ca product_tag-micromotores-ca product_tag-peluqueria-ca has-post-thumbnail taxable shipping-taxable purchasable product-type-simple\" ><figure class=\"woocom-project\">\n\t<div class=\"woo-buttons-on-img\">\n\n\t\t<a href=\"https:\/\/etecmed.com\/ca\/producte\/fresa-diamant-10mm\/\" class=\"alignnone layzr-bg\"><img loading=\"lazy\" decoding=\"async\" width=\"300\" height=\"92\" src=\"data:image\/svg+xml;charset=utf-8,%3Csvg xmlns%3D&#039;http%3A%2F%2Fwww.w3.org%2F2000%2Fsvg&#039; viewBox%3D&#039;0 0 300 92&#039;%2F%3E\" class=\"attachment-woocommerce_thumbnail size-woocommerce_thumbnail iso-lazy-load preload-me\" alt=\"Fresa diamant \u03a610.0 mm\" data-src=\"https:\/\/etecmed.com\/wp-content\/uploads\/2016\/02\/Ref-90233-Fresa-diamante-di\u00e1metro-10mm-300x92.jpg\" data-srcset=\"https:\/\/etecmed.com\/wp-content\/uploads\/2016\/02\/Ref-90233-Fresa-diamante-di\u00e1metro-10mm-300x92.jpg 300w, https:\/\/etecmed.com\/wp-content\/uploads\/2016\/02\/Ref-90233-Fresa-diamante-di\u00e1metro-10mm-1024x314.jpg 1024w, https:\/\/etecmed.com\/wp-content\/uploads\/2016\/02\/Ref-90233-Fresa-diamante-di\u00e1metro-10mm-768x236.jpg 768w, https:\/\/etecmed.com\/wp-content\/uploads\/2016\/02\/Ref-90233-Fresa-diamante-di\u00e1metro-10mm-1536x472.jpg 1536w, https:\/\/etecmed.com\/wp-content\/uploads\/2016\/02\/Ref-90233-Fresa-diamante-di\u00e1metro-10mm-600x184.jpg 600w, https:\/\/etecmed.com\/wp-content\/uploads\/2016\/02\/Ref-90233-Fresa-diamante-di\u00e1metro-10mm.jpg 1599w\" \/><\/a>\n\t<\/div>\n\t<figcaption class=\"woocom-list-content\">\n\n\t\t<div class=\"woo-buttons\"><a href=\"\/ca\/wp-json\/wp\/v2\/pages\/1421?add-to-cart=1818\" aria-describedby=\"woocommerce_loop_add_to_cart_link_describedby_1818\" data-quantity=\"1\" class=\"product_type_simple add_to_cart_button ajax_add_to_cart\" data-product_id=\"1818\" data-product_sku=\"90233\" aria-label=\"Afegeix a la cistella: &ldquo;Fresa diamant \u03a610.0 mm&rdquo;\" rel=\"nofollow\" data-success_message=\"&ldquo;Fresa diamant \u03a610.0 mm&rdquo; s&#039;ha afegit a la vostra cistella\" role=\"button\">Afegeix a la cistella<\/a>\t<span id=\"woocommerce_loop_add_to_cart_link_describedby_1818\" class=\"screen-reader-text\">\n\t\t\t<\/span>\n<\/div>\n\t<\/figcaption>\n<\/figure>\n<\/article><\/div><div class=\"hidden wf-cell category-251 visible\" data-post-id=\"1819\" data-date=\"2016-02-09T18:30:29+02:00\" data-name=\"Fresa diamant disc correctora\/pulidora \u03a617.0 mm\"><article class=\"post project-odd visible description-off product type-product post-1819 status-publish first instock product_cat-freses-per-a-micromotors product_tag-estetica-ca product_tag-fresas-manicura-ca product_tag-fresas-pedicura-ca product_tag-micromotores-ca product_tag-peluqueria-ca has-post-thumbnail taxable shipping-taxable purchasable product-type-simple\" ><figure class=\"woocom-project\">\n\t<div class=\"woo-buttons-on-img\">\n\n\t\t<a href=\"https:\/\/etecmed.com\/ca\/producte\/fresa-diamant-disc-correctorapulidora\/\" class=\"alignnone layzr-bg\"><img loading=\"lazy\" decoding=\"async\" width=\"300\" height=\"145\" src=\"data:image\/svg+xml;charset=utf-8,%3Csvg xmlns%3D&#039;http%3A%2F%2Fwww.w3.org%2F2000%2Fsvg&#039; viewBox%3D&#039;0 0 300 145&#039;%2F%3E\" class=\"attachment-woocommerce_thumbnail size-woocommerce_thumbnail iso-lazy-load preload-me\" alt=\"Fresa diamant disc correctora\/pulidora \u03a617.0 mm\" data-src=\"https:\/\/etecmed.com\/wp-content\/uploads\/2016\/02\/Ref-90232-Fresa-diamante-disco-corretora-pulidora-1-300x145.jpg\" data-srcset=\"https:\/\/etecmed.com\/wp-content\/uploads\/2016\/02\/Ref-90232-Fresa-diamante-disco-corretora-pulidora-1-300x145.jpg 300w, https:\/\/etecmed.com\/wp-content\/uploads\/2016\/02\/Ref-90232-Fresa-diamante-disco-corretora-pulidora-1-1024x496.jpg 1024w, https:\/\/etecmed.com\/wp-content\/uploads\/2016\/02\/Ref-90232-Fresa-diamante-disco-corretora-pulidora-1-768x372.jpg 768w, https:\/\/etecmed.com\/wp-content\/uploads\/2016\/02\/Ref-90232-Fresa-diamante-disco-corretora-pulidora-1-600x291.jpg 600w, https:\/\/etecmed.com\/wp-content\/uploads\/2016\/02\/Ref-90232-Fresa-diamante-disco-corretora-pulidora-1.jpg 1464w\" \/><\/a>\n\t<\/div>\n\t<figcaption class=\"woocom-list-content\">\n\n\t\t<div class=\"woo-buttons\"><a href=\"\/ca\/wp-json\/wp\/v2\/pages\/1421?add-to-cart=1819\" aria-describedby=\"woocommerce_loop_add_to_cart_link_describedby_1819\" data-quantity=\"1\" class=\"product_type_simple add_to_cart_button ajax_add_to_cart\" data-product_id=\"1819\" data-product_sku=\"90232\" aria-label=\"Afegeix a la cistella: &ldquo;Fresa diamant disc correctora\/pulidora \u03a617.0 mm&rdquo;\" rel=\"nofollow\" data-success_message=\"&ldquo;Fresa diamant disc correctora\/pulidora \u03a617.0 mm&rdquo; s&#039;ha afegit a la vostra cistella\" role=\"button\">Afegeix a la cistella<\/a>\t<span id=\"woocommerce_loop_add_to_cart_link_describedby_1819\" class=\"screen-reader-text\">\n\t\t\t<\/span>\n<\/div>\n\t<\/figcaption>\n<\/figure>\n<\/article><\/div><div class=\"hidden wf-cell category-251 visible\" data-post-id=\"1821\" data-date=\"2016-02-09T18:28:13+02:00\" data-name=\"Fresa stone cil\u00edndrica \u03a610.0 mm\"><article class=\"post project-odd visible description-off product type-product post-1821 status-publish instock product_cat-freses-per-a-micromotors product_tag-estetica-ca product_tag-fresa-manicura-ca product_tag-fresa-pedicura-ca product_tag-micromotor-ca-2 product_tag-peluqueria-ca has-post-thumbnail taxable shipping-taxable purchasable product-type-simple\" ><figure class=\"woocom-project\">\n\t<div class=\"woo-buttons-on-img\">\n\n\t\t<a href=\"https:\/\/etecmed.com\/ca\/producte\/fresa-stone-cilindrica\/\" class=\"alignnone layzr-bg\"><img loading=\"lazy\" decoding=\"async\" width=\"300\" height=\"66\" src=\"data:image\/svg+xml;charset=utf-8,%3Csvg xmlns%3D&#039;http%3A%2F%2Fwww.w3.org%2F2000%2Fsvg&#039; viewBox%3D&#039;0 0 300 66&#039;%2F%3E\" class=\"attachment-woocommerce_thumbnail size-woocommerce_thumbnail iso-lazy-load preload-me\" alt=\"Fresa stone cil\u00edndrica \u03a610.0 mm\" data-src=\"https:\/\/etecmed.com\/wp-content\/uploads\/2016\/02\/Ref-90231-Fresa-stone-cil\u00edndrica-300x66.jpg\" data-srcset=\"https:\/\/etecmed.com\/wp-content\/uploads\/2016\/02\/Ref-90231-Fresa-stone-cil\u00edndrica-300x66.jpg 300w, https:\/\/etecmed.com\/wp-content\/uploads\/2016\/02\/Ref-90231-Fresa-stone-cil\u00edndrica-1024x225.jpg 1024w, https:\/\/etecmed.com\/wp-content\/uploads\/2016\/02\/Ref-90231-Fresa-stone-cil\u00edndrica-768x168.jpg 768w, https:\/\/etecmed.com\/wp-content\/uploads\/2016\/02\/Ref-90231-Fresa-stone-cil\u00edndrica-1536x337.jpg 1536w, https:\/\/etecmed.com\/wp-content\/uploads\/2016\/02\/Ref-90231-Fresa-stone-cil\u00edndrica-600x132.jpg 600w, https:\/\/etecmed.com\/wp-content\/uploads\/2016\/02\/Ref-90231-Fresa-stone-cil\u00edndrica.jpg 1951w\" \/><\/a>\n\t<\/div>\n\t<figcaption class=\"woocom-list-content\">\n\n\t\t<div class=\"woo-buttons\"><a href=\"\/ca\/wp-json\/wp\/v2\/pages\/1421?add-to-cart=1821\" aria-describedby=\"woocommerce_loop_add_to_cart_link_describedby_1821\" data-quantity=\"1\" class=\"product_type_simple add_to_cart_button ajax_add_to_cart\" data-product_id=\"1821\" data-product_sku=\"90231\" aria-label=\"Afegeix a la cistella: &ldquo;Fresa stone cil\u00edndrica \u03a610.0 mm&rdquo;\" rel=\"nofollow\" data-success_message=\"&ldquo;Fresa stone cil\u00edndrica \u03a610.0 mm&rdquo; s&#039;ha afegit a la vostra cistella\" role=\"button\">Afegeix a la cistella<\/a>\t<span id=\"woocommerce_loop_add_to_cart_link_describedby_1821\" class=\"screen-reader-text\">\n\t\t\t<\/span>\n<\/div>\n\t<\/figcaption>\n<\/figure>\n<\/article><\/div><div class=\"hidden wf-cell category-251 visible\" data-post-id=\"1823\" data-date=\"2016-02-09T18:18:19+02:00\" data-name=\"Fresa stone bala \u03a610.0 mm\"><article class=\"post project-odd visible description-off product type-product post-1823 status-publish instock product_cat-freses-per-a-micromotors product_tag-estetica-ca product_tag-fresas-manicura-ca product_tag-fresas-pedicura-ca product_tag-micromotor-ca-2 product_tag-peluqueria-ca has-post-thumbnail taxable shipping-taxable purchasable product-type-simple\" ><figure class=\"woocom-project\">\n\t<div class=\"woo-buttons-on-img\">\n\n\t\t<a href=\"https:\/\/etecmed.com\/ca\/producte\/fresa-stone-conica\/\" class=\"alignnone layzr-bg\"><img loading=\"lazy\" decoding=\"async\" width=\"300\" height=\"82\" src=\"data:image\/svg+xml;charset=utf-8,%3Csvg xmlns%3D&#039;http%3A%2F%2Fwww.w3.org%2F2000%2Fsvg&#039; viewBox%3D&#039;0 0 300 82&#039;%2F%3E\" class=\"attachment-woocommerce_thumbnail size-woocommerce_thumbnail iso-lazy-load preload-me\" alt=\"Fresa stone bala \u03a610.0 mm\" data-src=\"https:\/\/etecmed.com\/wp-content\/uploads\/2016\/02\/Ref-90230-Fresa-stone-c\u00f3nica-300x82.jpg\" data-srcset=\"https:\/\/etecmed.com\/wp-content\/uploads\/2016\/02\/Ref-90230-Fresa-stone-c\u00f3nica-300x82.jpg 300w, https:\/\/etecmed.com\/wp-content\/uploads\/2016\/02\/Ref-90230-Fresa-stone-c\u00f3nica-1024x281.jpg 1024w, https:\/\/etecmed.com\/wp-content\/uploads\/2016\/02\/Ref-90230-Fresa-stone-c\u00f3nica-768x211.jpg 768w, https:\/\/etecmed.com\/wp-content\/uploads\/2016\/02\/Ref-90230-Fresa-stone-c\u00f3nica-1536x422.jpg 1536w, https:\/\/etecmed.com\/wp-content\/uploads\/2016\/02\/Ref-90230-Fresa-stone-c\u00f3nica-600x165.jpg 600w, https:\/\/etecmed.com\/wp-content\/uploads\/2016\/02\/Ref-90230-Fresa-stone-c\u00f3nica.jpg 1902w\" \/><\/a>\n\t<\/div>\n\t<figcaption class=\"woocom-list-content\">\n\n\t\t<div class=\"woo-buttons\"><a href=\"\/ca\/wp-json\/wp\/v2\/pages\/1421?add-to-cart=1823\" aria-describedby=\"woocommerce_loop_add_to_cart_link_describedby_1823\" data-quantity=\"1\" class=\"product_type_simple add_to_cart_button ajax_add_to_cart\" data-product_id=\"1823\" data-product_sku=\"90230\" aria-label=\"Afegeix a la cistella: &ldquo;Fresa stone bala \u03a610.0 mm&rdquo;\" rel=\"nofollow\" data-success_message=\"&ldquo;Fresa stone bala \u03a610.0 mm&rdquo; s&#039;ha afegit a la vostra cistella\" role=\"button\">Afegeix a la cistella<\/a>\t<span id=\"woocommerce_loop_add_to_cart_link_describedby_1823\" class=\"screen-reader-text\">\n\t\t\t<\/span>\n<\/div>\n\t<\/figcaption>\n<\/figure>\n<\/article><\/div><div class=\"hidden wf-cell category-251 visible\" data-post-id=\"1826\" data-date=\"2016-02-09T18:16:27+02:00\" data-name=\"Fresa diamant fletxa \u03a61.0 mm\"><article class=\"post project-odd visible description-off product type-product post-1826 status-publish last instock product_cat-freses-per-a-micromotors product_tag-estetica-ca product_tag-fresas-manicura-ca product_tag-fresas-pedicura-ca product_tag-micromotor-ca-2 product_tag-peluqueria-ca has-post-thumbnail taxable shipping-taxable purchasable product-type-simple\" ><figure class=\"woocom-project\">\n\t<div class=\"woo-buttons-on-img\">\n\n\t\t<a href=\"https:\/\/etecmed.com\/ca\/producte\/fresa-diamant-fletxa\/\" class=\"alignnone layzr-bg\"><img loading=\"lazy\" decoding=\"async\" width=\"300\" height=\"73\" src=\"data:image\/svg+xml;charset=utf-8,%3Csvg xmlns%3D&#039;http%3A%2F%2Fwww.w3.org%2F2000%2Fsvg&#039; viewBox%3D&#039;0 0 300 73&#039;%2F%3E\" class=\"attachment-woocommerce_thumbnail size-woocommerce_thumbnail iso-lazy-load preload-me\" alt=\"Fresa diamant fletxa \u03a61.0 mm\" data-src=\"https:\/\/etecmed.com\/wp-content\/uploads\/2016\/02\/Ref-90229-Fresa-diamante-flecha-300x73.jpg\" data-srcset=\"https:\/\/etecmed.com\/wp-content\/uploads\/2016\/02\/Ref-90229-Fresa-diamante-flecha-300x73.jpg 300w, https:\/\/etecmed.com\/wp-content\/uploads\/2016\/02\/Ref-90229-Fresa-diamante-flecha-1024x249.jpg 1024w, https:\/\/etecmed.com\/wp-content\/uploads\/2016\/02\/Ref-90229-Fresa-diamante-flecha-768x187.jpg 768w, https:\/\/etecmed.com\/wp-content\/uploads\/2016\/02\/Ref-90229-Fresa-diamante-flecha-1536x374.jpg 1536w, https:\/\/etecmed.com\/wp-content\/uploads\/2016\/02\/Ref-90229-Fresa-diamante-flecha-600x146.jpg 600w, https:\/\/etecmed.com\/wp-content\/uploads\/2016\/02\/Ref-90229-Fresa-diamante-flecha.jpg 1578w\" \/><\/a>\n\t<\/div>\n\t<figcaption class=\"woocom-list-content\">\n\n\t\t<div class=\"woo-buttons\"><a href=\"\/ca\/wp-json\/wp\/v2\/pages\/1421?add-to-cart=1826\" aria-describedby=\"woocommerce_loop_add_to_cart_link_describedby_1826\" data-quantity=\"1\" class=\"product_type_simple add_to_cart_button ajax_add_to_cart\" data-product_id=\"1826\" data-product_sku=\"90229\" aria-label=\"Afegeix a la cistella: &ldquo;Fresa diamant fletxa \u03a61.0 mm&rdquo;\" rel=\"nofollow\" data-success_message=\"&ldquo;Fresa diamant fletxa \u03a61.0 mm&rdquo; s&#039;ha afegit a la vostra cistella\" role=\"button\">Afegeix a la cistella<\/a>\t<span id=\"woocommerce_loop_add_to_cart_link_describedby_1826\" class=\"screen-reader-text\">\n\t\t\t<\/span>\n<\/div>\n\t<\/figcaption>\n<\/figure>\n<\/article><\/div><div class=\"hidden wf-cell category-251 visible\" data-post-id=\"1828\" data-date=\"2016-02-09T18:14:33+02:00\" data-name=\"Fresa diamant cil\u00edndrica \u03a66.0 mm\"><article class=\"post project-odd visible description-off product type-product post-1828 status-publish first instock product_cat-freses-per-a-micromotors product_tag-estetica-ca product_tag-fresas-manicura-ca product_tag-fresas-pedicura-ca product_tag-micromotor-ca-2 product_tag-peluqueria-ca has-post-thumbnail taxable shipping-taxable purchasable product-type-simple\" ><figure class=\"woocom-project\">\n\t<div class=\"woo-buttons-on-img\">\n\n\t\t<a href=\"https:\/\/etecmed.com\/ca\/producte\/fresa-diamant-cilindrica-llarga\/\" class=\"alignnone layzr-bg\"><img loading=\"lazy\" decoding=\"async\" width=\"300\" height=\"60\" src=\"data:image\/svg+xml;charset=utf-8,%3Csvg xmlns%3D&#039;http%3A%2F%2Fwww.w3.org%2F2000%2Fsvg&#039; viewBox%3D&#039;0 0 300 60&#039;%2F%3E\" class=\"attachment-woocommerce_thumbnail size-woocommerce_thumbnail iso-lazy-load preload-me\" alt=\"Fresa diamant cil\u00edndrica \u03a66.0 mm\" data-src=\"https:\/\/etecmed.com\/wp-content\/uploads\/2016\/02\/Ref-90228-Fresa-diamante-cil\u00edndrica-peque\u00f1a-300x60.jpg\" data-srcset=\"https:\/\/etecmed.com\/wp-content\/uploads\/2016\/02\/Ref-90228-Fresa-diamante-cil\u00edndrica-peque\u00f1a-300x60.jpg 300w, https:\/\/etecmed.com\/wp-content\/uploads\/2016\/02\/Ref-90228-Fresa-diamante-cil\u00edndrica-peque\u00f1a-1024x204.jpg 1024w, https:\/\/etecmed.com\/wp-content\/uploads\/2016\/02\/Ref-90228-Fresa-diamante-cil\u00edndrica-peque\u00f1a-768x153.jpg 768w, https:\/\/etecmed.com\/wp-content\/uploads\/2016\/02\/Ref-90228-Fresa-diamante-cil\u00edndrica-peque\u00f1a-600x119.jpg 600w, https:\/\/etecmed.com\/wp-content\/uploads\/2016\/02\/Ref-90228-Fresa-diamante-cil\u00edndrica-peque\u00f1a.jpg 1372w\" \/><\/a>\n\t<\/div>\n\t<figcaption class=\"woocom-list-content\">\n\n\t\t<div class=\"woo-buttons\"><a href=\"\/ca\/wp-json\/wp\/v2\/pages\/1421?add-to-cart=1828\" aria-describedby=\"woocommerce_loop_add_to_cart_link_describedby_1828\" data-quantity=\"1\" class=\"product_type_simple add_to_cart_button ajax_add_to_cart\" data-product_id=\"1828\" data-product_sku=\"90228\" aria-label=\"Afegeix a la cistella: &ldquo;Fresa diamant cil\u00edndrica \u03a66.0 mm&rdquo;\" rel=\"nofollow\" data-success_message=\"&ldquo;Fresa diamant cil\u00edndrica \u03a66.0 mm&rdquo; s&#039;ha afegit a la vostra cistella\" role=\"button\">Afegeix a la cistella<\/a>\t<span id=\"woocommerce_loop_add_to_cart_link_describedby_1828\" class=\"screen-reader-text\">\n\t\t\t<\/span>\n<\/div>\n\t<\/figcaption>\n<\/figure>\n<\/article><\/div><div class=\"hidden wf-cell category-251 visible\" data-post-id=\"1829\" data-date=\"2016-02-09T17:49:06+02:00\" data-name=\"Fresa diamant cil\u00edndrica \u03a65.0 mm\"><article class=\"post project-odd visible description-off product type-product post-1829 status-publish instock product_cat-freses-per-a-micromotors product_tag-estetica-ca product_tag-fresas-manicura-ca product_tag-fresas-pedicura-ca product_tag-micromotores-ca product_tag-peluqueria-ca has-post-thumbnail taxable shipping-taxable purchasable product-type-simple\" ><figure class=\"woocom-project\">\n\t<div class=\"woo-buttons-on-img\">\n\n\t\t<a href=\"https:\/\/etecmed.com\/ca\/producte\/fresa-diamant-cilindrica-gran\/\" class=\"alignnone layzr-bg\"><img loading=\"lazy\" decoding=\"async\" width=\"300\" height=\"85\" src=\"data:image\/svg+xml;charset=utf-8,%3Csvg xmlns%3D&#039;http%3A%2F%2Fwww.w3.org%2F2000%2Fsvg&#039; viewBox%3D&#039;0 0 300 85&#039;%2F%3E\" class=\"attachment-woocommerce_thumbnail size-woocommerce_thumbnail iso-lazy-load preload-me\" alt=\"Fresa diamant cil\u00edndrica \u03a65.0 mm\" data-src=\"https:\/\/etecmed.com\/wp-content\/uploads\/2016\/02\/Ref-90227-Fresa-diamante-cil\u00edndrica-grande-300x85.jpg\" data-srcset=\"https:\/\/etecmed.com\/wp-content\/uploads\/2016\/02\/Ref-90227-Fresa-diamante-cil\u00edndrica-grande-300x85.jpg 300w, https:\/\/etecmed.com\/wp-content\/uploads\/2016\/02\/Ref-90227-Fresa-diamante-cil\u00edndrica-grande-1024x290.jpg 1024w, https:\/\/etecmed.com\/wp-content\/uploads\/2016\/02\/Ref-90227-Fresa-diamante-cil\u00edndrica-grande-768x218.jpg 768w, https:\/\/etecmed.com\/wp-content\/uploads\/2016\/02\/Ref-90227-Fresa-diamante-cil\u00edndrica-grande-1536x436.jpg 1536w, https:\/\/etecmed.com\/wp-content\/uploads\/2016\/02\/Ref-90227-Fresa-diamante-cil\u00edndrica-grande-600x170.jpg 600w, https:\/\/etecmed.com\/wp-content\/uploads\/2016\/02\/Ref-90227-Fresa-diamante-cil\u00edndrica-grande.jpg 1650w\" \/><\/a>\n\t<\/div>\n\t<figcaption class=\"woocom-list-content\">\n\n\t\t<div class=\"woo-buttons\"><a href=\"\/ca\/wp-json\/wp\/v2\/pages\/1421?add-to-cart=1829\" aria-describedby=\"woocommerce_loop_add_to_cart_link_describedby_1829\" data-quantity=\"1\" class=\"product_type_simple add_to_cart_button ajax_add_to_cart\" data-product_id=\"1829\" data-product_sku=\"90227\" aria-label=\"Afegeix a la cistella: &ldquo;Fresa diamant cil\u00edndrica \u03a65.0 mm&rdquo;\" rel=\"nofollow\" data-success_message=\"&ldquo;Fresa diamant cil\u00edndrica \u03a65.0 mm&rdquo; s&#039;ha afegit a la vostra cistella\" role=\"button\">Afegeix a la cistella<\/a>\t<span id=\"woocommerce_loop_add_to_cart_link_describedby_1829\" class=\"screen-reader-text\">\n\t\t\t<\/span>\n<\/div>\n\t<\/figcaption>\n<\/figure>\n<\/article><\/div><div class=\"hidden wf-cell category-251 visible\" data-post-id=\"1831\" data-date=\"2016-02-09T17:42:02+02:00\" data-name=\"Fresa diamant esf\u00e8rica \u03a62.0 mm\"><article class=\"post project-odd visible description-off product type-product post-1831 status-publish instock product_cat-freses-per-a-micromotors product_tag-estetica-ca product_tag-fresas-manicura-ca product_tag-fresas-pedicura-ca product_tag-micromotores-ca product_tag-peluqueria-ca has-post-thumbnail taxable shipping-taxable purchasable product-type-simple\" ><figure class=\"woocom-project\">\n\t<div class=\"woo-buttons-on-img\">\n\n\t\t<a href=\"https:\/\/etecmed.com\/ca\/producte\/fresa-diamante-esferica-petita\/\" class=\"alignnone layzr-bg\"><img loading=\"lazy\" decoding=\"async\" width=\"300\" height=\"36\" src=\"data:image\/svg+xml;charset=utf-8,%3Csvg xmlns%3D&#039;http%3A%2F%2Fwww.w3.org%2F2000%2Fsvg&#039; viewBox%3D&#039;0 0 300 36&#039;%2F%3E\" class=\"attachment-woocommerce_thumbnail size-woocommerce_thumbnail iso-lazy-load preload-me\" alt=\"Fresa diamant esf\u00e8rica \u03a62.0 mm\" data-src=\"https:\/\/etecmed.com\/wp-content\/uploads\/2016\/02\/Ref-90226-Fresa-diamante-esf\u00e9rica-peque\u00f1a-300x36.jpg\" data-srcset=\"https:\/\/etecmed.com\/wp-content\/uploads\/2016\/02\/Ref-90226-Fresa-diamante-esf\u00e9rica-peque\u00f1a-300x36.jpg 300w, https:\/\/etecmed.com\/wp-content\/uploads\/2016\/02\/Ref-90226-Fresa-diamante-esf\u00e9rica-peque\u00f1a-1024x121.jpg 1024w, https:\/\/etecmed.com\/wp-content\/uploads\/2016\/02\/Ref-90226-Fresa-diamante-esf\u00e9rica-peque\u00f1a-768x91.jpg 768w, https:\/\/etecmed.com\/wp-content\/uploads\/2016\/02\/Ref-90226-Fresa-diamante-esf\u00e9rica-peque\u00f1a-600x71.jpg 600w, https:\/\/etecmed.com\/wp-content\/uploads\/2016\/02\/Ref-90226-Fresa-diamante-esf\u00e9rica-peque\u00f1a.jpg 1436w\" \/><\/a>\n\t<\/div>\n\t<figcaption class=\"woocom-list-content\">\n\n\t\t<div class=\"woo-buttons\"><a href=\"\/ca\/wp-json\/wp\/v2\/pages\/1421?add-to-cart=1831\" aria-describedby=\"woocommerce_loop_add_to_cart_link_describedby_1831\" data-quantity=\"1\" class=\"product_type_simple add_to_cart_button ajax_add_to_cart\" data-product_id=\"1831\" data-product_sku=\"90226\" aria-label=\"Afegeix a la cistella: &ldquo;Fresa diamant esf\u00e8rica \u03a62.0 mm&rdquo;\" rel=\"nofollow\" data-success_message=\"&ldquo;Fresa diamant esf\u00e8rica \u03a62.0 mm&rdquo; s&#039;ha afegit a la vostra cistella\" role=\"button\">Afegeix a la cistella<\/a>\t<span id=\"woocommerce_loop_add_to_cart_link_describedby_1831\" class=\"screen-reader-text\">\n\t\t\t<\/span>\n<\/div>\n\t<\/figcaption>\n<\/figure>\n<\/article><\/div><div class=\"hidden wf-cell category-251 visible\" data-post-id=\"1833\" data-date=\"2016-02-09T17:37:30+02:00\" data-name=\"Fresa diamant esf\u00e8rica \u03a64.0 mm\"><article class=\"post project-odd visible description-off product type-product post-1833 status-publish last instock product_cat-freses-per-a-micromotors product_tag-estetica-ca product_tag-fresas-manicura-ca product_tag-fresas-pedicura-ca product_tag-micromotores-ca product_tag-peluqueria-ca has-post-thumbnail taxable shipping-taxable purchasable product-type-simple\" ><figure class=\"woocom-project\">\n\t<div class=\"woo-buttons-on-img\">\n\n\t\t<a href=\"https:\/\/etecmed.com\/ca\/producte\/fresa-diamante-esferica-grande\/\" class=\"alignnone layzr-bg\"><img loading=\"lazy\" decoding=\"async\" width=\"300\" height=\"62\" src=\"data:image\/svg+xml;charset=utf-8,%3Csvg xmlns%3D&#039;http%3A%2F%2Fwww.w3.org%2F2000%2Fsvg&#039; viewBox%3D&#039;0 0 300 62&#039;%2F%3E\" class=\"attachment-woocommerce_thumbnail size-woocommerce_thumbnail iso-lazy-load preload-me\" alt=\"Fresa diamant esf\u00e8rica \u03a64.0 mm\" data-src=\"https:\/\/etecmed.com\/wp-content\/uploads\/2016\/02\/Ref-90225-Fresa-diamante-esf\u00e9rica-grande-300x62.jpg\" data-srcset=\"https:\/\/etecmed.com\/wp-content\/uploads\/2016\/02\/Ref-90225-Fresa-diamante-esf\u00e9rica-grande-300x62.jpg 300w, https:\/\/etecmed.com\/wp-content\/uploads\/2016\/02\/Ref-90225-Fresa-diamante-esf\u00e9rica-grande-1024x211.jpg 1024w, https:\/\/etecmed.com\/wp-content\/uploads\/2016\/02\/Ref-90225-Fresa-diamante-esf\u00e9rica-grande-768x158.jpg 768w, https:\/\/etecmed.com\/wp-content\/uploads\/2016\/02\/Ref-90225-Fresa-diamante-esf\u00e9rica-grande-1536x316.jpg 1536w, https:\/\/etecmed.com\/wp-content\/uploads\/2016\/02\/Ref-90225-Fresa-diamante-esf\u00e9rica-grande-600x124.jpg 600w, https:\/\/etecmed.com\/wp-content\/uploads\/2016\/02\/Ref-90225-Fresa-diamante-esf\u00e9rica-grande.jpg 1573w\" \/><\/a>\n\t<\/div>\n\t<figcaption class=\"woocom-list-content\">\n\n\t\t<div class=\"woo-buttons\"><a href=\"\/ca\/wp-json\/wp\/v2\/pages\/1421?add-to-cart=1833\" aria-describedby=\"woocommerce_loop_add_to_cart_link_describedby_1833\" data-quantity=\"1\" class=\"product_type_simple add_to_cart_button ajax_add_to_cart\" data-product_id=\"1833\" data-product_sku=\"90225\" aria-label=\"Afegeix a la cistella: &ldquo;Fresa diamant esf\u00e8rica \u03a64.0 mm&rdquo;\" rel=\"nofollow\" data-success_message=\"&ldquo;Fresa diamant esf\u00e8rica \u03a64.0 mm&rdquo; s&#039;ha afegit a la vostra cistella\" role=\"button\">Afegeix a la cistella<\/a>\t<span id=\"woocommerce_loop_add_to_cart_link_describedby_1833\" class=\"screen-reader-text\">\n\t\t\t<\/span>\n<\/div>\n\t<\/figcaption>\n<\/figure>\n<\/article><\/div><div class=\"hidden wf-cell category-251 visible\" data-post-id=\"1836\" data-date=\"2016-02-09T17:33:37+02:00\" data-name=\"Fresa diamant llan\u00e7a \u03a64.0 mm\"><article class=\"post project-odd visible description-off product type-product post-1836 status-publish first instock product_cat-freses-per-a-micromotors product_tag-estetica-ca product_tag-fresas-manicura-ca product_tag-fresas-pedicura-ca product_tag-micromotores-ca product_tag-peluqueria-ca has-post-thumbnail taxable shipping-taxable purchasable product-type-simple\" ><figure class=\"woocom-project\">\n\t<div class=\"woo-buttons-on-img\">\n\n\t\t<a href=\"https:\/\/etecmed.com\/ca\/producte\/fresa-diamant-conica-petita\/\" class=\"alignnone layzr-bg\"><img loading=\"lazy\" decoding=\"async\" width=\"300\" height=\"71\" src=\"data:image\/svg+xml;charset=utf-8,%3Csvg xmlns%3D&#039;http%3A%2F%2Fwww.w3.org%2F2000%2Fsvg&#039; viewBox%3D&#039;0 0 300 71&#039;%2F%3E\" class=\"attachment-woocommerce_thumbnail size-woocommerce_thumbnail iso-lazy-load preload-me\" alt=\"Fresa diamant llan\u00e7a \u03a64.0 mm\" data-src=\"https:\/\/etecmed.com\/wp-content\/uploads\/2016\/02\/Ref-90224-Fresa-diamante-c\u00f3nica-peque\u00f1a-300x71.jpg\" data-srcset=\"https:\/\/etecmed.com\/wp-content\/uploads\/2016\/02\/Ref-90224-Fresa-diamante-c\u00f3nica-peque\u00f1a-300x71.jpg 300w, https:\/\/etecmed.com\/wp-content\/uploads\/2016\/02\/Ref-90224-Fresa-diamante-c\u00f3nica-peque\u00f1a-1024x243.jpg 1024w, https:\/\/etecmed.com\/wp-content\/uploads\/2016\/02\/Ref-90224-Fresa-diamante-c\u00f3nica-peque\u00f1a-768x182.jpg 768w, https:\/\/etecmed.com\/wp-content\/uploads\/2016\/02\/Ref-90224-Fresa-diamante-c\u00f3nica-peque\u00f1a-1536x365.jpg 1536w, https:\/\/etecmed.com\/wp-content\/uploads\/2016\/02\/Ref-90224-Fresa-diamante-c\u00f3nica-peque\u00f1a-600x142.jpg 600w, https:\/\/etecmed.com\/wp-content\/uploads\/2016\/02\/Ref-90224-Fresa-diamante-c\u00f3nica-peque\u00f1a.jpg 1668w\" \/><\/a>\n\t<\/div>\n\t<figcaption class=\"woocom-list-content\">\n\n\t\t<div class=\"woo-buttons\"><a href=\"\/ca\/wp-json\/wp\/v2\/pages\/1421?add-to-cart=1836\" aria-describedby=\"woocommerce_loop_add_to_cart_link_describedby_1836\" data-quantity=\"1\" class=\"product_type_simple add_to_cart_button ajax_add_to_cart\" data-product_id=\"1836\" data-product_sku=\"90224\" aria-label=\"Afegeix a la cistella: &ldquo;Fresa diamant llan\u00e7a \u03a64.0 mm&rdquo;\" rel=\"nofollow\" data-success_message=\"&ldquo;Fresa diamant llan\u00e7a \u03a64.0 mm&rdquo; s&#039;ha afegit a la vostra cistella\" role=\"button\">Afegeix a la cistella<\/a>\t<span id=\"woocommerce_loop_add_to_cart_link_describedby_1836\" class=\"screen-reader-text\">\n\t\t\t<\/span>\n<\/div>\n\t<\/figcaption>\n<\/figure>\n<\/article><\/div><div class=\"hidden wf-cell category-251 visible\" data-post-id=\"1838\" data-date=\"2016-02-09T17:31:36+02:00\" data-name=\"Fresa diamant llan\u00e7a \u03a65.0 mm\"><article class=\"post project-odd visible description-off product type-product post-1838 status-publish instock product_cat-freses-per-a-micromotors product_tag-estetica-ca product_tag-fresas-manicura-ca product_tag-fresas-pedicura-ca product_tag-micromotores-ca product_tag-peluqueria-ca has-post-thumbnail taxable shipping-taxable purchasable product-type-simple\" ><figure class=\"woocom-project\">\n\t<div class=\"woo-buttons-on-img\">\n\n\t\t<a href=\"https:\/\/etecmed.com\/ca\/producte\/fresa-diamant-conica-mitjana\/\" class=\"alignnone layzr-bg\"><img loading=\"lazy\" decoding=\"async\" width=\"300\" height=\"60\" src=\"data:image\/svg+xml;charset=utf-8,%3Csvg xmlns%3D&#039;http%3A%2F%2Fwww.w3.org%2F2000%2Fsvg&#039; viewBox%3D&#039;0 0 300 60&#039;%2F%3E\" class=\"attachment-woocommerce_thumbnail size-woocommerce_thumbnail iso-lazy-load preload-me\" alt=\"Fresa diamant llan\u00e7a \u03a65.0 mm\" data-src=\"https:\/\/etecmed.com\/wp-content\/uploads\/2016\/02\/Ref-90223-Fresa-diamante-c\u00f3nica-mediana-300x60.jpg\" data-srcset=\"https:\/\/etecmed.com\/wp-content\/uploads\/2016\/02\/Ref-90223-Fresa-diamante-c\u00f3nica-mediana-300x60.jpg 300w, https:\/\/etecmed.com\/wp-content\/uploads\/2016\/02\/Ref-90223-Fresa-diamante-c\u00f3nica-mediana-1024x203.jpg 1024w, https:\/\/etecmed.com\/wp-content\/uploads\/2016\/02\/Ref-90223-Fresa-diamante-c\u00f3nica-mediana-768x153.jpg 768w, https:\/\/etecmed.com\/wp-content\/uploads\/2016\/02\/Ref-90223-Fresa-diamante-c\u00f3nica-mediana-600x119.jpg 600w, https:\/\/etecmed.com\/wp-content\/uploads\/2016\/02\/Ref-90223-Fresa-diamante-c\u00f3nica-mediana.jpg 1309w\" \/><\/a>\n\t<\/div>\n\t<figcaption class=\"woocom-list-content\">\n\n\t\t<div class=\"woo-buttons\"><a href=\"\/ca\/wp-json\/wp\/v2\/pages\/1421?add-to-cart=1838\" aria-describedby=\"woocommerce_loop_add_to_cart_link_describedby_1838\" data-quantity=\"1\" class=\"product_type_simple add_to_cart_button ajax_add_to_cart\" data-product_id=\"1838\" data-product_sku=\"90223\" aria-label=\"Afegeix a la cistella: &ldquo;Fresa diamant llan\u00e7a \u03a65.0 mm&rdquo;\" rel=\"nofollow\" data-success_message=\"&ldquo;Fresa diamant llan\u00e7a \u03a65.0 mm&rdquo; s&#039;ha afegit a la vostra cistella\" role=\"button\">Afegeix a la cistella<\/a>\t<span id=\"woocommerce_loop_add_to_cart_link_describedby_1838\" class=\"screen-reader-text\">\n\t\t\t<\/span>\n<\/div>\n\t<\/figcaption>\n<\/figure>\n<\/article><\/div><div class=\"hidden wf-cell category-251 visible\" data-post-id=\"1839\" data-date=\"2016-02-09T17:28:32+02:00\" data-name=\"Fresa diamant bala \u03a67.0 mm\"><article class=\"post project-odd visible description-off product type-product post-1839 status-publish instock product_cat-freses-per-a-micromotors product_tag-estetica-ca product_tag-fresas-ca product_tag-fresas-manicura-ca product_tag-fresas-pedicura-ca product_tag-micromotores-ca product_tag-peluqueria-ca has-post-thumbnail taxable shipping-taxable purchasable product-type-simple\" ><figure class=\"woocom-project\">\n\t<div class=\"woo-buttons-on-img\">\n\n\t\t<a href=\"https:\/\/etecmed.com\/ca\/producte\/fresa-diamant-conica-grossa\/\" class=\"alignnone layzr-bg\"><img loading=\"lazy\" decoding=\"async\" width=\"300\" height=\"89\" src=\"data:image\/svg+xml;charset=utf-8,%3Csvg xmlns%3D&#039;http%3A%2F%2Fwww.w3.org%2F2000%2Fsvg&#039; viewBox%3D&#039;0 0 300 89&#039;%2F%3E\" class=\"attachment-woocommerce_thumbnail size-woocommerce_thumbnail iso-lazy-load preload-me\" alt=\"Fresa diamant bala \u03a67.0 mm\" data-src=\"https:\/\/etecmed.com\/wp-content\/uploads\/2016\/02\/Ref-90222-Fresa-diamante-c\u00f3nica-grande-300x89.jpg\" data-srcset=\"https:\/\/etecmed.com\/wp-content\/uploads\/2016\/02\/Ref-90222-Fresa-diamante-c\u00f3nica-grande-300x89.jpg 300w, https:\/\/etecmed.com\/wp-content\/uploads\/2016\/02\/Ref-90222-Fresa-diamante-c\u00f3nica-grande-1024x302.jpg 1024w, https:\/\/etecmed.com\/wp-content\/uploads\/2016\/02\/Ref-90222-Fresa-diamante-c\u00f3nica-grande-768x227.jpg 768w, https:\/\/etecmed.com\/wp-content\/uploads\/2016\/02\/Ref-90222-Fresa-diamante-c\u00f3nica-grande-1536x454.jpg 1536w, https:\/\/etecmed.com\/wp-content\/uploads\/2016\/02\/Ref-90222-Fresa-diamante-c\u00f3nica-grande-600x177.jpg 600w, https:\/\/etecmed.com\/wp-content\/uploads\/2016\/02\/Ref-90222-Fresa-diamante-c\u00f3nica-grande.jpg 1642w\" \/><\/a>\n\t<\/div>\n\t<figcaption class=\"woocom-list-content\">\n\n\t\t<div class=\"woo-buttons\"><a href=\"\/ca\/wp-json\/wp\/v2\/pages\/1421?add-to-cart=1839\" aria-describedby=\"woocommerce_loop_add_to_cart_link_describedby_1839\" data-quantity=\"1\" class=\"product_type_simple add_to_cart_button ajax_add_to_cart\" data-product_id=\"1839\" data-product_sku=\"90222\" aria-label=\"Afegeix a la cistella: &ldquo;Fresa diamant bala \u03a67.0 mm&rdquo;\" rel=\"nofollow\" data-success_message=\"&ldquo;Fresa diamant bala \u03a67.0 mm&rdquo; s&#039;ha afegit a la vostra cistella\" role=\"button\">Afegeix a la cistella<\/a>\t<span id=\"woocommerce_loop_add_to_cart_link_describedby_1839\" class=\"screen-reader-text\">\n\t\t\t<\/span>\n<\/div>\n\t<\/figcaption>\n<\/figure>\n<\/article><\/div><div class=\"hidden wf-cell category-251 visible\" data-post-id=\"1841\" data-date=\"2016-02-09T17:26:03+02:00\" data-name=\"Bandes esmeril \u03a68.0 mm (12 utats.)\"><article class=\"post project-odd visible description-off product type-product post-1841 status-publish last instock product_cat-freses-per-a-micromotors product_tag-estetica-ca product_tag-fresas-manicura-ca product_tag-fresas-pedicura-ca product_tag-micromotores-ca product_tag-peluqueria-ca has-post-thumbnail taxable shipping-taxable purchasable product-type-simple\" ><figure class=\"woocom-project\">\n\t<div class=\"woo-buttons-on-img\">\n\n\t\t<a href=\"https:\/\/etecmed.com\/ca\/producte\/bandes-esmeril\/\" class=\"alignnone layzr-bg\"><img loading=\"lazy\" decoding=\"async\" width=\"300\" height=\"199\" src=\"data:image\/svg+xml;charset=utf-8,%3Csvg xmlns%3D&#039;http%3A%2F%2Fwww.w3.org%2F2000%2Fsvg&#039; viewBox%3D&#039;0 0 300 199&#039;%2F%3E\" class=\"attachment-woocommerce_thumbnail size-woocommerce_thumbnail iso-lazy-load preload-me\" alt=\"Bandes esmeril \u03a68.0 mm (12 utats.)\" data-src=\"https:\/\/etecmed.com\/wp-content\/uploads\/2016\/02\/Ref-90221-Bandas-esmeril-300x199.jpg\" data-srcset=\"https:\/\/etecmed.com\/wp-content\/uploads\/2016\/02\/Ref-90221-Bandas-esmeril-300x199.jpg 300w, https:\/\/etecmed.com\/wp-content\/uploads\/2016\/02\/Ref-90221-Bandas-esmeril-1024x681.jpg 1024w, https:\/\/etecmed.com\/wp-content\/uploads\/2016\/02\/Ref-90221-Bandas-esmeril-768x511.jpg 768w, https:\/\/etecmed.com\/wp-content\/uploads\/2016\/02\/Ref-90221-Bandas-esmeril-1536x1021.jpg 1536w, https:\/\/etecmed.com\/wp-content\/uploads\/2016\/02\/Ref-90221-Bandas-esmeril-2048x1362.jpg 2048w, https:\/\/etecmed.com\/wp-content\/uploads\/2016\/02\/Ref-90221-Bandas-esmeril-600x399.jpg 600w\" \/><\/a>\n\t<\/div>\n\t<figcaption class=\"woocom-list-content\">\n\n\t\t<div class=\"woo-buttons\"><a href=\"\/ca\/wp-json\/wp\/v2\/pages\/1421?add-to-cart=1841\" aria-describedby=\"woocommerce_loop_add_to_cart_link_describedby_1841\" data-quantity=\"1\" class=\"product_type_simple add_to_cart_button ajax_add_to_cart\" data-product_id=\"1841\" data-product_sku=\"90221\" aria-label=\"Afegeix a la cistella: &ldquo;Bandes esmeril \u03a68.0 mm (12 utats.)&rdquo;\" rel=\"nofollow\" data-success_message=\"&ldquo;Bandes esmeril \u03a68.0 mm (12 utats.)&rdquo; s&#039;ha afegit a la vostra cistella\" role=\"button\">Afegeix a la cistella<\/a>\t<span id=\"woocommerce_loop_add_to_cart_link_describedby_1841\" class=\"screen-reader-text\">\n\t\t\t<\/span>\n<\/div>\n\t<\/figcaption>\n<\/figure>\n<\/article><\/div><div class=\"hidden wf-cell category-251 visible\" data-post-id=\"1843\" data-date=\"2016-02-09T16:50:21+02:00\" data-name=\"Mandril esmeril \u03a66.0 mm\"><article class=\"post project-odd visible description-off product type-product post-1843 status-publish first instock product_cat-freses-per-a-micromotors product_tag-estetica-ca product_tag-fresa-manicura-ca product_tag-fresa-pedicura-ca product_tag-fresa-podologia-ca has-post-thumbnail taxable shipping-taxable purchasable product-type-simple\" ><figure class=\"woocom-project\">\n\t<div class=\"woo-buttons-on-img\">\n\n\t\t<a href=\"https:\/\/etecmed.com\/ca\/producte\/mandril-esmeril\/\" class=\"alignnone layzr-bg\"><img loading=\"lazy\" decoding=\"async\" width=\"300\" height=\"70\" src=\"data:image\/svg+xml;charset=utf-8,%3Csvg xmlns%3D&#039;http%3A%2F%2Fwww.w3.org%2F2000%2Fsvg&#039; viewBox%3D&#039;0 0 300 70&#039;%2F%3E\" class=\"attachment-woocommerce_thumbnail size-woocommerce_thumbnail iso-lazy-load preload-me\" alt=\"Mandril esmeril \u03a66.0 mm\" data-src=\"https:\/\/etecmed.com\/wp-content\/uploads\/2016\/02\/Ref-90220-Mandril-esmeril-300x70.jpg\" data-srcset=\"https:\/\/etecmed.com\/wp-content\/uploads\/2016\/02\/Ref-90220-Mandril-esmeril-300x70.jpg 300w, https:\/\/etecmed.com\/wp-content\/uploads\/2016\/02\/Ref-90220-Mandril-esmeril-1024x241.jpg 1024w, https:\/\/etecmed.com\/wp-content\/uploads\/2016\/02\/Ref-90220-Mandril-esmeril-768x180.jpg 768w, https:\/\/etecmed.com\/wp-content\/uploads\/2016\/02\/Ref-90220-Mandril-esmeril-600x141.jpg 600w, https:\/\/etecmed.com\/wp-content\/uploads\/2016\/02\/Ref-90220-Mandril-esmeril.jpg 1362w\" \/><\/a>\n\t<\/div>\n\t<figcaption class=\"woocom-list-content\">\n\n\t\t<div class=\"woo-buttons\"><a href=\"\/ca\/wp-json\/wp\/v2\/pages\/1421?add-to-cart=1843\" aria-describedby=\"woocommerce_loop_add_to_cart_link_describedby_1843\" data-quantity=\"1\" class=\"product_type_simple add_to_cart_button ajax_add_to_cart\" data-product_id=\"1843\" data-product_sku=\"90220\" aria-label=\"Afegeix a la cistella: &ldquo;Mandril esmeril \u03a66.0 mm&rdquo;\" rel=\"nofollow\" data-success_message=\"&ldquo;Mandril esmeril \u03a66.0 mm&rdquo; s&#039;ha afegit a la vostra cistella\" role=\"button\">Afegeix a la cistella<\/a>\t<span id=\"woocommerce_loop_add_to_cart_link_describedby_1843\" class=\"screen-reader-text\">\n\t\t\t<\/span>\n<\/div>\n\t<\/figcaption>\n<\/figure>\n<\/article><\/div><div class=\"hidden wf-cell category-254 visible\" data-post-id=\"1853\" data-date=\"2016-02-09T11:44:24+02:00\" data-name=\"Mango Micromotor Blue 30000 con tornillo\"><article class=\"post project-odd visible no-img description-off product type-product post-1853 status-publish instock product_cat-micromotors product_tag-estetica-ca product_tag-mango-micromotor-ca product_tag-peluqueria-ca taxable shipping-taxable purchasable product-type-simple\" ><figure class=\"woocom-project\">\n\t<div class=\"woo-buttons-on-img\">\n\n\t\t<a href=\"https:\/\/etecmed.com\/ca\/producte\/mango-micromotor-blue-30000-con-tornillo\/\" class=\"alignnone layzr-bg\"><img loading=\"lazy\" decoding=\"async\" width=\"300\" height=\"300\" src=\"data:image\/svg+xml;charset=utf-8,%3Csvg xmlns%3D&#039;http%3A%2F%2Fwww.w3.org%2F2000%2Fsvg&#039; viewBox%3D&#039;0 0 300 300&#039;%2F%3E\" class=\"woocommerce-placeholder wp-post-image iso-lazy-load preload-me\" alt=\"Marcador de posici\u00f3\" data-src=\"https:\/\/etecmed.com\/wp-content\/uploads\/woocommerce-placeholder.png\" data-srcset=\"https:\/\/etecmed.com\/wp-content\/uploads\/woocommerce-placeholder.png 1200w, https:\/\/etecmed.com\/wp-content\/uploads\/woocommerce-placeholder-300x300.png 300w, https:\/\/etecmed.com\/wp-content\/uploads\/woocommerce-placeholder-1024x1024.png 1024w, https:\/\/etecmed.com\/wp-content\/uploads\/woocommerce-placeholder-150x150.png 150w, https:\/\/etecmed.com\/wp-content\/uploads\/woocommerce-placeholder-768x768.png 768w\" \/><\/a>\n\t<\/div>\n\t<figcaption class=\"woocom-list-content\">\n\n\t\t<div class=\"woo-buttons\"><a href=\"\/ca\/wp-json\/wp\/v2\/pages\/1421?add-to-cart=1853\" aria-describedby=\"woocommerce_loop_add_to_cart_link_describedby_1853\" data-quantity=\"1\" class=\"product_type_simple add_to_cart_button ajax_add_to_cart\" data-product_id=\"1853\" data-product_sku=\"90202\" aria-label=\"Afegeix a la cistella: &ldquo;Mango Micromotor Blue 30000 con tornillo&rdquo;\" rel=\"nofollow\" data-success_message=\"&ldquo;Mango Micromotor Blue 30000 con tornillo&rdquo; s&#039;ha afegit a la vostra cistella\" role=\"button\">Afegeix a la cistella<\/a>\t<span id=\"woocommerce_loop_add_to_cart_link_describedby_1853\" class=\"screen-reader-text\">\n\t\t\t<\/span>\n<\/div>\n\t<\/figcaption>\n<\/figure>\n<\/article><\/div><div class=\"hidden wf-cell category-254 visible\" data-post-id=\"1859\" data-date=\"2016-02-09T10:50:13+02:00\" data-name=\"Micromotor Black amb m\u00e0nec\"><article class=\"post project-odd visible description-off product type-product post-1859 status-publish instock product_cat-micromotors product_tag-estetica-ca product_tag-manicura-ca product_tag-micromotor-ca-2 product_tag-pedicura-ca product_tag-peluqueria-ca product_tag-unas-artificiales-ca has-post-thumbnail taxable shipping-taxable purchasable product-type-simple\" ><figure class=\"woocom-project\">\n\t<div class=\"woo-buttons-on-img\">\n\n\t\t<a href=\"https:\/\/etecmed.com\/ca\/producte\/micromotor-black-amb-manec\/\" class=\"alignnone layzr-bg\"><img loading=\"lazy\" decoding=\"async\" width=\"300\" height=\"213\" src=\"data:image\/svg+xml;charset=utf-8,%3Csvg xmlns%3D&#039;http%3A%2F%2Fwww.w3.org%2F2000%2Fsvg&#039; viewBox%3D&#039;0 0 300 213&#039;%2F%3E\" class=\"attachment-woocommerce_thumbnail size-woocommerce_thumbnail iso-lazy-load preload-me\" alt=\"Micromotor Black amb m\u00e0nec\" data-src=\"https:\/\/etecmed.com\/wp-content\/uploads\/2016\/02\/Ref-10205-Micromotor-Black-35W-300x213.jpg\" data-srcset=\"https:\/\/etecmed.com\/wp-content\/uploads\/2016\/02\/Ref-10205-Micromotor-Black-35W-300x213.jpg 300w, https:\/\/etecmed.com\/wp-content\/uploads\/2016\/02\/Ref-10205-Micromotor-Black-35W-1024x727.jpg 1024w, https:\/\/etecmed.com\/wp-content\/uploads\/2016\/02\/Ref-10205-Micromotor-Black-35W-768x545.jpg 768w, https:\/\/etecmed.com\/wp-content\/uploads\/2016\/02\/Ref-10205-Micromotor-Black-35W-1536x1091.jpg 1536w, https:\/\/etecmed.com\/wp-content\/uploads\/2016\/02\/Ref-10205-Micromotor-Black-35W-2048x1454.jpg 2048w, https:\/\/etecmed.com\/wp-content\/uploads\/2016\/02\/Ref-10205-Micromotor-Black-35W-600x426.jpg 600w\" \/><\/a>\n\t<\/div>\n\t<figcaption class=\"woocom-list-content\">\n\n\t\t<div class=\"woo-buttons\"><a href=\"\/ca\/wp-json\/wp\/v2\/pages\/1421?add-to-cart=1859\" aria-describedby=\"woocommerce_loop_add_to_cart_link_describedby_1859\" data-quantity=\"1\" class=\"product_type_simple add_to_cart_button ajax_add_to_cart\" data-product_id=\"1859\" data-product_sku=\"10205\" aria-label=\"Afegeix a la cistella: &ldquo;Micromotor Black amb m\u00e0nec&rdquo;\" rel=\"nofollow\" data-success_message=\"&ldquo;Micromotor Black amb m\u00e0nec&rdquo; s&#039;ha afegit a la vostra cistella\" role=\"button\">Afegeix a la cistella<\/a>\t<span id=\"woocommerce_loop_add_to_cart_link_describedby_1859\" class=\"screen-reader-text\">\n\t\t\t<\/span>\n<\/div>\n\t<\/figcaption>\n<\/figure>\n<\/article><\/div><div class=\"hidden wf-cell category-254 visible\" data-post-id=\"1861\" data-date=\"2016-02-09T10:42:06+02:00\" data-name=\"Micromotor Blue amb m\u00e0nec i pedal\"><article class=\"post project-odd visible description-off product type-product post-1861 status-publish last outofstock product_cat-micromotors product_tag-estetica-ca product_tag-manicuras-ca product_tag-micromotor-ca-2 product_tag-pedicuras-ca product_tag-peluqueria-ca product_tag-unas-artificiales-ca has-post-thumbnail taxable shipping-taxable purchasable product-type-simple\" ><figure class=\"woocom-project\">\n\t<div class=\"woo-buttons-on-img\">\n\n\t\t<a href=\"https:\/\/etecmed.com\/ca\/producte\/micromotor-blue-amb-manec-i-pedal\/\" class=\"alignnone layzr-bg\"><img loading=\"lazy\" decoding=\"async\" width=\"300\" height=\"200\" src=\"data:image\/svg+xml;charset=utf-8,%3Csvg xmlns%3D&#039;http%3A%2F%2Fwww.w3.org%2F2000%2Fsvg&#039; viewBox%3D&#039;0 0 300 200&#039;%2F%3E\" class=\"attachment-woocommerce_thumbnail size-woocommerce_thumbnail iso-lazy-load preload-me\" alt=\"Micromotor Blue amb m\u00e0nec i pedal\" data-src=\"https:\/\/etecmed.com\/wp-content\/uploads\/2016\/02\/Ref-10202-Micromotor-Blue-35W-300x200.jpg\" data-srcset=\"https:\/\/etecmed.com\/wp-content\/uploads\/2016\/02\/Ref-10202-Micromotor-Blue-35W-300x200.jpg 300w, https:\/\/etecmed.com\/wp-content\/uploads\/2016\/02\/Ref-10202-Micromotor-Blue-35W-1024x683.jpg 1024w, https:\/\/etecmed.com\/wp-content\/uploads\/2016\/02\/Ref-10202-Micromotor-Blue-35W-768x512.jpg 768w, https:\/\/etecmed.com\/wp-content\/uploads\/2016\/02\/Ref-10202-Micromotor-Blue-35W-1536x1024.jpg 1536w, https:\/\/etecmed.com\/wp-content\/uploads\/2016\/02\/Ref-10202-Micromotor-Blue-35W-2048x1365.jpg 2048w, https:\/\/etecmed.com\/wp-content\/uploads\/2016\/02\/Ref-10202-Micromotor-Blue-35W-600x400.jpg 600w\" \/><\/a><span class=\"out-stock-label\">Out of stock<\/span>\n\t<\/div>\n\t<figcaption class=\"woocom-list-content\">\n\n\t\t<div class=\"woo-buttons\"><a href=\"https:\/\/etecmed.com\/ca\/producte\/micromotor-blue-amb-manec-i-pedal\/\" aria-describedby=\"woocommerce_loop_add_to_cart_link_describedby_1861\" data-quantity=\"1\" class=\"product_type_simple ajax_add_to_cart\" data-product_id=\"1861\" data-product_sku=\"10202\" aria-label=\"M\u00e9s informaci\u00f3 sobre &ldquo;Micromotor Blue amb m\u00e0nec i pedal&rdquo;\" rel=\"nofollow\" data-success_message=\"\">Detalls<\/a>\t<span id=\"woocommerce_loop_add_to_cart_link_describedby_1861\" class=\"screen-reader-text\">\n\t\t\t<\/span>\n<\/div>\n\t<\/figcaption>\n<\/figure>\n<\/article><\/div><div class=\"hidden wf-cell category-250 visible\" data-post-id=\"1866\" data-date=\"2016-02-09T10:12:09+02:00\" data-name=\"Esterilitzador boles de quarz\"><article class=\"post project-odd visible description-off product type-product post-1866 status-publish first instock product_cat-esterilitzacio product_tag-bolas-de-cuarzo-ca product_tag-esterilizador-ca product_tag-estetica-ca product_tag-peluqueria-ca has-post-thumbnail taxable shipping-taxable purchasable product-type-simple\" ><figure class=\"woocom-project\">\n\t<div class=\"woo-buttons-on-img\">\n\n\t\t<a href=\"https:\/\/etecmed.com\/ca\/producte\/esterilitzador-boles-de-quarz\/\" class=\"alignnone layzr-bg\"><img loading=\"lazy\" decoding=\"async\" width=\"300\" height=\"323\" src=\"data:image\/svg+xml;charset=utf-8,%3Csvg xmlns%3D&#039;http%3A%2F%2Fwww.w3.org%2F2000%2Fsvg&#039; viewBox%3D&#039;0 0 300 323&#039;%2F%3E\" class=\"attachment-woocommerce_thumbnail size-woocommerce_thumbnail iso-lazy-load preload-me\" alt=\"Esterilitzador boles de quarz\" data-src=\"https:\/\/etecmed.com\/wp-content\/uploads\/2016\/02\/Ref-10009-Esterilizador-bolas-de-cuarzo-300x323.jpg\" data-srcset=\"https:\/\/etecmed.com\/wp-content\/uploads\/2016\/02\/Ref-10009-Esterilizador-bolas-de-cuarzo-300x323.jpg 300w, https:\/\/etecmed.com\/wp-content\/uploads\/2016\/02\/Ref-10009-Esterilizador-bolas-de-cuarzo-279x300.jpg 279w, https:\/\/etecmed.com\/wp-content\/uploads\/2016\/02\/Ref-10009-Esterilizador-bolas-de-cuarzo-953x1024.jpg 953w, https:\/\/etecmed.com\/wp-content\/uploads\/2016\/02\/Ref-10009-Esterilizador-bolas-de-cuarzo-768x826.jpg 768w, https:\/\/etecmed.com\/wp-content\/uploads\/2016\/02\/Ref-10009-Esterilizador-bolas-de-cuarzo-1429x1536.jpg 1429w, https:\/\/etecmed.com\/wp-content\/uploads\/2016\/02\/Ref-10009-Esterilizador-bolas-de-cuarzo-1905x2048.jpg 1905w, https:\/\/etecmed.com\/wp-content\/uploads\/2016\/02\/Ref-10009-Esterilizador-bolas-de-cuarzo-600x645.jpg 600w, https:\/\/etecmed.com\/wp-content\/uploads\/2016\/02\/Ref-10009-Esterilizador-bolas-de-cuarzo.jpg 2000w\" \/><\/a>\n\t<\/div>\n\t<figcaption class=\"woocom-list-content\">\n\n\t\t<div class=\"woo-buttons\"><a href=\"\/ca\/wp-json\/wp\/v2\/pages\/1421?add-to-cart=1866\" aria-describedby=\"woocommerce_loop_add_to_cart_link_describedby_1866\" data-quantity=\"1\" class=\"product_type_simple add_to_cart_button ajax_add_to_cart\" data-product_id=\"1866\" data-product_sku=\"10009\" aria-label=\"Afegeix a la cistella: &ldquo;Esterilitzador boles de quarz&rdquo;\" rel=\"nofollow\" data-success_message=\"&ldquo;Esterilitzador boles de quarz&rdquo; s&#039;ha afegit a la vostra cistella\" role=\"button\">Afegeix a la cistella<\/a>\t<span id=\"woocommerce_loop_add_to_cart_link_describedby_1866\" class=\"screen-reader-text\">\n\t\t\t<\/span>\n<\/div>\n\t<\/figcaption>\n<\/figure>\n<\/article><\/div><div class=\"hidden wf-cell category-250 visible\" data-post-id=\"1868\" data-date=\"2016-02-09T10:06:56+02:00\" data-name=\"Esterilitzador ultra violeta\"><article class=\"post project-odd visible description-off product type-product post-1868 status-publish instock product_cat-esterilitzacio product_tag-esterilizador-ca product_tag-estetica-ca product_tag-peluqueria-ca has-post-thumbnail taxable shipping-taxable purchasable product-type-simple\" ><figure class=\"woocom-project\">\n\t<div class=\"woo-buttons-on-img\">\n\n\t\t<a href=\"https:\/\/etecmed.com\/ca\/producte\/esterilitzador-ultra-violeta\/\" class=\"alignnone layzr-bg\"><img loading=\"lazy\" decoding=\"async\" width=\"300\" height=\"221\" src=\"data:image\/svg+xml;charset=utf-8,%3Csvg xmlns%3D&#039;http%3A%2F%2Fwww.w3.org%2F2000%2Fsvg&#039; viewBox%3D&#039;0 0 300 221&#039;%2F%3E\" class=\"attachment-woocommerce_thumbnail size-woocommerce_thumbnail iso-lazy-load preload-me\" alt=\"Esterilitzador ultra violeta\" data-src=\"https:\/\/etecmed.com\/wp-content\/uploads\/2016\/02\/Ref-10007-Esterilizador-UV-300x221.jpg\" data-srcset=\"https:\/\/etecmed.com\/wp-content\/uploads\/2016\/02\/Ref-10007-Esterilizador-UV-300x221.jpg 300w, https:\/\/etecmed.com\/wp-content\/uploads\/2016\/02\/Ref-10007-Esterilizador-UV-1024x753.jpg 1024w, https:\/\/etecmed.com\/wp-content\/uploads\/2016\/02\/Ref-10007-Esterilizador-UV-768x565.jpg 768w, https:\/\/etecmed.com\/wp-content\/uploads\/2016\/02\/Ref-10007-Esterilizador-UV-1536x1129.jpg 1536w, https:\/\/etecmed.com\/wp-content\/uploads\/2016\/02\/Ref-10007-Esterilizador-UV-2048x1506.jpg 2048w, https:\/\/etecmed.com\/wp-content\/uploads\/2016\/02\/Ref-10007-Esterilizador-UV-600x441.jpg 600w\" \/><\/a>\n\t<\/div>\n\t<figcaption class=\"woocom-list-content\">\n\n\t\t<div class=\"woo-buttons\"><a href=\"\/ca\/wp-json\/wp\/v2\/pages\/1421?add-to-cart=1868\" aria-describedby=\"woocommerce_loop_add_to_cart_link_describedby_1868\" data-quantity=\"1\" class=\"product_type_simple add_to_cart_button ajax_add_to_cart\" data-product_id=\"1868\" data-product_sku=\"10007\" aria-label=\"Afegeix a la cistella: &ldquo;Esterilitzador ultra violeta&rdquo;\" rel=\"nofollow\" data-success_message=\"&ldquo;Esterilitzador ultra violeta&rdquo; s&#039;ha afegit a la vostra cistella\" role=\"button\">Afegeix a la cistella<\/a>\t<span id=\"woocommerce_loop_add_to_cart_link_describedby_1868\" class=\"screen-reader-text\">\n\t\t\t<\/span>\n<\/div>\n\t<\/figcaption>\n<\/figure>\n<\/article><\/div><div class=\"hidden wf-cell category-250 visible\" data-post-id=\"1869\" data-date=\"2016-02-09T09:57:34+02:00\" data-name=\"Bosses esterilitzaci\u00f3 autosegellables\"><article class=\"post project-odd visible description-off product type-product post-1869 status-publish instock product_cat-esterilitzacio product_tag-autoclave-ca product_tag-esterilizacion-ca has-post-thumbnail taxable shipping-taxable purchasable product-type-simple\" ><figure class=\"woocom-project\">\n\t<div class=\"woo-buttons-on-img\">\n\n\t\t<a href=\"https:\/\/etecmed.com\/ca\/producte\/bosses-esterilitzacio-autosegellables-2\/\" class=\"alignnone layzr-bg\"><img loading=\"lazy\" decoding=\"async\" width=\"300\" height=\"201\" src=\"data:image\/svg+xml;charset=utf-8,%3Csvg xmlns%3D&#039;http%3A%2F%2Fwww.w3.org%2F2000%2Fsvg&#039; viewBox%3D&#039;0 0 300 201&#039;%2F%3E\" class=\"attachment-woocommerce_thumbnail size-woocommerce_thumbnail iso-lazy-load preload-me\" alt=\"Bosses esterilitzaci\u00f3 autosegellables\" data-src=\"https:\/\/etecmed.com\/wp-content\/uploads\/2016\/02\/bosses-esterilitzacio-omnia-90x230-1-300x201.jpg\" data-srcset=\"https:\/\/etecmed.com\/wp-content\/uploads\/2016\/02\/bosses-esterilitzacio-omnia-90x230-1-300x201.jpg 300w, https:\/\/etecmed.com\/wp-content\/uploads\/2016\/02\/bosses-esterilitzacio-omnia-90x230-1.jpg 600w\" \/><\/a>\n\t<\/div>\n\t<figcaption class=\"woocom-list-content\">\n\n\t\t<div class=\"woo-buttons\"><a href=\"\/ca\/wp-json\/wp\/v2\/pages\/1421?add-to-cart=1869\" aria-describedby=\"woocommerce_loop_add_to_cart_link_describedby_1869\" data-quantity=\"1\" class=\"product_type_simple add_to_cart_button ajax_add_to_cart\" data-product_id=\"1869\" data-product_sku=\"90002\" aria-label=\"Afegeix a la cistella: &ldquo;Bosses esterilitzaci\u00f3 autosegellables&rdquo;\" rel=\"nofollow\" data-success_message=\"&ldquo;Bosses esterilitzaci\u00f3 autosegellables&rdquo; s&#039;ha afegit a la vostra cistella\" role=\"button\">Afegeix a la cistella<\/a>\t<span id=\"woocommerce_loop_add_to_cart_link_describedby_1869\" class=\"screen-reader-text\">\n\t\t\t<\/span>\n<\/div>\n\t<\/figcaption>\n<\/figure>\n<\/article><\/div><div class=\"hidden wf-cell category-250 visible\" data-post-id=\"1878\" data-date=\"2016-02-08T18:01:42+02:00\" data-name=\"Autoclau Classic 2100 (9 litres)\"><article class=\"post project-odd visible description-off product type-product post-1878 status-publish last onbackorder product_cat-esterilitzacio product_tag-autoclave-ca product_tag-esterilizacion-ca product_tag-estetica-ca product_tag-micropigmentacion-ca product_tag-peluqueria-ca product_tag-piercing-ca product_tag-podologia-ca product_tag-tatuaje-ca has-post-thumbnail taxable shipping-taxable purchasable product-type-simple\" ><figure class=\"woocom-project\">\n\t<div class=\"woo-buttons-on-img\">\n\n\t\t<a href=\"https:\/\/etecmed.com\/ca\/producte\/autoclau-classic-2100\/\" class=\"alignnone layzr-bg\"><img loading=\"lazy\" decoding=\"async\" width=\"300\" height=\"309\" src=\"data:image\/svg+xml;charset=utf-8,%3Csvg xmlns%3D&#039;http%3A%2F%2Fwww.w3.org%2F2000%2Fsvg&#039; viewBox%3D&#039;0 0 300 309&#039;%2F%3E\" class=\"attachment-woocommerce_thumbnail size-woocommerce_thumbnail iso-lazy-load preload-me\" alt=\"Autoclau Classic 2100 (9 litres)\" data-src=\"https:\/\/etecmed.com\/wp-content\/uploads\/2016\/02\/Autoclave10001-300x309.jpg\" data-srcset=\"https:\/\/etecmed.com\/wp-content\/uploads\/2016\/02\/Autoclave10001-300x309.jpg 300w, https:\/\/etecmed.com\/wp-content\/uploads\/2016\/02\/Autoclave10001-291x300.jpg 291w, https:\/\/etecmed.com\/wp-content\/uploads\/2016\/02\/Autoclave10001-994x1024.jpg 994w, https:\/\/etecmed.com\/wp-content\/uploads\/2016\/02\/Autoclave10001-768x791.jpg 768w, https:\/\/etecmed.com\/wp-content\/uploads\/2016\/02\/Autoclave10001-1491x1536.jpg 1491w, https:\/\/etecmed.com\/wp-content\/uploads\/2016\/02\/Autoclave10001-1988x2048.jpg 1988w, https:\/\/etecmed.com\/wp-content\/uploads\/2016\/02\/Autoclave10001-600x618.jpg 600w\" \/><\/a>\n\t<\/div>\n\t<figcaption class=\"woocom-list-content\">\n\n\t\t<div class=\"woo-buttons\"><a href=\"\/ca\/wp-json\/wp\/v2\/pages\/1421?add-to-cart=1878\" aria-describedby=\"woocommerce_loop_add_to_cart_link_describedby_1878\" data-quantity=\"1\" class=\"product_type_simple add_to_cart_button ajax_add_to_cart\" data-product_id=\"1878\" data-product_sku=\"10001\" aria-label=\"Afegeix a la cistella: &ldquo;Autoclau Classic 2100 (9 litres)&rdquo;\" rel=\"nofollow\" data-success_message=\"&ldquo;Autoclau Classic 2100 (9 litres)&rdquo; s&#039;ha afegit a la vostra cistella\" role=\"button\">Afegeix a la cistella<\/a>\t<span id=\"woocommerce_loop_add_to_cart_link_describedby_1878\" class=\"screen-reader-text\">\n\t\t\t<\/span>\n<\/div>\n\t<\/figcaption>\n<\/figure>\n<\/article><\/div><div class=\"hidden wf-cell category-248 visible\" data-post-id=\"1879\" data-date=\"2016-02-08T17:16:11+02:00\" data-name=\"Bosses per a banyera Detox SPA\"><article class=\"post project-odd visible no-img description-off product type-product post-1879 status-publish first instock product_cat-detox-spa-ca product_tag-bolsas-ca product_tag-detox-ca product_tag-estetica-ca taxable shipping-taxable purchasable product-type-simple\" ><figure class=\"woocom-project\">\n\t<div class=\"woo-buttons-on-img\">\n\n\t\t<a href=\"https:\/\/etecmed.com\/ca\/producte\/bosses-per-banyera-detox-spa\/\" class=\"alignnone layzr-bg\"><img loading=\"lazy\" decoding=\"async\" width=\"300\" height=\"300\" src=\"data:image\/svg+xml;charset=utf-8,%3Csvg xmlns%3D&#039;http%3A%2F%2Fwww.w3.org%2F2000%2Fsvg&#039; viewBox%3D&#039;0 0 300 300&#039;%2F%3E\" class=\"woocommerce-placeholder wp-post-image iso-lazy-load preload-me\" alt=\"Marcador de posici\u00f3\" data-src=\"https:\/\/etecmed.com\/wp-content\/uploads\/woocommerce-placeholder.png\" data-srcset=\"https:\/\/etecmed.com\/wp-content\/uploads\/woocommerce-placeholder.png 1200w, https:\/\/etecmed.com\/wp-content\/uploads\/woocommerce-placeholder-300x300.png 300w, https:\/\/etecmed.com\/wp-content\/uploads\/woocommerce-placeholder-1024x1024.png 1024w, https:\/\/etecmed.com\/wp-content\/uploads\/woocommerce-placeholder-150x150.png 150w, https:\/\/etecmed.com\/wp-content\/uploads\/woocommerce-placeholder-768x768.png 768w\" \/><\/a>\n\t<\/div>\n\t<figcaption class=\"woocom-list-content\">\n\n\t\t<div class=\"woocommerce-product-details__short-description\">\n\t<p>(50 utats.)<\/p>\n<\/div>\n<div class=\"woo-buttons\"><a href=\"\/ca\/wp-json\/wp\/v2\/pages\/1421?add-to-cart=1879\" aria-describedby=\"woocommerce_loop_add_to_cart_link_describedby_1879\" data-quantity=\"1\" class=\"product_type_simple add_to_cart_button ajax_add_to_cart\" data-product_id=\"1879\" data-product_sku=\"90340\" aria-label=\"Afegeix a la cistella: &ldquo;Bosses per a banyera Detox SPA&rdquo;\" rel=\"nofollow\" data-success_message=\"&ldquo;Bosses per a banyera Detox SPA&rdquo; s&#039;ha afegit a la vostra cistella\" role=\"button\">Afegeix a la cistella<\/a>\t<span id=\"woocommerce_loop_add_to_cart_link_describedby_1879\" class=\"screen-reader-text\">\n\t\t\t<\/span>\n<\/div>\n\t<\/figcaption>\n<\/figure>\n<\/article><\/div><div class=\"hidden wf-cell category-249 visible\" data-post-id=\"1881\" data-date=\"2016-02-08T17:08:20+02:00\" data-name=\"Filtre per a fusor de cera\"><article class=\"post project-odd visible no-img description-off product type-product post-1881 status-publish instock product_cat-equips-estetica product_tag-cera-ca product_tag-estetica-ca product_tag-filtro-ca product_tag-fundidores-ca taxable shipping-taxable purchasable product-type-simple\" ><figure class=\"woocom-project\">\n\t<div class=\"woo-buttons-on-img\">\n\n\t\t<a href=\"https:\/\/etecmed.com\/ca\/producte\/filtro-para-fundidores-de-cera\/\" class=\"alignnone layzr-bg\"><img loading=\"lazy\" decoding=\"async\" width=\"300\" height=\"300\" src=\"data:image\/svg+xml;charset=utf-8,%3Csvg xmlns%3D&#039;http%3A%2F%2Fwww.w3.org%2F2000%2Fsvg&#039; viewBox%3D&#039;0 0 300 300&#039;%2F%3E\" class=\"woocommerce-placeholder wp-post-image iso-lazy-load preload-me\" alt=\"Marcador de posici\u00f3\" data-src=\"https:\/\/etecmed.com\/wp-content\/uploads\/woocommerce-placeholder.png\" data-srcset=\"https:\/\/etecmed.com\/wp-content\/uploads\/woocommerce-placeholder.png 1200w, https:\/\/etecmed.com\/wp-content\/uploads\/woocommerce-placeholder-300x300.png 300w, https:\/\/etecmed.com\/wp-content\/uploads\/woocommerce-placeholder-1024x1024.png 1024w, https:\/\/etecmed.com\/wp-content\/uploads\/woocommerce-placeholder-150x150.png 150w, https:\/\/etecmed.com\/wp-content\/uploads\/woocommerce-placeholder-768x768.png 768w\" \/><\/a>\n\t<\/div>\n\t<figcaption class=\"woocom-list-content\">\n\n\t\t<div class=\"woo-buttons\"><a href=\"\/ca\/wp-json\/wp\/v2\/pages\/1421?add-to-cart=1881\" aria-describedby=\"woocommerce_loop_add_to_cart_link_describedby_1881\" data-quantity=\"1\" class=\"product_type_simple add_to_cart_button ajax_add_to_cart\" data-product_id=\"1881\" data-product_sku=\"90442\" aria-label=\"Afegeix a la cistella: &ldquo;Filtre per a fusor de cera&rdquo;\" rel=\"nofollow\" data-success_message=\"&ldquo;Filtre per a fusor de cera&rdquo; s&#039;ha afegit a la vostra cistella\" role=\"button\">Afegeix a la cistella<\/a>\t<span id=\"woocommerce_loop_add_to_cart_link_describedby_1881\" class=\"screen-reader-text\">\n\t\t\t<\/span>\n<\/div>\n\t<\/figcaption>\n<\/figure>\n<\/article><\/div><div class=\"hidden wf-cell category-248 visible\" data-post-id=\"1883\" data-date=\"2016-02-08T16:52:46+02:00\" data-name=\"Banyera per a Detox SPA\"><article class=\"post project-odd visible description-off product type-product post-1883 status-publish instock product_cat-detox-spa-ca product_tag-banera-ca product_tag-detox-ca has-post-thumbnail taxable shipping-taxable purchasable product-type-simple\" ><figure class=\"woocom-project\">\n\t<div class=\"woo-buttons-on-img\">\n\n\t\t<a href=\"https:\/\/etecmed.com\/ca\/producte\/banera-para-detox-spa\/\" class=\"alignnone layzr-bg\"><img loading=\"lazy\" decoding=\"async\" width=\"300\" height=\"300\" src=\"data:image\/svg+xml;charset=utf-8,%3Csvg xmlns%3D&#039;http%3A%2F%2Fwww.w3.org%2F2000%2Fsvg&#039; viewBox%3D&#039;0 0 300 300&#039;%2F%3E\" class=\"attachment-woocommerce_thumbnail size-woocommerce_thumbnail iso-lazy-load preload-me\" alt=\"Banyera per a Detox SPA\" data-src=\"https:\/\/etecmed.com\/wp-content\/uploads\/2016\/02\/basin.jpg\" data-srcset=\"https:\/\/etecmed.com\/wp-content\/uploads\/2016\/02\/basin.jpg 300w, https:\/\/etecmed.com\/wp-content\/uploads\/2016\/02\/basin-150x150.jpg 150w, https:\/\/etecmed.com\/wp-content\/uploads\/2016\/02\/basin-200x200.jpg 200w\" \/><\/a>\n\t<\/div>\n\t<figcaption class=\"woocom-list-content\">\n\n\t\t<div class=\"woo-buttons\"><a href=\"\/ca\/wp-json\/wp\/v2\/pages\/1421?add-to-cart=1883\" aria-describedby=\"woocommerce_loop_add_to_cart_link_describedby_1883\" data-quantity=\"1\" class=\"product_type_simple add_to_cart_button ajax_add_to_cart\" data-product_id=\"1883\" data-product_sku=\"90339\" aria-label=\"Afegeix a la cistella: &ldquo;Banyera per a Detox SPA&rdquo;\" rel=\"nofollow\" data-success_message=\"&ldquo;Banyera per a Detox SPA&rdquo; s&#039;ha afegit a la vostra cistella\" role=\"button\">Afegeix a la cistella<\/a>\t<span id=\"woocommerce_loop_add_to_cart_link_describedby_1883\" class=\"screen-reader-text\">\n\t\t\t<\/span>\n<\/div>\n\t<\/figcaption>\n<\/figure>\n<\/article><\/div><div class=\"hidden wf-cell category-248 visible\" data-post-id=\"1886\" data-date=\"2016-02-08T16:44:39+02:00\" data-name=\"Detox SPA\"><article class=\"post project-odd visible description-off product type-product post-1886 status-publish last instock product_cat-detox-spa-ca product_tag-banera-ca product_tag-desintoxicacion-ca product_tag-detox-ca product_tag-iones-ca has-post-thumbnail taxable shipping-taxable purchasable product-type-simple\" ><figure class=\"woocom-project\">\n\t<div class=\"woo-buttons-on-img\">\n\n\t\t<a href=\"https:\/\/etecmed.com\/ca\/producte\/detox-spa\/\" class=\"alignnone layzr-bg\"><img loading=\"lazy\" decoding=\"async\" width=\"300\" height=\"300\" src=\"data:image\/svg+xml;charset=utf-8,%3Csvg xmlns%3D&#039;http%3A%2F%2Fwww.w3.org%2F2000%2Fsvg&#039; viewBox%3D&#039;0 0 300 300&#039;%2F%3E\" class=\"attachment-woocommerce_thumbnail size-woocommerce_thumbnail iso-lazy-load preload-me\" alt=\"Detox SPA\" data-src=\"https:\/\/etecmed.com\/wp-content\/uploads\/2016\/02\/Ref-10435-Detox-SPA-300x300.jpg\" data-srcset=\"https:\/\/etecmed.com\/wp-content\/uploads\/2016\/02\/Ref-10435-Detox-SPA-300x300.jpg 300w, https:\/\/etecmed.com\/wp-content\/uploads\/2016\/02\/Ref-10435-Detox-SPA-150x150.jpg 150w, https:\/\/etecmed.com\/wp-content\/uploads\/2016\/02\/Ref-10435-Detox-SPA-200x200.jpg 200w, https:\/\/etecmed.com\/wp-content\/uploads\/2016\/02\/Ref-10435-Detox-SPA.jpg 425w\" \/><\/a>\n\t<\/div>\n\t<figcaption class=\"woocom-list-content\">\n\n\t\t<div class=\"woo-buttons\"><a href=\"\/ca\/wp-json\/wp\/v2\/pages\/1421?add-to-cart=1886\" aria-describedby=\"woocommerce_loop_add_to_cart_link_describedby_1886\" data-quantity=\"1\" class=\"product_type_simple add_to_cart_button ajax_add_to_cart\" data-product_id=\"1886\" data-product_sku=\"10435\" aria-label=\"Afegeix a la cistella: &ldquo;Detox SPA&rdquo;\" rel=\"nofollow\" data-success_message=\"&ldquo;Detox SPA&rdquo; s&#039;ha afegit a la vostra cistella\" role=\"button\">Afegeix a la cistella<\/a>\t<span id=\"woocommerce_loop_add_to_cart_link_describedby_1886\" class=\"screen-reader-text\">\n\t\t\t<\/span>\n<\/div>\n\t<\/figcaption>\n<\/figure>\n<\/article><\/div><div class=\"hidden wf-cell category-249 visible\" data-post-id=\"1888\" data-date=\"2016-02-08T16:28:51+02:00\" data-name=\"Escalfador de Parafina\"><article class=\"post project-odd visible description-off product type-product post-1888 status-publish first outofstock product_cat-equips-estetica product_tag-artrosis-ca product_tag-durezas-ca product_tag-parafina-ca has-post-thumbnail taxable shipping-taxable purchasable product-type-simple\" ><figure class=\"woocom-project\">\n\t<div class=\"woo-buttons-on-img\">\n\n\t\t<a href=\"https:\/\/etecmed.com\/ca\/producte\/escalfador-de-parafina\/\" class=\"alignnone layzr-bg\"><img loading=\"lazy\" decoding=\"async\" width=\"300\" height=\"188\" src=\"data:image\/svg+xml;charset=utf-8,%3Csvg xmlns%3D&#039;http%3A%2F%2Fwww.w3.org%2F2000%2Fsvg&#039; viewBox%3D&#039;0 0 300 188&#039;%2F%3E\" class=\"attachment-woocommerce_thumbnail size-woocommerce_thumbnail iso-lazy-load preload-me\" alt=\"Escalfador de Parafina\" data-src=\"https:\/\/etecmed.com\/wp-content\/uploads\/2016\/02\/electronic-control-300x188.jpg\" data-srcset=\"https:\/\/etecmed.com\/wp-content\/uploads\/2016\/02\/electronic-control-300x188.jpg 300w, https:\/\/etecmed.com\/wp-content\/uploads\/2016\/02\/electronic-control-1024x640.jpg 1024w, https:\/\/etecmed.com\/wp-content\/uploads\/2016\/02\/electronic-control-768x480.jpg 768w, https:\/\/etecmed.com\/wp-content\/uploads\/2016\/02\/electronic-control-600x375.jpg 600w, https:\/\/etecmed.com\/wp-content\/uploads\/2016\/02\/electronic-control.jpg 1440w\" \/><img loading=\"lazy\" decoding=\"async\" width=\"300\" height=\"188\" src=\"data:image\/svg+xml;charset=utf-8,%3Csvg xmlns%3D&#039;http%3A%2F%2Fwww.w3.org%2F2000%2Fsvg&#039; viewBox%3D&#039;0 0 300 188&#039;%2F%3E\" class=\"show-on-hover back-image iso-lazy-load preload-me\" alt=\"\" data-src=\"https:\/\/etecmed.com\/wp-content\/uploads\/2016\/02\/electronic-control-300x188.jpg\" data-srcset=\"https:\/\/etecmed.com\/wp-content\/uploads\/2016\/02\/electronic-control-300x188.jpg 300w, https:\/\/etecmed.com\/wp-content\/uploads\/2016\/02\/electronic-control-1024x640.jpg 1024w, https:\/\/etecmed.com\/wp-content\/uploads\/2016\/02\/electronic-control-768x480.jpg 768w, https:\/\/etecmed.com\/wp-content\/uploads\/2016\/02\/electronic-control-600x375.jpg 600w, https:\/\/etecmed.com\/wp-content\/uploads\/2016\/02\/electronic-control.jpg 1440w\" \/><\/a><span class=\"out-stock-label\">Out of stock<\/span>\n\t<\/div>\n\t<figcaption class=\"woocom-list-content\">\n\n\t\t<div class=\"woo-buttons\"><a href=\"https:\/\/etecmed.com\/ca\/producte\/escalfador-de-parafina\/\" aria-describedby=\"woocommerce_loop_add_to_cart_link_describedby_1888\" data-quantity=\"1\" class=\"product_type_simple ajax_add_to_cart\" data-product_id=\"1888\" data-product_sku=\"10405\" aria-label=\"M\u00e9s informaci\u00f3 sobre &ldquo;Escalfador de Parafina&rdquo;\" rel=\"nofollow\" data-success_message=\"\">Detalls<\/a>\t<span id=\"woocommerce_loop_add_to_cart_link_describedby_1888\" class=\"screen-reader-text\">\n\t\t\t<\/span>\n<\/div>\n\t<\/figcaption>\n<\/figure>\n<\/article><\/div><div class=\"hidden wf-cell category-249 visible\" data-post-id=\"1891\" data-date=\"2016-02-08T13:46:10+02:00\" data-name=\"Fusor de cera 500g\"><article class=\"post project-odd visible description-off product type-product post-1891 status-publish instock product_cat-equips-estetica product_tag-cera-ca product_tag-depilacion-ca product_tag-estetica-ca product_tag-facial-ca product_tag-fundidor-ca has-post-thumbnail taxable shipping-taxable purchasable product-type-simple\" ><figure class=\"woocom-project\">\n\t<div class=\"woo-buttons-on-img\">\n\n\t\t<a href=\"https:\/\/etecmed.com\/ca\/producte\/fusor-de-cera-500-gr-1-diposit\/\" class=\"alignnone layzr-bg\"><img loading=\"lazy\" decoding=\"async\" width=\"205\" height=\"153\" src=\"data:image\/svg+xml;charset=utf-8,%3Csvg xmlns%3D&#039;http%3A%2F%2Fwww.w3.org%2F2000%2Fsvg&#039; viewBox%3D&#039;0 0 205 153&#039;%2F%3E\" class=\"attachment-woocommerce_thumbnail size-woocommerce_thumbnail iso-lazy-load preload-me\" alt=\"Fusor de cera 500g\" data-src=\"https:\/\/etecmed.com\/wp-content\/uploads\/2016\/02\/Ref-10403-Fundidor-cera-500gr-1-dep\u00f3sito.jpg\" \/><\/a>\n\t<\/div>\n\t<figcaption class=\"woocom-list-content\">\n\n\t\t<div class=\"woo-buttons\"><a href=\"\/ca\/wp-json\/wp\/v2\/pages\/1421?add-to-cart=1891\" aria-describedby=\"woocommerce_loop_add_to_cart_link_describedby_1891\" data-quantity=\"1\" class=\"product_type_simple add_to_cart_button ajax_add_to_cart\" data-product_id=\"1891\" data-product_sku=\"10403\" aria-label=\"Afegeix a la cistella: &ldquo;Fusor de cera 500g&rdquo;\" rel=\"nofollow\" data-success_message=\"&ldquo;Fusor de cera 500g&rdquo; s&#039;ha afegit a la vostra cistella\" role=\"button\">Afegeix a la cistella<\/a>\t<span id=\"woocommerce_loop_add_to_cart_link_describedby_1891\" class=\"screen-reader-text\">\n\t\t\t<\/span>\n<\/div>\n\t<\/figcaption>\n<\/figure>\n<\/article><\/div><div class=\"hidden wf-cell category-249 visible\" data-post-id=\"1893\" data-date=\"2016-02-08T13:35:35+02:00\" data-name=\"Fusor de cera 3 Kg\"><article class=\"post project-odd visible description-off product type-product post-1893 status-publish instock product_cat-equips-estetica product_tag-cera-ca product_tag-depilacion-ca product_tag-estetica-ca product_tag-fundidor-ca has-post-thumbnail taxable shipping-taxable purchasable product-type-simple\" ><figure class=\"woocom-project\">\n\t<div class=\"woo-buttons-on-img\">\n\n\t\t<a href=\"https:\/\/etecmed.com\/ca\/producte\/fundidor-de-cera-3-kgs\/\" class=\"alignnone layzr-bg\"><img loading=\"lazy\" decoding=\"async\" width=\"300\" height=\"300\" src=\"data:image\/svg+xml;charset=utf-8,%3Csvg xmlns%3D&#039;http%3A%2F%2Fwww.w3.org%2F2000%2Fsvg&#039; viewBox%3D&#039;0 0 300 300&#039;%2F%3E\" class=\"attachment-woocommerce_thumbnail size-woocommerce_thumbnail iso-lazy-load preload-me\" alt=\"Fusor de cera 3 Kg\" data-src=\"https:\/\/etecmed.com\/wp-content\/uploads\/2016\/02\/Ref-10426-Fundidor-de-cera-3Kg.jpg\" data-srcset=\"https:\/\/etecmed.com\/wp-content\/uploads\/2016\/02\/Ref-10426-Fundidor-de-cera-3Kg.jpg 300w, https:\/\/etecmed.com\/wp-content\/uploads\/2016\/02\/Ref-10426-Fundidor-de-cera-3Kg-150x150.jpg 150w, https:\/\/etecmed.com\/wp-content\/uploads\/2016\/02\/Ref-10426-Fundidor-de-cera-3Kg-200x200.jpg 200w\" \/><\/a>\n\t<\/div>\n\t<figcaption class=\"woocom-list-content\">\n\n\t\t<div class=\"woo-buttons\"><a href=\"\/ca\/wp-json\/wp\/v2\/pages\/1421?add-to-cart=1893\" aria-describedby=\"woocommerce_loop_add_to_cart_link_describedby_1893\" data-quantity=\"1\" class=\"product_type_simple add_to_cart_button ajax_add_to_cart\" data-product_id=\"1893\" data-product_sku=\"10426\" aria-label=\"Afegeix a la cistella: &ldquo;Fusor de cera 3 Kg&rdquo;\" rel=\"nofollow\" data-success_message=\"&ldquo;Fusor de cera 3 Kg&rdquo; s&#039;ha afegit a la vostra cistella\" role=\"button\">Afegeix a la cistella<\/a>\t<span id=\"woocommerce_loop_add_to_cart_link_describedby_1893\" class=\"screen-reader-text\">\n\t\t\t<\/span>\n<\/div>\n\t<\/figcaption>\n<\/figure>\n<\/article><\/div><div class=\"hidden wf-cell category-249 visible\" data-post-id=\"1896\" data-date=\"2016-02-08T11:43:26+02:00\" data-name=\"Fusor de cera 7 Kg\"><article class=\"post project-odd visible description-off product type-product post-1896 status-publish last outofstock product_cat-equips-estetica product_tag-depilacion-ca product_tag-fundidor-ca product_tag-fundidor-de-cera-ca product_tag-parafina-ca has-post-thumbnail taxable shipping-taxable purchasable product-type-simple\" ><figure class=\"woocom-project\">\n\t<div class=\"woo-buttons-on-img\">\n\n\t\t<a href=\"https:\/\/etecmed.com\/ca\/producte\/fusor-de-cera-7-kgs\/\" class=\"alignnone layzr-bg\"><img loading=\"lazy\" decoding=\"async\" width=\"300\" height=\"300\" src=\"data:image\/svg+xml;charset=utf-8,%3Csvg xmlns%3D&#039;http%3A%2F%2Fwww.w3.org%2F2000%2Fsvg&#039; viewBox%3D&#039;0 0 300 300&#039;%2F%3E\" class=\"attachment-woocommerce_thumbnail size-woocommerce_thumbnail iso-lazy-load preload-me\" alt=\"Fusor de cera 7 Kg\" data-src=\"https:\/\/etecmed.com\/wp-content\/uploads\/2016\/02\/Ref-10425-Fundidor-cera-7kg-300x300.jpg\" data-srcset=\"https:\/\/etecmed.com\/wp-content\/uploads\/2016\/02\/Ref-10425-Fundidor-cera-7kg-300x300.jpg 300w, https:\/\/etecmed.com\/wp-content\/uploads\/2016\/02\/Ref-10425-Fundidor-cera-7kg-150x150.jpg 150w, https:\/\/etecmed.com\/wp-content\/uploads\/2016\/02\/Ref-10425-Fundidor-cera-7kg-200x200.jpg 200w, https:\/\/etecmed.com\/wp-content\/uploads\/2016\/02\/Ref-10425-Fundidor-cera-7kg.jpg 575w\" \/><\/a><span class=\"out-stock-label\">Out of stock<\/span>\n\t<\/div>\n\t<figcaption class=\"woocom-list-content\">\n\n\t\t<div class=\"woo-buttons\"><a href=\"https:\/\/etecmed.com\/ca\/producte\/fusor-de-cera-7-kgs\/\" aria-describedby=\"woocommerce_loop_add_to_cart_link_describedby_1896\" data-quantity=\"1\" class=\"product_type_simple ajax_add_to_cart\" data-product_id=\"1896\" data-product_sku=\"10425\" aria-label=\"M\u00e9s informaci\u00f3 sobre &ldquo;Fusor de cera 7 Kg&rdquo;\" rel=\"nofollow\" data-success_message=\"\">Detalls<\/a>\t<span id=\"woocommerce_loop_add_to_cart_link_describedby_1896\" class=\"screen-reader-text\">\n\t\t\t<\/span>\n<\/div>\n\t<\/figcaption>\n<\/figure>\n<\/article><\/div><div class=\"hidden wf-cell category-249 category-617 visible\" data-post-id=\"1898\" data-date=\"2016-02-05T18:36:19+02:00\" data-name=\"Radiofreq\u00fc\u00e8ncia Ares-F\"><article class=\"post project-odd visible description-off product type-product post-1898 status-publish first instock product_cat-equips-estetica product_cat-medicina-estetica-ca product_tag-anticelulitico-ca product_tag-bipolar-ca product_tag-corporal-ca product_tag-estetica-ca product_tag-facial-ca product_tag-lifting-ca product_tag-monopolar-ca product_tag-polaridad-ca product_tag-radiofrecuencia-ca product_tag-reafirmante-ca product_tag-remodelacion-ca has-post-thumbnail taxable shipping-taxable purchasable product-type-simple\" ><figure class=\"woocom-project\">\n\t<div class=\"woo-buttons-on-img\">\n\n\t\t<a href=\"https:\/\/etecmed.com\/ca\/producte\/radiofrequencia-rf-02\/\" class=\"alignnone layzr-bg\"><img loading=\"lazy\" decoding=\"async\" width=\"300\" height=\"365\" src=\"data:image\/svg+xml;charset=utf-8,%3Csvg xmlns%3D&#039;http%3A%2F%2Fwww.w3.org%2F2000%2Fsvg&#039; viewBox%3D&#039;0 0 300 365&#039;%2F%3E\" class=\"attachment-woocommerce_thumbnail size-woocommerce_thumbnail iso-lazy-load preload-me\" alt=\"Radiofreq\u00fc\u00e8ncia Ares-F\" data-src=\"https:\/\/etecmed.com\/wp-content\/uploads\/2016\/02\/Ref-10441-Radiofrecuencia-Ares-F-300x365.jpg\" data-srcset=\"https:\/\/etecmed.com\/wp-content\/uploads\/2016\/02\/Ref-10441-Radiofrecuencia-Ares-F-300x365.jpg 300w, https:\/\/etecmed.com\/wp-content\/uploads\/2016\/02\/Ref-10441-Radiofrecuencia-Ares-F-247x300.jpg 247w, https:\/\/etecmed.com\/wp-content\/uploads\/2016\/02\/Ref-10441-Radiofrecuencia-Ares-F-842x1024.jpg 842w, https:\/\/etecmed.com\/wp-content\/uploads\/2016\/02\/Ref-10441-Radiofrecuencia-Ares-F-768x933.jpg 768w, https:\/\/etecmed.com\/wp-content\/uploads\/2016\/02\/Ref-10441-Radiofrecuencia-Ares-F-1264x1536.jpg 1264w, https:\/\/etecmed.com\/wp-content\/uploads\/2016\/02\/Ref-10441-Radiofrecuencia-Ares-F-1685x2048.jpg 1685w, https:\/\/etecmed.com\/wp-content\/uploads\/2016\/02\/Ref-10441-Radiofrecuencia-Ares-F-600x729.jpg 600w\" \/><\/a>\n\t<\/div>\n\t<figcaption class=\"woocom-list-content\">\n\n\t\t<div class=\"woo-buttons\"><a href=\"\/ca\/wp-json\/wp\/v2\/pages\/1421?add-to-cart=1898\" aria-describedby=\"woocommerce_loop_add_to_cart_link_describedby_1898\" data-quantity=\"1\" class=\"product_type_simple add_to_cart_button ajax_add_to_cart\" data-product_id=\"1898\" data-product_sku=\"10441\" aria-label=\"Afegeix a la cistella: &ldquo;Radiofreq\u00fc\u00e8ncia Ares-F&rdquo;\" rel=\"nofollow\" data-success_message=\"&ldquo;Radiofreq\u00fc\u00e8ncia Ares-F&rdquo; s&#039;ha afegit a la vostra cistella\" role=\"button\">Afegeix a la cistella<\/a>\t<span id=\"woocommerce_loop_add_to_cart_link_describedby_1898\" class=\"screen-reader-text\">\n\t\t\t<\/span>\n<\/div>\n\t<\/figcaption>\n<\/figure>\n<\/article><\/div><div class=\"hidden wf-cell category-611 visible\" data-post-id=\"1899\" data-date=\"2016-02-05T13:39:28+02:00\" data-name=\"Lipol\u00e0ser 0802\"><article class=\"post project-odd visible description-off product type-product post-1899 status-publish instock product_cat-medicina-estetica-2 product_tag-aplicador-ca product_tag-calor-ca product_tag-grasa-ca product_tag-laser-ca product_tag-liberacion-ca product_tag-lipo-ca product_tag-lipolaser-ca product_tag-onda-ca has-post-thumbnail taxable shipping-taxable purchasable product-type-simple\" ><figure class=\"woocom-project\">\n\t<div class=\"woo-buttons-on-img\">\n\n\t\t<a href=\"https:\/\/etecmed.com\/ca\/producte\/lipolaser-0802\/\" class=\"alignnone layzr-bg\"><img loading=\"lazy\" decoding=\"async\" width=\"300\" height=\"391\" src=\"data:image\/svg+xml;charset=utf-8,%3Csvg xmlns%3D&#039;http%3A%2F%2Fwww.w3.org%2F2000%2Fsvg&#039; viewBox%3D&#039;0 0 300 391&#039;%2F%3E\" class=\"attachment-woocommerce_thumbnail size-woocommerce_thumbnail iso-lazy-load preload-me\" alt=\"Lipol\u00e0ser 0802\" data-src=\"https:\/\/etecmed.com\/wp-content\/uploads\/2016\/02\/Ref-10428-Lipolaser-0802-300x391.jpg\" data-srcset=\"https:\/\/etecmed.com\/wp-content\/uploads\/2016\/02\/Ref-10428-Lipolaser-0802-300x391.jpg 300w, https:\/\/etecmed.com\/wp-content\/uploads\/2016\/02\/Ref-10428-Lipolaser-0802-230x300.jpg 230w, https:\/\/etecmed.com\/wp-content\/uploads\/2016\/02\/Ref-10428-Lipolaser-0802-787x1024.jpg 787w, https:\/\/etecmed.com\/wp-content\/uploads\/2016\/02\/Ref-10428-Lipolaser-0802-768x1000.jpg 768w, https:\/\/etecmed.com\/wp-content\/uploads\/2016\/02\/Ref-10428-Lipolaser-0802-1180x1536.jpg 1180w, https:\/\/etecmed.com\/wp-content\/uploads\/2016\/02\/Ref-10428-Lipolaser-0802-1573x2048.jpg 1573w, https:\/\/etecmed.com\/wp-content\/uploads\/2016\/02\/Ref-10428-Lipolaser-0802-600x781.jpg 600w, https:\/\/etecmed.com\/wp-content\/uploads\/2016\/02\/Ref-10428-Lipolaser-0802-scaled.jpg 1967w\" \/><\/a>\n\t<\/div>\n\t<figcaption class=\"woocom-list-content\">\n\n\t\t<div class=\"woo-buttons\"><a href=\"\/ca\/wp-json\/wp\/v2\/pages\/1421?add-to-cart=1899\" aria-describedby=\"woocommerce_loop_add_to_cart_link_describedby_1899\" data-quantity=\"1\" class=\"product_type_simple add_to_cart_button ajax_add_to_cart\" data-product_id=\"1899\" data-product_sku=\"10428\" aria-label=\"Afegeix a la cistella: &ldquo;Lipol\u00e0ser 0802&rdquo;\" rel=\"nofollow\" data-success_message=\"&ldquo;Lipol\u00e0ser 0802&rdquo; s&#039;ha afegit a la vostra cistella\" role=\"button\">Afegeix a la cistella<\/a>\t<span id=\"woocommerce_loop_add_to_cart_link_describedby_1899\" class=\"screen-reader-text\">\n\t\t\t<\/span>\n<\/div>\n\t<\/figcaption>\n<\/figure>\n<\/article><\/div><div class=\"hidden wf-cell category-249 visible\" data-post-id=\"1906\" data-date=\"2016-02-05T12:32:58+02:00\" data-name=\"Pressoter\u00e0pia AP\"><article class=\"post project-odd visible description-off product type-product post-1906 status-publish instock product_cat-equips-estetica product_tag-bienestar-ca product_tag-drenaje-linfatico-ca product_tag-estetica-ca product_tag-masaje-ca product_tag-presoterapia-ca product_tag-relajacion-ca has-post-thumbnail taxable shipping-taxable purchasable product-type-simple\" ><figure class=\"woocom-project\">\n\t<div class=\"woo-buttons-on-img\">\n\n\t\t<a href=\"https:\/\/etecmed.com\/ca\/producte\/pressoterapia-st\/\" class=\"alignnone layzr-bg\"><img loading=\"lazy\" decoding=\"async\" width=\"300\" height=\"220\" src=\"data:image\/svg+xml;charset=utf-8,%3Csvg xmlns%3D&#039;http%3A%2F%2Fwww.w3.org%2F2000%2Fsvg&#039; viewBox%3D&#039;0 0 300 220&#039;%2F%3E\" class=\"attachment-woocommerce_thumbnail size-woocommerce_thumbnail iso-lazy-load preload-me\" alt=\"Pressoter\u00e0pia AP\" data-src=\"https:\/\/etecmed.com\/wp-content\/uploads\/2016\/02\/10444-300x220.png\" data-srcset=\"https:\/\/etecmed.com\/wp-content\/uploads\/2016\/02\/10444-300x220.png 300w, https:\/\/etecmed.com\/wp-content\/uploads\/2016\/02\/10444-1024x751.png 1024w, https:\/\/etecmed.com\/wp-content\/uploads\/2016\/02\/10444-768x563.png 768w, https:\/\/etecmed.com\/wp-content\/uploads\/2016\/02\/10444-1536x1126.png 1536w, https:\/\/etecmed.com\/wp-content\/uploads\/2016\/02\/10444-600x440.png 600w, https:\/\/etecmed.com\/wp-content\/uploads\/2016\/02\/10444.png 1931w\" \/><\/a>\n\t<\/div>\n\t<figcaption class=\"woocom-list-content\">\n\n\t\t<div class=\"woo-buttons\"><a href=\"\/ca\/wp-json\/wp\/v2\/pages\/1421?add-to-cart=1906\" aria-describedby=\"woocommerce_loop_add_to_cart_link_describedby_1906\" data-quantity=\"1\" class=\"product_type_simple add_to_cart_button ajax_add_to_cart\" data-product_id=\"1906\" data-product_sku=\"10444\" aria-label=\"Afegeix a la cistella: &ldquo;Pressoter\u00e0pia AP&rdquo;\" rel=\"nofollow\" data-success_message=\"&ldquo;Pressoter\u00e0pia AP&rdquo; s&#039;ha afegit a la vostra cistella\" role=\"button\">Afegeix a la cistella<\/a>\t<span id=\"woocommerce_loop_add_to_cart_link_describedby_1906\" class=\"screen-reader-text\">\n\t\t\t<\/span>\n<\/div>\n\t<\/figcaption>\n<\/figure>\n<\/article><\/div><div class=\"hidden wf-cell category-249 visible\" data-post-id=\"1908\" data-date=\"2016-02-05T12:22:27+02:00\" data-name=\"Escalfador de tovalloles\"><article class=\"post project-odd visible description-off product type-product post-1908 status-publish last outofstock product_cat-equips-estetica product_tag-calentador-ca product_tag-calentador-toallas-ca product_tag-estetica-ca product_tag-toallas-ca has-post-thumbnail taxable shipping-taxable purchasable product-type-simple\" ><figure class=\"woocom-project\">\n\t<div class=\"woo-buttons-on-img\">\n\n\t\t<a href=\"https:\/\/etecmed.com\/ca\/producte\/escalfador-de-tovalloles\/\" class=\"alignnone layzr-bg\"><img loading=\"lazy\" decoding=\"async\" width=\"300\" height=\"233\" src=\"data:image\/svg+xml;charset=utf-8,%3Csvg xmlns%3D&#039;http%3A%2F%2Fwww.w3.org%2F2000%2Fsvg&#039; viewBox%3D&#039;0 0 300 233&#039;%2F%3E\" class=\"attachment-woocommerce_thumbnail size-woocommerce_thumbnail iso-lazy-load preload-me\" alt=\"Escalfador de tovalloles\" data-src=\"https:\/\/etecmed.com\/wp-content\/uploads\/2016\/02\/Ref-10406-Calentador-toallas-300x233.jpg\" data-srcset=\"https:\/\/etecmed.com\/wp-content\/uploads\/2016\/02\/Ref-10406-Calentador-toallas-300x233.jpg 300w, https:\/\/etecmed.com\/wp-content\/uploads\/2016\/02\/Ref-10406-Calentador-toallas-1024x794.jpg 1024w, https:\/\/etecmed.com\/wp-content\/uploads\/2016\/02\/Ref-10406-Calentador-toallas-768x596.jpg 768w, https:\/\/etecmed.com\/wp-content\/uploads\/2016\/02\/Ref-10406-Calentador-toallas-1536x1191.jpg 1536w, https:\/\/etecmed.com\/wp-content\/uploads\/2016\/02\/Ref-10406-Calentador-toallas-2048x1588.jpg 2048w, https:\/\/etecmed.com\/wp-content\/uploads\/2016\/02\/Ref-10406-Calentador-toallas-600x465.jpg 600w\" \/><img loading=\"lazy\" decoding=\"async\" width=\"300\" height=\"300\" src=\"data:image\/svg+xml;charset=utf-8,%3Csvg xmlns%3D&#039;http%3A%2F%2Fwww.w3.org%2F2000%2Fsvg&#039; viewBox%3D&#039;0 0 300 300&#039;%2F%3E\" class=\"show-on-hover back-image iso-lazy-load preload-me\" alt=\"\" data-src=\"https:\/\/etecmed.com\/wp-content\/uploads\/2016\/02\/Ref-10406-Calentador-toallas-lateral-300x300.webp\" data-srcset=\"https:\/\/etecmed.com\/wp-content\/uploads\/2016\/02\/Ref-10406-Calentador-toallas-lateral-300x300.webp 300w, https:\/\/etecmed.com\/wp-content\/uploads\/2016\/02\/Ref-10406-Calentador-toallas-lateral-150x150.webp 150w, https:\/\/etecmed.com\/wp-content\/uploads\/2016\/02\/Ref-10406-Calentador-toallas-lateral-200x200.webp 200w, https:\/\/etecmed.com\/wp-content\/uploads\/2016\/02\/Ref-10406-Calentador-toallas-lateral.webp 600w\" \/><\/a><span class=\"out-stock-label\">Out of stock<\/span>\n\t<\/div>\n\t<figcaption class=\"woocom-list-content\">\n\n\t\t<div class=\"woo-buttons\"><a href=\"https:\/\/etecmed.com\/ca\/producte\/escalfador-de-tovalloles\/\" aria-describedby=\"woocommerce_loop_add_to_cart_link_describedby_1908\" data-quantity=\"1\" class=\"product_type_simple ajax_add_to_cart\" data-product_id=\"1908\" data-product_sku=\"10406\" aria-label=\"M\u00e9s informaci\u00f3 sobre &ldquo;Escalfador de tovalloles&rdquo;\" rel=\"nofollow\" data-success_message=\"\">Detalls<\/a>\t<span id=\"woocommerce_loop_add_to_cart_link_describedby_1908\" class=\"screen-reader-text\">\n\t\t\t<\/span>\n<\/div>\n\t<\/figcaption>\n<\/figure>\n<\/article><\/div><div class=\"hidden wf-cell category-249 visible\" data-post-id=\"1909\" data-date=\"2016-02-05T12:00:37+02:00\" data-name=\"Equip de massatge amb infrarroig\"><article class=\"post project-odd visible description-off product type-product post-1909 status-publish first instock product_cat-equips-estetica product_tag-bienestar-ca product_tag-estetica-ca product_tag-infrarrojo-ca product_tag-ir-ca-2 product_tag-masaje-ca product_tag-vibracion-ca has-post-thumbnail taxable shipping-taxable purchasable product-type-simple\" ><figure class=\"woocom-project\">\n\t<div class=\"woo-buttons-on-img\">\n\n\t\t<a href=\"https:\/\/etecmed.com\/ca\/producte\/equip-per-masatge-amb-infrarroig\/\" class=\"alignnone layzr-bg\"><img loading=\"lazy\" decoding=\"async\" width=\"300\" height=\"297\" src=\"data:image\/svg+xml;charset=utf-8,%3Csvg xmlns%3D&#039;http%3A%2F%2Fwww.w3.org%2F2000%2Fsvg&#039; viewBox%3D&#039;0 0 300 297&#039;%2F%3E\" class=\"attachment-woocommerce_thumbnail size-woocommerce_thumbnail iso-lazy-load preload-me\" alt=\"Equip de massatge amb infrarroig\" data-src=\"https:\/\/etecmed.com\/wp-content\/uploads\/2016\/02\/Ref-10436-Equipo-masaje-con-IR-300x297.jpg\" data-srcset=\"https:\/\/etecmed.com\/wp-content\/uploads\/2016\/02\/Ref-10436-Equipo-masaje-con-IR-300x297.jpg 300w, https:\/\/etecmed.com\/wp-content\/uploads\/2016\/02\/Ref-10436-Equipo-masaje-con-IR-150x150.jpg 150w, https:\/\/etecmed.com\/wp-content\/uploads\/2016\/02\/Ref-10436-Equipo-masaje-con-IR.jpg 356w\" \/><\/a>\n\t<\/div>\n\t<figcaption class=\"woocom-list-content\">\n\n\t\t<div class=\"woo-buttons\"><a href=\"\/ca\/wp-json\/wp\/v2\/pages\/1421?add-to-cart=1909\" aria-describedby=\"woocommerce_loop_add_to_cart_link_describedby_1909\" data-quantity=\"1\" class=\"product_type_simple add_to_cart_button ajax_add_to_cart\" data-product_id=\"1909\" data-product_sku=\"10436\" aria-label=\"Afegeix a la cistella: &ldquo;Equip de massatge amb infrarroig&rdquo;\" rel=\"nofollow\" data-success_message=\"&ldquo;Equip de massatge amb infrarroig&rdquo; s&#039;ha afegit a la vostra cistella\" role=\"button\">Afegeix a la cistella<\/a>\t<span id=\"woocommerce_loop_add_to_cart_link_describedby_1909\" class=\"screen-reader-text\">\n\t\t\t<\/span>\n<\/div>\n\t<\/figcaption>\n<\/figure>\n<\/article><\/div><div class=\"hidden wf-cell category-249 visible\" data-post-id=\"1911\" data-date=\"2016-02-05T11:49:24+02:00\" data-name=\"L\u00e0mpada IR amb peu\"><article class=\"post project-odd visible description-off product type-product post-1911 status-publish instock product_cat-equips-estetica product_tag-bienestar-ca product_tag-dolores-ca product_tag-estetica-ca product_tag-infrarrojo-ca product_tag-ir-ca-2 product_tag-radiacion-infrarroja-ca has-post-thumbnail taxable shipping-taxable purchasable product-type-simple\" ><figure class=\"woocom-project\">\n\t<div class=\"woo-buttons-on-img\">\n\n\t\t<a href=\"https:\/\/etecmed.com\/ca\/producte\/lampada-ir-amb-peu\/\" class=\"alignnone layzr-bg\"><img loading=\"lazy\" decoding=\"async\" width=\"300\" height=\"651\" src=\"data:image\/svg+xml;charset=utf-8,%3Csvg xmlns%3D&#039;http%3A%2F%2Fwww.w3.org%2F2000%2Fsvg&#039; viewBox%3D&#039;0 0 300 651&#039;%2F%3E\" class=\"attachment-woocommerce_thumbnail size-woocommerce_thumbnail iso-lazy-load preload-me\" alt=\"L\u00e0mpada IR amb peu\" data-src=\"https:\/\/etecmed.com\/wp-content\/uploads\/2016\/02\/Ref-10417-L\u00e1mpara-IR-con-pie-300x651.jpg\" data-srcset=\"https:\/\/etecmed.com\/wp-content\/uploads\/2016\/02\/Ref-10417-L\u00e1mpara-IR-con-pie-300x651.jpg 300w, https:\/\/etecmed.com\/wp-content\/uploads\/2016\/02\/Ref-10417-L\u00e1mpara-IR-con-pie-138x300.jpg 138w, https:\/\/etecmed.com\/wp-content\/uploads\/2016\/02\/Ref-10417-L\u00e1mpara-IR-con-pie-472x1024.jpg 472w, https:\/\/etecmed.com\/wp-content\/uploads\/2016\/02\/Ref-10417-L\u00e1mpara-IR-con-pie-768x1666.jpg 768w, https:\/\/etecmed.com\/wp-content\/uploads\/2016\/02\/Ref-10417-L\u00e1mpara-IR-con-pie-708x1536.jpg 708w, https:\/\/etecmed.com\/wp-content\/uploads\/2016\/02\/Ref-10417-L\u00e1mpara-IR-con-pie-944x2048.jpg 944w, https:\/\/etecmed.com\/wp-content\/uploads\/2016\/02\/Ref-10417-L\u00e1mpara-IR-con-pie-600x1302.jpg 600w, https:\/\/etecmed.com\/wp-content\/uploads\/2016\/02\/Ref-10417-L\u00e1mpara-IR-con-pie-scaled.jpg 1180w\" \/><\/a>\n\t<\/div>\n\t<figcaption class=\"woocom-list-content\">\n\n\t\t<div class=\"woo-buttons\"><a href=\"\/ca\/wp-json\/wp\/v2\/pages\/1421?add-to-cart=1911\" aria-describedby=\"woocommerce_loop_add_to_cart_link_describedby_1911\" data-quantity=\"1\" class=\"product_type_simple add_to_cart_button ajax_add_to_cart\" data-product_id=\"1911\" data-product_sku=\"10417\" aria-label=\"Afegeix a la cistella: &ldquo;L\u00e0mpada IR amb peu&rdquo;\" rel=\"nofollow\" data-success_message=\"&ldquo;L\u00e0mpada IR amb peu&rdquo; s&#039;ha afegit a la vostra cistella\" role=\"button\">Afegeix a la cistella<\/a>\t<span id=\"woocommerce_loop_add_to_cart_link_describedby_1911\" class=\"screen-reader-text\">\n\t\t\t<\/span>\n<\/div>\n\t<\/figcaption>\n<\/figure>\n<\/article><\/div><div class=\"hidden wf-cell category-249 visible\" data-post-id=\"1913\" data-date=\"2016-02-05T11:05:51+02:00\" data-name=\"Manta sac infraroig\"><article class=\"post project-odd visible description-off product type-product post-1913 status-publish outofstock product_cat-equips-estetica product_tag-calor-ca product_tag-celulitis-ca product_tag-estetica-ca product_tag-infrarrojo-ca product_tag-manta-saco-ca has-post-thumbnail taxable shipping-taxable purchasable product-type-simple\" ><figure class=\"woocom-project\">\n\t<div class=\"woo-buttons-on-img\">\n\n\t\t<a href=\"https:\/\/etecmed.com\/ca\/producte\/manta-sco-infrarrojo\/\" class=\"alignnone layzr-bg\"><img loading=\"lazy\" decoding=\"async\" width=\"300\" height=\"300\" src=\"data:image\/svg+xml;charset=utf-8,%3Csvg xmlns%3D&#039;http%3A%2F%2Fwww.w3.org%2F2000%2Fsvg&#039; viewBox%3D&#039;0 0 300 300&#039;%2F%3E\" class=\"attachment-woocommerce_thumbnail size-woocommerce_thumbnail iso-lazy-load preload-me\" alt=\"Manta sac infraroig\" data-src=\"https:\/\/etecmed.com\/wp-content\/uploads\/2016\/02\/1200-3ZONE-BROWN-300x300.jpg\" data-srcset=\"https:\/\/etecmed.com\/wp-content\/uploads\/2016\/02\/1200-3ZONE-BROWN-300x300.jpg 300w, https:\/\/etecmed.com\/wp-content\/uploads\/2016\/02\/1200-3ZONE-BROWN-150x150.jpg 150w, https:\/\/etecmed.com\/wp-content\/uploads\/2016\/02\/1200-3ZONE-BROWN-200x200.jpg 200w, https:\/\/etecmed.com\/wp-content\/uploads\/2016\/02\/1200-3ZONE-BROWN.jpg 600w\" \/><\/a><span class=\"out-stock-label\">Out of stock<\/span>\n\t<\/div>\n\t<figcaption class=\"woocom-list-content\">\n\n\t\t<div class=\"woo-buttons\"><a href=\"https:\/\/etecmed.com\/ca\/producte\/manta-sco-infrarrojo\/\" aria-describedby=\"woocommerce_loop_add_to_cart_link_describedby_1913\" data-quantity=\"1\" class=\"product_type_simple ajax_add_to_cart\" data-product_id=\"1913\" data-product_sku=\"10438\" aria-label=\"M\u00e9s informaci\u00f3 sobre &ldquo;Manta sac infraroig&rdquo;\" rel=\"nofollow\" data-success_message=\"\">Detalls<\/a>\t<span id=\"woocommerce_loop_add_to_cart_link_describedby_1913\" class=\"screen-reader-text\">\n\t\t\t<\/span>\n<\/div>\n\t<\/figcaption>\n<\/figure>\n<\/article><\/div><div class=\"hidden wf-cell category-249 visible\" data-post-id=\"1916\" data-date=\"2016-02-05T09:46:31+02:00\" data-name=\"Microdermoabrasi\u00f3 puntes de diamant\"><article class=\"post project-odd visible description-off product type-product post-1916 status-publish last instock product_cat-equips-estetica product_tag-exfoliacion-ca product_tag-facial-ca product_tag-limpieza-ca product_tag-microdermoabrasion-ca product_tag-puntas-de-diamante-ca has-post-thumbnail taxable shipping-taxable purchasable product-type-simple\" ><figure class=\"woocom-project\">\n\t<div class=\"woo-buttons-on-img\">\n\n\t\t<a href=\"https:\/\/etecmed.com\/ca\/producte\/microdermoabrasio-puntes-de-diamant\/\" class=\"alignnone layzr-bg\"><img loading=\"lazy\" decoding=\"async\" width=\"300\" height=\"203\" src=\"data:image\/svg+xml;charset=utf-8,%3Csvg xmlns%3D&#039;http%3A%2F%2Fwww.w3.org%2F2000%2Fsvg&#039; viewBox%3D&#039;0 0 300 203&#039;%2F%3E\" class=\"attachment-woocommerce_thumbnail size-woocommerce_thumbnail iso-lazy-load preload-me\" alt=\"Microdermoabrasi\u00f3 puntes de diamant\" data-src=\"https:\/\/etecmed.com\/wp-content\/uploads\/2016\/02\/Ref-10433-Microdermoabrasion-300x203.jpg\" data-srcset=\"https:\/\/etecmed.com\/wp-content\/uploads\/2016\/02\/Ref-10433-Microdermoabrasion-300x203.jpg 300w, https:\/\/etecmed.com\/wp-content\/uploads\/2016\/02\/Ref-10433-Microdermoabrasion-1024x691.jpg 1024w, https:\/\/etecmed.com\/wp-content\/uploads\/2016\/02\/Ref-10433-Microdermoabrasion-768x518.jpg 768w, https:\/\/etecmed.com\/wp-content\/uploads\/2016\/02\/Ref-10433-Microdermoabrasion-1536x1037.jpg 1536w, https:\/\/etecmed.com\/wp-content\/uploads\/2016\/02\/Ref-10433-Microdermoabrasion-2048x1383.jpg 2048w, https:\/\/etecmed.com\/wp-content\/uploads\/2016\/02\/Ref-10433-Microdermoabrasion-600x405.jpg 600w\" \/><\/a>\n\t<\/div>\n\t<figcaption class=\"woocom-list-content\">\n\n\t\t<div class=\"woo-buttons\"><a href=\"\/ca\/wp-json\/wp\/v2\/pages\/1421?add-to-cart=1916\" aria-describedby=\"woocommerce_loop_add_to_cart_link_describedby_1916\" data-quantity=\"1\" class=\"product_type_simple add_to_cart_button ajax_add_to_cart\" data-product_id=\"1916\" data-product_sku=\"10433\" aria-label=\"Afegeix a la cistella: &ldquo;Microdermoabrasi\u00f3 puntes de diamant&rdquo;\" rel=\"nofollow\" data-success_message=\"&ldquo;Microdermoabrasi\u00f3 puntes de diamant&rdquo; s&#039;ha afegit a la vostra cistella\" role=\"button\">Afegeix a la cistella<\/a>\t<span id=\"woocommerce_loop_add_to_cart_link_describedby_1916\" class=\"screen-reader-text\">\n\t\t\t<\/span>\n<\/div>\n\t<\/figcaption>\n<\/figure>\n<\/article><\/div><div class=\"hidden wf-cell category-249 visible\" data-post-id=\"1918\" data-date=\"2016-02-05T09:30:05+02:00\" data-name=\"Skin Scrubber - Peeling facial amb esp\u00e0tula\"><article class=\"post project-odd visible description-off product type-product post-1918 status-publish first instock product_cat-equips-estetica product_tag-diatermia-ca product_tag-espatula-ca product_tag-estetica-ca product_tag-exfoliacion-ca product_tag-limpieza-ca product_tag-peeling-ca product_tag-skin-scrubber-ca product_tag-ultrasonico-ca has-post-thumbnail taxable shipping-taxable purchasable product-type-simple\" ><figure class=\"woocom-project\">\n\t<div class=\"woo-buttons-on-img\">\n\n\t\t<a href=\"https:\/\/etecmed.com\/ca\/producte\/peeling-ultrasonic-skin-scrubber\/\" class=\"alignnone layzr-bg\"><img loading=\"lazy\" decoding=\"async\" width=\"300\" height=\"192\" src=\"data:image\/svg+xml;charset=utf-8,%3Csvg xmlns%3D&#039;http%3A%2F%2Fwww.w3.org%2F2000%2Fsvg&#039; viewBox%3D&#039;0 0 300 192&#039;%2F%3E\" class=\"attachment-woocommerce_thumbnail size-woocommerce_thumbnail iso-lazy-load preload-me\" alt=\"Skin Scrubber - Peeling facial amb esp\u00e0tula\" data-src=\"https:\/\/etecmed.com\/wp-content\/uploads\/2016\/02\/Ref-10431-Peeling-ultrasonico-Skin-Scrubber-NV-232-300x192.jpg\" data-srcset=\"https:\/\/etecmed.com\/wp-content\/uploads\/2016\/02\/Ref-10431-Peeling-ultrasonico-Skin-Scrubber-NV-232-300x192.jpg 300w, https:\/\/etecmed.com\/wp-content\/uploads\/2016\/02\/Ref-10431-Peeling-ultrasonico-Skin-Scrubber-NV-232-1024x654.jpg 1024w, https:\/\/etecmed.com\/wp-content\/uploads\/2016\/02\/Ref-10431-Peeling-ultrasonico-Skin-Scrubber-NV-232-768x491.jpg 768w, https:\/\/etecmed.com\/wp-content\/uploads\/2016\/02\/Ref-10431-Peeling-ultrasonico-Skin-Scrubber-NV-232-1536x982.jpg 1536w, https:\/\/etecmed.com\/wp-content\/uploads\/2016\/02\/Ref-10431-Peeling-ultrasonico-Skin-Scrubber-NV-232-2048x1309.jpg 2048w, https:\/\/etecmed.com\/wp-content\/uploads\/2016\/02\/Ref-10431-Peeling-ultrasonico-Skin-Scrubber-NV-232-600x383.jpg 600w\" \/><\/a>\n\t<\/div>\n\t<figcaption class=\"woocom-list-content\">\n\n\t\t<div class=\"woo-buttons\"><a href=\"\/ca\/wp-json\/wp\/v2\/pages\/1421?add-to-cart=1918\" aria-describedby=\"woocommerce_loop_add_to_cart_link_describedby_1918\" data-quantity=\"1\" class=\"product_type_simple add_to_cart_button ajax_add_to_cart\" data-product_id=\"1918\" data-product_sku=\"10431\" aria-label=\"Afegeix a la cistella: &ldquo;Skin Scrubber - Peeling facial amb esp\u00e0tula&rdquo;\" rel=\"nofollow\" data-success_message=\"&ldquo;Skin Scrubber - Peeling facial amb esp\u00e0tula&rdquo; s&#039;ha afegit a la vostra cistella\" role=\"button\">Afegeix a la cistella<\/a>\t<span id=\"woocommerce_loop_add_to_cart_link_describedby_1918\" class=\"screen-reader-text\">\n\t\t\t<\/span>\n<\/div>\n\t<\/figcaption>\n<\/figure>\n<\/article><\/div><div class=\"hidden wf-cell category-249 category-257 visible\" data-post-id=\"1919\" data-date=\"2016-02-04T17:18:07+02:00\" data-name=\"Galv\u00e0nica NV-303\"><article class=\"post project-odd visible description-off product type-product post-1919 status-publish instock product_cat-equips-estetica product_cat-promocions product_tag-desincrustacion-ca product_tag-estetica-ca product_tag-galvanica-ca product_tag-negativa-ca product_tag-penetracion-ca product_tag-positiva-ca has-post-thumbnail sale taxable shipping-taxable purchasable product-type-simple\" >\n\t<span class=\"onsale\">Oferta!<\/span>\n\t<figure class=\"woocom-project\">\n\t<div class=\"woo-buttons-on-img\">\n\n\t\t<a href=\"https:\/\/etecmed.com\/ca\/producte\/galvanica-nv-303\/\" class=\"alignnone layzr-bg\"><img loading=\"lazy\" decoding=\"async\" width=\"300\" height=\"195\" src=\"data:image\/svg+xml;charset=utf-8,%3Csvg xmlns%3D&#039;http%3A%2F%2Fwww.w3.org%2F2000%2Fsvg&#039; viewBox%3D&#039;0 0 300 195&#039;%2F%3E\" class=\"attachment-woocommerce_thumbnail size-woocommerce_thumbnail iso-lazy-load preload-me\" alt=\"Galv\u00e0nica NV-303\" data-src=\"https:\/\/etecmed.com\/wp-content\/uploads\/2016\/02\/303-300x195.jpg\" data-srcset=\"https:\/\/etecmed.com\/wp-content\/uploads\/2016\/02\/303-300x195.jpg 300w, https:\/\/etecmed.com\/wp-content\/uploads\/2016\/02\/303.jpg 481w\" \/><\/a>\n\t<\/div>\n\t<figcaption class=\"woocom-list-content\">\n\n\t\t<div class=\"woo-buttons\"><a href=\"\/ca\/wp-json\/wp\/v2\/pages\/1421?add-to-cart=1919\" aria-describedby=\"woocommerce_loop_add_to_cart_link_describedby_1919\" data-quantity=\"1\" class=\"product_type_simple add_to_cart_button ajax_add_to_cart\" data-product_id=\"1919\" data-product_sku=\"10434\" aria-label=\"Afegeix a la cistella: &ldquo;Galv\u00e0nica NV-303&rdquo;\" rel=\"nofollow\" data-success_message=\"&ldquo;Galv\u00e0nica NV-303&rdquo; s&#039;ha afegit a la vostra cistella\" role=\"button\">Afegeix a la cistella<\/a>\t<span id=\"woocommerce_loop_add_to_cart_link_describedby_1919\" class=\"screen-reader-text\">\n\t\t\t<\/span>\n<\/div>\n\t<\/figcaption>\n<\/figure>\n<\/article><\/div><div class=\"hidden wf-cell category-249 visible\" data-post-id=\"1921\" data-date=\"2016-02-04T17:06:39+02:00\" data-name=\"Brossage NV-204\"><article class=\"post project-odd visible description-off product type-product post-1921 status-publish outofstock product_cat-equips-estetica product_tag-brossage-ca-2 product_tag-estetica-ca product_tag-exfoliacion-ca product_tag-facial-ca product_tag-limpieza-ca product_tag-peeling-ca has-post-thumbnail taxable shipping-taxable purchasable product-type-simple\" ><figure class=\"woocom-project\">\n\t<div class=\"woo-buttons-on-img\">\n\n\t\t<a href=\"https:\/\/etecmed.com\/ca\/producte\/brossage-nv-204\/\" class=\"alignnone layzr-bg\"><img loading=\"lazy\" decoding=\"async\" width=\"300\" height=\"208\" src=\"data:image\/svg+xml;charset=utf-8,%3Csvg xmlns%3D&#039;http%3A%2F%2Fwww.w3.org%2F2000%2Fsvg&#039; viewBox%3D&#039;0 0 300 208&#039;%2F%3E\" class=\"attachment-woocommerce_thumbnail size-woocommerce_thumbnail iso-lazy-load preload-me\" alt=\"Brossage NV-204\" data-src=\"https:\/\/etecmed.com\/wp-content\/uploads\/2016\/02\/Ref-10424-Brossage-NV-204-300x208.jpg\" data-srcset=\"https:\/\/etecmed.com\/wp-content\/uploads\/2016\/02\/Ref-10424-Brossage-NV-204-300x208.jpg 300w, https:\/\/etecmed.com\/wp-content\/uploads\/2016\/02\/Ref-10424-Brossage-NV-204-1024x709.jpg 1024w, https:\/\/etecmed.com\/wp-content\/uploads\/2016\/02\/Ref-10424-Brossage-NV-204-768x532.jpg 768w, https:\/\/etecmed.com\/wp-content\/uploads\/2016\/02\/Ref-10424-Brossage-NV-204-1536x1064.jpg 1536w, https:\/\/etecmed.com\/wp-content\/uploads\/2016\/02\/Ref-10424-Brossage-NV-204-2048x1419.jpg 2048w, https:\/\/etecmed.com\/wp-content\/uploads\/2016\/02\/Ref-10424-Brossage-NV-204-600x416.jpg 600w\" \/><\/a><span class=\"out-stock-label\">Out of stock<\/span>\n\t<\/div>\n\t<figcaption class=\"woocom-list-content\">\n\n\t\t<div class=\"woo-buttons\"><a href=\"https:\/\/etecmed.com\/ca\/producte\/brossage-nv-204\/\" aria-describedby=\"woocommerce_loop_add_to_cart_link_describedby_1921\" data-quantity=\"1\" class=\"product_type_simple ajax_add_to_cart\" data-product_id=\"1921\" data-product_sku=\"10424\" aria-label=\"M\u00e9s informaci\u00f3 sobre &ldquo;Brossage NV-204&rdquo;\" rel=\"nofollow\" data-success_message=\"\">Detalls<\/a>\t<span id=\"woocommerce_loop_add_to_cart_link_describedby_1921\" class=\"screen-reader-text\">\n\t\t\t<\/span>\n<\/div>\n\t<\/figcaption>\n<\/figure>\n<\/article><\/div><div class=\"hidden wf-cell category-249 visible\" data-post-id=\"1923\" data-date=\"2016-02-04T13:44:01+02:00\" data-name=\"Alta freq\u00fc\u00e8ncia NV-201\"><article class=\"post project-odd visible description-off product type-product post-1923 status-publish last instock product_cat-equips-estetica product_tag-alta-frecuencia-ca product_tag-bactericida-ca product_tag-capilares-ca product_tag-corporal-ca product_tag-estetica-ca product_tag-facial-ca product_tag-germicida-ca product_tag-ozono-ca product_tag-peine-ca has-post-thumbnail taxable shipping-taxable purchasable product-type-simple\" ><figure class=\"woocom-project\">\n\t<div class=\"woo-buttons-on-img\">\n\n\t\t<a href=\"https:\/\/etecmed.com\/ca\/producte\/alta-frecuencia-nv-201\/\" class=\"alignnone layzr-bg\"><img loading=\"lazy\" decoding=\"async\" width=\"300\" height=\"202\" src=\"data:image\/svg+xml;charset=utf-8,%3Csvg xmlns%3D&#039;http%3A%2F%2Fwww.w3.org%2F2000%2Fsvg&#039; viewBox%3D&#039;0 0 300 202&#039;%2F%3E\" class=\"attachment-woocommerce_thumbnail size-woocommerce_thumbnail iso-lazy-load preload-me\" alt=\"Alta freq\u00fc\u00e8ncia NV-201\" data-src=\"https:\/\/etecmed.com\/wp-content\/uploads\/2016\/02\/Ref-10423-Alta-frecuencia-NV-201-300x202.jpg\" data-srcset=\"https:\/\/etecmed.com\/wp-content\/uploads\/2016\/02\/Ref-10423-Alta-frecuencia-NV-201-300x202.jpg 300w, https:\/\/etecmed.com\/wp-content\/uploads\/2016\/02\/Ref-10423-Alta-frecuencia-NV-201-1024x690.jpg 1024w, https:\/\/etecmed.com\/wp-content\/uploads\/2016\/02\/Ref-10423-Alta-frecuencia-NV-201-768x517.jpg 768w, https:\/\/etecmed.com\/wp-content\/uploads\/2016\/02\/Ref-10423-Alta-frecuencia-NV-201-1536x1034.jpg 1536w, https:\/\/etecmed.com\/wp-content\/uploads\/2016\/02\/Ref-10423-Alta-frecuencia-NV-201-2048x1379.jpg 2048w, https:\/\/etecmed.com\/wp-content\/uploads\/2016\/02\/Ref-10423-Alta-frecuencia-NV-201-600x404.jpg 600w\" \/><\/a>\n\t<\/div>\n\t<figcaption class=\"woocom-list-content\">\n\n\t\t<div class=\"woo-buttons\"><a href=\"\/ca\/wp-json\/wp\/v2\/pages\/1421?add-to-cart=1923\" aria-describedby=\"woocommerce_loop_add_to_cart_link_describedby_1923\" data-quantity=\"1\" class=\"product_type_simple add_to_cart_button ajax_add_to_cart\" data-product_id=\"1923\" data-product_sku=\"10423\" aria-label=\"Afegeix a la cistella: &ldquo;Alta freq\u00fc\u00e8ncia NV-201&rdquo;\" rel=\"nofollow\" data-success_message=\"&ldquo;Alta freq\u00fc\u00e8ncia NV-201&rdquo; s&#039;ha afegit a la vostra cistella\" role=\"button\">Afegeix a la cistella<\/a>\t<span id=\"woocommerce_loop_add_to_cart_link_describedby_1923\" class=\"screen-reader-text\">\n\t\t\t<\/span>\n<\/div>\n\t<\/figcaption>\n<\/figure>\n<\/article><\/div><div class=\"hidden wf-cell category-249 visible\" data-post-id=\"1926\" data-date=\"2016-02-04T13:20:47+02:00\" data-name=\"Equip facial 4 funcions\"><article class=\"post project-odd visible description-off product type-product post-1926 status-publish first instock product_cat-equips-estetica product_tag-alta-frecuencia-ca product_tag-estetica-ca product_tag-exfoliacion-ca product_tag-facial-ca product_tag-galvanica-ca product_tag-germicida-ca product_tag-hf-ca-2 product_tag-limpieza-ca product_tag-principios-activos-ca product_tag-pulverizador-ca product_tag-succionador-ca product_tag-ventosas-ca has-post-thumbnail taxable shipping-taxable purchasable product-type-simple\" ><figure class=\"woocom-project\">\n\t<div class=\"woo-buttons-on-img\">\n\n\t\t<a href=\"https:\/\/etecmed.com\/ca\/producte\/equip-facial-4-funcions\/\" class=\"alignnone layzr-bg\"><img loading=\"lazy\" decoding=\"async\" width=\"300\" height=\"300\" src=\"data:image\/svg+xml;charset=utf-8,%3Csvg xmlns%3D&#039;http%3A%2F%2Fwww.w3.org%2F2000%2Fsvg&#039; viewBox%3D&#039;0 0 300 300&#039;%2F%3E\" class=\"attachment-woocommerce_thumbnail size-woocommerce_thumbnail iso-lazy-load preload-me\" alt=\"Equip facial 4 funcions\" data-src=\"https:\/\/etecmed.com\/wp-content\/uploads\/2016\/02\/Ref-10430-Equipo-Facial-4-Funciones-NV-401-300x300.jpg\" data-srcset=\"https:\/\/etecmed.com\/wp-content\/uploads\/2016\/02\/Ref-10430-Equipo-Facial-4-Funciones-NV-401-300x300.jpg 300w, https:\/\/etecmed.com\/wp-content\/uploads\/2016\/02\/Ref-10430-Equipo-Facial-4-Funciones-NV-401-150x150.jpg 150w, https:\/\/etecmed.com\/wp-content\/uploads\/2016\/02\/Ref-10430-Equipo-Facial-4-Funciones-NV-401-768x768.jpg 768w, https:\/\/etecmed.com\/wp-content\/uploads\/2016\/02\/Ref-10430-Equipo-Facial-4-Funciones-NV-401-600x600.jpg 600w, https:\/\/etecmed.com\/wp-content\/uploads\/2016\/02\/Ref-10430-Equipo-Facial-4-Funciones-NV-401-200x200.jpg 200w, https:\/\/etecmed.com\/wp-content\/uploads\/2016\/02\/Ref-10430-Equipo-Facial-4-Funciones-NV-401.jpg 800w\" \/><\/a>\n\t<\/div>\n\t<figcaption class=\"woocom-list-content\">\n\n\t\t<div class=\"woo-buttons\"><a href=\"\/ca\/wp-json\/wp\/v2\/pages\/1421?add-to-cart=1926\" aria-describedby=\"woocommerce_loop_add_to_cart_link_describedby_1926\" data-quantity=\"1\" class=\"product_type_simple add_to_cart_button ajax_add_to_cart\" data-product_id=\"1926\" data-product_sku=\"10430\" aria-label=\"Afegeix a la cistella: &ldquo;Equip facial 4 funcions&rdquo;\" rel=\"nofollow\" data-success_message=\"&ldquo;Equip facial 4 funcions&rdquo; s&#039;ha afegit a la vostra cistella\" role=\"button\">Afegeix a la cistella<\/a>\t<span id=\"woocommerce_loop_add_to_cart_link_describedby_1926\" class=\"screen-reader-text\">\n\t\t\t<\/span>\n<\/div>\n\t<\/figcaption>\n<\/figure>\n<\/article><\/div><div class=\"hidden wf-cell category-249 visible\" data-post-id=\"1928\" data-date=\"2016-02-03T17:25:47+02:00\" data-name=\"Vaporitzador oz\u00f3 amb aromes V-401\"><article class=\"post project-odd visible description-off product type-product post-1928 status-publish outofstock product_cat-equips-estetica product_tag-aromas-ca product_tag-estetica-ca product_tag-exfoliacion-ca product_tag-limpieza-ca product_tag-ozono-ca product_tag-vapor-ca has-post-thumbnail taxable shipping-taxable purchasable product-type-simple\" ><figure class=\"woocom-project\">\n\t<div class=\"woo-buttons-on-img\">\n\n\t\t<a href=\"https:\/\/etecmed.com\/ca\/producte\/vaporitzador-ozo-amb-aromes-v-401\/\" class=\"alignnone layzr-bg\"><img loading=\"lazy\" decoding=\"async\" width=\"300\" height=\"288\" src=\"data:image\/svg+xml;charset=utf-8,%3Csvg xmlns%3D&#039;http%3A%2F%2Fwww.w3.org%2F2000%2Fsvg&#039; viewBox%3D&#039;0 0 300 288&#039;%2F%3E\" class=\"attachment-woocommerce_thumbnail size-woocommerce_thumbnail iso-lazy-load preload-me\" alt=\"Vaporitzador oz\u00f3 amb aromes V-401\" data-src=\"https:\/\/etecmed.com\/wp-content\/uploads\/2016\/02\/Ref-10401-Vaporizador-ozono-con-aromas-1-300x288.jpg\" data-srcset=\"https:\/\/etecmed.com\/wp-content\/uploads\/2016\/02\/Ref-10401-Vaporizador-ozono-con-aromas-1-300x288.jpg 300w, https:\/\/etecmed.com\/wp-content\/uploads\/2016\/02\/Ref-10401-Vaporizador-ozono-con-aromas-1-1024x983.jpg 1024w, https:\/\/etecmed.com\/wp-content\/uploads\/2016\/02\/Ref-10401-Vaporizador-ozono-con-aromas-1-768x737.jpg 768w, https:\/\/etecmed.com\/wp-content\/uploads\/2016\/02\/Ref-10401-Vaporizador-ozono-con-aromas-1-1536x1475.jpg 1536w, https:\/\/etecmed.com\/wp-content\/uploads\/2016\/02\/Ref-10401-Vaporizador-ozono-con-aromas-1-2048x1966.jpg 2048w, https:\/\/etecmed.com\/wp-content\/uploads\/2016\/02\/Ref-10401-Vaporizador-ozono-con-aromas-1-600x576.jpg 600w\" \/><\/a><span class=\"out-stock-label\">Out of stock<\/span>\n\t<\/div>\n\t<figcaption class=\"woocom-list-content\">\n\n\t\t<div class=\"woo-buttons\"><a href=\"https:\/\/etecmed.com\/ca\/producte\/vaporitzador-ozo-amb-aromes-v-401\/\" aria-describedby=\"woocommerce_loop_add_to_cart_link_describedby_1928\" data-quantity=\"1\" class=\"product_type_simple ajax_add_to_cart\" data-product_id=\"1928\" data-product_sku=\"10401\" aria-label=\"M\u00e9s informaci\u00f3 sobre &ldquo;Vaporitzador oz\u00f3 amb aromes V-401&rdquo;\" rel=\"nofollow\" data-success_message=\"\">Detalls<\/a>\t<span id=\"woocommerce_loop_add_to_cart_link_describedby_1928\" class=\"screen-reader-text\">\n\t\t\t<\/span>\n<\/div>\n\t<\/figcaption>\n<\/figure>\n<\/article><\/div><\/div><!-- iso-container|iso-grid --><div class=\"paginator paginator-more-button\">\n\t\t\t\t<a class=\"button-load-more \" href=\"javascript:void(0);\" data-dt-page=\"1\" ><span class=\"stick\"><\/span><span class=\"stick\"><\/span><span class=\"stick\"><\/span><span class=\"button-caption\">Load more<\/span><\/a>\n\t\t\t<\/div><\/div>[\/vc_column][\/vc_row]<\/p>\n<\/div>","protected":false},"excerpt":{"rendered":"<p>[vc_row][vc_column][\/vc_column][\/vc_row]<\/p>\n","protected":false},"author":1,"featured_media":0,"parent":0,"menu_order":20,"comment_status":"closed","ping_status":"closed","template":"","meta":{"footnotes":""},"class_list":["post-1421","page","type-page","status-publish","hentry","description-off"],"_links":{"self":[{"href":"https:\/\/etecmed.com\/ca\/wp-json\/wp\/v2\/pages\/1421","targetHints":{"allow":["GET"]}}],"collection":[{"href":"https:\/\/etecmed.com\/ca\/wp-json\/wp\/v2\/pages"}],"about":[{"href":"https:\/\/etecmed.com\/ca\/wp-json\/wp\/v2\/types\/page"}],"author":[{"embeddable":true,"href":"https:\/\/etecmed.com\/ca\/wp-json\/wp\/v2\/users\/1"}],"replies":[{"embeddable":true,"href":"https:\/\/etecmed.com\/ca\/wp-json\/wp\/v2\/comments?post=1421"}],"version-history":[{"count":4,"href":"https:\/\/etecmed.com\/ca\/wp-json\/wp\/v2\/pages\/1421\/revisions"}],"predecessor-version":[{"id":2125,"href":"https:\/\/etecmed.com\/ca\/wp-json\/wp\/v2\/pages\/1421\/revisions\/2125"}],"wp:attachment":[{"href":"https:\/\/etecmed.com\/ca\/wp-json\/wp\/v2\/media?parent=1421"}],"curies":[{"name":"wp","href":"https:\/\/api.w.org\/{rel}","templated":true}]}}